{"id":3703,"date":"2022-11-19T02:20:13","date_gmt":"2022-11-19T02:20:13","guid":{"rendered":"https:\/\/comparemyjet.com\/?page_id=3703"},"modified":"2025-09-04T10:03:15","modified_gmt":"2025-09-04T10:03:15","slug":"embraer","status":"publish","type":"page","link":"https:\/\/comparemyjet.com\/fr\/embraer\/","title":{"rendered":"Guide ultime des jets et avions priv\u00e9s Embraer"},"content":{"rendered":"<p>Embraer, dont le si\u00e8ge est au Br\u00e9sil, est l'un des fabricants les plus performants d'avions commerciaux pouvant transporter jusqu'\u00e0 150 passagers. Le succ\u00e8s de l'entreprise est d\u00fb au besoin des compagnies a\u00e9riennes d'augmenter leur fr\u00e9quence et leur connectivit\u00e9 aux \u00c9tats-Unis et en Europe, ce qui les am\u00e8ne \u00e0 acheter et \u00e0 utiliser des avions plus petits, comme ceux d'Embraer. L'entreprise fabrique et vend \u00e9galement d'autres types d'avions, notamment des avions commerciaux, d'affaires, militaires et agricoles, ainsi que des \u00e9quipements connexes.<\/p>\r\n\r\n\r\n\r\n<p>Certains de leurs jets les plus connus comprennent :<\/p>\r\n\r\n\r\n\r\n<ul class=\"wp-block-list\">\r\n<li>La famille Phenom 100\/300,&nbsp;<\/li>\r\n\r\n\r\n\r\n<li>La lign\u00e9e 1000,&nbsp;<\/li>\r\n\r\n\r\n\r\n<li>La famille Legacy 450\/500.&nbsp;<\/li>\r\n<\/ul>\r\n\r\n\r\n\r\n<p>L'arm\u00e9e de l'air br\u00e9silienne et les forces arm\u00e9es d'autres pays aux \u00c9tats-Unis, en Europe, en Am\u00e9rique latine et en Asie ach\u00e8tent toutes des avions de d\u00e9fense \u00e0 Embraer.&nbsp;<\/p>\r\n\r\n\r\n\r\n<p>En outre, Embraer offre \u00e9galement des services d'assistance et de maintenance \u00e0 des clients situ\u00e9s dans le monde entier, ainsi qu'une assistance op\u00e9rationnelle pour plus de 600 avions pilot\u00e9s par plus de 100 op\u00e9rateurs en Europe, en Afrique et au Moyen-Orient.&nbsp;<\/p>\r\n\r\n\r\n\r\n<div id=\"ez-toc-container\" class=\"ez-toc-v2_0_76 counter-hierarchy ez-toc-counter ez-toc-grey ez-toc-container-direction\">\n<p class=\"ez-toc-title\" style=\"cursor:inherit\">Sujets<\/p>\n<label for=\"ez-toc-cssicon-toggle-item-69f412a707c08\" class=\"ez-toc-cssicon-toggle-label\"><span class=\"\"><span class=\"eztoc-hide\" style=\"display:none;\">Toggle<\/span><span class=\"ez-toc-icon-toggle-span\"><svg style=\"fill: #999;color:#999\" xmlns=\"http:\/\/www.w3.org\/2000\/svg\" class=\"list-377408\" width=\"20px\" height=\"20px\" viewbox=\"0 0 24 24\" fill=\"none\"><path d=\"M6 6H4v2h2V6zm14 0H8v2h12V6zM4 11h2v2H4v-2zm16 0H8v2h12v-2zM4 16h2v2H4v-2zm16 0H8v2h12v-2z\" fill=\"currentColor\"><\/path><\/svg><svg style=\"fill: #999;color:#999\" class=\"arrow-unsorted-368013\" xmlns=\"http:\/\/www.w3.org\/2000\/svg\" width=\"10px\" height=\"10px\" viewbox=\"0 0 24 24\" version=\"1.2\" baseprofile=\"tiny\"><path d=\"M18.2 9.3l-6.2-6.3-6.2 6.3c-.2.2-.3.4-.3.7s.1.5.3.7c.2.2.4.3.7.3h11c.3 0 .5-.1.7-.3.2-.2.3-.5.3-.7s-.1-.5-.3-.7zM5.8 14.7l6.2 6.3 6.2-6.3c.2-.2.3-.5.3-.7s-.1-.5-.3-.7c-.2-.2-.4-.3-.7-.3h-11c-.3 0-.5.1-.7.3-.2.2-.3.5-.3.7s.1.5.3.7z\"\/><\/svg><\/span><\/span><\/label><input type=\"checkbox\"  id=\"ez-toc-cssicon-toggle-item-69f412a707c08\" checked aria-label=\"Toggle\" \/><nav><ul class='ez-toc-list ez-toc-list-level-1' ><li class='ez-toc-page-1 ez-toc-heading-level-2'><a class=\"ez-toc-link ez-toc-heading-1\" href=\"https:\/\/comparemyjet.com\/fr\/embraer\/#About_the_Company\" >\u00c0 propos de l'entreprise<\/a><ul class='ez-toc-list-level-3' ><li class='ez-toc-heading-level-3'><a class=\"ez-toc-link ez-toc-heading-2\" href=\"https:\/\/comparemyjet.com\/fr\/embraer\/#Commercial_Aviation\" >Aviation commerciale<\/a><\/li><li class='ez-toc-page-1 ez-toc-heading-level-3'><a class=\"ez-toc-link ez-toc-heading-3\" href=\"https:\/\/comparemyjet.com\/fr\/embraer\/#Defense_and_Security\" >D\u00e9fense et s\u00e9curit\u00e9<\/a><\/li><li class='ez-toc-page-1 ez-toc-heading-level-3'><a class=\"ez-toc-link ez-toc-heading-4\" href=\"https:\/\/comparemyjet.com\/fr\/embraer\/#Executive_Aviation\" >Aviation d'affaires<\/a><\/li><li class='ez-toc-page-1 ez-toc-heading-level-3'><a class=\"ez-toc-link ez-toc-heading-5\" href=\"https:\/\/comparemyjet.com\/fr\/embraer\/#Other_Business_Sectors\" >Autres secteurs d'activit\u00e9<\/a><\/li><\/ul><\/li><li class='ez-toc-page-1 ez-toc-heading-level-2'><a class=\"ez-toc-link ez-toc-heading-6\" href=\"https:\/\/comparemyjet.com\/fr\/embraer\/#Embraer_History\" >Histoire d'Embraer<\/a><ul class='ez-toc-list-level-3' ><li class='ez-toc-heading-level-3'><a class=\"ez-toc-link ez-toc-heading-7\" href=\"https:\/\/comparemyjet.com\/fr\/embraer\/#Company_Staff\" >Personnel de l'entreprise<\/a><ul class='ez-toc-list-level-4' ><li class='ez-toc-heading-level-4'><a class=\"ez-toc-link ez-toc-heading-8\" href=\"https:\/\/comparemyjet.com\/fr\/embraer\/#Embraer_Supports_Knowledge\" >Embraer soutient la connaissance<\/a><\/li><\/ul><\/li><\/ul><\/li><li class='ez-toc-page-1 ez-toc-heading-level-2'><a class=\"ez-toc-link ez-toc-heading-9\" href=\"https:\/\/comparemyjet.com\/fr\/embraer\/#Products_and_Aircraft_Types\" >Produits et types d'a\u00e9ronefs<\/a><ul class='ez-toc-list-level-3' ><li class='ez-toc-heading-level-3'><a class=\"ez-toc-link ez-toc-heading-10\" href=\"https:\/\/comparemyjet.com\/fr\/embraer\/#Commercial_Aviation-2\" >Aviation commerciale<\/a><\/li><li class='ez-toc-page-1 ez-toc-heading-level-3'><a class=\"ez-toc-link ez-toc-heading-11\" href=\"https:\/\/comparemyjet.com\/fr\/embraer\/#Aircraft_Models\" >Mod\u00e8les d'a\u00e9ronefs<\/a><ul class='ez-toc-list-level-4' ><li class='ez-toc-heading-level-4'><a class=\"ez-toc-link ez-toc-heading-12\" href=\"https:\/\/comparemyjet.com\/fr\/embraer\/#E-JETS_E2\" >E-JETS E2<\/a><\/li><li class='ez-toc-page-1 ez-toc-heading-level-4'><a class=\"ez-toc-link ez-toc-heading-13\" href=\"https:\/\/comparemyjet.com\/fr\/embraer\/#E-JETS\" >E-JETS<\/a><\/li><li class='ez-toc-page-1 ez-toc-heading-level-4'><a class=\"ez-toc-link ez-toc-heading-14\" href=\"https:\/\/comparemyjet.com\/fr\/embraer\/#ERJs\" >ERJs<\/a><\/li><\/ul><\/li><li class='ez-toc-page-1 ez-toc-heading-level-3'><a class=\"ez-toc-link ez-toc-heading-15\" href=\"https:\/\/comparemyjet.com\/fr\/embraer\/#E190F_and_E195F_Freighter\" >E190F et E195F Freighter<\/a><\/li><li class='ez-toc-page-1 ez-toc-heading-level-3'><a class=\"ez-toc-link ez-toc-heading-16\" href=\"https:\/\/comparemyjet.com\/fr\/embraer\/#Business_Jets\" >Jets d'affaires<\/a><ul class='ez-toc-list-level-4' ><li class='ez-toc-heading-level-4'><a class=\"ez-toc-link ez-toc-heading-17\" href=\"https:\/\/comparemyjet.com\/fr\/embraer\/#Our_recommendation_Phenom_300E\" >Notre recommandation : Phenom 300E<\/a><\/li><\/ul><\/li><li class='ez-toc-page-1 ez-toc-heading-level-3'><a class=\"ez-toc-link ez-toc-heading-18\" href=\"https:\/\/comparemyjet.com\/fr\/embraer\/#Special_Missions\" >Missions sp\u00e9ciales<\/a><\/li><li class='ez-toc-page-1 ez-toc-heading-level-3'><a class=\"ez-toc-link ez-toc-heading-19\" href=\"https:\/\/comparemyjet.com\/fr\/embraer\/#Defense_and_security\" >D\u00e9fense et s\u00e9curit\u00e9<\/a><ul class='ez-toc-list-level-4' ><li class='ez-toc-heading-level-4'><a class=\"ez-toc-link ez-toc-heading-20\" href=\"https:\/\/comparemyjet.com\/fr\/embraer\/#Aircraft_Models-2\" >Mod\u00e8les d'a\u00e9ronefs<\/a><\/li><li class='ez-toc-page-1 ez-toc-heading-level-4'><a class=\"ez-toc-link ez-toc-heading-21\" href=\"https:\/\/comparemyjet.com\/fr\/embraer\/#Our_recommendation_C-390_Millennium\" >Notre recommandation : C-390 Millennium<\/a><\/li><\/ul><\/li><li class='ez-toc-page-1 ez-toc-heading-level-3'><a class=\"ez-toc-link ez-toc-heading-22\" href=\"https:\/\/comparemyjet.com\/fr\/embraer\/#Most_Famous_Aircraft_by_the_Company\" >Avions les plus c\u00e9l\u00e8bres de la compagnie<\/a><ul class='ez-toc-list-level-4' ><li class='ez-toc-heading-level-4'><a class=\"ez-toc-link ez-toc-heading-23\" href=\"https:\/\/comparemyjet.com\/fr\/embraer\/#The_Phenom_300_Series\" >La s\u00e9rie Phenom 300<\/a><\/li><li class='ez-toc-page-1 ez-toc-heading-level-4'><a class=\"ez-toc-link ez-toc-heading-24\" href=\"https:\/\/comparemyjet.com\/fr\/embraer\/#New_and_Improved_Phenom_300E\" >Nouveau et am\u00e9lior\u00e9 Phenom 300E<\/a><\/li><li class='ez-toc-page-1 ez-toc-heading-level-4'><a class=\"ez-toc-link ez-toc-heading-25\" href=\"https:\/\/comparemyjet.com\/fr\/embraer\/#Commercial_Airplane_The_Embraer_190\" >Avion commercial : L'Embraer 190<\/a><\/li><\/ul><\/li><\/ul><\/li><li class='ez-toc-page-1 ez-toc-heading-level-2'><a class=\"ez-toc-link ez-toc-heading-26\" href=\"https:\/\/comparemyjet.com\/fr\/embraer\/#Service_and_Support\" >Service et assistance<\/a><\/li><li class='ez-toc-page-1 ez-toc-heading-level-2'><a class=\"ez-toc-link ez-toc-heading-27\" href=\"https:\/\/comparemyjet.com\/fr\/embraer\/#Safety\" >S\u00e9curit\u00e9&nbsp;<\/a><\/li><li class='ez-toc-page-1 ez-toc-heading-level-2'><a class=\"ez-toc-link ez-toc-heading-28\" href=\"https:\/\/comparemyjet.com\/fr\/embraer\/#Partnerships\" >Partenariats<\/a><\/li><li class='ez-toc-page-1 ez-toc-heading-level-2'><a class=\"ez-toc-link ez-toc-heading-29\" href=\"https:\/\/comparemyjet.com\/fr\/embraer\/#Sustainability\" >Durabilit\u00e9&nbsp;<\/a><\/li><li class='ez-toc-page-1 ez-toc-heading-level-2'><a class=\"ez-toc-link ez-toc-heading-30\" href=\"https:\/\/comparemyjet.com\/fr\/embraer\/#Innovations\" >Innovations<\/a><\/li><li class='ez-toc-page-1 ez-toc-heading-level-2'><a class=\"ez-toc-link ez-toc-heading-31\" href=\"https:\/\/comparemyjet.com\/fr\/embraer\/#Conclusion\" >Conclusion<\/a><\/li><\/ul><\/nav><\/div>\n<h2 class=\"wp-block-heading\"><span class=\"ez-toc-section\" id=\"About_the_Company\"><\/span>\u00c0 propos de l'entreprise<span class=\"ez-toc-section-end\"><\/span><\/h2>\r\n\r\n\r\n\r\n<p>Comme mentionn\u00e9 ci-dessus, Embraer d\u00e9veloppe, produit et distribue des avions et des composants d'avions \u00e0 usage commercial, militaire, d'affaires et agricole.<\/p>\r\n\r\n\r\n\r\n<h3 class=\"wp-block-heading\"><span class=\"ez-toc-section\" id=\"Commercial_Aviation\"><\/span>Aviation commerciale<span class=\"ez-toc-section-end\"><\/span><\/h3>\r\n\r\n\r\n\r\n<p>L'aviation commerciale est responsable de la conception, de la fabrication, de la vente et de la location d'avions commerciaux, ainsi que du soutien technique \u00e0 l'aviation.&nbsp;<\/p>\r\n\r\n\r\n\r\n<h3 class=\"wp-block-heading\"><span class=\"ez-toc-section\" id=\"Defense_and_Security\"><\/span>D\u00e9fense et s\u00e9curit\u00e9<span class=\"ez-toc-section-end\"><\/span><\/h3>\r\n\r\n\r\n\r\n<p>Le d\u00e9partement D\u00e9fense et S\u00e9curit\u00e9 est responsable de la recherche, de la conception, de la fabrication, de la modification et de la maintenance des a\u00e9ronefs militaires de d\u00e9fense et des biens et services associ\u00e9s \u00e0 ces a\u00e9ronefs.&nbsp;<\/p>\r\n\r\n\r\n\r\n<h3 class=\"wp-block-heading\"><span class=\"ez-toc-section\" id=\"Executive_Aviation\"><\/span>Aviation d'affaires<span class=\"ez-toc-section-end\"><\/span><\/h3>\r\n\r\n\r\n\r\n<p>Le d\u00e9partement Executive Aviation se concentre sur la conception, la fabrication et la vente d'avions d'affaires, y compris les services de soutien.&nbsp;<\/p>\r\n\r\n\r\n\r\n<h3 class=\"wp-block-heading\"><span class=\"ez-toc-section\" id=\"Other_Business_Sectors\"><\/span>Autres secteurs d'activit\u00e9<span class=\"ez-toc-section-end\"><\/span><\/h3>\r\n\r\n\r\n\r\n<p>Les autres secteurs d'activit\u00e9 comprennent les composants structurels, les syst\u00e8mes hydrauliques et m\u00e9caniques, la fabrication de cultures pour la pulv\u00e9risation d'a\u00e9ronefs agricoles et le service \u00e0 la client\u00e8le.&nbsp;<\/p>\r\n\r\n\r\n\r\n<h2 class=\"wp-block-heading\"><span class=\"ez-toc-section\" id=\"Embraer_History\"><\/span>Histoire d'Embraer<span class=\"ez-toc-section-end\"><\/span><\/h2>\r\n\r\n\r\n\r\n<figure class=\"wp-block-image size-full is-style-default\"><img loading=\"lazy\" decoding=\"async\" width=\"1000\" height=\"667\" src=\"https:\/\/comparemyjet.com\/wp-content\/uploads\/2022\/11\/embraer.hangar.jpg\" alt=\"\" class=\"wp-image-3705\" srcset=\"https:\/\/comparemyjet.com\/wp-content\/uploads\/2022\/11\/embraer.hangar-18x12.jpg 18w, https:\/\/comparemyjet.com\/wp-content\/uploads\/2022\/11\/embraer.hangar-300x200.jpg 300w, https:\/\/comparemyjet.com\/wp-content\/uploads\/2022\/11\/embraer.hangar-768x512.jpg 768w, https:\/\/comparemyjet.com\/wp-content\/uploads\/2022\/11\/embraer.hangar.jpg 1000w\" sizes=\"auto, (max-width: 1000px) 100vw, 1000px\" \/><\/figure>\r\n\r\n\r\n\r\n<p>Ozires Silva a cr\u00e9\u00e9 Embraer en 1969, avec un si\u00e8ge social \u00e0 So Jos\u00e9 dos Campos, au Br\u00e9sil.&nbsp;<\/p>\r\n\r\n\r\n\r\n<p>Regardons de plus pr\u00e8s l'histoire d'Embraer.<\/p>\r\n\r\n\r\n\r\n<p><a href=\"https:\/\/embraer.com\/br\/pt\" target=\"_blank\" rel=\"noopener\">Empresa Brasileira de Aeron\u00e1utica (Espagne)<\/a>La soci\u00e9t\u00e9 Embraer, plus tard connue sous le nom d'Embraer, a \u00e9t\u00e9 cr\u00e9\u00e9e en 1969 apr\u00e8s la d\u00e9cision du gouvernement br\u00e9silien d'investir dans le secteur de la construction a\u00e9ronautique. En plus de travailler sur des projets de d\u00e9fense, les attentes du gouvernement \u00e9taient \u00e9galement de d\u00e9velopper des initiatives pour le secteur civil.<\/p>\r\n\r\n\r\n\r\n<p>Le premier avion qu'Embraer a produit \u00e9tait l'Embraer EMB 110 Bandeirante, pouvant accueillir 21 passagers et convenant \u00e0 la fois aux vols locaux et aux besoins de transport des troupes. L'entreprise est rest\u00e9e sur le march\u00e9 national jusqu'en 1975, date \u00e0 laquelle elle a d\u00e9velopp\u00e9 l'Embraer EMB 120 Brasilia, qui est devenu son premier avion \u00e0 \u00eatre reconnu \u00e0 l'\u00e9chelle mondiale.<\/p>\r\n\r\n\r\n\r\n<p>Lorsqu'elle a \u00e9t\u00e9 privatis\u00e9e en 1994, Embraer est devenue le premier exportateur d'\u00e9quipements de haute technologie de l'h\u00e9misph\u00e8re sud et l'un des trois plus grands producteurs d'avions commerciaux au monde.<\/p>\r\n\r\n\r\n\r\n<p>Lorsque l'entreprise s'est lanc\u00e9e dans le secteur des jets avec sa famille de jets Embraer Regional Jet (ERJ), elle a maintenu son succ\u00e8s en Europe.&nbsp;<\/p>\r\n\r\n\r\n\r\n<ul class=\"wp-block-list\">\r\n<li>Les avions ERJ130\/5 et ERJ140\/5, qui peuvent accueillir chacun entre 30 et 50 passagers, ont \u00e9t\u00e9 plut\u00f4t populaires aupr\u00e8s des petites compagnies a\u00e9riennes, ce qui a conduit \u00e0 la construction de plus de 1 200 ERJ.&nbsp;<\/li>\r\n\r\n\r\n\r\n<li>Embraer est entr\u00e9e sur le march\u00e9 des avions r\u00e9gionaux en 1989 avec le lancement de l'ERJ145. L'ERJ145 a le potentiel de transporter un maximum de 50 personnes avec un rayon d'action allant jusqu'\u00e0 2 000 miles nautiques. Toutefois, en raison de l'instabilit\u00e9 de la situation \u00e9conomique au Br\u00e9sil \u00e0 partir de 1989, l'ERJ145 a d\u00fb surmonter un certain nombre d'obstacles avant de pouvoir effectuer son premier voyage en 1995 et devenir l'un des jalons les plus importants de l'histoire d'Embraer.<\/li>\r\n\r\n\r\n\r\n<li>En 2002, la compagnie a d\u00e9voil\u00e9 sa nouvelle s\u00e9rie d'E-Jet et a de nouveau obtenu l'approbation du monde entier. Les E170\/175 et E190\/195 \u00e9taient les avions parfaits pour les compagnies a\u00e9riennes qui op\u00e9raient entre des villes d'Europe et d'Am\u00e9rique du Nord, car ils offraient des vols \u00e9conomiques, rapides et fiables sur des trajets plus courts.<\/li>\r\n\r\n\r\n\r\n<li>Apr\u00e8s avoir \u00e9t\u00e9 r\u00e9v\u00e9l\u00e9s en 2013, les E-jets ont subi un processus de remise \u00e0 neuf qui a donn\u00e9 naissance \u00e0 la ligne E-Jet E2. Les E175, E190 et E195 ont re\u00e7u le traitement E2, qui comprenait des moteurs plus puissants, un design d'aile am\u00e9lior\u00e9, une toute nouvelle avionique et un int\u00e9rieur modernis\u00e9.<\/li>\r\n<\/ul>\r\n\r\n\r\n\r\n<h3 class=\"wp-block-heading\"><span class=\"ez-toc-section\" id=\"Company_Staff\"><\/span>Personnel de l'entreprise<span class=\"ez-toc-section-end\"><\/span><\/h3>\r\n\r\n\r\n\r\n<p>L'expansion d'Embraer renforce les possibilit\u00e9s offertes aux personnes de tous \u00e2ges et de toutes origines de poursuivre leur carri\u00e8re dans l'aviation.<\/p>\r\n\r\n\r\n\r\n<p>Les normes d'\u00e9ducation sont fondamentales pour Embraer, car l'entreprise est relativement novice dans le secteur de l'aviation. La soci\u00e9t\u00e9 exige des candidats qu'ils poss\u00e8dent au moins un dipl\u00f4me d'\u00e9tudes secondaires pour \u00eatre consid\u00e9r\u00e9s pour un emploi. Toutefois, pr\u00e8s de 40% du personnel a obtenu un dipl\u00f4me de deuxi\u00e8me ou troisi\u00e8me cycle. Plus de 300 employ\u00e9s de cette organisation sont titulaires d'un doctorat.<\/p>\r\n\r\n\r\n\r\n<h4 class=\"wp-block-heading\"><span class=\"ez-toc-section\" id=\"Embraer_Supports_Knowledge\"><\/span>Embraer soutient la connaissance<span class=\"ez-toc-section-end\"><\/span><\/h4>\r\n\r\n\r\n\r\n<p>En 2001, le <a href=\"https:\/\/aviationbenefits.org\/case-studies\/embraer-builds-high-tech-skill-base-in-brazil-and-beyond\/\" target=\"_blank\" rel=\"noopener\">Institut d'\u00e9ducation et de recherche Embraer<\/a> a \u00e9t\u00e9 cr\u00e9\u00e9 pour favoriser l'inclusion sociale en mettant en \u0153uvre des initiatives \u00e9ducatives dans les r\u00e9gions o\u00f9 Embraer op\u00e8re.&nbsp;&nbsp;<\/p>\r\n\r\n\r\n\r\n<p>Par exemple, dans la ville de So Jos\u00e9 dos Campos, Embraer a fond\u00e9 l'usine de production d'\u00e9lectricit\u00e9 de l'entreprise. <a href=\"http:\/\/www.cdio.org\/node\/6141\" target=\"_blank\" rel=\"noopener\">Lyc\u00e9e Juarez Wanderley<\/a>qui permet aux enfants d\u00e9favoris\u00e9s des \u00e9coles publiques de la r\u00e9gion d'acc\u00e9der \u00e0 une \u00e9ducation accessible et de grande qualit\u00e9. Depuis sa cr\u00e9ation en 2002, 1 600 \u00e9l\u00e8ves ont \u00e9t\u00e9 dipl\u00f4m\u00e9s, et tous ont \u00e9t\u00e9 admis dans des \u00e9tablissements d'enseignement sup\u00e9rieur. Selon le minist\u00e8re de l'\u00e9ducation, l'\u00e9cole est la quatri\u00e8me meilleure \u00e9cole secondaire du pays. <a href=\"https:\/\/comparemyjet.com\/fr\/visites-privees\/visites-privees-a-sao-paulo\/\" data-internallinksmanager029f6b8e52c=\"214\" title=\"11 Meilleures visites priv\u00e9es de S\u00e3o Paulo \u00e0 partir de $35.00\">Sao Paulo<\/a> et les trente premiers meilleurs lyc\u00e9es de tout le Br\u00e9sil. En outre, gr\u00e2ce \u00e0 une collaboration avec des organisations non gouvernementales br\u00e9siliennes (<a href=\"https:\/\/www.globalgiving.org\/search\/?size=25&amp;nextPage=1&amp;sortField=sortorder&amp;selectedLocations=00brazil&amp;loadAllResults=true\" target=\"_blank\" rel=\"noopener\">ONG<\/a>), l'Institut a mis en place soixante initiatives \u00e9ducatives dans les trois r\u00e9gions du Br\u00e9sil qui abritent les sites de production d'Embraer.<\/p>\r\n\r\n\r\n\r\n<p>Selon la soci\u00e9t\u00e9 et ses partenaires aux \u00c9tats-Unis, les acquisitions de composants d'Embraer sont responsables de plus de 7 000 employ\u00e9s aux \u00c9tats-Unis. Depuis 1979, Embraer maintient une pr\u00e9sence aux \u00c9tats-Unis d'Am\u00e9rique, o\u00f9 elle emploie actuellement pr\u00e8s de mille personnes directement.<\/p>\r\n\r\n\r\n\r\n<p>En ce qui concerne les autres parties du monde, Embraer travaille \u00e0 l'expansion de ses activit\u00e9s au Portugal, en acqu\u00e9rant une participation de 65% dans la soci\u00e9t\u00e9 d'aviation portugaise, dont l'acronyme est <a href=\"https:\/\/www.ogma.pt\/\" target=\"_blank\" rel=\"noopener\">OGMA<\/a>.<\/p>\r\n\r\n\r\n\r\n<h2 class=\"wp-block-heading\"><span class=\"ez-toc-section\" id=\"Products_and_Aircraft_Types\"><\/span>Produits et types d'a\u00e9ronefs<span class=\"ez-toc-section-end\"><\/span><\/h2>\r\n\r\n\r\n\r\n<figure class=\"wp-block-image size-full is-style-default\"><img loading=\"lazy\" decoding=\"async\" width=\"1000\" height=\"667\" src=\"https:\/\/comparemyjet.com\/wp-content\/uploads\/2022\/11\/embraer.close_.up_.jpg\" alt=\"Embraer\" class=\"wp-image-3706\" srcset=\"https:\/\/comparemyjet.com\/wp-content\/uploads\/2022\/11\/embraer.close_.up_-18x12.jpg 18w, https:\/\/comparemyjet.com\/wp-content\/uploads\/2022\/11\/embraer.close_.up_-300x200.jpg 300w, https:\/\/comparemyjet.com\/wp-content\/uploads\/2022\/11\/embraer.close_.up_-768x512.jpg 768w, https:\/\/comparemyjet.com\/wp-content\/uploads\/2022\/11\/embraer.close_.up_.jpg 1000w\" sizes=\"auto, (max-width: 1000px) 100vw, 1000px\" \/><\/figure>\r\n\r\n\r\n\r\n<h3 class=\"wp-block-heading\"><span class=\"ez-toc-section\" id=\"Commercial_Aviation-2\"><\/span>Aviation commerciale<span class=\"ez-toc-section-end\"><\/span><\/h3>\r\n\r\n\r\n\r\n<p>Il y a environ trois ans, Embraer a commenc\u00e9 \u00e0 s\u00e9parer sa division d'aviation commerciale du reste des activit\u00e9s de l'entreprise en vue de la cl\u00f4ture de l'acquisition. Au d\u00e9but de 2019, les entreprises ont r\u00e9ussi \u00e0 faire en sorte que le Br\u00e9sil donne son approbation \u00e0 la transaction de coentreprise. Malgr\u00e9 les in\u00e9vitables contretemps pr\u00e9vus dans une transaction de cette ampleur, toutes les parties ont confirm\u00e9 que les choses avancent. Mais alors que COVID commen\u00e7ait \u00e0 infliger des dommages \u00e0 l'industrie du voyage, l'avionneur am\u00e9ricain... <a href=\"https:\/\/comparemyjet.com\/fr\/boeing\/\" data-internallinksmanager029f6b8e52c=\"146\" title=\"Guide ultime des jets et avions priv\u00e9s Boeing\">Boeing<\/a> a mis fin \u00e0 sa participation avec la startup br\u00e9silienne.<\/p>\r\n\r\n\r\n\r\n<p>Embraer a r\u00e9ussi \u00e0 r\u00e9int\u00e9grer son unit\u00e9 d'aviation commerciale dans ses activit\u00e9s principales, pr\u00e8s de deux ans apr\u00e8s que Boeing ait officiellement annul\u00e9 l'accord d'acquisition de cette partie des activit\u00e9s d'Embraer.&nbsp;<\/p>\r\n\r\n\r\n\r\n<p>Au printemps 2020, la r\u00e9organisation qui a inclus la branche commerciale d'Embraer dans les op\u00e9rations principales de l'entreprise \u00e9tait en cours - exigeant une quantit\u00e9 substantielle de concentration sur les nombreux domaines d'expertise de l'entreprise. En particulier, le changement a n\u00e9cessit\u00e9 l'int\u00e9gration de plusieurs pratiques et contr\u00f4les informatiques diff\u00e9rents, permettant \u00e0 l'usine d'\u00eatre plus flexible et productive.<\/p>\r\n\r\n\r\n\r\n<h3 class=\"wp-block-heading\"><span class=\"ez-toc-section\" id=\"Aircraft_Models\"><\/span>Mod\u00e8les d'a\u00e9ronefs<span class=\"ez-toc-section-end\"><\/span><\/h3>\r\n\r\n\r\n\r\n<h4 class=\"wp-block-heading\"><span class=\"ez-toc-section\" id=\"E-JETS_E2\"><\/span>E-JETS E2<span class=\"ez-toc-section-end\"><\/span><\/h4>\r\n\r\n\r\n\r\n<p>E175-E2<\/p>\r\n\r\n\r\n\r\n<p>E190-E2<\/p>\r\n\r\n\r\n\r\n<p>E195-E2<\/p>\r\n\r\n\r\n\r\n<h4 class=\"wp-block-heading\"><span class=\"ez-toc-section\" id=\"E-JETS\"><\/span>E-JETS<span class=\"ez-toc-section-end\"><\/span><\/h4>\r\n\r\n\r\n\r\n<p>E170<\/p>\r\n\r\n\r\n\r\n<p>E175<\/p>\r\n\r\n\r\n\r\n<p>E190<\/p>\r\n\r\n\r\n\r\n<p>E195&nbsp;<\/p>\r\n\r\n\r\n\r\n<h4 class=\"wp-block-heading\"><span class=\"ez-toc-section\" id=\"ERJs\"><\/span>ERJs<span class=\"ez-toc-section-end\"><\/span><\/h4>\r\n\r\n\r\n\r\n<p>ERJ135<\/p>\r\n\r\n\r\n\r\n<p>ERJ140<\/p>\r\n\r\n\r\n\r\n<p>ERJ145<\/p>\r\n\r\n\r\n\r\n<p>ERJ145XR<\/p>\r\n\r\n\r\n\r\n<h3 class=\"wp-block-heading\"><span class=\"ez-toc-section\" id=\"E190F_and_E195F_Freighter\"><\/span>E190F et E195F Freighter<span class=\"ez-toc-section-end\"><\/span><\/h3>\r\n\r\n\r\n\r\n<p>L'\u00e9conomie mondiale en constante \u00e9volution d\u00e9pend fortement du transport a\u00e9rien de fret. Embraer a d\u00e9couvert le besoin d'un avion-cargo moderne dot\u00e9 de la capacit\u00e9, de la vitesse et de la flexibilit\u00e9 n\u00e9cessaires pour assurer des livraisons 24 heures sur 24. Laissez-nous vous pr\u00e9senter ses avions-cargo E190F et E195F.<\/p>\r\n\r\n\r\n\r\n<p>Les avions-cargo d'Embraer peuvent s'adapter aux tendances toujours changeantes du secteur et sont positionn\u00e9s sur le march\u00e9 pour combler le vide entre les turbopropulseurs et les avions \u00e0 fuselage \u00e9troit plus grands.<\/p>\r\n\r\n\r\n\r\n<p>Les E190F et E195F sont les avions appropri\u00e9s qui peuvent prendre en charge les op\u00e9rations d'avions plus importants et \u00e9tendre la couverture des services \u00e0 dur\u00e9e d\u00e9termin\u00e9e. Ces appareils peuvent couvrir plus de sites qu'auparavant et atteindre les individus o\u00f9 qu'ils se trouvent. En outre, ils peuvent mieux r\u00e9pondre aux exigences du secteur du commerce \u00e9lectronique en mati\u00e8re de livraison rapide et d'op\u00e9rations d\u00e9centralis\u00e9es.<\/p>\r\n\r\n\r\n\r\n<p>Parce qu'il s'agit d'avions plus r\u00e9cents et plus \u00e9conomes en carburant, les E190F et E195F peuvent transporter le m\u00eame volume que leurs homologues plus grands tout en produisant beaucoup moins d'\u00e9missions et en supportant des d\u00e9penses d'exploitation nettement inf\u00e9rieures.<\/p>\r\n\r\n\r\n\r\n<h3 class=\"wp-block-heading\"><span class=\"ez-toc-section\" id=\"Business_Jets\"><\/span>Jets d'affaires<span class=\"ez-toc-section-end\"><\/span><\/h3>\r\n\r\n\r\n\r\n<p><a href=\"https:\/\/executive.embraer.com\/global\/en\" target=\"_blank\" rel=\"noopener\">Avions d'affaires Embraer<\/a> est une branche d'Embraer charg\u00e9e de produire des avions d'affaires \u00e0 r\u00e9action de diff\u00e9rentes tailles de cabine.<\/p>\r\n\r\n\r\n\r\n<p>Le Legacy 600 est le premier jet d'affaires de la soci\u00e9t\u00e9. Il est entr\u00e9 en service en 2002 et est bas\u00e9 sur le jet r\u00e9gional ERJ 145 d'Embraer. En 2005, Embraer a lanc\u00e9 l'avion long-courrier Phenom 100 et le jet l\u00e9ger Phenom 300. En 2006, l'entreprise a pr\u00e9sent\u00e9 sa signature Lineage 1000, une variante de son avion E190.<\/p>\r\n\r\n\r\n\r\n<ul class=\"wp-block-list\">\r\n<li>Phenom 100EV<\/li>\r\n\r\n\r\n\r\n<li>Phenom 300E<\/li>\r\n\r\n\r\n\r\n<li>Pr\u00e9teur 500<\/li>\r\n\r\n\r\n\r\n<li>Pr\u00e9teur 600<\/li>\r\n\r\n\r\n\r\n<li>Legacy 450\/500\/650E<\/li>\r\n\r\n\r\n\r\n<li>Lign\u00e9e 1000E<\/li>\r\n<\/ul>\r\n\r\n\r\n\r\n<p>Vous pouvez faire une visite virtuelle sur le site de l'entreprise <a href=\"https:\/\/executive.embraer.com\/global\/en\/virtualtours\" target=\"_blank\" rel=\"noopener\">site web<\/a>.<\/p>\r\n\r\n\r\n\r\n<h4 class=\"wp-block-heading\"><span class=\"ez-toc-section\" id=\"Our_recommendation_Phenom_300E\"><\/span>Notre recommandation : Phenom 300E<span class=\"ez-toc-section-end\"><\/span><\/h4>\r\n\r\n\r\n\r\n<p>Le Phenom 300E est l'un des jets priv\u00e9s l\u00e9gers les plus recherch\u00e9s en raison de sa cabine moderne et accueillante qui offre une atmosph\u00e8re paisible.<\/p>\r\n\r\n\r\n\r\n<p>L'avionique de pointe du pilote est tr\u00e8s avanc\u00e9e, tandis que le syst\u00e8me de divertissement en cabine et l'espace g\u00e9n\u00e9reux pour les bagages sont appr\u00e9ci\u00e9s des passagers.&nbsp;<\/p>\r\n\r\n\r\n\r\n<p>Sp\u00e9cifications :<\/p>\r\n\r\n\r\n\r\n<ul class=\"wp-block-list\">\r\n<li>Passagers : 6 ;<\/li>\r\n\r\n\r\n\r\n<li>Longueur de la cabine : 17 ft 2 in ;<\/li>\r\n\r\n\r\n\r\n<li>Largeur de la cabine : 5 ft 1 in ;<\/li>\r\n\r\n\r\n\r\n<li>Hauteur de la cabine : 4 ft 9 in ;<\/li>\r\n\r\n\r\n\r\n<li>Capacit\u00e9 des bagages : 74 cu ft ;<\/li>\r\n\r\n\r\n\r\n<li>Endurance maximale : 4 heures ;<\/li>\r\n\r\n\r\n\r\n<li>Vitesse de croisi\u00e8re maximale : 495 mph ;<\/li>\r\n<\/ul>\r\n\r\n\r\n\r\n<p>Le Phenom 300E d'Embraer est l'un des petits avions priv\u00e9s les plus performants et les plus confortables.<\/p>\r\n\r\n\r\n\r\n<h3 class=\"wp-block-heading\"><span class=\"ez-toc-section\" id=\"Special_Missions\"><\/span>Missions sp\u00e9ciales<span class=\"ez-toc-section-end\"><\/span><\/h3>\r\n\r\n\r\n\r\n<p>Le Phenom 300MED est l'une des options d'\u00e9vacuation m\u00e9dicale les plus compl\u00e8tes actuellement sur le march\u00e9. Lors de sa conception, les ing\u00e9nieurs se sont inspir\u00e9s du Phenom 300, l'avion l\u00e9ger le plus vendu depuis neuf ans, pour le rendre adapt\u00e9 au secteur public et au secteur priv\u00e9.&nbsp;<\/p>\r\n\r\n\r\n\r\n<p>Le Phenom 300MED, d\u00e9velopp\u00e9 en collaboration avec <a href=\"https:\/\/www.umlaut.com\/\" target=\"_blank\" rel=\"noopener\">umlaut<\/a> et <a href=\"https:\/\/aerolite.ch\/\" target=\"_blank\" rel=\"noopener\">A\u00e9rolithe<\/a>Il offre une altitude cabine la plus \u00e9lev\u00e9e de sa cat\u00e9gorie, une excellente flexibilit\u00e9 de mission, une vitesse in\u00e9gal\u00e9e, un rayon d'action \u00e9tendu et de faibles co\u00fbts d'exploitation.<\/p>\r\n\r\n\r\n\r\n<p>Le Phenom 300MED peut \u00eatre \u00e9quip\u00e9 d'une ou deux civi\u00e8res, d'une couveuse et d'autres \u00e9quipements m\u00e9dicaux. De plus, son certificat de type suppl\u00e9mentaire (STC) est install\u00e9 exclusivement par l'organisation Services &amp; Support prim\u00e9e d'Embraer, garantissant directement la qualit\u00e9, la fiabilit\u00e9 et le service du fabricant.&nbsp;<\/p>\r\n\r\n\r\n\r\n<p>En r\u00e9sum\u00e9, le Phenom 300MED poss\u00e8de une cabine explicitement con\u00e7ue pour le transport de personnel m\u00e9dical, peut transporter la plus grande quantit\u00e9 d'oxyg\u00e8ne \u00e0 bord, et peut parcourir la plus grande distance tout en maintenant sa vitesse.&nbsp;<\/p>\r\n\r\n\r\n\r\n<p>Pour plus d'informations, suivez ce lien <a href=\"https:\/\/executive.embraer.com\/global\/en\/specialmissions\" target=\"_blank\" rel=\"noopener\">lien<\/a>.<\/p>\r\n\r\n\r\n\r\n<h3 class=\"wp-block-heading\"><span class=\"ez-toc-section\" id=\"Defense_and_security\"><\/span>D\u00e9fense et s\u00e9curit\u00e9<span class=\"ez-toc-section-end\"><\/span><\/h3>\r\n\r\n\r\n\r\n<p>Dans l'a\u00e9rospatial et le militaire, <a href=\"https:\/\/www.defence-and-security.com\/contractors\/defence-and-security-systems-international\/embraer-defense\/\" target=\"_blank\" rel=\"noopener\">Embraer D\u00e9fense et S\u00e9curit\u00e9<\/a> est d\u00e9sormais le leader du march\u00e9 en Am\u00e9rique latine, offrant les solutions et applications suivantes :<\/p>\r\n\r\n\r\n\r\n<ul class=\"wp-block-list\">\r\n<li>Centre de commandement et de contr\u00f4le (C4I),&nbsp;<\/li>\r\n\r\n\r\n\r\n<li>Radars et espace,<\/li>\r\n\r\n\r\n\r\n<li>ISR (Intelligence, Surveillance, et Reconnaissance).<\/li>\r\n<\/ul>\r\n\r\n\r\n\r\n<h4 class=\"wp-block-heading\"><span class=\"ez-toc-section\" id=\"Aircraft_Models-2\"><\/span>Mod\u00e8les d'a\u00e9ronefs<span class=\"ez-toc-section-end\"><\/span><\/h4>\r\n\r\n\r\n\r\n<ul class=\"wp-block-list\">\r\n<li>C-390 Millennium<\/li>\r\n\r\n\r\n\r\n<li>Super Tucano<\/li>\r\n\r\n\r\n\r\n<li>P600 AEW&amp;C<\/li>\r\n<\/ul>\r\n\r\n\r\n\r\n<p>Plus de 60 nations utilisent aujourd'hui les produits et solutions d'Embraer Defense and Security, ce qui t\u00e9moigne de la position croissante de l'entreprise sur le march\u00e9 mondial.<\/p>\r\n\r\n\r\n\r\n<h4 class=\"wp-block-heading\"><span class=\"ez-toc-section\" id=\"Our_recommendation_C-390_Millennium\"><\/span>Notre recommandation : C-390 Millennium<span class=\"ez-toc-section-end\"><\/span><\/h4>\r\n\r\n\r\n\r\n<p>Le C-390 Millennium est un nouvel avion militaire multi-missions qui combine mobilit\u00e9, haute productivit\u00e9 et flexibilit\u00e9 avec de faibles co\u00fbts op\u00e9rationnels. Ces avantages sont rendus possibles par la configuration monomoteur de l'avion.&nbsp;<\/p>\r\n\r\n\r\n\r\n<p>La capacit\u00e9 d'adaptation offerte par la plateforme du C-390 Millennium est in\u00e9gal\u00e9e, permettant \u00e0 la configuration de l'avion d'\u00eatre applicable \u00e0 une plus grande vari\u00e9t\u00e9 de missions que jamais auparavant. Le C-390 peut effectuer une grande vari\u00e9t\u00e9 de t\u00e2ches, notamment :&nbsp;<\/p>\r\n\r\n\r\n\r\n<ul class=\"wp-block-list\">\r\n<li>l'\u00e9vacuation m\u00e9dicale,&nbsp;<\/li>\r\n\r\n\r\n\r\n<li>recherche et sauvetage,&nbsp;<\/li>\r\n\r\n\r\n\r\n<li>la recherche, le sauvetage et l'aide humanitaire,<\/li>\r\n\r\n\r\n\r\n<li>le ravitaillement en vol (chasseurs et h\u00e9licopt\u00e8res) et la lutte contre les incendies,&nbsp;<\/li>\r\n\r\n\r\n\r\n<li>transporter et d\u00e9ployer des marchandises et des soldats.&nbsp;<\/li>\r\n<\/ul>\r\n\r\n\r\n\r\n<p>Le C-390 Millennium fait actuellement l'objet d'une proc\u00e9dure de certification militaire compl\u00e8te, structur\u00e9e d\u00e8s le d\u00e9part autour d'une m\u00e9thodologie de certification double. Cette m\u00e9thode hybride combine les efforts des entit\u00e9s civiles et militaires charg\u00e9es d'assurer la navigabilit\u00e9, garantissant que l'avion peut accomplir toutes ses t\u00e2ches militaires sans risque.&nbsp;<\/p>\r\n\r\n\r\n\r\n<p>Afin de couvrir l'accomplissement de la mission militaire, les produits militaires et les syst\u00e8mes militaires, la certification militaire est un suppl\u00e9ment au certificat civil en incluant les normes, sp\u00e9cifications et crit\u00e8res militaires. La plate-forme fondamentale de l'avion C-390 Millennium est actuellement en cours de d\u00e9veloppement et de certification par l'autorit\u00e9 de navigabilit\u00e9 civile br\u00e9silienne, conform\u00e9ment aux exigences d\u00e9finies dans le document 14 CFR Part 25 de la FAA.&nbsp;<\/p>\r\n\r\n\r\n\r\n<h3 class=\"wp-block-heading\"><span class=\"ez-toc-section\" id=\"Most_Famous_Aircraft_by_the_Company\"><\/span>Avions les plus c\u00e9l\u00e8bres de la compagnie<span class=\"ez-toc-section-end\"><\/span><\/h3>\r\n\r\n\r\n\r\n<p>Puisque chaque constructeur de jets priv\u00e9s a son propre avion \"signature\", voyons pour quel avion Embraer est le plus connu.<\/p>\r\n\r\n\r\n\r\n<h4 class=\"wp-block-heading\"><span class=\"ez-toc-section\" id=\"The_Phenom_300_Series\"><\/span>La s\u00e9rie Phenom 300<span class=\"ez-toc-section-end\"><\/span><\/h4>\r\n\r\n\r\n\r\n<p>Depuis son introduction sur le march\u00e9 fin 2009, la s\u00e9rie Phenom 300 a connu le taux de livraison annuel le plus \u00e9lev\u00e9, avec une moyenne de plus de 50 jets livr\u00e9s. Ces r\u00e9alisations soulignent la r\u00e9putation de la soci\u00e9t\u00e9 pour l'am\u00e9lioration et l'innovation de ses avions et de leurs caract\u00e9ristiques, comme le rayon d'action, la vitesse de croisi\u00e8re et la technologie.<\/p>\r\n\r\n\r\n\r\n<p>Selon les statistiques rendues publiques par l <a href=\"https:\/\/gama.aero\/\" target=\"_blank\" rel=\"noopener\">Association des fabricants de l'aviation g\u00e9n\u00e9rale<\/a>, La s\u00e9rie Phenom 300 d'Embraer est devenue l'avion l\u00e9ger le plus vendu au monde pour la dixi\u00e8me ann\u00e9e cons\u00e9cutive et c'est le mod\u00e8le bir\u00e9acteur qui en a livr\u00e9 le plus en 2021. Pour m\u00e9riter cet honneur, Embraer a d\u00fb produire 56 avions l\u00e9gers de la s\u00e9rie Phenom 300 en 2021. Cette r\u00e9alisation a marqu\u00e9 une p\u00e9riode de produits de qualit\u00e9 et de leadership industriel pour Embraer.<\/p>\r\n\r\n\r\n\r\n<p>Sp\u00e9cifications :<\/p>\r\n\r\n\r\n\r\n<ul class=\"wp-block-list\">\r\n<li>Passagers : 7 ;<\/li>\r\n\r\n\r\n\r\n<li>Hauteur ext\u00e9rieure : 16 ft 5 in ;<\/li>\r\n\r\n\r\n\r\n<li>Longueur totale : 52 ft 2 in ;<\/li>\r\n\r\n\r\n\r\n<li>Envergure des ailes : 53 ft 2 in ;<\/li>\r\n\r\n\r\n\r\n<li>Espace bagages ext\u00e9rieur : 66 pieds cubes ;<\/li>\r\n\r\n\r\n\r\n<li>Espace int\u00e9rieur pour les bagages : 19 pi3 ;<\/li>\r\n\r\n\r\n\r\n<li>Hauteur de la cabine : 4 ft 11 in ;<\/li>\r\n\r\n\r\n\r\n<li>Longueur de la cabine : 17 ft 2 in ;<\/li>\r\n\r\n\r\n\r\n<li>Largeur de la cabine : 5 ft 1 in ;<\/li>\r\n\r\n\r\n\r\n<li>Port\u00e9e maximale de vol : 2077 nm ;<\/li>\r\n\r\n\r\n\r\n<li>Vitesse de croisi\u00e8re maximale : 453 kts ;<\/li>\r\n\r\n\r\n\r\n<li>\u00c9quipage : 2.<\/li>\r\n<\/ul>\r\n\r\n\r\n\r\n<h4 class=\"wp-block-heading\"><span class=\"ez-toc-section\" id=\"New_and_Improved_Phenom_300E\"><\/span>Nouveau et am\u00e9lior\u00e9 Phenom 300E<span class=\"ez-toc-section-end\"><\/span><\/h4>\r\n\r\n\r\n\r\n<p>Embraer a annonc\u00e9 son nouveau Phenom 300E am\u00e9lior\u00e9 au d\u00e9but de l'ann\u00e9e 2020. En mars de la m\u00eame ann\u00e9e, l'avion a \u00e9t\u00e9 certifi\u00e9 par la Commission europ\u00e9enne. <a href=\"https:\/\/www.gov.br\/anac\/en\" target=\"_blank\" rel=\"noopener\">ANAC<\/a>, <a href=\"https:\/\/www.easa.europa.eu\/en\" target=\"_blank\" rel=\"noopener\">EASA<\/a>et <a href=\"https:\/\/www.faa.gov\/\" target=\"_blank\" rel=\"noopener\">FAA<\/a>en obtenant la triple certification.&nbsp;<\/p>\r\n\r\n\r\n\r\n<p>Le Phenom 300E a \u00e9tabli une nouvelle r\u00e9f\u00e9rence de qualit\u00e9 sup\u00e9rieure dans le domaine des jets l\u00e9gers, \u00e9tant encore plus rapide en termes de performances et le jet monopilote le plus rapide actuellement en production.&nbsp;&nbsp;<\/p>\r\n\r\n\r\n\r\n<p>La cabine pr\u00e9sente des am\u00e9liorations qui la rendent plus confortable, comme un espace accru pour les jambes et un nouvel int\u00e9rieur de luxe connu sous le nom de mod\u00e8le Bossa Nova. La version Bossa Nova est une collection des d\u00e9veloppements les plus r\u00e9cents d'Embraer pour la cabine, et elle tire son nom d'un type de musique jazz populaire au Br\u00e9sil.&nbsp;<\/p>\r\n\r\n\r\n\r\n<p>Sp\u00e9cifications :<\/p>\r\n\r\n\r\n\r\n<ul class=\"wp-block-list\">\r\n<li>Passagers : 8 \u00e0 11 ;<\/li>\r\n\r\n\r\n\r\n<li>Hauteur ext\u00e9rieure : 16 ft 9 in ;<\/li>\r\n\r\n\r\n\r\n<li>Longueur totale : 51 ft 4 in<\/li>\r\n\r\n\r\n\r\n<li>Envergure des ailes : 52 ft 2 in ;<\/li>\r\n\r\n\r\n\r\n<li>Espace bagages ext\u00e9rieur : 74 pi3 ;<\/li>\r\n\r\n\r\n\r\n<li>Espace int\u00e9rieur pour les bagages : 10 pi3 ;<\/li>\r\n\r\n\r\n\r\n<li>Hauteur de la cabine : 4 ft 11 in ;<\/li>\r\n\r\n\r\n\r\n<li>Longueur de la cabine : 17 ft 2 in ;<\/li>\r\n\r\n\r\n\r\n<li>Largeur de la cabine : 5 ft 1 in ;<\/li>\r\n\r\n\r\n\r\n<li>Port\u00e9e de vol maximale : 1917 nm ;<\/li>\r\n\r\n\r\n\r\n<li>Vitesse de croisi\u00e8re maximale : 464 kts ;<\/li>\r\n\r\n\r\n\r\n<li>Moteurs : 2 ;<\/li>\r\n\r\n\r\n\r\n<li>\u00c9quipage : 1-2.<\/li>\r\n<\/ul>\r\n\r\n\r\n\r\n<h4 class=\"wp-block-heading\"><span class=\"ez-toc-section\" id=\"Commercial_Airplane_The_Embraer_190\"><\/span>Avion commercial : L'Embraer 190<span class=\"ez-toc-section-end\"><\/span><\/h4>\r\n\r\n\r\n\r\n<p>Embraer est responsable de la production du bir\u00e9acteur \u00e0 fuselage \u00e9troit connu sous le nom de <a href=\"https:\/\/www.embraercommercialaviation.com\/commercial-jets\/e190\/\" target=\"_blank\" rel=\"noopener\">Embraer 190<\/a>.<\/p>\r\n\r\n\r\n\r\n<p>L'envergure de l'avion est relativement courte, et les moteurs sont plac\u00e9s sous les ailes. Des ailettes sont install\u00e9es sur les ailes, ce qui entra\u00eene une r\u00e9duction de la tra\u00een\u00e9e et une augmentation de la portance. Les moteurs produisent un niveau de bruit tr\u00e8s faible, et l'avion lui-m\u00eame respecte ou d\u00e9passe les normes de bruit et d'\u00e9missions fix\u00e9es par l'Organisation de l'aviation civile internationale (OACI).<\/p>\r\n\r\n\r\n\r\n<p>La cabine est tr\u00e8s spacieuse et les passagers peuvent acc\u00e9der facilement aux compartiments sup\u00e9rieurs. Il n'y a pas de si\u00e8ge central (ni fen\u00eatre ni couloir).<\/p>\r\n\r\n\r\n\r\n<p>Sp\u00e9cifications :<\/p>\r\n\r\n\r\n\r\n<ul class=\"wp-block-list\">\r\n<li>Passagers : 114 ;<\/li>\r\n\r\n\r\n\r\n<li>Hauteur ext\u00e9rieure : 34 ft 7 in ;<\/li>\r\n\r\n\r\n\r\n<li>Envergure des ailes : 94 ft 2 in ;<\/li>\r\n\r\n\r\n\r\n<li>Longueur totale : 118 ft 9 in ;<\/li>\r\n\r\n\r\n\r\n<li>Port\u00e9e de vol maximale : 2400 nm ;<\/li>\r\n\r\n\r\n\r\n<li>Vitesse de croisi\u00e8re maximale : 542 kts ;<\/li>\r\n\r\n\r\n\r\n<li>\u00c9quipage : 2.<\/li>\r\n<\/ul>\r\n\r\n\r\n\r\n<h2 class=\"wp-block-heading\"><span class=\"ez-toc-section\" id=\"Service_and_Support\"><\/span>Service et assistance<span class=\"ez-toc-section-end\"><\/span><\/h2>\r\n\r\n\r\n\r\n<p>Embraer fournit des solutions de service et de soutien pour ses avions commerciaux, de d\u00e9fense, agricoles et d'affaires.<\/p>\r\n\r\n\r\n\r\n<p>Les avions Embraer sont faciles \u00e0 entretenir, pr\u00e9sentent une fiabilit\u00e9 exceptionnelle et ont une dur\u00e9e de vie \u00e9conomique \u00e9tendue. Cependant, toute modification de la cabine peut potentiellement augmenter la valeur et l'adaptabilit\u00e9 d'un avion. Pour les clients qui souhaitent un nouvel am\u00e9nagement de la cabine, des am\u00e9liorations et des d\u00e9veloppements r\u00e9cents du produit, il est conseill\u00e9 de faire appel au service d'Embraer. Apr\u00e8s tout, les ing\u00e9nieurs d'Embraer sont comp\u00e9tents pour concevoir des modifications d'avions existants, en menant le processus de modification par le biais d'installations de partenaires agr\u00e9\u00e9s situ\u00e9s dans divers endroits du monde.<\/p>\r\n\r\n\r\n\r\n<p>L'\u00e9quipe Embraer est toujours disponible lorsque des composants et des pi\u00e8ces d\u00e9tach\u00e9es sont n\u00e9cessaires, et elle r\u00e9pond rapidement. Leurs sites de distribution sont strat\u00e9giquement plac\u00e9s dans les principaux hubs d'aviation pour faciliter l'exp\u00e9dition et la livraison rapides des composants, offrant aux clients l'acc\u00e8s \u00e0 un vaste inventaire de pi\u00e8ces d\u00e9tach\u00e9es.<\/p>\r\n\r\n\r\n\r\n<p>Embraer a un <a href=\"https:\/\/daflwcl3bnxyt.cloudfront.net\/m\/436970bc30cc6d17\/original\/Portofio-S-S-Comercial-MRO-Americas.pdf\" target=\"_blank\" rel=\"noopener\">portefeuille de services<\/a> disponible sur son site web.<\/p>\r\n\r\n\r\n\r\n<p>Leur <a href=\"https:\/\/m.techcare.embraer.com\/portal\/public\/contact\" target=\"_blank\" rel=\"noopener\">Centre de contact<\/a> dispose d'experts d\u00e9vou\u00e9s, disponibles tous les jours 24 heures sur 24. Ils veilleront \u00e0 ce que l'appareil soit remis en service le plus rapidement possible. Le centre de contact est accessible par courriel ou par t\u00e9l\u00e9phone.<\/p>\r\n\r\n\r\n\r\n<h2 class=\"wp-block-heading\"><span class=\"ez-toc-section\" id=\"Safety\"><\/span>S\u00e9curit\u00e9&nbsp;<span class=\"ez-toc-section-end\"><\/span><\/h2>\r\n\r\n\r\n\r\n<p>Selon <a href=\"https:\/\/www.forbes.com\/sites\/geoffwhitmore\/2019\/08\/16\/what-is-the-safest-airplane-to-fly\/?sh=486585cc5c72\" target=\"_blank\" rel=\"noopener\">rapports<\/a>il n'y a pas eu d'accident mortel impliquant des mod\u00e8les sp\u00e9cifiques d'avions commerciaux produits par <a href=\"https:\/\/comparemyjet.com\/fr\/airbus\/\" data-internallinksmanager029f6b8e52c=\"147\" title=\"Guide ultime des avions et jets priv\u00e9s Airbus\">Airbus<\/a>Boeing ou Embraer. Les Embraer 135, 140 et 145 sont des mod\u00e8les d'avions qui sont des innovations relativement r\u00e9centes et qui ont la particularit\u00e9 d'avoir un dossier de vol sans faille. Ils sont tous \u00e0 \u00e9galit\u00e9 pour la position d'avion le plus s\u00fbr.<\/p>\r\n\r\n\r\n\r\n<h2 class=\"wp-block-heading\"><span class=\"ez-toc-section\" id=\"Partnerships\"><\/span>Partenariats<span class=\"ez-toc-section-end\"><\/span><\/h2>\r\n\r\n\r\n\r\n<p>En 2018, Boeing et Embraer ont officiellement confirm\u00e9 un accord de partenariat. Ce partenariat encourage les deux entreprises \u00e0 \u00eatre plus comp\u00e9titives dans les industries a\u00e9rospatiales mondiales. La formation a align\u00e9 les processus op\u00e9rationnels d'expansion, de fabrication, de publicit\u00e9 et de d\u00e9veloppement de Boeing avec les avions commerciaux et les besoins commerciaux d'Embraer. Boeing poss\u00e8de quatre-vingts pour cent des parts de propri\u00e9t\u00e9 de la coentreprise, tandis qu'Embraer est responsable des vingt pour cent restants. En 2019, les actionnaires de l'entreprise ont donn\u00e9 leur b\u00e9n\u00e9diction \u00e0 la coop\u00e9ration pr\u00e9vue, et le gouvernement br\u00e9silien lui a \u00e9galement donn\u00e9 son feu vert.<\/p>\r\n\r\n\r\n\r\n<h2 class=\"wp-block-heading\"><span class=\"ez-toc-section\" id=\"Sustainability\"><\/span>Durabilit\u00e9&nbsp;<span class=\"ez-toc-section-end\"><\/span><\/h2>\r\n\r\n\r\n\r\n<p>La durabilit\u00e9 est un \u00e9l\u00e9ment important de la politique d'Embraer. Vous pouvez visiter leur <a href=\"https:\/\/embraercommercialaviationsustainability.com\/our-philosophy\/#\" target=\"_blank\" rel=\"noopener\">site web sur le d\u00e9veloppement durable<\/a>qui fournit une vue d\u00e9taill\u00e9e de leur programme.&nbsp;<\/p>\r\n\r\n\r\n\r\n<h2 class=\"wp-block-heading\"><span class=\"ez-toc-section\" id=\"Innovations\"><\/span>Innovations<span class=\"ez-toc-section-end\"><\/span><\/h2>\r\n\r\n\r\n\r\n<figure class=\"wp-block-image size-full is-style-default\"><img loading=\"lazy\" decoding=\"async\" width=\"1000\" height=\"667\" src=\"https:\/\/comparemyjet.com\/wp-content\/uploads\/2022\/11\/embraer.plane_.flying.jpg\" alt=\"\" class=\"wp-image-3707\" srcset=\"https:\/\/comparemyjet.com\/wp-content\/uploads\/2022\/11\/embraer.plane_.flying-18x12.jpg 18w, https:\/\/comparemyjet.com\/wp-content\/uploads\/2022\/11\/embraer.plane_.flying-300x200.jpg 300w, https:\/\/comparemyjet.com\/wp-content\/uploads\/2022\/11\/embraer.plane_.flying-768x512.jpg 768w, https:\/\/comparemyjet.com\/wp-content\/uploads\/2022\/11\/embraer.plane_.flying.jpg 1000w\" sizes=\"auto, (max-width: 1000px) 100vw, 1000px\" \/><\/figure>\r\n\r\n\r\n\r\n<p>Embraer collabore avec plus de 50 entreprises et autres institutions qui apportent des comp\u00e9tences diverses sous forme de tests, d'initiatives et d'id\u00e9es. Les clients peuvent trouver ces collaborations dans le monde entier. Plus de dix pour cent de leurs revenus annuels sont allou\u00e9s \u00e0 la recherche et au d\u00e9veloppement, \u00e0 l'innovation et \u00e0 l'am\u00e9lioration des installations industrielles existantes.&nbsp;<\/p>\r\n\r\n\r\n\r\n<p>Embraer a r\u00e9cemment conclu un partenariat avec Uber par l'interm\u00e9diaire de l'Embraer Business Innovation Center. Ce partenariat est ax\u00e9 sur la mise en place d'un \u00e9cosyst\u00e8me qui permettra le d\u00e9veloppement de v\u00e9hicules \u00e0 d\u00e9collage et atterrissage verticaux (VTOL) pour les courts trajets urbains. Cet \u00e9cosyst\u00e8me s'appellera le r\u00e9seau Uber Elevate.&nbsp;<\/p>\r\n\r\n\r\n\r\n<p><a href=\"https:\/\/embraerx.embraer.com\/global\/en\/uatm\" target=\"_blank\" rel=\"noopener\">Embraer X<\/a> est une filiale \u00e0 part enti\u00e8re d'Embraer qui soutient l'entreprise dans la croissance rapide de ses innovations et de ses cr\u00e9ations.<\/p>\r\n\r\n\r\n\r\n<h2 class=\"wp-block-heading\"><span class=\"ez-toc-section\" id=\"Conclusion\"><\/span>Conclusion<span class=\"ez-toc-section-end\"><\/span><\/h2>\r\n\r\n\r\n\r\n<p>Ce qui a commenc\u00e9 il y a cinquante ans comme un producteur d'avions qui r\u00e9pondait \u00e0 la demande d'avions civils et de chasse du Br\u00e9sil est aujourd'hui la troisi\u00e8me plus grande entreprise d'aviation au monde.&nbsp;<\/p>\r\n\r\n\r\n\r\n<p>Embraer, qui signifie Empresa Brasileira de Aeron\u00e1utica, est une entreprise a\u00e9rospatiale br\u00e9silienne qui a commenc\u00e9 \u00e0 travailler sur un programme de d\u00e9veloppement de jets d'affaires au milieu des ann\u00e9es 90, dans l'intention d'\u00e9largir sa client\u00e8le au-del\u00e0 des secteurs civil et militaire.<\/p>\r\n\r\n\r\n\r\n<p>Aujourd'hui, Embraer a \u00e9tabli sa pr\u00e9sence non seulement dans le spectre des avions civils mais aussi sur le march\u00e9 de l'aviation d'affaires avec son excellente flotte d'avions d'affaires, qui comprend des s\u00e9ries telles que Phenom et Legacy. Embraer est \u00e9galement responsable de la production de divers avions utilis\u00e9s \u00e0 des fins agricoles et militaires, dont l'avion Tucano.<\/p>","protected":false},"excerpt":{"rendered":"<p>Embraer, dont le si\u00e8ge est au Br\u00e9sil, est l'un des fabricants les plus performants d'avions commerciaux pouvant transporter jusqu'\u00e0 150 passagers. Le succ\u00e8s de l'entreprise est d\u00fb au besoin des compagnies a\u00e9riennes d'augmenter leur fr\u00e9quence et leur connectivit\u00e9 aux \u00c9tats-Unis et en Europe, ce qui les am\u00e8ne \u00e0 acheter et \u00e0 utiliser des avions plus petits, comme ceux d'Embraer. La soci\u00e9t\u00e9 a \u00e9galement ...<\/p>","protected":false},"author":2,"featured_media":3704,"parent":0,"menu_order":0,"comment_status":"closed","ping_status":"closed","template":"","meta":{"_acf_changed":false,"_genesis_hide_title":false,"_genesis_hide_breadcrumbs":false,"_genesis_hide_singular_image":false,"_genesis_hide_footer_widgets":false,"_genesis_custom_body_class":"","_genesis_custom_post_class":"","_genesis_layout":"","footnotes":""},"class_list":{"1":"page","2":"type-page","6":"entry"},"acf":[],"_links":{"self":[{"href":"https:\/\/comparemyjet.com\/fr\/wp-json\/wp\/v2\/pages\/3703","targetHints":{"allow":["GET"]}}],"collection":[{"href":"https:\/\/comparemyjet.com\/fr\/wp-json\/wp\/v2\/pages"}],"about":[{"href":"https:\/\/comparemyjet.com\/fr\/wp-json\/wp\/v2\/types\/page"}],"author":[{"embeddable":true,"href":"https:\/\/comparemyjet.com\/fr\/wp-json\/wp\/v2\/users\/2"}],"replies":[{"embeddable":true,"href":"https:\/\/comparemyjet.com\/fr\/wp-json\/wp\/v2\/comments?post=3703"}],"version-history":[{"count":3,"href":"https:\/\/comparemyjet.com\/fr\/wp-json\/wp\/v2\/pages\/3703\/revisions"}],"predecessor-version":[{"id":3774,"href":"https:\/\/comparemyjet.com\/fr\/wp-json\/wp\/v2\/pages\/3703\/revisions\/3774"}],"wp:featuredmedia":[{"embeddable":true,"href":"https:\/\/comparemyjet.com\/fr\/wp-json\/wp\/v2\/media\/3704"}],"wp:attachment":[{"href":"https:\/\/comparemyjet.com\/fr\/wp-json\/wp\/v2\/media?parent=3703"}],"curies":[{"name":"wp","href":"https:\/\/api.w.org\/{rel}","templated":true}]}}