{"id":6528,"date":"2023-11-17T15:37:16","date_gmt":"2023-11-17T15:37:16","guid":{"rendered":"https:\/\/comparemyjet.com\/private-tours\/palma-de-mallorca-private-tours\/"},"modified":"2025-09-04T10:02:27","modified_gmt":"2025-09-04T10:02:27","slug":"palma-de-mallorca-private-tours","status":"publish","type":"page","link":"https:\/\/comparemyjet.com\/pl\/prywatne-wycieczki\/palma-de-mallorca-private-tours\/","title":{"rendered":"11 najlepszych prywatnych wycieczek po Palma de Mallorca od $96.71"},"content":{"rendered":"<p>Oto 11 najlepszych prywatnych wycieczek po mie\u015bcie Palma de <a href=\"https:\/\/comparemyjet.com\/pl\/private-jet-charters-to-mallorca\/\" data-internallinksmanager029f6b8e52c=\"164\" title=\"Czartery prywatnych odrzutowc\u00f3w do Majorki\">Majorka<\/a>Hiszpania, kt\u00f3r\u0105 mogli\u015bmy znale\u017a\u0107 na <a href=\"https:\/\/www.viator.com\/?pid=P00132536&amp;mcid=42383&amp;medium=link\" target=\"_blank\" rel=\"nofollow noopener\">Viator<\/a> oraz <a href=\"https:\/\/www.getyourguide.com\/?partner_id=17OK18H&amp;utm_medium=online_publisher\" target=\"_blank\" rel=\"nofollow noopener\">Pobierz przewodnik<\/a>.<\/p>\n<div data-vi-partner-id=\"P00132536\" data-vi-widget-ref=\"W-94444359-e1ab-49c3-b645-d273d6a1d133\" ><\/div>\n<p> <script async src=\"https:\/\/www.viator.com\/orion\/partner\/widget.js\"><\/script><\/p>\n<div id=\"ez-toc-container\" class=\"ez-toc-v2_0_76 counter-hierarchy ez-toc-counter ez-toc-grey ez-toc-container-direction\">\n<p class=\"ez-toc-title\" style=\"cursor:inherit\">Tematy<\/p>\n<label for=\"ez-toc-cssicon-toggle-item-69f5098663451\" class=\"ez-toc-cssicon-toggle-label\"><span class=\"\"><span class=\"eztoc-hide\" style=\"display:none;\">Toggle<\/span><span class=\"ez-toc-icon-toggle-span\"><svg style=\"fill: #999;color:#999\" xmlns=\"http:\/\/www.w3.org\/2000\/svg\" class=\"list-377408\" width=\"20px\" height=\"20px\" viewbox=\"0 0 24 24\" fill=\"none\"><path d=\"M6 6H4v2h2V6zm14 0H8v2h12V6zM4 11h2v2H4v-2zm16 0H8v2h12v-2zM4 16h2v2H4v-2zm16 0H8v2h12v-2z\" fill=\"currentColor\"><\/path><\/svg><svg style=\"fill: #999;color:#999\" class=\"arrow-unsorted-368013\" xmlns=\"http:\/\/www.w3.org\/2000\/svg\" width=\"10px\" height=\"10px\" viewbox=\"0 0 24 24\" version=\"1.2\" baseprofile=\"tiny\"><path d=\"M18.2 9.3l-6.2-6.3-6.2 6.3c-.2.2-.3.4-.3.7s.1.5.3.7c.2.2.4.3.7.3h11c.3 0 .5-.1.7-.3.2-.2.3-.5.3-.7s-.1-.5-.3-.7zM5.8 14.7l6.2 6.3 6.2-6.3c.2-.2.3-.5.3-.7s-.1-.5-.3-.7c-.2-.2-.4-.3-.7-.3h-11c-.3 0-.5.1-.7.3-.2.2-.3.5-.3.7s.1.5.3.7z\"\/><\/svg><\/span><\/span><\/label><input type=\"checkbox\"  id=\"ez-toc-cssicon-toggle-item-69f5098663451\" checked aria-label=\"Prze\u0142\u0105cznik\" \/><nav><ul class='ez-toc-list ez-toc-list-level-1' ><li class='ez-toc-page-1 ez-toc-heading-level-2'><a class=\"ez-toc-link ez-toc-heading-1\" href=\"https:\/\/comparemyjet.com\/pl\/prywatne-wycieczki\/palma-de-mallorca-private-tours\/#1_Palma_Cathedral_Surroundings_Private_Tour_With_Locals\" >1. Katedra w Palmie i okolice - prywatna wycieczka z mieszka\u0144cami<\/a><ul class='ez-toc-list-level-3' ><li class='ez-toc-heading-level-3'><a class=\"ez-toc-link ez-toc-heading-2\" href=\"https:\/\/comparemyjet.com\/pl\/prywatne-wycieczki\/palma-de-mallorca-private-tours\/#Key_Details\" >Kluczowe szczeg\u00f3\u0142y<\/a><\/li><li class='ez-toc-page-1 ez-toc-heading-level-3'><a class=\"ez-toc-link ez-toc-heading-3\" href=\"https:\/\/comparemyjet.com\/pl\/prywatne-wycieczki\/palma-de-mallorca-private-tours\/#Languages\" >J\u0119zyki<\/a><\/li><li class='ez-toc-page-1 ez-toc-heading-level-3'><a class=\"ez-toc-link ez-toc-heading-4\" href=\"https:\/\/comparemyjet.com\/pl\/prywatne-wycieczki\/palma-de-mallorca-private-tours\/#Tour_Description\" >Opis wycieczki<\/a><\/li><li class='ez-toc-page-1 ez-toc-heading-level-3'><a class=\"ez-toc-link ez-toc-heading-5\" href=\"https:\/\/comparemyjet.com\/pl\/prywatne-wycieczki\/palma-de-mallorca-private-tours\/#Whats_Included\" >Co zawiera<\/a><\/li><li class='ez-toc-page-1 ez-toc-heading-level-3'><a class=\"ez-toc-link ez-toc-heading-6\" href=\"https:\/\/comparemyjet.com\/pl\/prywatne-wycieczki\/palma-de-mallorca-private-tours\/#Whats_Not_Included\" >Co nie jest wliczone w cen\u0119<\/a><\/li><li class='ez-toc-page-1 ez-toc-heading-level-3'><a class=\"ez-toc-link ez-toc-heading-7\" href=\"https:\/\/comparemyjet.com\/pl\/prywatne-wycieczki\/palma-de-mallorca-private-tours\/#Cancellation_Policy\" >Polityka anulowania<\/a><\/li><\/ul><\/li><li class='ez-toc-page-1 ez-toc-heading-level-2'><a class=\"ez-toc-link ez-toc-heading-8\" href=\"https:\/\/comparemyjet.com\/pl\/prywatne-wycieczki\/palma-de-mallorca-private-tours\/#2_Full_Day_on_a_Private_Sailboat_in_Mallorca\" >2. Ca\u0142y dzie\u0144 na prywatnej \u017cagl\u00f3wce na Majorce<\/a><ul class='ez-toc-list-level-3' ><li class='ez-toc-heading-level-3'><a class=\"ez-toc-link ez-toc-heading-9\" href=\"https:\/\/comparemyjet.com\/pl\/prywatne-wycieczki\/palma-de-mallorca-private-tours\/#Key_Details-2\" >Kluczowe szczeg\u00f3\u0142y<\/a><\/li><li class='ez-toc-page-1 ez-toc-heading-level-3'><a class=\"ez-toc-link ez-toc-heading-10\" href=\"https:\/\/comparemyjet.com\/pl\/prywatne-wycieczki\/palma-de-mallorca-private-tours\/#Languages-2\" >J\u0119zyki<\/a><\/li><li class='ez-toc-page-1 ez-toc-heading-level-3'><a class=\"ez-toc-link ez-toc-heading-11\" href=\"https:\/\/comparemyjet.com\/pl\/prywatne-wycieczki\/palma-de-mallorca-private-tours\/#Tour_Description-2\" >Opis wycieczki<\/a><\/li><li class='ez-toc-page-1 ez-toc-heading-level-3'><a class=\"ez-toc-link ez-toc-heading-12\" href=\"https:\/\/comparemyjet.com\/pl\/prywatne-wycieczki\/palma-de-mallorca-private-tours\/#Whats_Included-2\" >Co zawiera<\/a><\/li><li class='ez-toc-page-1 ez-toc-heading-level-3'><a class=\"ez-toc-link ez-toc-heading-13\" href=\"https:\/\/comparemyjet.com\/pl\/prywatne-wycieczki\/palma-de-mallorca-private-tours\/#Whats_Not_Included-2\" >Co nie jest wliczone w cen\u0119<\/a><\/li><li class='ez-toc-page-1 ez-toc-heading-level-3'><a class=\"ez-toc-link ez-toc-heading-14\" href=\"https:\/\/comparemyjet.com\/pl\/prywatne-wycieczki\/palma-de-mallorca-private-tours\/#Cancellation_Policy-2\" >Polityka anulowania<\/a><\/li><\/ul><\/li><li class='ez-toc-page-1 ez-toc-heading-level-2'><a class=\"ez-toc-link ez-toc-heading-15\" href=\"https:\/\/comparemyjet.com\/pl\/prywatne-wycieczki\/palma-de-mallorca-private-tours\/#3_Mallorca_Private_Boat_Tour_and_Snorkel_in_Palma_de_Mallorca\" >3. Majorka: Prywatna wycieczka \u0142odzi\u0105 i nurkowanie w Palma de Mallorca<\/a><ul class='ez-toc-list-level-3' ><li class='ez-toc-heading-level-3'><a class=\"ez-toc-link ez-toc-heading-16\" href=\"https:\/\/comparemyjet.com\/pl\/prywatne-wycieczki\/palma-de-mallorca-private-tours\/#Key_Details-3\" >Kluczowe szczeg\u00f3\u0142y<\/a><\/li><li class='ez-toc-page-1 ez-toc-heading-level-3'><a class=\"ez-toc-link ez-toc-heading-17\" href=\"https:\/\/comparemyjet.com\/pl\/prywatne-wycieczki\/palma-de-mallorca-private-tours\/#Languages-3\" >J\u0119zyki<\/a><\/li><li class='ez-toc-page-1 ez-toc-heading-level-3'><a class=\"ez-toc-link ez-toc-heading-18\" href=\"https:\/\/comparemyjet.com\/pl\/prywatne-wycieczki\/palma-de-mallorca-private-tours\/#Tour_Description-3\" >Opis wycieczki<\/a><\/li><li class='ez-toc-page-1 ez-toc-heading-level-3'><a class=\"ez-toc-link ez-toc-heading-19\" href=\"https:\/\/comparemyjet.com\/pl\/prywatne-wycieczki\/palma-de-mallorca-private-tours\/#Whats_Included-3\" >Co zawiera<\/a><\/li><li class='ez-toc-page-1 ez-toc-heading-level-3'><a class=\"ez-toc-link ez-toc-heading-20\" href=\"https:\/\/comparemyjet.com\/pl\/prywatne-wycieczki\/palma-de-mallorca-private-tours\/#Whats_Not_Included-3\" >Co nie jest wliczone w cen\u0119<\/a><\/li><li class='ez-toc-page-1 ez-toc-heading-level-3'><a class=\"ez-toc-link ez-toc-heading-21\" href=\"https:\/\/comparemyjet.com\/pl\/prywatne-wycieczki\/palma-de-mallorca-private-tours\/#Cancellation_Policy-3\" >Polityka anulowania<\/a><\/li><\/ul><\/li><li class='ez-toc-page-1 ez-toc-heading-level-2'><a class=\"ez-toc-link ez-toc-heading-22\" href=\"https:\/\/comparemyjet.com\/pl\/prywatne-wycieczki\/palma-de-mallorca-private-tours\/#4_Best_Friends_Ritual_mini_facial_aromatherapy_massage_day_SPA_glass_cava\" >4. Rytua\u0142 Najlepszych Przyjaci\u00f3\u0142: mini maseczka + masa\u017c aromaterapeutyczny + dzienne SPA + kieliszek wina musuj\u0105cego<\/a><ul class='ez-toc-list-level-3' ><li class='ez-toc-heading-level-3'><a class=\"ez-toc-link ez-toc-heading-23\" href=\"https:\/\/comparemyjet.com\/pl\/prywatne-wycieczki\/palma-de-mallorca-private-tours\/#Key_Details-4\" >Kluczowe szczeg\u00f3\u0142y<\/a><\/li><li class='ez-toc-page-1 ez-toc-heading-level-3'><a class=\"ez-toc-link ez-toc-heading-24\" href=\"https:\/\/comparemyjet.com\/pl\/prywatne-wycieczki\/palma-de-mallorca-private-tours\/#Languages-4\" >J\u0119zyki<\/a><\/li><li class='ez-toc-page-1 ez-toc-heading-level-3'><a class=\"ez-toc-link ez-toc-heading-25\" href=\"https:\/\/comparemyjet.com\/pl\/prywatne-wycieczki\/palma-de-mallorca-private-tours\/#Tour_Description-4\" >Opis wycieczki<\/a><\/li><li class='ez-toc-page-1 ez-toc-heading-level-3'><a class=\"ez-toc-link ez-toc-heading-26\" href=\"https:\/\/comparemyjet.com\/pl\/prywatne-wycieczki\/palma-de-mallorca-private-tours\/#Whats_Included-4\" >Co zawiera<\/a><\/li><li class='ez-toc-page-1 ez-toc-heading-level-3'><a class=\"ez-toc-link ez-toc-heading-27\" href=\"https:\/\/comparemyjet.com\/pl\/prywatne-wycieczki\/palma-de-mallorca-private-tours\/#Whats_Not_Included-4\" >Co nie jest wliczone w cen\u0119<\/a><\/li><li class='ez-toc-page-1 ez-toc-heading-level-3'><a class=\"ez-toc-link ez-toc-heading-28\" href=\"https:\/\/comparemyjet.com\/pl\/prywatne-wycieczki\/palma-de-mallorca-private-tours\/#Cancellation_Policy-4\" >Polityka anulowania<\/a><\/li><\/ul><\/li><li class='ez-toc-page-1 ez-toc-heading-level-2'><a class=\"ez-toc-link ez-toc-heading-29\" href=\"https:\/\/comparemyjet.com\/pl\/prywatne-wycieczki\/palma-de-mallorca-private-tours\/#5_Private_Sandal_Making_in_Palma_de_Mallorca\" >5. Prywatne tworzenie sanda\u0142\u00f3w w Palma de Mallorca<\/a><ul class='ez-toc-list-level-3' ><li class='ez-toc-heading-level-3'><a class=\"ez-toc-link ez-toc-heading-30\" href=\"https:\/\/comparemyjet.com\/pl\/prywatne-wycieczki\/palma-de-mallorca-private-tours\/#Key_Details-5\" >Kluczowe szczeg\u00f3\u0142y<\/a><\/li><li class='ez-toc-page-1 ez-toc-heading-level-3'><a class=\"ez-toc-link ez-toc-heading-31\" href=\"https:\/\/comparemyjet.com\/pl\/prywatne-wycieczki\/palma-de-mallorca-private-tours\/#Languages-5\" >J\u0119zyki<\/a><\/li><li class='ez-toc-page-1 ez-toc-heading-level-3'><a class=\"ez-toc-link ez-toc-heading-32\" href=\"https:\/\/comparemyjet.com\/pl\/prywatne-wycieczki\/palma-de-mallorca-private-tours\/#Tour_Description-5\" >Opis wycieczki<\/a><\/li><li class='ez-toc-page-1 ez-toc-heading-level-3'><a class=\"ez-toc-link ez-toc-heading-33\" href=\"https:\/\/comparemyjet.com\/pl\/prywatne-wycieczki\/palma-de-mallorca-private-tours\/#Whats_Included-5\" >Co zawiera<\/a><\/li><li class='ez-toc-page-1 ez-toc-heading-level-3'><a class=\"ez-toc-link ez-toc-heading-34\" href=\"https:\/\/comparemyjet.com\/pl\/prywatne-wycieczki\/palma-de-mallorca-private-tours\/#Whats_Not_Included-5\" >Co nie jest wliczone w cen\u0119<\/a><\/li><li class='ez-toc-page-1 ez-toc-heading-level-3'><a class=\"ez-toc-link ez-toc-heading-35\" href=\"https:\/\/comparemyjet.com\/pl\/prywatne-wycieczki\/palma-de-mallorca-private-tours\/#Cancellation_Policy-5\" >Polityka anulowania<\/a><\/li><\/ul><\/li><li class='ez-toc-page-1 ez-toc-heading-level-2'><a class=\"ez-toc-link ez-toc-heading-36\" href=\"https:\/\/comparemyjet.com\/pl\/prywatne-wycieczki\/palma-de-mallorca-private-tours\/#6_Private_Half_Day_Sailing_Tour_in_Cala_Tuent_and_Sa_Calobra\" >6. Prywatna p\u00f3\u0142dniowa wycieczka pod \u017caglami w Cala Tuent i Sa Calobra<\/a><ul class='ez-toc-list-level-3' ><li class='ez-toc-heading-level-3'><a class=\"ez-toc-link ez-toc-heading-37\" href=\"https:\/\/comparemyjet.com\/pl\/prywatne-wycieczki\/palma-de-mallorca-private-tours\/#Key_Details-6\" >Kluczowe szczeg\u00f3\u0142y<\/a><\/li><li class='ez-toc-page-1 ez-toc-heading-level-3'><a class=\"ez-toc-link ez-toc-heading-38\" href=\"https:\/\/comparemyjet.com\/pl\/prywatne-wycieczki\/palma-de-mallorca-private-tours\/#Languages-6\" >J\u0119zyki<\/a><\/li><li class='ez-toc-page-1 ez-toc-heading-level-3'><a class=\"ez-toc-link ez-toc-heading-39\" href=\"https:\/\/comparemyjet.com\/pl\/prywatne-wycieczki\/palma-de-mallorca-private-tours\/#Tour_Description-6\" >Opis wycieczki<\/a><\/li><li class='ez-toc-page-1 ez-toc-heading-level-3'><a class=\"ez-toc-link ez-toc-heading-40\" href=\"https:\/\/comparemyjet.com\/pl\/prywatne-wycieczki\/palma-de-mallorca-private-tours\/#Whats_Included-6\" >Co zawiera<\/a><\/li><li class='ez-toc-page-1 ez-toc-heading-level-3'><a class=\"ez-toc-link ez-toc-heading-41\" href=\"https:\/\/comparemyjet.com\/pl\/prywatne-wycieczki\/palma-de-mallorca-private-tours\/#Whats_Not_Included-6\" >Co nie jest wliczone w cen\u0119<\/a><\/li><li class='ez-toc-page-1 ez-toc-heading-level-3'><a class=\"ez-toc-link ez-toc-heading-42\" href=\"https:\/\/comparemyjet.com\/pl\/prywatne-wycieczki\/palma-de-mallorca-private-tours\/#Cancellation_Policy-6\" >Polityka anulowania<\/a><\/li><\/ul><\/li><li class='ez-toc-page-1 ez-toc-heading-level-2'><a class=\"ez-toc-link ez-toc-heading-43\" href=\"https:\/\/comparemyjet.com\/pl\/prywatne-wycieczki\/palma-de-mallorca-private-tours\/#7_Mallorca_Scenic_Helicopter_Tour_Experience\" >7. Majorka: widokowa wycieczka helikopterem<\/a><ul class='ez-toc-list-level-3' ><li class='ez-toc-heading-level-3'><a class=\"ez-toc-link ez-toc-heading-44\" href=\"https:\/\/comparemyjet.com\/pl\/prywatne-wycieczki\/palma-de-mallorca-private-tours\/#Key_Details-7\" >Kluczowe szczeg\u00f3\u0142y<\/a><\/li><li class='ez-toc-page-1 ez-toc-heading-level-3'><a class=\"ez-toc-link ez-toc-heading-45\" href=\"https:\/\/comparemyjet.com\/pl\/prywatne-wycieczki\/palma-de-mallorca-private-tours\/#Languages-7\" >J\u0119zyki<\/a><\/li><li class='ez-toc-page-1 ez-toc-heading-level-3'><a class=\"ez-toc-link ez-toc-heading-46\" href=\"https:\/\/comparemyjet.com\/pl\/prywatne-wycieczki\/palma-de-mallorca-private-tours\/#Tour_Description-7\" >Opis wycieczki<\/a><\/li><li class='ez-toc-page-1 ez-toc-heading-level-3'><a class=\"ez-toc-link ez-toc-heading-47\" href=\"https:\/\/comparemyjet.com\/pl\/prywatne-wycieczki\/palma-de-mallorca-private-tours\/#Whats_Included-7\" >Co zawiera<\/a><\/li><li class='ez-toc-page-1 ez-toc-heading-level-3'><a class=\"ez-toc-link ez-toc-heading-48\" href=\"https:\/\/comparemyjet.com\/pl\/prywatne-wycieczki\/palma-de-mallorca-private-tours\/#Whats_Not_Included-7\" >Co nie jest wliczone w cen\u0119<\/a><\/li><li class='ez-toc-page-1 ez-toc-heading-level-3'><a class=\"ez-toc-link ez-toc-heading-49\" href=\"https:\/\/comparemyjet.com\/pl\/prywatne-wycieczki\/palma-de-mallorca-private-tours\/#Cancellation_Policy-7\" >Polityka anulowania<\/a><\/li><\/ul><\/li><li class='ez-toc-page-1 ez-toc-heading-level-2'><a class=\"ez-toc-link ez-toc-heading-50\" href=\"https:\/\/comparemyjet.com\/pl\/prywatne-wycieczki\/palma-de-mallorca-private-tours\/#8_Palma_Private_Guided_Walking_Tour\" >8. Palma - prywatna piesza wycieczka z przewodnikiem<\/a><ul class='ez-toc-list-level-3' ><li class='ez-toc-heading-level-3'><a class=\"ez-toc-link ez-toc-heading-51\" href=\"https:\/\/comparemyjet.com\/pl\/prywatne-wycieczki\/palma-de-mallorca-private-tours\/#Key_Details-8\" >Kluczowe szczeg\u00f3\u0142y<\/a><\/li><li class='ez-toc-page-1 ez-toc-heading-level-3'><a class=\"ez-toc-link ez-toc-heading-52\" href=\"https:\/\/comparemyjet.com\/pl\/prywatne-wycieczki\/palma-de-mallorca-private-tours\/#Languages-8\" >J\u0119zyki<\/a><\/li><li class='ez-toc-page-1 ez-toc-heading-level-3'><a class=\"ez-toc-link ez-toc-heading-53\" href=\"https:\/\/comparemyjet.com\/pl\/prywatne-wycieczki\/palma-de-mallorca-private-tours\/#Tour_Description-8\" >Opis wycieczki<\/a><\/li><li class='ez-toc-page-1 ez-toc-heading-level-3'><a class=\"ez-toc-link ez-toc-heading-54\" href=\"https:\/\/comparemyjet.com\/pl\/prywatne-wycieczki\/palma-de-mallorca-private-tours\/#Whats_Included-8\" >Co zawiera<\/a><\/li><li class='ez-toc-page-1 ez-toc-heading-level-3'><a class=\"ez-toc-link ez-toc-heading-55\" href=\"https:\/\/comparemyjet.com\/pl\/prywatne-wycieczki\/palma-de-mallorca-private-tours\/#Whats_Not_Included-8\" >Co nie jest wliczone w cen\u0119<\/a><\/li><li class='ez-toc-page-1 ez-toc-heading-level-3'><a class=\"ez-toc-link ez-toc-heading-56\" href=\"https:\/\/comparemyjet.com\/pl\/prywatne-wycieczki\/palma-de-mallorca-private-tours\/#Cancellation_Policy-8\" >Polityka anulowania<\/a><\/li><\/ul><\/li><li class='ez-toc-page-1 ez-toc-heading-level-2'><a class=\"ez-toc-link ez-toc-heading-57\" href=\"https:\/\/comparemyjet.com\/pl\/prywatne-wycieczki\/palma-de-mallorca-private-tours\/#9_Palma_Private_Seaside_Landscape_Photo_Session_with_Editing\" >9. Palma: Prywatna nadmorska sesja zdj\u0119ciowa z monta\u017cem<\/a><ul class='ez-toc-list-level-3' ><li class='ez-toc-heading-level-3'><a class=\"ez-toc-link ez-toc-heading-58\" href=\"https:\/\/comparemyjet.com\/pl\/prywatne-wycieczki\/palma-de-mallorca-private-tours\/#Key_Details-9\" >Kluczowe szczeg\u00f3\u0142y<\/a><\/li><li class='ez-toc-page-1 ez-toc-heading-level-3'><a class=\"ez-toc-link ez-toc-heading-59\" href=\"https:\/\/comparemyjet.com\/pl\/prywatne-wycieczki\/palma-de-mallorca-private-tours\/#Languages-9\" >J\u0119zyki<\/a><\/li><li class='ez-toc-page-1 ez-toc-heading-level-3'><a class=\"ez-toc-link ez-toc-heading-60\" href=\"https:\/\/comparemyjet.com\/pl\/prywatne-wycieczki\/palma-de-mallorca-private-tours\/#Tour_Description-9\" >Opis wycieczki<\/a><\/li><li class='ez-toc-page-1 ez-toc-heading-level-3'><a class=\"ez-toc-link ez-toc-heading-61\" href=\"https:\/\/comparemyjet.com\/pl\/prywatne-wycieczki\/palma-de-mallorca-private-tours\/#Whats_Included-9\" >Co zawiera<\/a><\/li><li class='ez-toc-page-1 ez-toc-heading-level-3'><a class=\"ez-toc-link ez-toc-heading-62\" href=\"https:\/\/comparemyjet.com\/pl\/prywatne-wycieczki\/palma-de-mallorca-private-tours\/#Whats_Not_Included-9\" >Co nie jest wliczone w cen\u0119<\/a><\/li><li class='ez-toc-page-1 ez-toc-heading-level-3'><a class=\"ez-toc-link ez-toc-heading-63\" href=\"https:\/\/comparemyjet.com\/pl\/prywatne-wycieczki\/palma-de-mallorca-private-tours\/#Cancellation_Policy-9\" >Polityka anulowania<\/a><\/li><\/ul><\/li><li class='ez-toc-page-1 ez-toc-heading-level-2'><a class=\"ez-toc-link ez-toc-heading-64\" href=\"https:\/\/comparemyjet.com\/pl\/prywatne-wycieczki\/palma-de-mallorca-private-tours\/#10_Palma_Secrets_Mysteries_and_Legends_Walking_Tour\" >10. Palma: sekrety, tajemnice i legendy - piesza wycieczka<\/a><ul class='ez-toc-list-level-3' ><li class='ez-toc-heading-level-3'><a class=\"ez-toc-link ez-toc-heading-65\" href=\"https:\/\/comparemyjet.com\/pl\/prywatne-wycieczki\/palma-de-mallorca-private-tours\/#Key_Details-10\" >Kluczowe szczeg\u00f3\u0142y<\/a><\/li><li class='ez-toc-page-1 ez-toc-heading-level-3'><a class=\"ez-toc-link ez-toc-heading-66\" href=\"https:\/\/comparemyjet.com\/pl\/prywatne-wycieczki\/palma-de-mallorca-private-tours\/#Languages-10\" >J\u0119zyki<\/a><\/li><li class='ez-toc-page-1 ez-toc-heading-level-3'><a class=\"ez-toc-link ez-toc-heading-67\" href=\"https:\/\/comparemyjet.com\/pl\/prywatne-wycieczki\/palma-de-mallorca-private-tours\/#Tour_Description-10\" >Opis wycieczki<\/a><\/li><li class='ez-toc-page-1 ez-toc-heading-level-3'><a class=\"ez-toc-link ez-toc-heading-68\" href=\"https:\/\/comparemyjet.com\/pl\/prywatne-wycieczki\/palma-de-mallorca-private-tours\/#Whats_Included-10\" >Co zawiera<\/a><\/li><li class='ez-toc-page-1 ez-toc-heading-level-3'><a class=\"ez-toc-link ez-toc-heading-69\" href=\"https:\/\/comparemyjet.com\/pl\/prywatne-wycieczki\/palma-de-mallorca-private-tours\/#Whats_Not_Included-10\" >Co nie jest wliczone w cen\u0119<\/a><\/li><li class='ez-toc-page-1 ez-toc-heading-level-3'><a class=\"ez-toc-link ez-toc-heading-70\" href=\"https:\/\/comparemyjet.com\/pl\/prywatne-wycieczki\/palma-de-mallorca-private-tours\/#Cancellation_Policy-10\" >Polityka anulowania<\/a><\/li><\/ul><\/li><li class='ez-toc-page-1 ez-toc-heading-level-2'><a class=\"ez-toc-link ez-toc-heading-71\" href=\"https:\/\/comparemyjet.com\/pl\/prywatne-wycieczki\/palma-de-mallorca-private-tours\/#11_Serra_de_Tramuntana_Half-Day_Tour_Soller_and_Valldemosa\" >11. P\u00f3\u0142dniowa wycieczka do Serra de Tramuntana: Soller i Valldemosa<\/a><ul class='ez-toc-list-level-3' ><li class='ez-toc-heading-level-3'><a class=\"ez-toc-link ez-toc-heading-72\" href=\"https:\/\/comparemyjet.com\/pl\/prywatne-wycieczki\/palma-de-mallorca-private-tours\/#Key_Details-11\" >Kluczowe szczeg\u00f3\u0142y<\/a><\/li><li class='ez-toc-page-1 ez-toc-heading-level-3'><a class=\"ez-toc-link ez-toc-heading-73\" href=\"https:\/\/comparemyjet.com\/pl\/prywatne-wycieczki\/palma-de-mallorca-private-tours\/#Languages-11\" >J\u0119zyki<\/a><\/li><li class='ez-toc-page-1 ez-toc-heading-level-3'><a class=\"ez-toc-link ez-toc-heading-74\" href=\"https:\/\/comparemyjet.com\/pl\/prywatne-wycieczki\/palma-de-mallorca-private-tours\/#Tour_Description-11\" >Opis wycieczki<\/a><\/li><li class='ez-toc-page-1 ez-toc-heading-level-3'><a class=\"ez-toc-link ez-toc-heading-75\" href=\"https:\/\/comparemyjet.com\/pl\/prywatne-wycieczki\/palma-de-mallorca-private-tours\/#Whats_Included-11\" >Co zawiera<\/a><\/li><li class='ez-toc-page-1 ez-toc-heading-level-3'><a class=\"ez-toc-link ez-toc-heading-76\" href=\"https:\/\/comparemyjet.com\/pl\/prywatne-wycieczki\/palma-de-mallorca-private-tours\/#Whats_Not_Included-11\" >Co nie jest wliczone w cen\u0119<\/a><\/li><li class='ez-toc-page-1 ez-toc-heading-level-3'><a class=\"ez-toc-link ez-toc-heading-77\" href=\"https:\/\/comparemyjet.com\/pl\/prywatne-wycieczki\/palma-de-mallorca-private-tours\/#Cancellation_Policy-11\" >Polityka anulowania<\/a><\/li><\/ul><\/li><li class='ez-toc-page-1 ez-toc-heading-level-2'><a class=\"ez-toc-link ez-toc-heading-78\" href=\"https:\/\/comparemyjet.com\/pl\/prywatne-wycieczki\/palma-de-mallorca-private-tours\/#How_Much_Do_Private_Tours_Cost_In_Palma_de_Mallorca\" >Ile kosztuj\u0105 prywatne wycieczki w Palma de Mallorca?<\/a><\/li><li class='ez-toc-page-1 ez-toc-heading-level-2'><a class=\"ez-toc-link ez-toc-heading-79\" href=\"https:\/\/comparemyjet.com\/pl\/prywatne-wycieczki\/palma-de-mallorca-private-tours\/#Other_Popular_Private_City_Tours\" >Inne popularne prywatne wycieczki po mie\u015bcie<\/a><\/li><\/ul><\/nav><\/div>\n<h2><span class=\"ez-toc-section\" id=\"1_Palma_Cathedral_Surroundings_Private_Tour_With_Locals\"><\/span>1. Katedra w Palmie i okolice - prywatna wycieczka z mieszka\u0144cami<span class=\"ez-toc-section-end\"><\/span><\/h2>\n<p><a href=\"https:\/\/www.viator.com\/tours\/Mallorca\/Best-of-Palma-de-Mallorca-and-Cathedral-Skip-the-Line-Private-Tour\/d955-24380P737?pid=P00132536&#038;mcid=42383&#038;medium=link\" target=\"_blank\" rel=\"nofollow noopener\"><img decoding=\"async\" class=\"aligncenter\" src=\"https:\/\/comparemyjet.com\/wp-content\/uploads\/5_93.jpg\" \/><\/a><\/p>\n<h3><span class=\"ez-toc-section\" id=\"Key_Details\"><\/span>Kluczowe szczeg\u00f3\u0142y<span class=\"ez-toc-section-end\"><\/span><\/h3>\n<p><strong>Koszt:<\/strong> Od $96.71<br \/>\n<strong>Wynik recenzji:<\/strong> 5.0<br \/>\n<strong>Liczba recenzji:<\/strong> 14<br \/>\n<strong>D\u0142ugo\u015b\u0107 trasy:<\/strong> 3 godziny<\/p>\n<h3><span class=\"ez-toc-section\" id=\"Languages\"><\/span>J\u0119zyki<span class=\"ez-toc-section-end\"><\/span><\/h3>\n<ul>\n<li>Angielski<\/li>\n<li> Hiszpa\u0144ski<\/li>\n<\/ul>\n<h3><span class=\"ez-toc-section\" id=\"Tour_Description\"><\/span>Opis wycieczki<span class=\"ez-toc-section-end\"><\/span><\/h3>\n<p>Odkryj najwa\u017cniejsze atrakcje kurortu Palma na Majorce. Z lokalnym przewodnikiem dowiesz si\u0119 o bogatej historii miasta i odwiedzisz miejsca i zabytki, takie jak Stare Miasto, Placa de Cort, klasztor Santa Clara i wiele innych. Wycieczka ko\u0144czy si\u0119 na Placa De La Seu z biletem wst\u0119pu bez kolejki.<\/p>\n<ul>\n<li>Wycieczka z przewodnikiem po stolicy Majorki<\/li>\n<li>Lokalny przewodnik<\/li>\n<li>Poznaj histori\u0119 wyspy<\/li>\n<li>Wycieczka prywatna - uczestniczy tylko Twoja grupa<\/li>\n<\/ul>\n<h3><span class=\"ez-toc-section\" id=\"Whats_Included\"><\/span>Co zawiera<span class=\"ez-toc-section-end\"><\/span><\/h3>\n<ul>\n<li>Prywatny przewodnik<\/li>\n<li>Bilety wst\u0119pu do katedry w Palmie<\/li>\n<li>Ta wycieczka jest neutralna pod wzgl\u0119dem emisji dwutlenku w\u0119gla<\/li>\n<\/ul>\n<h3><span class=\"ez-toc-section\" id=\"Whats_Not_Included\"><\/span>Co nie jest wliczone w cen\u0119<span class=\"ez-toc-section-end\"><\/span><\/h3>\n<p>Wst\u0119p do atrakcji innych ni\u017c wymienione nie jest wliczony w cen\u0119<\/p>\n<h3><span class=\"ez-toc-section\" id=\"Cancellation_Policy\"><\/span>Polityka anulowania<span class=\"ez-toc-section-end\"><\/span><\/h3>\n<p>Mo\u017cesz anulowa\u0107 do 24 godzin przed rozpocz\u0119ciem do\u015bwiadczenia, aby otrzyma\u0107 pe\u0142ny zwrot pieni\u0119dzy.<\/p>\n<p><center><a href=\"https:\/\/www.viator.com\/tours\/Mallorca\/Best-of-Palma-de-Mallorca-and-Cathedral-Skip-the-Line-Private-Tour\/d955-24380P737?pid=P00132536&#038;mcid=42383&#038;medium=link\" target=\"_blank\" rel=\"nofollow noopener\"><strong>Kliknij tutaj, aby zarezerwowa\u0107 Palma Cathedral &amp; Surroundings Private Tour With Locals<\/strong><\/a><\/center><\/p>\n<h2><span class=\"ez-toc-section\" id=\"2_Full_Day_on_a_Private_Sailboat_in_Mallorca\"><\/span>2. Ca\u0142y dzie\u0144 na prywatnej \u017cagl\u00f3wce na Majorce<span class=\"ez-toc-section-end\"><\/span><\/h2>\n<p><a href=\"https:\/\/www.viator.com\/tours\/Mallorca\/Full-Day-on-a-Private-Sailboat-in-Mallorca\/d955-354833P1?pid=P00132536&#038;mcid=42383&#038;medium=link\" target=\"_blank\" rel=\"nofollow noopener\"><img decoding=\"async\" class=\"aligncenter\" src=\"https:\/\/comparemyjet.com\/wp-content\/uploads\/4_50.jpg\" \/><\/a><\/p>\n<h3><span class=\"ez-toc-section\" id=\"Key_Details-2\"><\/span>Kluczowe szczeg\u00f3\u0142y<span class=\"ez-toc-section-end\"><\/span><\/h3>\n<p><strong>Koszt:<\/strong> Od $868.25<br \/>\n<strong>Wynik recenzji:<\/strong> 5.0<br \/>\n<strong>Liczba recenzji:<\/strong> 10<br \/>\n<strong>D\u0142ugo\u015b\u0107 trasy:<\/strong> 7 godzin<\/p>\n<h3><span class=\"ez-toc-section\" id=\"Languages-2\"><\/span>J\u0119zyki<span class=\"ez-toc-section-end\"><\/span><\/h3>\n<ul>\n<li>Angielski<\/li>\n<li> Hiszpa\u0144ski<\/li>\n<\/ul>\n<h3><span class=\"ez-toc-section\" id=\"Tour_Description-2\"><\/span>Opis wycieczki<span class=\"ez-toc-section-end\"><\/span><\/h3>\n<p>Nie mo\u017cna przyjecha\u0107 na wakacje na Majork\u0119 bez odwiedzenia Tramuntany, a czy jest lepszy spos\u00f3b, aby to zrobi\u0107, ni\u017c na pok\u0142adzie \u017cagl\u00f3wki i z lokalnym kapitanem, kt\u00f3ry poka\u017ce ci ma\u0142e sekrety, kt\u00f3re kryje to wybrze\u017ce.<\/p>\n<h3><span class=\"ez-toc-section\" id=\"Whats_Included-2\"><\/span>Co zawiera<span class=\"ez-toc-section-end\"><\/span><\/h3>\n<ul>\n<li>Korzystanie ze sprz\u0119tu do snorkelingu<\/li>\n<li>Deska SUP<\/li>\n<li>Soda\/Pop<\/li>\n<li>Wszystkie op\u0142aty i podatki<\/li>\n<\/ul>\n<h3><span class=\"ez-toc-section\" id=\"Whats_Not_Included-2\"><\/span>Co nie jest wliczone w cen\u0119<span class=\"ez-toc-section-end\"><\/span><\/h3>\n<p>NIE DOTYCZY<\/p>\n<h3><span class=\"ez-toc-section\" id=\"Cancellation_Policy-2\"><\/span>Polityka anulowania<span class=\"ez-toc-section-end\"><\/span><\/h3>\n<p>To do\u015bwiadczenie nie podlega zwrotowi ani zmianie z jakiegokolwiek powodu. Je\u015bli anulujesz lub poprosisz o zmian\u0119, zap\u0142acona kwota nie zostanie zwr\u00f3cona.<\/p>\n<p><center><a href=\"https:\/\/www.viator.com\/tours\/Mallorca\/Full-Day-on-a-Private-Sailboat-in-Mallorca\/d955-354833P1?pid=P00132536&#038;mcid=42383&#038;medium=link\" target=\"_blank\" rel=\"nofollow noopener\"><strong>Kliknij tutaj, aby zarezerwowa\u0107 ca\u0142y dzie\u0144 na prywatnej \u017cagl\u00f3wce na Majorce<\/strong><\/a><\/center><\/p>\n<h2><span class=\"ez-toc-section\" id=\"3_Mallorca_Private_Boat_Tour_and_Snorkel_in_Palma_de_Mallorca\"><\/span>3. Majorka: Prywatna wycieczka \u0142odzi\u0105 i nurkowanie w Palma de Mallorca<span class=\"ez-toc-section-end\"><\/span><\/h2>\n<p><a href=\"https:\/\/www.viator.com\/tours\/Mallorca\/Private-Boat-Tour-and-Snorkelling-in-the-Bay-of-Palma\/d955-374521P1?pid=P00132536&#038;mcid=42383&#038;medium=link\" target=\"_blank\" rel=\"nofollow noopener\"><img decoding=\"async\" class=\"aligncenter\" src=\"https:\/\/comparemyjet.com\/wp-content\/uploads\/3_40.jpg\" \/><\/a><\/p>\n<h3><span class=\"ez-toc-section\" id=\"Key_Details-3\"><\/span>Kluczowe szczeg\u00f3\u0142y<span class=\"ez-toc-section-end\"><\/span><\/h3>\n<p><strong>Koszt:<\/strong> Od $380.34<br \/>\n<strong>Wynik recenzji:<\/strong> 5.0<br \/>\n<strong>Liczba recenzji:<\/strong> 8<br \/>\n<strong>D\u0142ugo\u015b\u0107 trasy:<\/strong> 4 godziny<\/p>\n<h3><span class=\"ez-toc-section\" id=\"Languages-3\"><\/span>J\u0119zyki<span class=\"ez-toc-section-end\"><\/span><\/h3>\n<ul>\n<li>Angielski<\/li>\n<li> W\u0142oski<\/li>\n<li> Hiszpa\u0144ski<\/li>\n<\/ul>\n<h3><span class=\"ez-toc-section\" id=\"Tour_Description-3\"><\/span>Opis wycieczki<span class=\"ez-toc-section-end\"><\/span><\/h3>\n<p>Poznaj morski \u015bwiat turkusowych zatoczek w Zatoce Palma podczas wycieczki z rurk\u0105. Podczas tej prywatnej wycieczki b\u0119dziemy \u017ceglowa\u0107, opala\u0107 si\u0119 i p\u0142ywa\u0107.<\/p>\n<h3><span class=\"ez-toc-section\" id=\"Whats_Included-3\"><\/span>Co zawiera<span class=\"ez-toc-section-end\"><\/span><\/h3>\n<ul>\n<li>Korzystanie ze sprz\u0119tu do snorkelingu<\/li>\n<li>Wios\u0142o stoj\u0105ce<\/li>\n<li>Woda butelkowana<\/li>\n<li>odtwarzacz bluetooth<\/li>\n<li>GoPro<\/li>\n<\/ul>\n<h3><span class=\"ez-toc-section\" id=\"Whats_Not_Included-3\"><\/span>Co nie jest wliczone w cen\u0119<span class=\"ez-toc-section-end\"><\/span><\/h3>\n<p>Przek\u0105ski<\/p>\n<h3><span class=\"ez-toc-section\" id=\"Cancellation_Policy-3\"><\/span>Polityka anulowania<span class=\"ez-toc-section-end\"><\/span><\/h3>\n<p>Mo\u017cesz anulowa\u0107 do 24 godzin przed rozpocz\u0119ciem do\u015bwiadczenia, aby otrzyma\u0107 pe\u0142ny zwrot pieni\u0119dzy.<\/p>\n<p><center><a href=\"https:\/\/www.viator.com\/tours\/Mallorca\/Private-Boat-Tour-and-Snorkelling-in-the-Bay-of-Palma\/d955-374521P1?pid=P00132536&#038;mcid=42383&#038;medium=link\" target=\"_blank\" rel=\"nofollow noopener\"><strong>Kliknij tutaj, aby zarezerwowa\u0107 Majorka: Prywatna wycieczka \u0142odzi\u0105 i nurkowanie w Palma de Mallorca<\/strong><\/a><\/center><\/p>\n<h2><span class=\"ez-toc-section\" id=\"4_Best_Friends_Ritual_mini_facial_aromatherapy_massage_day_SPA_glass_cava\"><\/span>4. Rytua\u0142 Najlepszych Przyjaci\u00f3\u0142: mini maseczka + masa\u017c aromaterapeutyczny + dzienne SPA + kieliszek wina musuj\u0105cego<span class=\"ez-toc-section-end\"><\/span><\/h2>\n<p><a href=\"https:\/\/www.viator.com\/tours\/Mallorca\/Masaje-aromaterapia-15min-y-entrada-SPA\/d955-125709P3?pid=P00132536&#038;mcid=42383&#038;medium=link\" target=\"_blank\" rel=\"nofollow noopener\"><img decoding=\"async\" class=\"aligncenter\" src=\"https:\/\/comparemyjet.com\/wp-content\/uploads\/6_8e.jpg\" \/><\/a><\/p>\n<h3><span class=\"ez-toc-section\" id=\"Key_Details-4\"><\/span>Kluczowe szczeg\u00f3\u0142y<span class=\"ez-toc-section-end\"><\/span><\/h3>\n<p><strong>Koszt:<\/strong> Od $96.71<br \/>\n<strong>Wynik recenzji:<\/strong> 5.0<br \/>\n<strong>Liczba recenzji:<\/strong> 6<br \/>\n<strong>D\u0142ugo\u015b\u0107 trasy:<\/strong> 3 godziny<\/p>\n<h3><span class=\"ez-toc-section\" id=\"Languages-4\"><\/span>J\u0119zyki<span class=\"ez-toc-section-end\"><\/span><\/h3>\n<ul>\n<li>Niemiecki<\/li>\n<li> Angielski<\/li>\n<li> Hiszpa\u0144ski<\/li>\n<\/ul>\n<h3><span class=\"ez-toc-section\" id=\"Tour_Description-4\"><\/span>Opis wycieczki<span class=\"ez-toc-section-end\"><\/span><\/h3>\n<p>Podaruj swojemu najlepszemu przyjacielowi troch\u0119 czasu w spa dzi\u0119ki temu pakietowi \u0142\u0105czonemu oferowanemu przez Hipotel Gran Playa de Palma Spa. Pakiet obejmuje mini masa\u017c twarzy i masa\u017c aromaterapeutyczny, a tak\u017ce 90-minutow\u0105 sesj\u0119 w spa z podgrzewanym basenem, saun\u0105, \u0142a\u017ani\u0105 parow\u0105, basenami z hydromasa\u017cem, a nawet si\u0142owni\u0105. Wystarczy dokona\u0107 rezerwacji online i z \u0142atwo\u015bci\u0105 wykorzysta\u0107 voucher.<\/p>\n<ul>\n<li>Spakuj si\u0119 lekko i u\u017cyj dostarczonego r\u0119cznika. <\/li>\n<li>Wypij bezp\u0142atn\u0105 cav\u0119 i dodaj odrobin\u0119 orze\u017awienia do swojego czasu relaksu. <\/li>\n<li>Zabiegi spa z przyjaci\u00f3\u0142k\u0105 w prywatnym pokoju <\/li>\n<li>Relaks dzi\u0119ki zabiegom wykonywanym przez profesjonalnych terapeut\u00f3w<\/li>\n<\/ul>\n<h3><span class=\"ez-toc-section\" id=\"Whats_Included-4\"><\/span>Co zawiera<span class=\"ez-toc-section-end\"><\/span><\/h3>\n<p>1 r\u0119cznik na osob\u0119<\/p>\n<h3><span class=\"ez-toc-section\" id=\"Whats_Not_Included-4\"><\/span>Co nie jest wliczone w cen\u0119<span class=\"ez-toc-section-end\"><\/span><\/h3>\n<ul>\n<li>Woda butelkowana<\/li>\n<li>Kapcie<\/li>\n<li>Str\u00f3j k\u0105pielowy<\/li>\n<\/ul>\n<h3><span class=\"ez-toc-section\" id=\"Cancellation_Policy-4\"><\/span>Polityka anulowania<span class=\"ez-toc-section-end\"><\/span><\/h3>\n<p>Mo\u017cesz anulowa\u0107 do 24 godzin przed rozpocz\u0119ciem do\u015bwiadczenia, aby otrzyma\u0107 pe\u0142ny zwrot pieni\u0119dzy.<\/p>\n<p><center><a href=\"https:\/\/www.viator.com\/tours\/Mallorca\/Masaje-aromaterapia-15min-y-entrada-SPA\/d955-125709P3?pid=P00132536&#038;mcid=42383&#038;medium=link\" target=\"_blank\" rel=\"nofollow noopener\"><strong>Kliknij tutaj, aby zarezerwowa\u0107 Best Friends Ritual: mini masa\u017c twarzy + masa\u017c aromaterapeutyczny + dzienne SPA + kieliszek wina musuj\u0105cego<\/strong><\/a><\/center><\/p>\n<h2><span class=\"ez-toc-section\" id=\"5_Private_Sandal_Making_in_Palma_de_Mallorca\"><\/span>5. Prywatne tworzenie sanda\u0142\u00f3w w Palma de Mallorca<span class=\"ez-toc-section-end\"><\/span><\/h2>\n<p><a href=\"https:\/\/www.viator.com\/tours\/Mallorca\/Make-Your-Own-Sandal\/d955-360495P1?pid=P00132536&#038;mcid=42383&#038;medium=link\" target=\"_blank\" rel=\"nofollow noopener\"><img decoding=\"async\" class=\"aligncenter\" src=\"https:\/\/comparemyjet.com\/wp-content\/uploads\/6_dc.jpg\" \/><\/a><\/p>\n<h3><span class=\"ez-toc-section\" id=\"Key_Details-5\"><\/span>Kluczowe szczeg\u00f3\u0142y<span class=\"ez-toc-section-end\"><\/span><\/h3>\n<p><strong>Koszt:<\/strong> Od $143.44<br \/>\n<strong>Wynik recenzji:<\/strong> 5.0<br \/>\n<strong>Liczba recenzji:<\/strong> 5<br \/>\n<strong>D\u0142ugo\u015b\u0107 trasy:<\/strong> 5 godzin<\/p>\n<h3><span class=\"ez-toc-section\" id=\"Languages-5\"><\/span>J\u0119zyki<span class=\"ez-toc-section-end\"><\/span><\/h3>\n<ul>\n<li>Angielski<\/li>\n<li> W\u0142oski<\/li>\n<li> Hiszpa\u0144ski<\/li>\n<\/ul>\n<h3><span class=\"ez-toc-section\" id=\"Tour_Description-5\"><\/span>Opis wycieczki<span class=\"ez-toc-section-end\"><\/span><\/h3>\n<p>W naturalnym miejscu mo\u017cesz nauczy\u0107 si\u0119, jak zrobi\u0107 sw\u00f3j wyj\u0105tkowy sanda\u0142 od zera! Jest to do\u015bwiadczenie, kt\u00f3re mo\u017cesz dzieli\u0107 z rodzin\u0105 i przyjaci\u00f3\u0142mi: nie potrzebujesz wcze\u015bniejszych umiej\u0119tno\u015bci i jest to r\u00f3wnie\u017c odpowiednie dla dzieci.<\/p>\n<p>Pod koniec warsztat\u00f3w opu\u015bcisz moje studio na \u015bwie\u017cym powietrzu z w\u0142asn\u0105 par\u0105 sanda\u0142\u00f3w, wykonan\u0105 przez Ciebie!<\/p>\n<h3><span class=\"ez-toc-section\" id=\"Whats_Included-5\"><\/span>Co zawiera<span class=\"ez-toc-section-end\"><\/span><\/h3>\n<ul>\n<li>Brunch<\/li>\n<li>Woda butelkowana<\/li>\n<\/ul>\n<h3><span class=\"ez-toc-section\" id=\"Whats_Not_Included-5\"><\/span>Co nie jest wliczone w cen\u0119<span class=\"ez-toc-section-end\"><\/span><\/h3>\n<p>NIE DOTYCZY<\/p>\n<h3><span class=\"ez-toc-section\" id=\"Cancellation_Policy-5\"><\/span>Polityka anulowania<span class=\"ez-toc-section-end\"><\/span><\/h3>\n<p>Mo\u017cesz anulowa\u0107 do 24 godzin przed rozpocz\u0119ciem do\u015bwiadczenia, aby otrzyma\u0107 pe\u0142ny zwrot pieni\u0119dzy.<\/p>\n<p><center><a href=\"https:\/\/www.viator.com\/tours\/Mallorca\/Make-Your-Own-Sandal\/d955-360495P1?pid=P00132536&#038;mcid=42383&#038;medium=link\" target=\"_blank\" rel=\"nofollow noopener\"><strong>Kliknij tutaj, aby zarezerwowa\u0107 Private Sandal Making w Palma de Mallorca<\/strong><\/a><\/center><\/p>\n<h2><span class=\"ez-toc-section\" id=\"6_Private_Half_Day_Sailing_Tour_in_Cala_Tuent_and_Sa_Calobra\"><\/span>6. Prywatna p\u00f3\u0142dniowa wycieczka pod \u017caglami w Cala Tuent i Sa Calobra<span class=\"ez-toc-section-end\"><\/span><\/h2>\n<p><a href=\"https:\/\/www.viator.com\/tours\/Mallorca\/Private-Half-Day-Sailing-Tour-in-Cala-Tuent-and-Sa-Calobra\/d955-154131P5?pid=P00132536&#038;mcid=42383&#038;medium=link\" target=\"_blank\" rel=\"nofollow noopener\"><img decoding=\"async\" class=\"aligncenter\" src=\"https:\/\/comparemyjet.com\/wp-content\/uploads\/7_34.jpg\" \/><\/a><\/p>\n<h3><span class=\"ez-toc-section\" id=\"Key_Details-6\"><\/span>Kluczowe szczeg\u00f3\u0142y<span class=\"ez-toc-section-end\"><\/span><\/h3>\n<p><strong>Koszt:<\/strong> Od $880.21<br \/>\n<strong>Wynik recenzji:<\/strong> 5.0<br \/>\n<strong>Liczba recenzji:<\/strong> 4<br \/>\n<strong>D\u0142ugo\u015b\u0107 trasy:<\/strong> 5,5 godziny<\/p>\n<h3><span class=\"ez-toc-section\" id=\"Languages-6\"><\/span>J\u0119zyki<span class=\"ez-toc-section-end\"><\/span><\/h3>\n<ul>\n<li>Angielski<\/li>\n<li> Hiszpa\u0144ski<\/li>\n<\/ul>\n<h3><span class=\"ez-toc-section\" id=\"Tour_Description-6\"><\/span>Opis wycieczki<span class=\"ez-toc-section-end\"><\/span><\/h3>\n<p>Zwiedzanie dziewiczych zatoczek na p\u00f3\u0142nocy wyspy \u017cagl\u00f3wk\u0105 czyni j\u0105 wyj\u0105tkow\u0105. Wszystko to na tle dziewiczego i surowego wybrze\u017ca p\u00f3\u0142nocnej cz\u0119\u015bci Majorki. P\u0142ywanie w krystalicznie czystych wodach, snorkeling w\u015br\u00f3d ryb, paddle surfing w sennych miejscach to kr\u00f3tkie podsumowanie tego, jak b\u0119dzie wygl\u0105da\u0142 ten dzie\u0144.<\/p>\n<p>Podczas nawigacji mi\u0119dzy portami mo\u017cna p\u0142ywa\u0107 silnikiem lub, je\u015bli pozwalaj\u0105 na to warunki pogodowe, \u017cagl\u00f3wk\u0105, je\u015bli klienci wol\u0105. \u017beglowanie bez d\u017awi\u0119ku silnika jest jednym z do\u015bwiadcze\u0144, kt\u00f3re podr\u00f3\u017cnik b\u0119dzie m\u00f3g\u0142 prze\u017cy\u0107.\n <\/p>\n<h3><span class=\"ez-toc-section\" id=\"Whats_Included-6\"><\/span>Co zawiera<span class=\"ez-toc-section-end\"><\/span><\/h3>\n<ul>\n<li>Toaleta na pok\u0142adzie<\/li>\n<li>Korzystanie ze sprz\u0119tu do snorkelingu<\/li>\n<li>Woda butelkowana<\/li>\n<li>Soda\/Pop<\/li>\n<\/ul>\n<h3><span class=\"ez-toc-section\" id=\"Whats_Not_Included-6\"><\/span>Co nie jest wliczone w cen\u0119<span class=\"ez-toc-section-end\"><\/span><\/h3>\n<ul>\n<li>Brunch<\/li>\n<li>Przek\u0105ski<\/li>\n<\/ul>\n<h3><span class=\"ez-toc-section\" id=\"Cancellation_Policy-6\"><\/span>Polityka anulowania<span class=\"ez-toc-section-end\"><\/span><\/h3>\n<p>To do\u015bwiadczenie nie podlega zwrotowi ani zmianie z jakiegokolwiek powodu. Je\u015bli anulujesz lub poprosisz o zmian\u0119, zap\u0142acona kwota nie zostanie zwr\u00f3cona.<\/p>\n<p><center><a href=\"https:\/\/www.viator.com\/tours\/Mallorca\/Private-Half-Day-Sailing-Tour-in-Cala-Tuent-and-Sa-Calobra\/d955-154131P5?pid=P00132536&#038;mcid=42383&#038;medium=link\" target=\"_blank\" rel=\"nofollow noopener\"><strong>Kliknij tutaj, aby zarezerwowa\u0107 prywatn\u0105 p\u00f3\u0142dniow\u0105 wycieczk\u0119 \u017ceglarsk\u0105 w Cala Tuent i Sa Calobra<\/strong><\/a><\/center><\/p>\n<h2><span class=\"ez-toc-section\" id=\"7_Mallorca_Scenic_Helicopter_Tour_Experience\"><\/span>7. Majorka: widokowa wycieczka helikopterem<span class=\"ez-toc-section-end\"><\/span><\/h2>\n<p><a href=\"https:\/\/www.getyourguide.com\/mallorca-l47\/helicopter-tour-over-valldamossa-soller-the-traumantana-t458373\/?partner_id=17OK18H&#038;utm_medium=online_publisher\" target=\"_blank\" rel=\"nofollow noopener\"><img decoding=\"async\" class=\"aligncenter\" src=\"https:\/\/comparemyjet.com\/wp-content\/uploads\/139_145.jpg\" \/><\/a><\/p>\n<h3><span class=\"ez-toc-section\" id=\"Key_Details-7\"><\/span>Kluczowe szczeg\u00f3\u0142y<span class=\"ez-toc-section-end\"><\/span><\/h3>\n<p><strong>Koszt:<\/strong> Od $455.16<br \/>\n<strong>Wynik recenzji:<\/strong> 4.9<br \/>\n<strong>Liczba recenzji:<\/strong> 75<br \/>\n<strong>D\u0142ugo\u015b\u0107 trasy:<\/strong> 30 minut<\/p>\n<h3><span class=\"ez-toc-section\" id=\"Languages-7\"><\/span>J\u0119zyki<span class=\"ez-toc-section-end\"><\/span><\/h3>\n<ul>\n<li>Angielski<\/li>\n<li> Niemiecki<\/li>\n<li> Hiszpa\u0144ski<\/li>\n<\/ul>\n<h3><span class=\"ez-toc-section\" id=\"Tour_Description-7\"><\/span>Opis wycieczki<span class=\"ez-toc-section-end\"><\/span><\/h3>\n<p>Wzbij si\u0119 w przestworza i zobacz, co Majorka ma do zaoferowania podczas tej wycieczki helikopterem. Wybierz jeden z 3 r\u00f3\u017cnych czas\u00f3w lotu i wznie\u015b si\u0119 ponad osza\u0142amiaj\u0105ce g\u00f3ry lub zapieraj\u0105ce dech w piersiach b\u0142\u0119kitne wody podczas naprawd\u0119 niezapomnianej przeja\u017cd\u017cki.<\/p>\n<ul>\n<li>Ciesz si\u0119 przyp\u0142ywem adrenaliny, szybuj\u0105c wysoko ponad krajobrazem<\/li>\n<li>Wybierz spo\u015br\u00f3d wielu r\u00f3\u017cnych czas\u00f3w trwania lotu<\/li>\n<li>Przechwytywanie naprawd\u0119 unikalnych tre\u015bci na Instagram<\/li>\n<li>Podziwiaj osza\u0142amiaj\u0105ce widoki z nieba<\/li>\n<li>Zobacz Majork\u0119 z innej perspektywy<\/li>\n<\/ul>\n<h3><span class=\"ez-toc-section\" id=\"Whats_Included-7\"><\/span>Co zawiera<span class=\"ez-toc-section-end\"><\/span><\/h3>\n<p>Wycieczka helikopterem dla maksymalnie 3 os\u00f3b<\/p>\n<h3><span class=\"ez-toc-section\" id=\"Whats_Not_Included-7\"><\/span>Co nie jest wliczone w cen\u0119<span class=\"ez-toc-section-end\"><\/span><\/h3>\n<p>Wyd\u0142u\u017cenie czasu lotu<\/p>\n<h3><span class=\"ez-toc-section\" id=\"Cancellation_Policy-7\"><\/span>Polityka anulowania<span class=\"ez-toc-section-end\"><\/span><\/h3>\n<p>Anulowanie z 24-godzinnym wyprzedzeniem i pe\u0142ny zwrot koszt\u00f3w<\/p>\n<p><center><a href=\"https:\/\/www.getyourguide.com\/mallorca-l47\/helicopter-tour-over-valldamossa-soller-the-traumantana-t458373\/?partner_id=17OK18H&#038;utm_medium=online_publisher\" target=\"_blank\" rel=\"nofollow noopener\"><strong>Kliknij tutaj, aby zarezerwowa\u0107 Majorka: widokowa wycieczka helikopterem<\/strong><\/a><\/center><\/p>\n<h2><span class=\"ez-toc-section\" id=\"8_Palma_Private_Guided_Walking_Tour\"><\/span>8. Palma - prywatna piesza wycieczka z przewodnikiem<span class=\"ez-toc-section-end\"><\/span><\/h2>\n<p><a href=\"https:\/\/www.getyourguide.com\/mallorca-l47\/palma-private-guided-walking-tour-t1221\/?partner_id=17OK18H&#038;utm_medium=online_publisher\" target=\"_blank\" rel=\"nofollow noopener\"><img decoding=\"async\" class=\"aligncenter\" src=\"https:\/\/comparemyjet.com\/wp-content\/uploads\/140_145.jpg\" \/><\/a><\/p>\n<h3><span class=\"ez-toc-section\" id=\"Key_Details-8\"><\/span>Kluczowe szczeg\u00f3\u0142y<span class=\"ez-toc-section-end\"><\/span><\/h3>\n<p><strong>Koszt:<\/strong> Od $251.68<br \/>\n<strong>Wynik recenzji:<\/strong> 4.8<br \/>\n<strong>Liczba recenzji:<\/strong> 87<br \/>\n<strong>D\u0142ugo\u015b\u0107 trasy:<\/strong> 3 godziny<\/p>\n<h3><span class=\"ez-toc-section\" id=\"Languages-8\"><\/span>J\u0119zyki<span class=\"ez-toc-section-end\"><\/span><\/h3>\n<ul>\n<li>Angielski<\/li>\n<li> W\u0142oski<\/li>\n<li> Hiszpa\u0144ski<\/li>\n<li> Niemiecki<\/li>\n<\/ul>\n<h3><span class=\"ez-toc-section\" id=\"Tour_Description-8\"><\/span>Opis wycieczki<span class=\"ez-toc-section-end\"><\/span><\/h3>\n<p>Zwiedzaj Palm\u0119 we w\u0142asnym tempie z prywatnym licencjonowanym przewodnikiem. Spersonalizuj wycieczk\u0119, aby dostosowa\u0107 j\u0105 do swojego tempa i preferencji, spaceruj\u0105c po Starym Mie\u015bcie, odkrywaj\u0105c okaza\u0142e patia, place i rezydencje.<\/p>\n<ul>\n<li>Odkryj Stare Miasto w Palmie we w\u0142asnym tempie<\/li>\n<li>Poznaj 4 zagadki \u015bredniowiecza<\/li>\n<li>Zobacz wspania\u0142\u0105 katedr\u0119 Le Seu i pa\u0142ac kr\u00f3lewski La Almudaina.<\/li>\n<li>Dostosuj wycieczk\u0119 do swoich upodoba\u0144<\/li>\n<\/ul>\n<h3><span class=\"ez-toc-section\" id=\"Whats_Included-8\"><\/span>Co zawiera<span class=\"ez-toc-section-end\"><\/span><\/h3>\n<p>Przewodnik turystyczny<\/p>\n<h3><span class=\"ez-toc-section\" id=\"Whats_Not_Included-8\"><\/span>Co nie jest wliczone w cen\u0119<span class=\"ez-toc-section-end\"><\/span><\/h3>\n<ul>\n<li>Op\u0142aty za wst\u0119p<\/li>\n<li>Transport jest dost\u0119pny na \u017cyczenie<\/li>\n<\/ul>\n<h3><span class=\"ez-toc-section\" id=\"Cancellation_Policy-8\"><\/span>Polityka anulowania<span class=\"ez-toc-section-end\"><\/span><\/h3>\n<p>Anulowanie z 24-godzinnym wyprzedzeniem i pe\u0142ny zwrot koszt\u00f3w<\/p>\n<p><center><a href=\"https:\/\/www.getyourguide.com\/mallorca-l47\/palma-private-guided-walking-tour-t1221\/?partner_id=17OK18H&#038;utm_medium=online_publisher\" target=\"_blank\" rel=\"nofollow noopener\"><strong>Kliknij tutaj, aby zarezerwowa\u0107 Palma Private Guided Walking Tour<\/strong><\/a><\/center><\/p>\n<h2><span class=\"ez-toc-section\" id=\"9_Palma_Private_Seaside_Landscape_Photo_Session_with_Editing\"><\/span>9. Palma: Prywatna nadmorska sesja zdj\u0119ciowa z monta\u017cem<span class=\"ez-toc-section-end\"><\/span><\/h2>\n<p><a href=\"https:\/\/www.getyourguide.com\/mallorca-l47\/photo-session-in-beautiful-seaside-landscape-t460476\/?partner_id=17OK18H&#038;utm_medium=online_publisher\" target=\"_blank\" rel=\"nofollow noopener\"><img decoding=\"async\" class=\"aligncenter\" src=\"https:\/\/comparemyjet.com\/wp-content\/uploads\/141_145.jpg\" \/><\/a><\/p>\n<h3><span class=\"ez-toc-section\" id=\"Key_Details-9\"><\/span>Kluczowe szczeg\u00f3\u0142y<span class=\"ez-toc-section-end\"><\/span><\/h3>\n<p><strong>Koszt:<\/strong> Od $202.41<br \/>\n<strong>Wynik recenzji:<\/strong> 4.8<br \/>\n<strong>Liczba recenzji:<\/strong> 16<br \/>\n<strong>D\u0142ugo\u015b\u0107 trasy:<\/strong> 1 godz.<\/p>\n<h3><span class=\"ez-toc-section\" id=\"Languages-9\"><\/span>J\u0119zyki<span class=\"ez-toc-section-end\"><\/span><\/h3>\n<ul>\n<li>Hiszpa\u0144ski<\/li>\n<li> Angielski<\/li>\n<li> W\u0142oski<\/li>\n<\/ul>\n<h3><span class=\"ez-toc-section\" id=\"Tour_Description-9\"><\/span>Opis wycieczki<span class=\"ez-toc-section-end\"><\/span><\/h3>\n<p>Wybierz si\u0119 na sesj\u0119 zdj\u0119ciow\u0105 w malowniczym rezerwacie przyrody Los Deltas w pobli\u017cu Palmy. Zostaniesz sfotografowany przez profesjonalnego fotografa i otrzymasz 60 zdj\u0119\u0107 w wysokiej jako\u015bci, w tym 6 profesjonalnie edytowanych.<\/p>\n<h3><span class=\"ez-toc-section\" id=\"Whats_Included-9\"><\/span>Co zawiera<span class=\"ez-toc-section-end\"><\/span><\/h3>\n<p><a href=\"https:\/\/comparemyjet.com\/pl\/hotels\/\" data-internallinksmanager029f6b8e52c=\"470\" title=\"100 najlepszych hoteli w pobli\u017cu lotnisk z ca\u0142ego \u015bwiata\">Hotel<\/a> odbi\u00f3r i dow\u00f3z<\/p>\n<h3><span class=\"ez-toc-section\" id=\"Whats_Not_Included-9\"><\/span>Co nie jest wliczone w cen\u0119<span class=\"ez-toc-section-end\"><\/span><\/h3>\n<p>Jedzenie i napoje<\/p>\n<h3><span class=\"ez-toc-section\" id=\"Cancellation_Policy-9\"><\/span>Polityka anulowania<span class=\"ez-toc-section-end\"><\/span><\/h3>\n<p>Anulowanie z 24-godzinnym wyprzedzeniem i pe\u0142ny zwrot koszt\u00f3w<\/p>\n<p><center><a href=\"https:\/\/www.getyourguide.com\/mallorca-l47\/photo-session-in-beautiful-seaside-landscape-t460476\/?partner_id=17OK18H&#038;utm_medium=online_publisher\" target=\"_blank\" rel=\"nofollow noopener\"><strong>Kliknij tutaj, aby zarezerwowa\u0107 Palma: Prywatna nadmorska sesja zdj\u0119ciowa z monta\u017cem<\/strong><\/a><\/center><\/p>\n<h2><span class=\"ez-toc-section\" id=\"10_Palma_Secrets_Mysteries_and_Legends_Walking_Tour\"><\/span>10. Palma: sekrety, tajemnice i legendy - piesza wycieczka<span class=\"ez-toc-section-end\"><\/span><\/h2>\n<p><a href=\"https:\/\/www.getyourguide.com\/mallorca-l47\/palma-secrets-mysteries-and-legends-walking-tour-t387520\/?partner_id=17OK18H&#038;utm_medium=online_publisher\" target=\"_blank\" rel=\"nofollow noopener\"><img decoding=\"async\" class=\"aligncenter\" src=\"https:\/\/comparemyjet.com\/wp-content\/uploads\/142_145.jpg\" \/><\/a><\/p>\n<h3><span class=\"ez-toc-section\" id=\"Key_Details-10\"><\/span>Kluczowe szczeg\u00f3\u0142y<span class=\"ez-toc-section-end\"><\/span><\/h3>\n<p><strong>Koszt:<\/strong> Od $198.13<br \/>\n<strong>Wynik recenzji:<\/strong> 4.9<br \/>\n<strong>Liczba recenzji:<\/strong> 9<br \/>\n<strong>D\u0142ugo\u015b\u0107 trasy:<\/strong> 2 godz.<\/p>\n<h3><span class=\"ez-toc-section\" id=\"Languages-10\"><\/span>J\u0119zyki<span class=\"ez-toc-section-end\"><\/span><\/h3>\n<ul>\n<li>Angielski<\/li>\n<li> Francuski<\/li>\n<li> Niemiecki<\/li>\n<\/ul>\n<h3><span class=\"ez-toc-section\" id=\"Tour_Description-10\"><\/span>Opis wycieczki<span class=\"ez-toc-section-end\"><\/span><\/h3>\n<p>Odkryj Palm\u0119 po raz pierwszy! Poznaj tradycje, ukryte sekrety i intryguj\u0105ce legendy Palmy podczas tej pieszej wycieczki z przewodnikiem. Wypr\u00f3buj to majorka\u0144skie do\u015bwiadczenie z lokalnym i oficjalnym przewodnikiem!<\/p>\n<ul>\n<li>Poznaj t\u0119tni\u0105ce \u017cyciem ulice Palmy z lokalnym przewodnikiem<\/li>\n<li>Podziwiaj ozdobn\u0105 architektur\u0119 katedry w Palmie<\/li>\n<li>Zobacz takie punkty orientacyjne jak Ko\u015bci\u00f3\u0142 Santa Eul\u00e0lia i Bazylika Sant Francesc<\/li>\n<li>Poznaj sekrety, tajemnice i legendy miasta<\/li>\n<li>Pos\u0142uchaj historycznych opowie\u015bci o Palmie na przestrzeni wiek\u00f3w<\/li>\n<\/ul>\n<h3><span class=\"ez-toc-section\" id=\"Whats_Included-10\"><\/span>Co zawiera<span class=\"ez-toc-section-end\"><\/span><\/h3>\n<p>Lokalny przewodnik m\u00f3wi\u0105cy po angielsku<\/p>\n<h3><span class=\"ez-toc-section\" id=\"Whats_Not_Included-10\"><\/span>Co nie jest wliczone w cen\u0119<span class=\"ez-toc-section-end\"><\/span><\/h3>\n<ul>\n<li>Jedzenie lub napoje<\/li>\n<li>Wydatki osobiste<\/li>\n<\/ul>\n<h3><span class=\"ez-toc-section\" id=\"Cancellation_Policy-10\"><\/span>Polityka anulowania<span class=\"ez-toc-section-end\"><\/span><\/h3>\n<p>Anulowanie z 24-godzinnym wyprzedzeniem i pe\u0142ny zwrot koszt\u00f3w<\/p>\n<p><center><a href=\"https:\/\/www.getyourguide.com\/mallorca-l47\/palma-secrets-mysteries-and-legends-walking-tour-t387520\/?partner_id=17OK18H&#038;utm_medium=online_publisher\" target=\"_blank\" rel=\"nofollow noopener\"><strong>Kliknij tutaj, aby zarezerwowa\u0107 Palma: Sekrety, tajemnice i legendy podczas pieszej wycieczki<\/strong><\/a><\/center><\/p>\n<h2><span class=\"ez-toc-section\" id=\"11_Serra_de_Tramuntana_Half-Day_Tour_Soller_and_Valldemosa\"><\/span>11. P\u00f3\u0142dniowa wycieczka do Serra de Tramuntana: Soller i Valldemosa<span class=\"ez-toc-section-end\"><\/span><\/h2>\n<p><a href=\"https:\/\/www.getyourguide.com\/mallorca-l47\/serra-de-tramuntana-soller-valldemosa-half-day-tour-t51288\/?partner_id=17OK18H&#038;utm_medium=online_publisher\" target=\"_blank\" rel=\"nofollow noopener\"><img decoding=\"async\" class=\"aligncenter\" src=\"https:\/\/comparemyjet.com\/wp-content\/uploads\/143_145.jpg\" \/><\/a><\/p>\n<h3><span class=\"ez-toc-section\" id=\"Key_Details-11\"><\/span>Kluczowe szczeg\u00f3\u0142y<span class=\"ez-toc-section-end\"><\/span><\/h3>\n<p><strong>Koszt:<\/strong> Od $937.10<br \/>\n<strong>Wynik recenzji:<\/strong> 5.0<br \/>\n<strong>Liczba recenzji:<\/strong> 3<br \/>\n<strong>D\u0142ugo\u015b\u0107 trasy:<\/strong> 5 godzin<\/p>\n<h3><span class=\"ez-toc-section\" id=\"Languages-11\"><\/span>J\u0119zyki<span class=\"ez-toc-section-end\"><\/span><\/h3>\n<ul>\n<li>Angielski<\/li>\n<li> Hiszpa\u0144ski<\/li>\n<li> Niemiecki<\/li>\n<li> Francuski<\/li>\n<\/ul>\n<h3><span class=\"ez-toc-section\" id=\"Tour_Description-11\"><\/span>Opis wycieczki<span class=\"ez-toc-section-end\"><\/span><\/h3>\n<p>Odkryj wpisane na list\u0119 \u015bwiatowego dziedzictwa UNESCO pasmo g\u00f3rskie Serra de Tramuntana. Odwied\u017a pi\u0119kn\u0105 wiosk\u0119 Valldemosa, a nast\u0119pnie zjed\u017a w d\u00f3\u0142 doliny, aby zrelaksowa\u0107 si\u0119 w portowym mie\u015bcie Soller.<\/p>\n<ul>\n<li>Odkryj ukryte zak\u0105tki wpisanego na List\u0119 \u015bwiatowego dziedzictwa UNESCO regionu Serra de Tramuntana<\/li>\n<li>Odwied\u017a pi\u0119kne wioski Valldemosa i Soller<\/li>\n<li>Spr\u00f3buj lokalnych plack\u00f3w ziemniaczanych<\/li>\n<li>Poznaj osza\u0142amiaj\u0105c\u0105 sceneri\u0119 i dziedzictwo kulturowe Soller i Valldemossa<\/li>\n<li>Poznaj urocze wioski, malownicze krajobrazy i urokliwe uliczki<\/li>\n<\/ul>\n<h3><span class=\"ez-toc-section\" id=\"Whats_Included-11\"><\/span>Co zawiera<span class=\"ez-toc-section-end\"><\/span><\/h3>\n<ul>\n<li>Przewodnik<\/li>\n<li>Transport prywatnym klimatyzowanym autobusem lub minibusem w porcie Palma, Palma, Cala Mayor, Can Pastilla, Playa de Palma<\/li>\n<\/ul>\n<h3><span class=\"ez-toc-section\" id=\"Whats_Not_Included-11\"><\/span>Co nie jest wliczone w cen\u0119<span class=\"ez-toc-section-end\"><\/span><\/h3>\n<ul>\n<li>Jedzenie i napoje<\/li>\n<li>Wej\u015bcie do zabytk\u00f3w<\/li>\n<li>Transport z innych obszar\u00f3w ni\u017c: Port Palma, Palma, Cala Mayor, Can Pastilla, Playa de Palma. Je\u015bli zatrzymujesz si\u0119 w innym miejscu, popro\u015b o wycen\u0119.<\/li>\n<\/ul>\n<h3><span class=\"ez-toc-section\" id=\"Cancellation_Policy-11\"><\/span>Polityka anulowania<span class=\"ez-toc-section-end\"><\/span><\/h3>\n<p>Anulowanie z maksymalnie 2-dniowym wyprzedzeniem i pe\u0142ny zwrot koszt\u00f3w<\/p>\n<p><center><a href=\"https:\/\/www.getyourguide.com\/mallorca-l47\/serra-de-tramuntana-soller-valldemosa-half-day-tour-t51288\/?partner_id=17OK18H&#038;utm_medium=online_publisher\" target=\"_blank\" rel=\"nofollow noopener\"><strong>Kliknij tutaj, aby zarezerwowa\u0107 p\u00f3\u0142dniow\u0105 wycieczk\u0119 do Serra de Tramuntana: Soller i Valldemosa<\/strong><\/a><\/center><\/p>\n<h2><span class=\"ez-toc-section\" id=\"How_Much_Do_Private_Tours_Cost_In_Palma_de_Mallorca\"><\/span>Ile kosztuj\u0105 prywatne wycieczki w Palma de Mallorca?<span class=\"ez-toc-section-end\"><\/span><\/h2>\n<p>Najlepsze prywatne wycieczki do Palma de Mallorca kosztuj\u0105 od $96.71 do $937.10. Zawsze jednak mo\u017cesz sprawdzi\u0107 poni\u017csze oferty, aby znale\u017a\u0107 co\u015b ta\u0144szego lub nawet bardziej ekskluzywnego.<\/p>\n<div data-gyg-widget=\"auto\" data-gyg-partner-id=\"17OK18H\"><\/div>\n<h2><span class=\"ez-toc-section\" id=\"Other_Popular_Private_City_Tours\"><\/span>Inne popularne prywatne wycieczki po mie\u015bcie<span class=\"ez-toc-section-end\"><\/span><\/h2>\n<p><a href=\"https:\/\/comparemyjet.com\/pl\/prywatne-wycieczki\/royal-alczar-of-seville-private-tours\/\">Prywatne wycieczki po kr\u00f3lewskim Alkazarze w Sewilli<\/a><br \/><a href=\"https:\/\/comparemyjet.com\/pl\/prywatne-wycieczki\/sagrada-familia-private-tours\/\">Sagrada Familia - prywatne wycieczki<\/a><br \/><a href=\"https:\/\/comparemyjet.com\/pl\/prywatne-wycieczki\/seville-private-tours\/\">Prywatne wycieczki po Sewilli<\/a><br \/><a href=\"https:\/\/comparemyjet.com\/pl\/prywatne-wycieczki\/tenerife-private-tours\/\">Prywatne wycieczki po Teneryfie<\/a><br \/><a href=\"https:\/\/comparemyjet.com\/pl\/prywatne-wycieczki\/valencia-private-tours\/\">Prywatne wycieczki po Walencji<\/a><\/p>","protected":false},"excerpt":{"rendered":"<p>Oto 11 najlepszych prywatnych wycieczek po mie\u015bcie Palma de Mallorca w Hiszpanii, jakie uda\u0142o nam si\u0119 znale\u017a\u0107 na Viator i Get Your Guide. 1. Palma Cathedral &amp; Surroundings Private Tour With Locals Kluczowe szczeg\u00f3\u0142y Koszt: Od $96.71 Ocena: 5.0 Liczba recenzji: 14 D\u0142ugo\u015b\u0107 wycieczki: 3 godziny J\u0119zyki: angielski hiszpa\u0144ski Opis wycieczki Odkryj najwa\u017cniejsze ...<\/p>","protected":false},"author":1,"featured_media":6529,"parent":4500,"menu_order":0,"comment_status":"open","ping_status":"open","template":"","meta":{"_acf_changed":false,"_genesis_hide_title":false,"_genesis_hide_breadcrumbs":false,"_genesis_hide_singular_image":false,"_genesis_hide_footer_widgets":false,"_genesis_custom_body_class":"","_genesis_custom_post_class":"","_genesis_layout":"","footnotes":""},"class_list":{"1":"page","2":"type-page","6":"entry"},"acf":[],"_links":{"self":[{"href":"https:\/\/comparemyjet.com\/pl\/wp-json\/wp\/v2\/pages\/6528","targetHints":{"allow":["GET"]}}],"collection":[{"href":"https:\/\/comparemyjet.com\/pl\/wp-json\/wp\/v2\/pages"}],"about":[{"href":"https:\/\/comparemyjet.com\/pl\/wp-json\/wp\/v2\/types\/page"}],"author":[{"embeddable":true,"href":"https:\/\/comparemyjet.com\/pl\/wp-json\/wp\/v2\/users\/1"}],"replies":[{"embeddable":true,"href":"https:\/\/comparemyjet.com\/pl\/wp-json\/wp\/v2\/comments?post=6528"}],"version-history":[{"count":1,"href":"https:\/\/comparemyjet.com\/pl\/wp-json\/wp\/v2\/pages\/6528\/revisions"}],"predecessor-version":[{"id":9331,"href":"https:\/\/comparemyjet.com\/pl\/wp-json\/wp\/v2\/pages\/6528\/revisions\/9331"}],"up":[{"embeddable":true,"href":"https:\/\/comparemyjet.com\/pl\/wp-json\/wp\/v2\/pages\/4500"}],"wp:featuredmedia":[{"embeddable":true,"href":"https:\/\/comparemyjet.com\/pl\/wp-json\/wp\/v2\/media\/6529"}],"wp:attachment":[{"href":"https:\/\/comparemyjet.com\/pl\/wp-json\/wp\/v2\/media?parent=6528"}],"curies":[{"name":"wp","href":"https:\/\/api.w.org\/{rel}","templated":true}]}}