{"id":6528,"date":"2023-11-17T15:37:16","date_gmt":"2023-11-17T15:37:16","guid":{"rendered":"https:\/\/comparemyjet.com\/private-tours\/palma-de-mallorca-private-tours\/"},"modified":"2025-09-04T10:02:27","modified_gmt":"2025-09-04T10:02:27","slug":"palma-de-mallorca-private-tours","status":"publish","type":"page","link":"https:\/\/comparemyjet.com\/pt_br\/passeios-particulares\/palma-de-mallorca-private-tours\/","title":{"rendered":"11 melhores passeios particulares em Palma de Mallorca a partir de $96.71"},"content":{"rendered":"<p>Estes s\u00e3o os 11 melhores city tours privados em Palma de <a href=\"https:\/\/comparemyjet.com\/pt_br\/transportadores-de-jato-privado-para-maiorca\/\" data-internallinksmanager029f6b8e52c=\"164\" title=\"Carros a jato particulares para Mallorca\">Mallorca<\/a>Espanha que pudemos encontrar em <a href=\"https:\/\/www.viator.com\/?pid=P00132536&amp;mcid=42383&amp;medium=link\" target=\"_blank\" rel=\"nofollow noopener\">Viator<\/a> e <a href=\"https:\/\/www.getyourguide.com\/?partner_id=17OK18H&amp;utm_medium=online_publisher\" target=\"_blank\" rel=\"nofollow noopener\">Obtenha seu guia<\/a>.<\/p>\n<div data-vi-partner-id=\"P00132536\" data-vi-widget-ref=\"W-94444359-e1ab-49c3-b645-d273d6a1d133\" ><\/div>\n<p> <script async src=\"https:\/\/www.viator.com\/orion\/partner\/widget.js\"><\/script><\/p>\n<div id=\"ez-toc-container\" class=\"ez-toc-v2_0_76 counter-hierarchy ez-toc-counter ez-toc-grey ez-toc-container-direction\">\n<p class=\"ez-toc-title\" style=\"cursor:inherit\">T\u00f3picos<\/p>\n<label for=\"ez-toc-cssicon-toggle-item-69f03b0c30108\" class=\"ez-toc-cssicon-toggle-label\"><span class=\"\"><span class=\"eztoc-hide\" style=\"display:none;\">Alternar<\/span><span class=\"ez-toc-icon-toggle-span\"><svg style=\"fill: #999;color:#999\" xmlns=\"http:\/\/www.w3.org\/2000\/svg\" class=\"list-377408\" width=\"20px\" height=\"20px\" viewbox=\"0 0 24 24\" fill=\"none\"><path d=\"M6 6H4v2h2V6zm14 0H8v2h12V6zM4 11h2v2H4v-2zm16 0H8v2h12v-2zM4 16h2v2H4v-2zm16 0H8v2h12v-2z\" fill=\"currentColor\"><\/path><\/svg><svg style=\"fill: #999;color:#999\" class=\"arrow-unsorted-368013\" xmlns=\"http:\/\/www.w3.org\/2000\/svg\" width=\"10px\" height=\"10px\" viewbox=\"0 0 24 24\" version=\"1.2\" baseprofile=\"tiny\"><path d=\"M18.2 9.3l-6.2-6.3-6.2 6.3c-.2.2-.3.4-.3.7s.1.5.3.7c.2.2.4.3.7.3h11c.3 0 .5-.1.7-.3.2-.2.3-.5.3-.7s-.1-.5-.3-.7zM5.8 14.7l6.2 6.3 6.2-6.3c.2-.2.3-.5.3-.7s-.1-.5-.3-.7c-.2-.2-.4-.3-.7-.3h-11c-.3 0-.5.1-.7.3-.2.2-.3.5-.3.7s.1.5.3.7z\"\/><\/svg><\/span><\/span><\/label><input type=\"checkbox\"  id=\"ez-toc-cssicon-toggle-item-69f03b0c30108\" checked aria-label=\"Alternar\" \/><nav><ul class='ez-toc-list ez-toc-list-level-1' ><li class='ez-toc-page-1 ez-toc-heading-level-2'><a class=\"ez-toc-link ez-toc-heading-1\" href=\"https:\/\/comparemyjet.com\/pt_br\/passeios-particulares\/palma-de-mallorca-private-tours\/#1_Palma_Cathedral_Surroundings_Private_Tour_With_Locals\" >1. Catedral de Palma e arredores Tour privado com moradores locais<\/a><ul class='ez-toc-list-level-3' ><li class='ez-toc-heading-level-3'><a class=\"ez-toc-link ez-toc-heading-2\" href=\"https:\/\/comparemyjet.com\/pt_br\/passeios-particulares\/palma-de-mallorca-private-tours\/#Key_Details\" >Principais detalhes<\/a><\/li><li class='ez-toc-page-1 ez-toc-heading-level-3'><a class=\"ez-toc-link ez-toc-heading-3\" href=\"https:\/\/comparemyjet.com\/pt_br\/passeios-particulares\/palma-de-mallorca-private-tours\/#Languages\" >Idiomas<\/a><\/li><li class='ez-toc-page-1 ez-toc-heading-level-3'><a class=\"ez-toc-link ez-toc-heading-4\" href=\"https:\/\/comparemyjet.com\/pt_br\/passeios-particulares\/palma-de-mallorca-private-tours\/#Tour_Description\" >Descri\u00e7\u00e3o da excurs\u00e3o<\/a><\/li><li class='ez-toc-page-1 ez-toc-heading-level-3'><a class=\"ez-toc-link ez-toc-heading-5\" href=\"https:\/\/comparemyjet.com\/pt_br\/passeios-particulares\/palma-de-mallorca-private-tours\/#Whats_Included\" >O que est\u00e1 inclu\u00eddo<\/a><\/li><li class='ez-toc-page-1 ez-toc-heading-level-3'><a class=\"ez-toc-link ez-toc-heading-6\" href=\"https:\/\/comparemyjet.com\/pt_br\/passeios-particulares\/palma-de-mallorca-private-tours\/#Whats_Not_Included\" >O que n\u00e3o est\u00e1 inclu\u00eddo<\/a><\/li><li class='ez-toc-page-1 ez-toc-heading-level-3'><a class=\"ez-toc-link ez-toc-heading-7\" href=\"https:\/\/comparemyjet.com\/pt_br\/passeios-particulares\/palma-de-mallorca-private-tours\/#Cancellation_Policy\" >Pol\u00edtica de cancelamento<\/a><\/li><\/ul><\/li><li class='ez-toc-page-1 ez-toc-heading-level-2'><a class=\"ez-toc-link ez-toc-heading-8\" href=\"https:\/\/comparemyjet.com\/pt_br\/passeios-particulares\/palma-de-mallorca-private-tours\/#2_Full_Day_on_a_Private_Sailboat_in_Mallorca\" >2. Dia inteiro em um veleiro particular em Mallorca<\/a><ul class='ez-toc-list-level-3' ><li class='ez-toc-heading-level-3'><a class=\"ez-toc-link ez-toc-heading-9\" href=\"https:\/\/comparemyjet.com\/pt_br\/passeios-particulares\/palma-de-mallorca-private-tours\/#Key_Details-2\" >Principais detalhes<\/a><\/li><li class='ez-toc-page-1 ez-toc-heading-level-3'><a class=\"ez-toc-link ez-toc-heading-10\" href=\"https:\/\/comparemyjet.com\/pt_br\/passeios-particulares\/palma-de-mallorca-private-tours\/#Languages-2\" >Idiomas<\/a><\/li><li class='ez-toc-page-1 ez-toc-heading-level-3'><a class=\"ez-toc-link ez-toc-heading-11\" href=\"https:\/\/comparemyjet.com\/pt_br\/passeios-particulares\/palma-de-mallorca-private-tours\/#Tour_Description-2\" >Descri\u00e7\u00e3o da excurs\u00e3o<\/a><\/li><li class='ez-toc-page-1 ez-toc-heading-level-3'><a class=\"ez-toc-link ez-toc-heading-12\" href=\"https:\/\/comparemyjet.com\/pt_br\/passeios-particulares\/palma-de-mallorca-private-tours\/#Whats_Included-2\" >O que est\u00e1 inclu\u00eddo<\/a><\/li><li class='ez-toc-page-1 ez-toc-heading-level-3'><a class=\"ez-toc-link ez-toc-heading-13\" href=\"https:\/\/comparemyjet.com\/pt_br\/passeios-particulares\/palma-de-mallorca-private-tours\/#Whats_Not_Included-2\" >O que n\u00e3o est\u00e1 inclu\u00eddo<\/a><\/li><li class='ez-toc-page-1 ez-toc-heading-level-3'><a class=\"ez-toc-link ez-toc-heading-14\" href=\"https:\/\/comparemyjet.com\/pt_br\/passeios-particulares\/palma-de-mallorca-private-tours\/#Cancellation_Policy-2\" >Pol\u00edtica de cancelamento<\/a><\/li><\/ul><\/li><li class='ez-toc-page-1 ez-toc-heading-level-2'><a class=\"ez-toc-link ez-toc-heading-15\" href=\"https:\/\/comparemyjet.com\/pt_br\/passeios-particulares\/palma-de-mallorca-private-tours\/#3_Mallorca_Private_Boat_Tour_and_Snorkel_in_Palma_de_Mallorca\" >3. Mallorca: Passeio de barco particular e mergulho com snorkel em Palma de Mallorca<\/a><ul class='ez-toc-list-level-3' ><li class='ez-toc-heading-level-3'><a class=\"ez-toc-link ez-toc-heading-16\" href=\"https:\/\/comparemyjet.com\/pt_br\/passeios-particulares\/palma-de-mallorca-private-tours\/#Key_Details-3\" >Principais detalhes<\/a><\/li><li class='ez-toc-page-1 ez-toc-heading-level-3'><a class=\"ez-toc-link ez-toc-heading-17\" href=\"https:\/\/comparemyjet.com\/pt_br\/passeios-particulares\/palma-de-mallorca-private-tours\/#Languages-3\" >Idiomas<\/a><\/li><li class='ez-toc-page-1 ez-toc-heading-level-3'><a class=\"ez-toc-link ez-toc-heading-18\" href=\"https:\/\/comparemyjet.com\/pt_br\/passeios-particulares\/palma-de-mallorca-private-tours\/#Tour_Description-3\" >Descri\u00e7\u00e3o da excurs\u00e3o<\/a><\/li><li class='ez-toc-page-1 ez-toc-heading-level-3'><a class=\"ez-toc-link ez-toc-heading-19\" href=\"https:\/\/comparemyjet.com\/pt_br\/passeios-particulares\/palma-de-mallorca-private-tours\/#Whats_Included-3\" >O que est\u00e1 inclu\u00eddo<\/a><\/li><li class='ez-toc-page-1 ez-toc-heading-level-3'><a class=\"ez-toc-link ez-toc-heading-20\" href=\"https:\/\/comparemyjet.com\/pt_br\/passeios-particulares\/palma-de-mallorca-private-tours\/#Whats_Not_Included-3\" >O que n\u00e3o est\u00e1 inclu\u00eddo<\/a><\/li><li class='ez-toc-page-1 ez-toc-heading-level-3'><a class=\"ez-toc-link ez-toc-heading-21\" href=\"https:\/\/comparemyjet.com\/pt_br\/passeios-particulares\/palma-de-mallorca-private-tours\/#Cancellation_Policy-3\" >Pol\u00edtica de cancelamento<\/a><\/li><\/ul><\/li><li class='ez-toc-page-1 ez-toc-heading-level-2'><a class=\"ez-toc-link ez-toc-heading-22\" href=\"https:\/\/comparemyjet.com\/pt_br\/passeios-particulares\/palma-de-mallorca-private-tours\/#4_Best_Friends_Ritual_mini_facial_aromatherapy_massage_day_SPA_glass_cava\" >4. Best Friends Ritual: mini facial + massagem com aromaterapia + day SPA + ta\u00e7a de cava<\/a><ul class='ez-toc-list-level-3' ><li class='ez-toc-heading-level-3'><a class=\"ez-toc-link ez-toc-heading-23\" href=\"https:\/\/comparemyjet.com\/pt_br\/passeios-particulares\/palma-de-mallorca-private-tours\/#Key_Details-4\" >Principais detalhes<\/a><\/li><li class='ez-toc-page-1 ez-toc-heading-level-3'><a class=\"ez-toc-link ez-toc-heading-24\" href=\"https:\/\/comparemyjet.com\/pt_br\/passeios-particulares\/palma-de-mallorca-private-tours\/#Languages-4\" >Idiomas<\/a><\/li><li class='ez-toc-page-1 ez-toc-heading-level-3'><a class=\"ez-toc-link ez-toc-heading-25\" href=\"https:\/\/comparemyjet.com\/pt_br\/passeios-particulares\/palma-de-mallorca-private-tours\/#Tour_Description-4\" >Descri\u00e7\u00e3o da excurs\u00e3o<\/a><\/li><li class='ez-toc-page-1 ez-toc-heading-level-3'><a class=\"ez-toc-link ez-toc-heading-26\" href=\"https:\/\/comparemyjet.com\/pt_br\/passeios-particulares\/palma-de-mallorca-private-tours\/#Whats_Included-4\" >O que est\u00e1 inclu\u00eddo<\/a><\/li><li class='ez-toc-page-1 ez-toc-heading-level-3'><a class=\"ez-toc-link ez-toc-heading-27\" href=\"https:\/\/comparemyjet.com\/pt_br\/passeios-particulares\/palma-de-mallorca-private-tours\/#Whats_Not_Included-4\" >O que n\u00e3o est\u00e1 inclu\u00eddo<\/a><\/li><li class='ez-toc-page-1 ez-toc-heading-level-3'><a class=\"ez-toc-link ez-toc-heading-28\" href=\"https:\/\/comparemyjet.com\/pt_br\/passeios-particulares\/palma-de-mallorca-private-tours\/#Cancellation_Policy-4\" >Pol\u00edtica de cancelamento<\/a><\/li><\/ul><\/li><li class='ez-toc-page-1 ez-toc-heading-level-2'><a class=\"ez-toc-link ez-toc-heading-29\" href=\"https:\/\/comparemyjet.com\/pt_br\/passeios-particulares\/palma-de-mallorca-private-tours\/#5_Private_Sandal_Making_in_Palma_de_Mallorca\" >5. Confec\u00e7\u00e3o particular de sand\u00e1lias em Palma de Mallorca<\/a><ul class='ez-toc-list-level-3' ><li class='ez-toc-heading-level-3'><a class=\"ez-toc-link ez-toc-heading-30\" href=\"https:\/\/comparemyjet.com\/pt_br\/passeios-particulares\/palma-de-mallorca-private-tours\/#Key_Details-5\" >Principais detalhes<\/a><\/li><li class='ez-toc-page-1 ez-toc-heading-level-3'><a class=\"ez-toc-link ez-toc-heading-31\" href=\"https:\/\/comparemyjet.com\/pt_br\/passeios-particulares\/palma-de-mallorca-private-tours\/#Languages-5\" >Idiomas<\/a><\/li><li class='ez-toc-page-1 ez-toc-heading-level-3'><a class=\"ez-toc-link ez-toc-heading-32\" href=\"https:\/\/comparemyjet.com\/pt_br\/passeios-particulares\/palma-de-mallorca-private-tours\/#Tour_Description-5\" >Descri\u00e7\u00e3o da excurs\u00e3o<\/a><\/li><li class='ez-toc-page-1 ez-toc-heading-level-3'><a class=\"ez-toc-link ez-toc-heading-33\" href=\"https:\/\/comparemyjet.com\/pt_br\/passeios-particulares\/palma-de-mallorca-private-tours\/#Whats_Included-5\" >O que est\u00e1 inclu\u00eddo<\/a><\/li><li class='ez-toc-page-1 ez-toc-heading-level-3'><a class=\"ez-toc-link ez-toc-heading-34\" href=\"https:\/\/comparemyjet.com\/pt_br\/passeios-particulares\/palma-de-mallorca-private-tours\/#Whats_Not_Included-5\" >O que n\u00e3o est\u00e1 inclu\u00eddo<\/a><\/li><li class='ez-toc-page-1 ez-toc-heading-level-3'><a class=\"ez-toc-link ez-toc-heading-35\" href=\"https:\/\/comparemyjet.com\/pt_br\/passeios-particulares\/palma-de-mallorca-private-tours\/#Cancellation_Policy-5\" >Pol\u00edtica de cancelamento<\/a><\/li><\/ul><\/li><li class='ez-toc-page-1 ez-toc-heading-level-2'><a class=\"ez-toc-link ez-toc-heading-36\" href=\"https:\/\/comparemyjet.com\/pt_br\/passeios-particulares\/palma-de-mallorca-private-tours\/#6_Private_Half_Day_Sailing_Tour_in_Cala_Tuent_and_Sa_Calobra\" >6. Passeio de barco particular de meio dia em Cala Tuent e Sa Calobra<\/a><ul class='ez-toc-list-level-3' ><li class='ez-toc-heading-level-3'><a class=\"ez-toc-link ez-toc-heading-37\" href=\"https:\/\/comparemyjet.com\/pt_br\/passeios-particulares\/palma-de-mallorca-private-tours\/#Key_Details-6\" >Principais detalhes<\/a><\/li><li class='ez-toc-page-1 ez-toc-heading-level-3'><a class=\"ez-toc-link ez-toc-heading-38\" href=\"https:\/\/comparemyjet.com\/pt_br\/passeios-particulares\/palma-de-mallorca-private-tours\/#Languages-6\" >Idiomas<\/a><\/li><li class='ez-toc-page-1 ez-toc-heading-level-3'><a class=\"ez-toc-link ez-toc-heading-39\" href=\"https:\/\/comparemyjet.com\/pt_br\/passeios-particulares\/palma-de-mallorca-private-tours\/#Tour_Description-6\" >Descri\u00e7\u00e3o da excurs\u00e3o<\/a><\/li><li class='ez-toc-page-1 ez-toc-heading-level-3'><a class=\"ez-toc-link ez-toc-heading-40\" href=\"https:\/\/comparemyjet.com\/pt_br\/passeios-particulares\/palma-de-mallorca-private-tours\/#Whats_Included-6\" >O que est\u00e1 inclu\u00eddo<\/a><\/li><li class='ez-toc-page-1 ez-toc-heading-level-3'><a class=\"ez-toc-link ez-toc-heading-41\" href=\"https:\/\/comparemyjet.com\/pt_br\/passeios-particulares\/palma-de-mallorca-private-tours\/#Whats_Not_Included-6\" >O que n\u00e3o est\u00e1 inclu\u00eddo<\/a><\/li><li class='ez-toc-page-1 ez-toc-heading-level-3'><a class=\"ez-toc-link ez-toc-heading-42\" href=\"https:\/\/comparemyjet.com\/pt_br\/passeios-particulares\/palma-de-mallorca-private-tours\/#Cancellation_Policy-6\" >Pol\u00edtica de cancelamento<\/a><\/li><\/ul><\/li><li class='ez-toc-page-1 ez-toc-heading-level-2'><a class=\"ez-toc-link ez-toc-heading-43\" href=\"https:\/\/comparemyjet.com\/pt_br\/passeios-particulares\/palma-de-mallorca-private-tours\/#7_Mallorca_Scenic_Helicopter_Tour_Experience\" >7. Mallorca: Experi\u00eancia c\u00eanica de passeio de helic\u00f3ptero<\/a><ul class='ez-toc-list-level-3' ><li class='ez-toc-heading-level-3'><a class=\"ez-toc-link ez-toc-heading-44\" href=\"https:\/\/comparemyjet.com\/pt_br\/passeios-particulares\/palma-de-mallorca-private-tours\/#Key_Details-7\" >Principais detalhes<\/a><\/li><li class='ez-toc-page-1 ez-toc-heading-level-3'><a class=\"ez-toc-link ez-toc-heading-45\" href=\"https:\/\/comparemyjet.com\/pt_br\/passeios-particulares\/palma-de-mallorca-private-tours\/#Languages-7\" >Idiomas<\/a><\/li><li class='ez-toc-page-1 ez-toc-heading-level-3'><a class=\"ez-toc-link ez-toc-heading-46\" href=\"https:\/\/comparemyjet.com\/pt_br\/passeios-particulares\/palma-de-mallorca-private-tours\/#Tour_Description-7\" >Descri\u00e7\u00e3o da excurs\u00e3o<\/a><\/li><li class='ez-toc-page-1 ez-toc-heading-level-3'><a class=\"ez-toc-link ez-toc-heading-47\" href=\"https:\/\/comparemyjet.com\/pt_br\/passeios-particulares\/palma-de-mallorca-private-tours\/#Whats_Included-7\" >O que est\u00e1 inclu\u00eddo<\/a><\/li><li class='ez-toc-page-1 ez-toc-heading-level-3'><a class=\"ez-toc-link ez-toc-heading-48\" href=\"https:\/\/comparemyjet.com\/pt_br\/passeios-particulares\/palma-de-mallorca-private-tours\/#Whats_Not_Included-7\" >O que n\u00e3o est\u00e1 inclu\u00eddo<\/a><\/li><li class='ez-toc-page-1 ez-toc-heading-level-3'><a class=\"ez-toc-link ez-toc-heading-49\" href=\"https:\/\/comparemyjet.com\/pt_br\/passeios-particulares\/palma-de-mallorca-private-tours\/#Cancellation_Policy-7\" >Pol\u00edtica de cancelamento<\/a><\/li><\/ul><\/li><li class='ez-toc-page-1 ez-toc-heading-level-2'><a class=\"ez-toc-link ez-toc-heading-50\" href=\"https:\/\/comparemyjet.com\/pt_br\/passeios-particulares\/palma-de-mallorca-private-tours\/#8_Palma_Private_Guided_Walking_Tour\" >8. Passeio a p\u00e9 com guia particular em Palma<\/a><ul class='ez-toc-list-level-3' ><li class='ez-toc-heading-level-3'><a class=\"ez-toc-link ez-toc-heading-51\" href=\"https:\/\/comparemyjet.com\/pt_br\/passeios-particulares\/palma-de-mallorca-private-tours\/#Key_Details-8\" >Principais detalhes<\/a><\/li><li class='ez-toc-page-1 ez-toc-heading-level-3'><a class=\"ez-toc-link ez-toc-heading-52\" href=\"https:\/\/comparemyjet.com\/pt_br\/passeios-particulares\/palma-de-mallorca-private-tours\/#Languages-8\" >Idiomas<\/a><\/li><li class='ez-toc-page-1 ez-toc-heading-level-3'><a class=\"ez-toc-link ez-toc-heading-53\" href=\"https:\/\/comparemyjet.com\/pt_br\/passeios-particulares\/palma-de-mallorca-private-tours\/#Tour_Description-8\" >Descri\u00e7\u00e3o da excurs\u00e3o<\/a><\/li><li class='ez-toc-page-1 ez-toc-heading-level-3'><a class=\"ez-toc-link ez-toc-heading-54\" href=\"https:\/\/comparemyjet.com\/pt_br\/passeios-particulares\/palma-de-mallorca-private-tours\/#Whats_Included-8\" >O que est\u00e1 inclu\u00eddo<\/a><\/li><li class='ez-toc-page-1 ez-toc-heading-level-3'><a class=\"ez-toc-link ez-toc-heading-55\" href=\"https:\/\/comparemyjet.com\/pt_br\/passeios-particulares\/palma-de-mallorca-private-tours\/#Whats_Not_Included-8\" >O que n\u00e3o est\u00e1 inclu\u00eddo<\/a><\/li><li class='ez-toc-page-1 ez-toc-heading-level-3'><a class=\"ez-toc-link ez-toc-heading-56\" href=\"https:\/\/comparemyjet.com\/pt_br\/passeios-particulares\/palma-de-mallorca-private-tours\/#Cancellation_Policy-8\" >Pol\u00edtica de cancelamento<\/a><\/li><\/ul><\/li><li class='ez-toc-page-1 ez-toc-heading-level-2'><a class=\"ez-toc-link ez-toc-heading-57\" href=\"https:\/\/comparemyjet.com\/pt_br\/passeios-particulares\/palma-de-mallorca-private-tours\/#9_Palma_Private_Seaside_Landscape_Photo_Session_with_Editing\" >9. Palma: Sess\u00e3o fotogr\u00e1fica particular de paisagem \u00e0 beira-mar com edi\u00e7\u00e3o<\/a><ul class='ez-toc-list-level-3' ><li class='ez-toc-heading-level-3'><a class=\"ez-toc-link ez-toc-heading-58\" href=\"https:\/\/comparemyjet.com\/pt_br\/passeios-particulares\/palma-de-mallorca-private-tours\/#Key_Details-9\" >Principais detalhes<\/a><\/li><li class='ez-toc-page-1 ez-toc-heading-level-3'><a class=\"ez-toc-link ez-toc-heading-59\" href=\"https:\/\/comparemyjet.com\/pt_br\/passeios-particulares\/palma-de-mallorca-private-tours\/#Languages-9\" >Idiomas<\/a><\/li><li class='ez-toc-page-1 ez-toc-heading-level-3'><a class=\"ez-toc-link ez-toc-heading-60\" href=\"https:\/\/comparemyjet.com\/pt_br\/passeios-particulares\/palma-de-mallorca-private-tours\/#Tour_Description-9\" >Descri\u00e7\u00e3o da excurs\u00e3o<\/a><\/li><li class='ez-toc-page-1 ez-toc-heading-level-3'><a class=\"ez-toc-link ez-toc-heading-61\" href=\"https:\/\/comparemyjet.com\/pt_br\/passeios-particulares\/palma-de-mallorca-private-tours\/#Whats_Included-9\" >O que est\u00e1 inclu\u00eddo<\/a><\/li><li class='ez-toc-page-1 ez-toc-heading-level-3'><a class=\"ez-toc-link ez-toc-heading-62\" href=\"https:\/\/comparemyjet.com\/pt_br\/passeios-particulares\/palma-de-mallorca-private-tours\/#Whats_Not_Included-9\" >O que n\u00e3o est\u00e1 inclu\u00eddo<\/a><\/li><li class='ez-toc-page-1 ez-toc-heading-level-3'><a class=\"ez-toc-link ez-toc-heading-63\" href=\"https:\/\/comparemyjet.com\/pt_br\/passeios-particulares\/palma-de-mallorca-private-tours\/#Cancellation_Policy-9\" >Pol\u00edtica de cancelamento<\/a><\/li><\/ul><\/li><li class='ez-toc-page-1 ez-toc-heading-level-2'><a class=\"ez-toc-link ez-toc-heading-64\" href=\"https:\/\/comparemyjet.com\/pt_br\/passeios-particulares\/palma-de-mallorca-private-tours\/#10_Palma_Secrets_Mysteries_and_Legends_Walking_Tour\" >10. Palma: Tour a p\u00e9 pelos segredos, mist\u00e9rios e lendas<\/a><ul class='ez-toc-list-level-3' ><li class='ez-toc-heading-level-3'><a class=\"ez-toc-link ez-toc-heading-65\" href=\"https:\/\/comparemyjet.com\/pt_br\/passeios-particulares\/palma-de-mallorca-private-tours\/#Key_Details-10\" >Principais detalhes<\/a><\/li><li class='ez-toc-page-1 ez-toc-heading-level-3'><a class=\"ez-toc-link ez-toc-heading-66\" href=\"https:\/\/comparemyjet.com\/pt_br\/passeios-particulares\/palma-de-mallorca-private-tours\/#Languages-10\" >Idiomas<\/a><\/li><li class='ez-toc-page-1 ez-toc-heading-level-3'><a class=\"ez-toc-link ez-toc-heading-67\" href=\"https:\/\/comparemyjet.com\/pt_br\/passeios-particulares\/palma-de-mallorca-private-tours\/#Tour_Description-10\" >Descri\u00e7\u00e3o da excurs\u00e3o<\/a><\/li><li class='ez-toc-page-1 ez-toc-heading-level-3'><a class=\"ez-toc-link ez-toc-heading-68\" href=\"https:\/\/comparemyjet.com\/pt_br\/passeios-particulares\/palma-de-mallorca-private-tours\/#Whats_Included-10\" >O que est\u00e1 inclu\u00eddo<\/a><\/li><li class='ez-toc-page-1 ez-toc-heading-level-3'><a class=\"ez-toc-link ez-toc-heading-69\" href=\"https:\/\/comparemyjet.com\/pt_br\/passeios-particulares\/palma-de-mallorca-private-tours\/#Whats_Not_Included-10\" >O que n\u00e3o est\u00e1 inclu\u00eddo<\/a><\/li><li class='ez-toc-page-1 ez-toc-heading-level-3'><a class=\"ez-toc-link ez-toc-heading-70\" href=\"https:\/\/comparemyjet.com\/pt_br\/passeios-particulares\/palma-de-mallorca-private-tours\/#Cancellation_Policy-10\" >Pol\u00edtica de cancelamento<\/a><\/li><\/ul><\/li><li class='ez-toc-page-1 ez-toc-heading-level-2'><a class=\"ez-toc-link ez-toc-heading-71\" href=\"https:\/\/comparemyjet.com\/pt_br\/passeios-particulares\/palma-de-mallorca-private-tours\/#11_Serra_de_Tramuntana_Half-Day_Tour_Soller_and_Valldemosa\" >11. Excurs\u00e3o de meio dia \u00e0 Serra de Tramuntana: Soller e Valldemosa<\/a><ul class='ez-toc-list-level-3' ><li class='ez-toc-heading-level-3'><a class=\"ez-toc-link ez-toc-heading-72\" href=\"https:\/\/comparemyjet.com\/pt_br\/passeios-particulares\/palma-de-mallorca-private-tours\/#Key_Details-11\" >Principais detalhes<\/a><\/li><li class='ez-toc-page-1 ez-toc-heading-level-3'><a class=\"ez-toc-link ez-toc-heading-73\" href=\"https:\/\/comparemyjet.com\/pt_br\/passeios-particulares\/palma-de-mallorca-private-tours\/#Languages-11\" >Idiomas<\/a><\/li><li class='ez-toc-page-1 ez-toc-heading-level-3'><a class=\"ez-toc-link ez-toc-heading-74\" href=\"https:\/\/comparemyjet.com\/pt_br\/passeios-particulares\/palma-de-mallorca-private-tours\/#Tour_Description-11\" >Descri\u00e7\u00e3o da excurs\u00e3o<\/a><\/li><li class='ez-toc-page-1 ez-toc-heading-level-3'><a class=\"ez-toc-link ez-toc-heading-75\" href=\"https:\/\/comparemyjet.com\/pt_br\/passeios-particulares\/palma-de-mallorca-private-tours\/#Whats_Included-11\" >O que est\u00e1 inclu\u00eddo<\/a><\/li><li class='ez-toc-page-1 ez-toc-heading-level-3'><a class=\"ez-toc-link ez-toc-heading-76\" href=\"https:\/\/comparemyjet.com\/pt_br\/passeios-particulares\/palma-de-mallorca-private-tours\/#Whats_Not_Included-11\" >O que n\u00e3o est\u00e1 inclu\u00eddo<\/a><\/li><li class='ez-toc-page-1 ez-toc-heading-level-3'><a class=\"ez-toc-link ez-toc-heading-77\" href=\"https:\/\/comparemyjet.com\/pt_br\/passeios-particulares\/palma-de-mallorca-private-tours\/#Cancellation_Policy-11\" >Pol\u00edtica de cancelamento<\/a><\/li><\/ul><\/li><li class='ez-toc-page-1 ez-toc-heading-level-2'><a class=\"ez-toc-link ez-toc-heading-78\" href=\"https:\/\/comparemyjet.com\/pt_br\/passeios-particulares\/palma-de-mallorca-private-tours\/#How_Much_Do_Private_Tours_Cost_In_Palma_de_Mallorca\" >Quanto custam os passeios particulares em Palma de Mallorca?<\/a><\/li><li class='ez-toc-page-1 ez-toc-heading-level-2'><a class=\"ez-toc-link ez-toc-heading-79\" href=\"https:\/\/comparemyjet.com\/pt_br\/passeios-particulares\/palma-de-mallorca-private-tours\/#Other_Popular_Private_City_Tours\" >Outros passeios privados populares pela cidade<\/a><\/li><\/ul><\/nav><\/div>\n<h2><span class=\"ez-toc-section\" id=\"1_Palma_Cathedral_Surroundings_Private_Tour_With_Locals\"><\/span>1. Catedral de Palma e arredores Tour privado com moradores locais<span class=\"ez-toc-section-end\"><\/span><\/h2>\n<p><a href=\"https:\/\/www.viator.com\/tours\/Mallorca\/Best-of-Palma-de-Mallorca-and-Cathedral-Skip-the-Line-Private-Tour\/d955-24380P737?pid=P00132536&#038;mcid=42383&#038;medium=link\" target=\"_blank\" rel=\"nofollow noopener\"><img decoding=\"async\" class=\"aligncenter\" src=\"https:\/\/comparemyjet.com\/wp-content\/uploads\/5_93.jpg\" \/><\/a><\/p>\n<h3><span class=\"ez-toc-section\" id=\"Key_Details\"><\/span>Principais detalhes<span class=\"ez-toc-section-end\"><\/span><\/h3>\n<p><strong>Custo:<\/strong> A partir de $96.71<br \/>\n<strong>Pontua\u00e7\u00e3o da avalia\u00e7\u00e3o:<\/strong> 5.0<br \/>\n<strong>N\u00famero de avalia\u00e7\u00f5es:<\/strong> 14<br \/>\n<strong>Dura\u00e7\u00e3o da excurs\u00e3o:<\/strong> 3 horas<\/p>\n<h3><span class=\"ez-toc-section\" id=\"Languages\"><\/span>Idiomas<span class=\"ez-toc-section-end\"><\/span><\/h3>\n<ul>\n<li>Ingl\u00eas<\/li>\n<li> Espanhol<\/li>\n<\/ul>\n<h3><span class=\"ez-toc-section\" id=\"Tour_Description\"><\/span>Descri\u00e7\u00e3o da excurs\u00e3o<span class=\"ez-toc-section-end\"><\/span><\/h3>\n<p>Descubra os destaques da cidade tur\u00edstica de Palma, na ilha de Mallorca. Com um guia local, aprenda sobre a hist\u00f3ria da cidade e visite locais e pontos de refer\u00eancia como a Cidade Velha, a Placa de Cort, o Convento de Santa Clara e muito mais. O passeio termina na Placa De La Seu com um ingresso sem fila.<\/p>\n<ul>\n<li>Visita guiada \u00e0 capital de Mallorca<\/li>\n<li>Guia local<\/li>\n<li>Saiba mais sobre a hist\u00f3ria da ilha<\/li>\n<li>Tour privado - somente seu grupo participa<\/li>\n<\/ul>\n<h3><span class=\"ez-toc-section\" id=\"Whats_Included\"><\/span>O que est\u00e1 inclu\u00eddo<span class=\"ez-toc-section-end\"><\/span><\/h3>\n<ul>\n<li>Guia particular<\/li>\n<li>Ingressos para a Catedral de Palma<\/li>\n<li>Este passeio \u00e9 neutro em carbono<\/li>\n<\/ul>\n<h3><span class=\"ez-toc-section\" id=\"Whats_Not_Included\"><\/span>O que n\u00e3o est\u00e1 inclu\u00eddo<span class=\"ez-toc-section-end\"><\/span><\/h3>\n<p>Entrada para outras atra\u00e7\u00f5es al\u00e9m das mencionadas n\u00e3o inclu\u00eddas<\/p>\n<h3><span class=\"ez-toc-section\" id=\"Cancellation_Policy\"><\/span>Pol\u00edtica de cancelamento<span class=\"ez-toc-section-end\"><\/span><\/h3>\n<p>Voc\u00ea pode cancelar at\u00e9 24 horas antes da experi\u00eancia para obter um reembolso total.<\/p>\n<p><center><a href=\"https:\/\/www.viator.com\/tours\/Mallorca\/Best-of-Palma-de-Mallorca-and-Cathedral-Skip-the-Line-Private-Tour\/d955-24380P737?pid=P00132536&#038;mcid=42383&#038;medium=link\" target=\"_blank\" rel=\"nofollow noopener\"><strong>Clique aqui para reservar a Catedral de Palma e os arredores em uma excurs\u00e3o particular com moradores locais<\/strong><\/a><\/center><\/p>\n<h2><span class=\"ez-toc-section\" id=\"2_Full_Day_on_a_Private_Sailboat_in_Mallorca\"><\/span>2. Dia inteiro em um veleiro particular em Mallorca<span class=\"ez-toc-section-end\"><\/span><\/h2>\n<p><a href=\"https:\/\/www.viator.com\/tours\/Mallorca\/Full-Day-on-a-Private-Sailboat-in-Mallorca\/d955-354833P1?pid=P00132536&#038;mcid=42383&#038;medium=link\" target=\"_blank\" rel=\"nofollow noopener\"><img decoding=\"async\" class=\"aligncenter\" src=\"https:\/\/comparemyjet.com\/wp-content\/uploads\/4_50.jpg\" \/><\/a><\/p>\n<h3><span class=\"ez-toc-section\" id=\"Key_Details-2\"><\/span>Principais detalhes<span class=\"ez-toc-section-end\"><\/span><\/h3>\n<p><strong>Custo:<\/strong> A partir de $868.25<br \/>\n<strong>Pontua\u00e7\u00e3o da avalia\u00e7\u00e3o:<\/strong> 5.0<br \/>\n<strong>N\u00famero de avalia\u00e7\u00f5es:<\/strong> 10<br \/>\n<strong>Dura\u00e7\u00e3o da excurs\u00e3o:<\/strong> 7 horas<\/p>\n<h3><span class=\"ez-toc-section\" id=\"Languages-2\"><\/span>Idiomas<span class=\"ez-toc-section-end\"><\/span><\/h3>\n<ul>\n<li>Ingl\u00eas<\/li>\n<li> Espanhol<\/li>\n<\/ul>\n<h3><span class=\"ez-toc-section\" id=\"Tour_Description-2\"><\/span>Descri\u00e7\u00e3o da excurs\u00e3o<span class=\"ez-toc-section-end\"><\/span><\/h3>\n<p>Voc\u00ea n\u00e3o pode sair de f\u00e9rias em Mallorca sem visitar a Tramuntana e que melhor maneira de fazer isso do que a bordo de um veleiro e com um capit\u00e3o local que lhe mostrar\u00e1 os pequenos segredos que essa costa esconde.<\/p>\n<h3><span class=\"ez-toc-section\" id=\"Whats_Included-2\"><\/span>O que est\u00e1 inclu\u00eddo<span class=\"ez-toc-section-end\"><\/span><\/h3>\n<ul>\n<li>Uso de equipamento de mergulho com snorkel<\/li>\n<li>Prancha de SUP<\/li>\n<li>Refrigerante\/Pop<\/li>\n<li>Todas as taxas e impostos<\/li>\n<\/ul>\n<h3><span class=\"ez-toc-section\" id=\"Whats_Not_Included-2\"><\/span>O que n\u00e3o est\u00e1 inclu\u00eddo<span class=\"ez-toc-section-end\"><\/span><\/h3>\n<p>N\/A<\/p>\n<h3><span class=\"ez-toc-section\" id=\"Cancellation_Policy-2\"><\/span>Pol\u00edtica de cancelamento<span class=\"ez-toc-section-end\"><\/span><\/h3>\n<p>Essa experi\u00eancia n\u00e3o \u00e9 reembols\u00e1vel e n\u00e3o pode ser alterada por nenhum motivo. Se voc\u00ea cancelar ou solicitar uma altera\u00e7\u00e3o, o valor pago n\u00e3o ser\u00e1 reembolsado.<\/p>\n<p><center><a href=\"https:\/\/www.viator.com\/tours\/Mallorca\/Full-Day-on-a-Private-Sailboat-in-Mallorca\/d955-354833P1?pid=P00132536&#038;mcid=42383&#038;medium=link\" target=\"_blank\" rel=\"nofollow noopener\"><strong>Clique aqui para reservar um dia inteiro em um veleiro particular em Mallorca<\/strong><\/a><\/center><\/p>\n<h2><span class=\"ez-toc-section\" id=\"3_Mallorca_Private_Boat_Tour_and_Snorkel_in_Palma_de_Mallorca\"><\/span>3. Mallorca: Passeio de barco particular e mergulho com snorkel em Palma de Mallorca<span class=\"ez-toc-section-end\"><\/span><\/h2>\n<p><a href=\"https:\/\/www.viator.com\/tours\/Mallorca\/Private-Boat-Tour-and-Snorkelling-in-the-Bay-of-Palma\/d955-374521P1?pid=P00132536&#038;mcid=42383&#038;medium=link\" target=\"_blank\" rel=\"nofollow noopener\"><img decoding=\"async\" class=\"aligncenter\" src=\"https:\/\/comparemyjet.com\/wp-content\/uploads\/3_40.jpg\" \/><\/a><\/p>\n<h3><span class=\"ez-toc-section\" id=\"Key_Details-3\"><\/span>Principais detalhes<span class=\"ez-toc-section-end\"><\/span><\/h3>\n<p><strong>Custo:<\/strong> A partir de $380.34<br \/>\n<strong>Pontua\u00e7\u00e3o da avalia\u00e7\u00e3o:<\/strong> 5.0<br \/>\n<strong>N\u00famero de avalia\u00e7\u00f5es:<\/strong> 8<br \/>\n<strong>Dura\u00e7\u00e3o da excurs\u00e3o:<\/strong> 4 horas<\/p>\n<h3><span class=\"ez-toc-section\" id=\"Languages-3\"><\/span>Idiomas<span class=\"ez-toc-section-end\"><\/span><\/h3>\n<ul>\n<li>Ingl\u00eas<\/li>\n<li> Italiano<\/li>\n<li> Espanhol<\/li>\n<\/ul>\n<h3><span class=\"ez-toc-section\" id=\"Tour_Description-3\"><\/span>Descri\u00e7\u00e3o da excurs\u00e3o<span class=\"ez-toc-section-end\"><\/span><\/h3>\n<p>Explore o mundo marinho das enseadas azul-turquesa na Ba\u00eda de Palma em uma excurs\u00e3o de mergulho com snorkel. Navegaremos, tomaremos sol e nadaremos nesta excurs\u00e3o particular.<\/p>\n<h3><span class=\"ez-toc-section\" id=\"Whats_Included-3\"><\/span>O que est\u00e1 inclu\u00eddo<span class=\"ez-toc-section-end\"><\/span><\/h3>\n<ul>\n<li>Uso de equipamento de mergulho com snorkel<\/li>\n<li>Stand Up Paddle<\/li>\n<li>\u00c1gua engarrafada<\/li>\n<li>player bluetooth<\/li>\n<li>GoPro<\/li>\n<\/ul>\n<h3><span class=\"ez-toc-section\" id=\"Whats_Not_Included-3\"><\/span>O que n\u00e3o est\u00e1 inclu\u00eddo<span class=\"ez-toc-section-end\"><\/span><\/h3>\n<p>Lanches<\/p>\n<h3><span class=\"ez-toc-section\" id=\"Cancellation_Policy-3\"><\/span>Pol\u00edtica de cancelamento<span class=\"ez-toc-section-end\"><\/span><\/h3>\n<p>Voc\u00ea pode cancelar at\u00e9 24 horas antes da experi\u00eancia para obter um reembolso total.<\/p>\n<p><center><a href=\"https:\/\/www.viator.com\/tours\/Mallorca\/Private-Boat-Tour-and-Snorkelling-in-the-Bay-of-Palma\/d955-374521P1?pid=P00132536&#038;mcid=42383&#038;medium=link\" target=\"_blank\" rel=\"nofollow noopener\"><strong>Clique aqui para reservar Mallorca: Passeio de barco particular e mergulho com snorkel em Palma de Mallorca<\/strong><\/a><\/center><\/p>\n<h2><span class=\"ez-toc-section\" id=\"4_Best_Friends_Ritual_mini_facial_aromatherapy_massage_day_SPA_glass_cava\"><\/span>4. Best Friends Ritual: mini facial + massagem com aromaterapia + day SPA + ta\u00e7a de cava<span class=\"ez-toc-section-end\"><\/span><\/h2>\n<p><a href=\"https:\/\/www.viator.com\/tours\/Mallorca\/Masaje-aromaterapia-15min-y-entrada-SPA\/d955-125709P3?pid=P00132536&#038;mcid=42383&#038;medium=link\" target=\"_blank\" rel=\"nofollow noopener\"><img decoding=\"async\" class=\"aligncenter\" src=\"https:\/\/comparemyjet.com\/wp-content\/uploads\/6_8e.jpg\" \/><\/a><\/p>\n<h3><span class=\"ez-toc-section\" id=\"Key_Details-4\"><\/span>Principais detalhes<span class=\"ez-toc-section-end\"><\/span><\/h3>\n<p><strong>Custo:<\/strong> A partir de $96.71<br \/>\n<strong>Pontua\u00e7\u00e3o da avalia\u00e7\u00e3o:<\/strong> 5.0<br \/>\n<strong>N\u00famero de avalia\u00e7\u00f5es:<\/strong> 6<br \/>\n<strong>Dura\u00e7\u00e3o da excurs\u00e3o:<\/strong> 3 horas<\/p>\n<h3><span class=\"ez-toc-section\" id=\"Languages-4\"><\/span>Idiomas<span class=\"ez-toc-section-end\"><\/span><\/h3>\n<ul>\n<li>Alem\u00e3o<\/li>\n<li> Ingl\u00eas<\/li>\n<li> Espanhol<\/li>\n<\/ul>\n<h3><span class=\"ez-toc-section\" id=\"Tour_Description-4\"><\/span>Descri\u00e7\u00e3o da excurs\u00e3o<span class=\"ez-toc-section-end\"><\/span><\/h3>\n<p>Presenteie seu melhor amigo com um tempo no spa com este pacote combinado, oferecido no Hipotel Gran Playa de Palma Spa. A experi\u00eancia inclui uma mini massagem facial e de aromaterapia, al\u00e9m de uma sess\u00e3o de 90 minutos em um spa completo com piscina aquecida, sauna, sala de vapor, piscinas de imers\u00e3o e at\u00e9 mesmo uma academia. Basta reservar on-line e usar seu voucher com facilidade.<\/p>\n<ul>\n<li>Leve pouca roupa para a experi\u00eancia e use uma toalha fornecida no local <\/li>\n<li>Tome um gole de cava de cortesia e adicione um pouco de efervesc\u00eancia ao seu tempo de relaxamento <\/li>\n<li>Desfrute de seus tratamentos de spa com um amigo em uma sala privativa <\/li>\n<li>Relaxar com tratamentos realizados por terapeutas profissionais<\/li>\n<\/ul>\n<h3><span class=\"ez-toc-section\" id=\"Whats_Included-4\"><\/span>O que est\u00e1 inclu\u00eddo<span class=\"ez-toc-section-end\"><\/span><\/h3>\n<p>1 toalha por pessoa<\/p>\n<h3><span class=\"ez-toc-section\" id=\"Whats_Not_Included-4\"><\/span>O que n\u00e3o est\u00e1 inclu\u00eddo<span class=\"ez-toc-section-end\"><\/span><\/h3>\n<ul>\n<li>\u00c1gua engarrafada<\/li>\n<li>Chinelos<\/li>\n<li>Fato de banho<\/li>\n<\/ul>\n<h3><span class=\"ez-toc-section\" id=\"Cancellation_Policy-4\"><\/span>Pol\u00edtica de cancelamento<span class=\"ez-toc-section-end\"><\/span><\/h3>\n<p>Voc\u00ea pode cancelar at\u00e9 24 horas antes da experi\u00eancia para obter um reembolso total.<\/p>\n<p><center><a href=\"https:\/\/www.viator.com\/tours\/Mallorca\/Masaje-aromaterapia-15min-y-entrada-SPA\/d955-125709P3?pid=P00132536&#038;mcid=42383&#038;medium=link\" target=\"_blank\" rel=\"nofollow noopener\"><strong>Clique aqui para reservar o Best Friends Ritual: mini facial + massagem de aromaterapia + dia de SPA + ta\u00e7a de cava<\/strong><\/a><\/center><\/p>\n<h2><span class=\"ez-toc-section\" id=\"5_Private_Sandal_Making_in_Palma_de_Mallorca\"><\/span>5. Confec\u00e7\u00e3o particular de sand\u00e1lias em Palma de Mallorca<span class=\"ez-toc-section-end\"><\/span><\/h2>\n<p><a href=\"https:\/\/www.viator.com\/tours\/Mallorca\/Make-Your-Own-Sandal\/d955-360495P1?pid=P00132536&#038;mcid=42383&#038;medium=link\" target=\"_blank\" rel=\"nofollow noopener\"><img decoding=\"async\" class=\"aligncenter\" src=\"https:\/\/comparemyjet.com\/wp-content\/uploads\/6_dc.jpg\" \/><\/a><\/p>\n<h3><span class=\"ez-toc-section\" id=\"Key_Details-5\"><\/span>Principais detalhes<span class=\"ez-toc-section-end\"><\/span><\/h3>\n<p><strong>Custo:<\/strong> A partir de $143.44<br \/>\n<strong>Pontua\u00e7\u00e3o da avalia\u00e7\u00e3o:<\/strong> 5.0<br \/>\n<strong>N\u00famero de avalia\u00e7\u00f5es:<\/strong> 5<br \/>\n<strong>Dura\u00e7\u00e3o da excurs\u00e3o:<\/strong> 5 horas<\/p>\n<h3><span class=\"ez-toc-section\" id=\"Languages-5\"><\/span>Idiomas<span class=\"ez-toc-section-end\"><\/span><\/h3>\n<ul>\n<li>Ingl\u00eas<\/li>\n<li> Italiano<\/li>\n<li> Espanhol<\/li>\n<\/ul>\n<h3><span class=\"ez-toc-section\" id=\"Tour_Description-5\"><\/span>Descri\u00e7\u00e3o da excurs\u00e3o<span class=\"ez-toc-section-end\"><\/span><\/h3>\n<p>Em um local natural, voc\u00ea pode aprender a fazer sua sand\u00e1lia especial do zero! Essa \u00e9 uma experi\u00eancia que pode ser compartilhada com sua fam\u00edlia e seus amigos: n\u00e3o \u00e9 necess\u00e1rio ter conhecimentos pr\u00e9vios e tamb\u00e9m \u00e9 adequada para crian\u00e7as.<\/p>\n<p>No final do workshop, voc\u00ea sair\u00e1 do meu est\u00fadio ao ar livre com seu pr\u00f3prio par de sand\u00e1lias, feitas por voc\u00ea mesmo!<\/p>\n<h3><span class=\"ez-toc-section\" id=\"Whats_Included-5\"><\/span>O que est\u00e1 inclu\u00eddo<span class=\"ez-toc-section-end\"><\/span><\/h3>\n<ul>\n<li>Brunch<\/li>\n<li>\u00c1gua engarrafada<\/li>\n<\/ul>\n<h3><span class=\"ez-toc-section\" id=\"Whats_Not_Included-5\"><\/span>O que n\u00e3o est\u00e1 inclu\u00eddo<span class=\"ez-toc-section-end\"><\/span><\/h3>\n<p>N\/A<\/p>\n<h3><span class=\"ez-toc-section\" id=\"Cancellation_Policy-5\"><\/span>Pol\u00edtica de cancelamento<span class=\"ez-toc-section-end\"><\/span><\/h3>\n<p>Voc\u00ea pode cancelar at\u00e9 24 horas antes da experi\u00eancia para obter um reembolso total.<\/p>\n<p><center><a href=\"https:\/\/www.viator.com\/tours\/Mallorca\/Make-Your-Own-Sandal\/d955-360495P1?pid=P00132536&#038;mcid=42383&#038;medium=link\" target=\"_blank\" rel=\"nofollow noopener\"><strong>Clique aqui para reservar a confec\u00e7\u00e3o de sand\u00e1lias particulares em Palma de Mallorca<\/strong><\/a><\/center><\/p>\n<h2><span class=\"ez-toc-section\" id=\"6_Private_Half_Day_Sailing_Tour_in_Cala_Tuent_and_Sa_Calobra\"><\/span>6. Passeio de barco particular de meio dia em Cala Tuent e Sa Calobra<span class=\"ez-toc-section-end\"><\/span><\/h2>\n<p><a href=\"https:\/\/www.viator.com\/tours\/Mallorca\/Private-Half-Day-Sailing-Tour-in-Cala-Tuent-and-Sa-Calobra\/d955-154131P5?pid=P00132536&#038;mcid=42383&#038;medium=link\" target=\"_blank\" rel=\"nofollow noopener\"><img decoding=\"async\" class=\"aligncenter\" src=\"https:\/\/comparemyjet.com\/wp-content\/uploads\/7_34.jpg\" \/><\/a><\/p>\n<h3><span class=\"ez-toc-section\" id=\"Key_Details-6\"><\/span>Principais detalhes<span class=\"ez-toc-section-end\"><\/span><\/h3>\n<p><strong>Custo:<\/strong> De $880.21<br \/>\n<strong>Pontua\u00e7\u00e3o da avalia\u00e7\u00e3o:<\/strong> 5.0<br \/>\n<strong>N\u00famero de avalia\u00e7\u00f5es:<\/strong> 4<br \/>\n<strong>Dura\u00e7\u00e3o da excurs\u00e3o:<\/strong> 5,5 horas<\/p>\n<h3><span class=\"ez-toc-section\" id=\"Languages-6\"><\/span>Idiomas<span class=\"ez-toc-section-end\"><\/span><\/h3>\n<ul>\n<li>Ingl\u00eas<\/li>\n<li> Espanhol<\/li>\n<\/ul>\n<h3><span class=\"ez-toc-section\" id=\"Tour_Description-6\"><\/span>Descri\u00e7\u00e3o da excurs\u00e3o<span class=\"ez-toc-section-end\"><\/span><\/h3>\n<p>Visitar as enseadas virgens do norte da ilha em um barco a vela torna o passeio muito especial. Tudo isso tendo como pano de fundo o litoral intocado e acidentado do norte de Mallorca. Nadar em \u00e1guas cristalinas, mergulhar com snorkel entre os peixes, praticar paddle surf em lugares de sonho \u00e9 um breve resumo de como ser\u00e1 o dia.<\/p>\n<p>Durante a navega\u00e7\u00e3o entre os portos, \u00e9 poss\u00edvel navegar a motor ou, se as condi\u00e7\u00f5es clim\u00e1ticas permitirem, velejar, se os clientes preferirem. Navegar sem o som do motor \u00e9 uma das experi\u00eancias que o viajante ter\u00e1.\n <\/p>\n<h3><span class=\"ez-toc-section\" id=\"Whats_Included-6\"><\/span>O que est\u00e1 inclu\u00eddo<span class=\"ez-toc-section-end\"><\/span><\/h3>\n<ul>\n<li>Banheiro a bordo<\/li>\n<li>Uso de equipamento de mergulho com snorkel<\/li>\n<li>\u00c1gua engarrafada<\/li>\n<li>Refrigerante\/Pop<\/li>\n<\/ul>\n<h3><span class=\"ez-toc-section\" id=\"Whats_Not_Included-6\"><\/span>O que n\u00e3o est\u00e1 inclu\u00eddo<span class=\"ez-toc-section-end\"><\/span><\/h3>\n<ul>\n<li>Brunch<\/li>\n<li>Lanches<\/li>\n<\/ul>\n<h3><span class=\"ez-toc-section\" id=\"Cancellation_Policy-6\"><\/span>Pol\u00edtica de cancelamento<span class=\"ez-toc-section-end\"><\/span><\/h3>\n<p>Essa experi\u00eancia n\u00e3o \u00e9 reembols\u00e1vel e n\u00e3o pode ser alterada por nenhum motivo. Se voc\u00ea cancelar ou solicitar uma altera\u00e7\u00e3o, o valor pago n\u00e3o ser\u00e1 reembolsado.<\/p>\n<p><center><a href=\"https:\/\/www.viator.com\/tours\/Mallorca\/Private-Half-Day-Sailing-Tour-in-Cala-Tuent-and-Sa-Calobra\/d955-154131P5?pid=P00132536&#038;mcid=42383&#038;medium=link\" target=\"_blank\" rel=\"nofollow noopener\"><strong>Clique aqui para reservar um passeio de barco particular de meio dia em Cala Tuent e Sa Calobra<\/strong><\/a><\/center><\/p>\n<h2><span class=\"ez-toc-section\" id=\"7_Mallorca_Scenic_Helicopter_Tour_Experience\"><\/span>7. Mallorca: Experi\u00eancia c\u00eanica de passeio de helic\u00f3ptero<span class=\"ez-toc-section-end\"><\/span><\/h2>\n<p><a href=\"https:\/\/www.getyourguide.com\/mallorca-l47\/helicopter-tour-over-valldamossa-soller-the-traumantana-t458373\/?partner_id=17OK18H&#038;utm_medium=online_publisher\" target=\"_blank\" rel=\"nofollow noopener\"><img decoding=\"async\" class=\"aligncenter\" src=\"https:\/\/comparemyjet.com\/wp-content\/uploads\/139_145.jpg\" \/><\/a><\/p>\n<h3><span class=\"ez-toc-section\" id=\"Key_Details-7\"><\/span>Principais detalhes<span class=\"ez-toc-section-end\"><\/span><\/h3>\n<p><strong>Custo:<\/strong> De $455.16<br \/>\n<strong>Pontua\u00e7\u00e3o da avalia\u00e7\u00e3o:<\/strong> 4.9<br \/>\n<strong>N\u00famero de avalia\u00e7\u00f5es:<\/strong> 75<br \/>\n<strong>Dura\u00e7\u00e3o da excurs\u00e3o:<\/strong> 30 minutos<\/p>\n<h3><span class=\"ez-toc-section\" id=\"Languages-7\"><\/span>Idiomas<span class=\"ez-toc-section-end\"><\/span><\/h3>\n<ul>\n<li>Ingl\u00eas<\/li>\n<li> Alem\u00e3o<\/li>\n<li> Espanhol<\/li>\n<\/ul>\n<h3><span class=\"ez-toc-section\" id=\"Tour_Description-7\"><\/span>Descri\u00e7\u00e3o da excurs\u00e3o<span class=\"ez-toc-section-end\"><\/span><\/h3>\n<p>Suba aos c\u00e9us e veja o que Mallorca tem a oferecer durante este passeio de helic\u00f3ptero. Escolha entre 3 dura\u00e7\u00f5es de voo diferentes e voe sobre as montanhas deslumbrantes ou as \u00e1guas azuis de tirar o f\u00f4lego em um passeio verdadeiramente memor\u00e1vel.<\/p>\n<ul>\n<li>Desfrute da adrenalina de voar alto sobre a paisagem<\/li>\n<li>Escolha entre uma variedade de dura\u00e7\u00f5es de voos diferentes<\/li>\n<li>Capture conte\u00fado realmente exclusivo para o Instagram<\/li>\n<li>Maravilhe-se com as vistas deslumbrantes do c\u00e9u<\/li>\n<li>Veja Mallorca de uma perspectiva diferente<\/li>\n<\/ul>\n<h3><span class=\"ez-toc-section\" id=\"Whats_Included-7\"><\/span>O que est\u00e1 inclu\u00eddo<span class=\"ez-toc-section-end\"><\/span><\/h3>\n<p>Passeio de helic\u00f3ptero para at\u00e9 3 pessoas<\/p>\n<h3><span class=\"ez-toc-section\" id=\"Whats_Not_Included-7\"><\/span>O que n\u00e3o est\u00e1 inclu\u00eddo<span class=\"ez-toc-section-end\"><\/span><\/h3>\n<p>Aumentar o tempo de voo<\/p>\n<h3><span class=\"ez-toc-section\" id=\"Cancellation_Policy-7\"><\/span>Pol\u00edtica de cancelamento<span class=\"ez-toc-section-end\"><\/span><\/h3>\n<p>Cancelamento com at\u00e9 24 horas de anteced\u00eancia para reembolso total<\/p>\n<p><center><a href=\"https:\/\/www.getyourguide.com\/mallorca-l47\/helicopter-tour-over-valldamossa-soller-the-traumantana-t458373\/?partner_id=17OK18H&#038;utm_medium=online_publisher\" target=\"_blank\" rel=\"nofollow noopener\"><strong>Clique aqui para reservar Mallorca: Experi\u00eancia de passeio panor\u00e2mico de helic\u00f3ptero<\/strong><\/a><\/center><\/p>\n<h2><span class=\"ez-toc-section\" id=\"8_Palma_Private_Guided_Walking_Tour\"><\/span>8. Passeio a p\u00e9 com guia particular em Palma<span class=\"ez-toc-section-end\"><\/span><\/h2>\n<p><a href=\"https:\/\/www.getyourguide.com\/mallorca-l47\/palma-private-guided-walking-tour-t1221\/?partner_id=17OK18H&#038;utm_medium=online_publisher\" target=\"_blank\" rel=\"nofollow noopener\"><img decoding=\"async\" class=\"aligncenter\" src=\"https:\/\/comparemyjet.com\/wp-content\/uploads\/140_145.jpg\" \/><\/a><\/p>\n<h3><span class=\"ez-toc-section\" id=\"Key_Details-8\"><\/span>Principais detalhes<span class=\"ez-toc-section-end\"><\/span><\/h3>\n<p><strong>Custo:<\/strong> A partir de $251.68<br \/>\n<strong>Pontua\u00e7\u00e3o da avalia\u00e7\u00e3o:<\/strong> 4.8<br \/>\n<strong>N\u00famero de avalia\u00e7\u00f5es:<\/strong> 87<br \/>\n<strong>Dura\u00e7\u00e3o da excurs\u00e3o:<\/strong> 3 horas<\/p>\n<h3><span class=\"ez-toc-section\" id=\"Languages-8\"><\/span>Idiomas<span class=\"ez-toc-section-end\"><\/span><\/h3>\n<ul>\n<li>Ingl\u00eas<\/li>\n<li> Italiano<\/li>\n<li> Espanhol<\/li>\n<li> Alem\u00e3o<\/li>\n<\/ul>\n<h3><span class=\"ez-toc-section\" id=\"Tour_Description-8\"><\/span>Descri\u00e7\u00e3o da excurs\u00e3o<span class=\"ez-toc-section-end\"><\/span><\/h3>\n<p>Explore Palma em seu pr\u00f3prio ritmo com um guia particular licenciado. Personalize o passeio de acordo com seu ritmo e prefer\u00eancias enquanto passeia pelo centro hist\u00f3rico, explorando os p\u00e1tios, pra\u00e7as e mans\u00f5es imponentes.<\/p>\n<ul>\n<li>Descubra o centro hist\u00f3rico de Palma em seu pr\u00f3prio ritmo<\/li>\n<li>Saiba mais sobre os 4 enigmas da Idade M\u00e9dia<\/li>\n<li>Veja a magn\u00edfica Catedral de Le Seu e o Pal\u00e1cio Real de La Almudaina<\/li>\n<li>Personalize o passeio de acordo com seus gostos<\/li>\n<\/ul>\n<h3><span class=\"ez-toc-section\" id=\"Whats_Included-8\"><\/span>O que est\u00e1 inclu\u00eddo<span class=\"ez-toc-section-end\"><\/span><\/h3>\n<p>Guia tur\u00edstico<\/p>\n<h3><span class=\"ez-toc-section\" id=\"Whats_Not_Included-8\"><\/span>O que n\u00e3o est\u00e1 inclu\u00eddo<span class=\"ez-toc-section-end\"><\/span><\/h3>\n<ul>\n<li>Taxas de entrada<\/li>\n<li>O transporte \u00e9 extra, mediante solicita\u00e7\u00e3o<\/li>\n<\/ul>\n<h3><span class=\"ez-toc-section\" id=\"Cancellation_Policy-8\"><\/span>Pol\u00edtica de cancelamento<span class=\"ez-toc-section-end\"><\/span><\/h3>\n<p>Cancelamento com at\u00e9 24 horas de anteced\u00eancia para reembolso total<\/p>\n<p><center><a href=\"https:\/\/www.getyourguide.com\/mallorca-l47\/palma-private-guided-walking-tour-t1221\/?partner_id=17OK18H&#038;utm_medium=online_publisher\" target=\"_blank\" rel=\"nofollow noopener\"><strong>Clique aqui para reservar o passeio a p\u00e9 com guia particular em Palma<\/strong><\/a><\/center><\/p>\n<h2><span class=\"ez-toc-section\" id=\"9_Palma_Private_Seaside_Landscape_Photo_Session_with_Editing\"><\/span>9. Palma: Sess\u00e3o fotogr\u00e1fica particular de paisagem \u00e0 beira-mar com edi\u00e7\u00e3o<span class=\"ez-toc-section-end\"><\/span><\/h2>\n<p><a href=\"https:\/\/www.getyourguide.com\/mallorca-l47\/photo-session-in-beautiful-seaside-landscape-t460476\/?partner_id=17OK18H&#038;utm_medium=online_publisher\" target=\"_blank\" rel=\"nofollow noopener\"><img decoding=\"async\" class=\"aligncenter\" src=\"https:\/\/comparemyjet.com\/wp-content\/uploads\/141_145.jpg\" \/><\/a><\/p>\n<h3><span class=\"ez-toc-section\" id=\"Key_Details-9\"><\/span>Principais detalhes<span class=\"ez-toc-section-end\"><\/span><\/h3>\n<p><strong>Custo:<\/strong> De $202.41<br \/>\n<strong>Pontua\u00e7\u00e3o da avalia\u00e7\u00e3o:<\/strong> 4.8<br \/>\n<strong>N\u00famero de avalia\u00e7\u00f5es:<\/strong> 16<br \/>\n<strong>Dura\u00e7\u00e3o da excurs\u00e3o:<\/strong> 1 hora<\/p>\n<h3><span class=\"ez-toc-section\" id=\"Languages-9\"><\/span>Idiomas<span class=\"ez-toc-section-end\"><\/span><\/h3>\n<ul>\n<li>Espanhol<\/li>\n<li> Ingl\u00eas<\/li>\n<li> Italiano<\/li>\n<\/ul>\n<h3><span class=\"ez-toc-section\" id=\"Tour_Description-9\"><\/span>Descri\u00e7\u00e3o da excurs\u00e3o<span class=\"ez-toc-section-end\"><\/span><\/h3>\n<p>Embarque em uma sess\u00e3o de fotos na pitoresca reserva natural Los Deltas, perto de Palma. Seja fotografado por um fot\u00f3grafo profissional e receba 60 fotos de alta qualidade, incluindo 6 editadas profissionalmente.<\/p>\n<h3><span class=\"ez-toc-section\" id=\"Whats_Included-9\"><\/span>O que est\u00e1 inclu\u00eddo<span class=\"ez-toc-section-end\"><\/span><\/h3>\n<p><a href=\"https:\/\/comparemyjet.com\/pt_br\/hotels\/\" data-internallinksmanager029f6b8e52c=\"470\" title=\"100 melhores hot\u00e9is pr\u00f3ximos a aeroportos de todo o mundo\">Hotel<\/a> Coleta e entrega<\/p>\n<h3><span class=\"ez-toc-section\" id=\"Whats_Not_Included-9\"><\/span>O que n\u00e3o est\u00e1 inclu\u00eddo<span class=\"ez-toc-section-end\"><\/span><\/h3>\n<p>Alimentos e bebidas<\/p>\n<h3><span class=\"ez-toc-section\" id=\"Cancellation_Policy-9\"><\/span>Pol\u00edtica de cancelamento<span class=\"ez-toc-section-end\"><\/span><\/h3>\n<p>Cancelamento com at\u00e9 24 horas de anteced\u00eancia para reembolso total<\/p>\n<p><center><a href=\"https:\/\/www.getyourguide.com\/mallorca-l47\/photo-session-in-beautiful-seaside-landscape-t460476\/?partner_id=17OK18H&#038;utm_medium=online_publisher\" target=\"_blank\" rel=\"nofollow noopener\"><strong>Clique aqui para reservar Palma: Sess\u00e3o fotogr\u00e1fica particular de paisagem \u00e0 beira-mar com edi\u00e7\u00e3o<\/strong><\/a><\/center><\/p>\n<h2><span class=\"ez-toc-section\" id=\"10_Palma_Secrets_Mysteries_and_Legends_Walking_Tour\"><\/span>10. Palma: Tour a p\u00e9 pelos segredos, mist\u00e9rios e lendas<span class=\"ez-toc-section-end\"><\/span><\/h2>\n<p><a href=\"https:\/\/www.getyourguide.com\/mallorca-l47\/palma-secrets-mysteries-and-legends-walking-tour-t387520\/?partner_id=17OK18H&#038;utm_medium=online_publisher\" target=\"_blank\" rel=\"nofollow noopener\"><img decoding=\"async\" class=\"aligncenter\" src=\"https:\/\/comparemyjet.com\/wp-content\/uploads\/142_145.jpg\" \/><\/a><\/p>\n<h3><span class=\"ez-toc-section\" id=\"Key_Details-10\"><\/span>Principais detalhes<span class=\"ez-toc-section-end\"><\/span><\/h3>\n<p><strong>Custo:<\/strong> De $198.13<br \/>\n<strong>Pontua\u00e7\u00e3o da avalia\u00e7\u00e3o:<\/strong> 4.9<br \/>\n<strong>N\u00famero de avalia\u00e7\u00f5es:<\/strong> 9<br \/>\n<strong>Dura\u00e7\u00e3o da excurs\u00e3o:<\/strong> 2 horas<\/p>\n<h3><span class=\"ez-toc-section\" id=\"Languages-10\"><\/span>Idiomas<span class=\"ez-toc-section-end\"><\/span><\/h3>\n<ul>\n<li>Ingl\u00eas<\/li>\n<li> Franc\u00eas<\/li>\n<li> Alem\u00e3o<\/li>\n<\/ul>\n<h3><span class=\"ez-toc-section\" id=\"Tour_Description-10\"><\/span>Descri\u00e7\u00e3o da excurs\u00e3o<span class=\"ez-toc-section-end\"><\/span><\/h3>\n<p>Descubra Palma pela primeira vez! Conhe\u00e7a as tradi\u00e7\u00f5es, os segredos ocultos e as lendas intrigantes de Palma neste passeio guiado a p\u00e9. Experimente essa experi\u00eancia maiorquina com um guia local e oficial!<\/p>\n<ul>\n<li>Explore as ruas movimentadas de Palma com um guia local<\/li>\n<li>Admire a arquitetura ornamentada da Catedral de Palma<\/li>\n<li>Veja pontos de refer\u00eancia como a Igreja de Santa Eul\u00e1lia e a Bas\u00edlica de Sant Francesc<\/li>\n<li>Saiba mais sobre os segredos, mist\u00e9rios e lendas da cidade<\/li>\n<li>Ou\u00e7a hist\u00f3rias hist\u00f3ricas sobre Palma ao longo dos tempos<\/li>\n<\/ul>\n<h3><span class=\"ez-toc-section\" id=\"Whats_Included-10\"><\/span>O que est\u00e1 inclu\u00eddo<span class=\"ez-toc-section-end\"><\/span><\/h3>\n<p>Guia local que fala ingl\u00eas<\/p>\n<h3><span class=\"ez-toc-section\" id=\"Whats_Not_Included-10\"><\/span>O que n\u00e3o est\u00e1 inclu\u00eddo<span class=\"ez-toc-section-end\"><\/span><\/h3>\n<ul>\n<li>Alimentos ou bebidas<\/li>\n<li>Despesas pessoais<\/li>\n<\/ul>\n<h3><span class=\"ez-toc-section\" id=\"Cancellation_Policy-10\"><\/span>Pol\u00edtica de cancelamento<span class=\"ez-toc-section-end\"><\/span><\/h3>\n<p>Cancelamento com at\u00e9 24 horas de anteced\u00eancia para reembolso total<\/p>\n<p><center><a href=\"https:\/\/www.getyourguide.com\/mallorca-l47\/palma-secrets-mysteries-and-legends-walking-tour-t387520\/?partner_id=17OK18H&#038;utm_medium=online_publisher\" target=\"_blank\" rel=\"nofollow noopener\"><strong>Clique aqui para reservar o passeio a p\u00e9 Palma: Secrets, Mysteries, and Legends<\/strong><\/a><\/center><\/p>\n<h2><span class=\"ez-toc-section\" id=\"11_Serra_de_Tramuntana_Half-Day_Tour_Soller_and_Valldemosa\"><\/span>11. Excurs\u00e3o de meio dia \u00e0 Serra de Tramuntana: Soller e Valldemosa<span class=\"ez-toc-section-end\"><\/span><\/h2>\n<p><a href=\"https:\/\/www.getyourguide.com\/mallorca-l47\/serra-de-tramuntana-soller-valldemosa-half-day-tour-t51288\/?partner_id=17OK18H&#038;utm_medium=online_publisher\" target=\"_blank\" rel=\"nofollow noopener\"><img decoding=\"async\" class=\"aligncenter\" src=\"https:\/\/comparemyjet.com\/wp-content\/uploads\/143_145.jpg\" \/><\/a><\/p>\n<h3><span class=\"ez-toc-section\" id=\"Key_Details-11\"><\/span>Principais detalhes<span class=\"ez-toc-section-end\"><\/span><\/h3>\n<p><strong>Custo:<\/strong> De $937.10<br \/>\n<strong>Pontua\u00e7\u00e3o da avalia\u00e7\u00e3o:<\/strong> 5.0<br \/>\n<strong>N\u00famero de avalia\u00e7\u00f5es:<\/strong> 3<br \/>\n<strong>Dura\u00e7\u00e3o da excurs\u00e3o:<\/strong> 5 horas<\/p>\n<h3><span class=\"ez-toc-section\" id=\"Languages-11\"><\/span>Idiomas<span class=\"ez-toc-section-end\"><\/span><\/h3>\n<ul>\n<li>Ingl\u00eas<\/li>\n<li> Espanhol<\/li>\n<li> Alem\u00e3o<\/li>\n<li> Franc\u00eas<\/li>\n<\/ul>\n<h3><span class=\"ez-toc-section\" id=\"Tour_Description-11\"><\/span>Descri\u00e7\u00e3o da excurs\u00e3o<span class=\"ez-toc-section-end\"><\/span><\/h3>\n<p>Descubra a Serra de Tramuntana, Patrim\u00f4nio Mundial da UNESCO. Visite o belo vilarejo de Valldemosa e depois des\u00e7a o vale para relaxar na cidade portu\u00e1ria de Soller.<\/p>\n<ul>\n<li>Descubra os cantos escondidos da Serra de Tramuntana, Patrim\u00f4nio Mundial da UNESCO<\/li>\n<li>Visite os belos vilarejos de Valldemosa e Soller<\/li>\n<li>Experimente alguns dos bolos de batata locais<\/li>\n<li>Conhe\u00e7a a paisagem deslumbrante e o patrim\u00f4nio cultural de Soller e Valldemossa<\/li>\n<li>Explore os vilarejos pitorescos, as paisagens pitorescas e as ruas charmosas<\/li>\n<\/ul>\n<h3><span class=\"ez-toc-section\" id=\"Whats_Included-11\"><\/span>O que est\u00e1 inclu\u00eddo<span class=\"ez-toc-section-end\"><\/span><\/h3>\n<ul>\n<li>Guia<\/li>\n<li>Transporte em \u00f4nibus ou micro\u00f4nibus particular com ar-condicionado no Porto de Palma, Palma, Cala Mayor, Can Pastilla, Playa de Palma<\/li>\n<\/ul>\n<h3><span class=\"ez-toc-section\" id=\"Whats_Not_Included-11\"><\/span>O que n\u00e3o est\u00e1 inclu\u00eddo<span class=\"ez-toc-section-end\"><\/span><\/h3>\n<ul>\n<li>Alimentos e bebidas<\/li>\n<li>Entrada para monumentos<\/li>\n<li>Transporte de outras \u00e1reas que n\u00e3o sejam: Porto de Palma, Palma, Cala Mayor, Can Pastilla, Playa de Palma. Se voc\u00ea se hospedar em outro lugar, solicite uma cota\u00e7\u00e3o.<\/li>\n<\/ul>\n<h3><span class=\"ez-toc-section\" id=\"Cancellation_Policy-11\"><\/span>Pol\u00edtica de cancelamento<span class=\"ez-toc-section-end\"><\/span><\/h3>\n<p>Cancelamento com at\u00e9 2 dias de anteced\u00eancia para reembolso total<\/p>\n<p><center><a href=\"https:\/\/www.getyourguide.com\/mallorca-l47\/serra-de-tramuntana-soller-valldemosa-half-day-tour-t51288\/?partner_id=17OK18H&#038;utm_medium=online_publisher\" target=\"_blank\" rel=\"nofollow noopener\"><strong>Clique aqui para reservar a excurs\u00e3o de meio dia \u00e0 Serra de Tramuntana: Soller e Valldemosa<\/strong><\/a><\/center><\/p>\n<h2><span class=\"ez-toc-section\" id=\"How_Much_Do_Private_Tours_Cost_In_Palma_de_Mallorca\"><\/span>Quanto custam os passeios particulares em Palma de Mallorca?<span class=\"ez-toc-section-end\"><\/span><\/h2>\n<p>Os melhores passeios particulares em Palma de Mallorca custam entre $96.71 e $937.10. No entanto, voc\u00ea sempre pode verificar as listagens abaixo para encontrar algo mais barato ou at\u00e9 mesmo mais exclusivo.<\/p>\n<div data-gyg-widget=\"auto\" data-gyg-partner-id=\"17OK18H\"><\/div>\n<h2><span class=\"ez-toc-section\" id=\"Other_Popular_Private_City_Tours\"><\/span>Outros passeios privados populares pela cidade<span class=\"ez-toc-section-end\"><\/span><\/h2>\n<p><a href=\"https:\/\/comparemyjet.com\/pt_br\/passeios-particulares\/royal-alczar-of-seville-private-tours\/\">Passeios privados ao Real Alc\u00e1zar de Sevilha<\/a><br \/><a href=\"https:\/\/comparemyjet.com\/pt_br\/passeios-particulares\/sagrada-familia-private-tours\/\">Passeios particulares na Sagrada Fam\u00edlia<\/a><br \/><a href=\"https:\/\/comparemyjet.com\/pt_br\/passeios-particulares\/seville-private-tours\/\">Passeios particulares em Sevilha<\/a><br \/><a href=\"https:\/\/comparemyjet.com\/pt_br\/passeios-particulares\/tenerife-private-tours\/\">Passeios particulares em Tenerife<\/a><br \/><a href=\"https:\/\/comparemyjet.com\/pt_br\/passeios-particulares\/valencia-private-tours\/\">Passeios particulares em Val\u00eancia<\/a><\/p>","protected":false},"excerpt":{"rendered":"<p>Estes s\u00e3o os 11 melhores city tours privados em Palma de Mallorca, na Espanha, que encontramos no Viator e no Get Your Guide. 1. Catedral de Palma e arredores Tour privado com moradores locais Detalhes principais Custo: A partir de $96.71 Pontua\u00e7\u00e3o da avalia\u00e7\u00e3o: 5.0 N\u00famero de avalia\u00e7\u00f5es: 14 Dura\u00e7\u00e3o da excurs\u00e3o: 3 horas Idiomas Ingl\u00eas Espanhol Descri\u00e7\u00e3o da excurs\u00e3o Descubra os destaques ...<\/p>","protected":false},"author":1,"featured_media":6529,"parent":4500,"menu_order":0,"comment_status":"open","ping_status":"open","template":"","meta":{"_acf_changed":false,"_genesis_hide_title":false,"_genesis_hide_breadcrumbs":false,"_genesis_hide_singular_image":false,"_genesis_hide_footer_widgets":false,"_genesis_custom_body_class":"","_genesis_custom_post_class":"","_genesis_layout":"","footnotes":""},"class_list":{"1":"page","2":"type-page","6":"entry"},"acf":[],"_links":{"self":[{"href":"https:\/\/comparemyjet.com\/pt_br\/wp-json\/wp\/v2\/pages\/6528","targetHints":{"allow":["GET"]}}],"collection":[{"href":"https:\/\/comparemyjet.com\/pt_br\/wp-json\/wp\/v2\/pages"}],"about":[{"href":"https:\/\/comparemyjet.com\/pt_br\/wp-json\/wp\/v2\/types\/page"}],"author":[{"embeddable":true,"href":"https:\/\/comparemyjet.com\/pt_br\/wp-json\/wp\/v2\/users\/1"}],"replies":[{"embeddable":true,"href":"https:\/\/comparemyjet.com\/pt_br\/wp-json\/wp\/v2\/comments?post=6528"}],"version-history":[{"count":1,"href":"https:\/\/comparemyjet.com\/pt_br\/wp-json\/wp\/v2\/pages\/6528\/revisions"}],"predecessor-version":[{"id":9331,"href":"https:\/\/comparemyjet.com\/pt_br\/wp-json\/wp\/v2\/pages\/6528\/revisions\/9331"}],"up":[{"embeddable":true,"href":"https:\/\/comparemyjet.com\/pt_br\/wp-json\/wp\/v2\/pages\/4500"}],"wp:featuredmedia":[{"embeddable":true,"href":"https:\/\/comparemyjet.com\/pt_br\/wp-json\/wp\/v2\/media\/6529"}],"wp:attachment":[{"href":"https:\/\/comparemyjet.com\/pt_br\/wp-json\/wp\/v2\/media?parent=6528"}],"curies":[{"name":"wp","href":"https:\/\/api.w.org\/{rel}","templated":true}]}}