{"id":3139,"date":"2022-07-23T00:30:06","date_gmt":"2022-07-23T00:30:06","guid":{"rendered":"https:\/\/comparemyjet.com\/?page_id=3139"},"modified":"2025-09-04T09:58:25","modified_gmt":"2025-09-04T09:58:25","slug":"jet-the-world","status":"publish","type":"page","link":"https:\/\/comparemyjet.com\/tr\/jet-the-world\/","title":{"rendered":"Jet the World U\u00e7u\u015f Fiyatland\u0131rmas\u0131"},"content":{"rendered":"<p>Son on y\u0131lda ve \u00f6zellikle de pandemiden bu yana, giderek daha fazla say\u0131da gezgin, \u00f6zellikle g\u00fcvenlik ve kolayl\u0131k nedenleriyle \u00f6zel u\u00e7aklar\u0131 kullanmaya ba\u015flad\u0131. Neyse ki, d\u00fcnyada \u00f6zel jet \u015firketi s\u0131k\u0131nt\u0131s\u0131 yok, bu se\u00e7eneklerden biri de Jet the World.<\/p>\r\n\r\n\r\n\r\n<p>Jet the World bir <a href=\"https:\/\/comparemyjet.com\/tr\/how-do-you-rent-or-charter-a-private-jet\/\" data-internallinksmanager029f6b8e52c=\"15\" title=\"\u00d6zel Jet Nas\u0131l Kiralan\u0131r veya Kiraya Verilir?\">\u00f6zel jet ki\u0307ralama<\/a> m\u00fc\u015fterilerinin ihtiya\u00e7lar\u0131na g\u00f6re ki\u015fiselle\u015ftirilmi\u015f tam hizmet \u00f6zel u\u00e7u\u015flar sunan bir \u015firkettir. U\u00e7ucular, d\u00fcnya \u00e7ap\u0131nda bir\u00e7ok havaalan\u0131na u\u00e7abilen 5.000'den fazla u\u00e7a\u011f\u0131n yan\u0131 s\u0131ra havaalanlar\u0131na ve havaalanlar\u0131ndan ula\u015f\u0131ma da eri\u015febilirler.&nbsp;<\/p>\r\n\r\n\r\n\r\n<p>Bu \u015firketin neyle ilgili oldu\u011funu ve ba\u015fka hangi hizmetlerle tan\u0131nd\u0131\u011f\u0131n\u0131 g\u00f6relim.<\/p>\r\n\r\n\r\n\r\n<div id=\"ez-toc-container\" class=\"ez-toc-v2_0_76 counter-hierarchy ez-toc-counter ez-toc-grey ez-toc-container-direction\">\n<p class=\"ez-toc-title\" style=\"cursor:inherit\">Konular<\/p>\n<label for=\"ez-toc-cssicon-toggle-item-69f0780d5cb17\" class=\"ez-toc-cssicon-toggle-label\"><span class=\"\"><span class=\"eztoc-hide\" style=\"display:none;\">Ge\u00e7i\u015f<\/span><span class=\"ez-toc-icon-toggle-span\"><svg style=\"fill: #999;color:#999\" xmlns=\"http:\/\/www.w3.org\/2000\/svg\" class=\"list-377408\" width=\"20px\" height=\"20px\" viewbox=\"0 0 24 24\" fill=\"none\"><path d=\"M6 6H4v2h2V6zm14 0H8v2h12V6zM4 11h2v2H4v-2zm16 0H8v2h12v-2zM4 16h2v2H4v-2zm16 0H8v2h12v-2z\" fill=\"currentColor\"><\/path><\/svg><svg style=\"fill: #999;color:#999\" class=\"arrow-unsorted-368013\" xmlns=\"http:\/\/www.w3.org\/2000\/svg\" width=\"10px\" height=\"10px\" viewbox=\"0 0 24 24\" version=\"1.2\" baseprofile=\"tiny\"><path d=\"M18.2 9.3l-6.2-6.3-6.2 6.3c-.2.2-.3.4-.3.7s.1.5.3.7c.2.2.4.3.7.3h11c.3 0 .5-.1.7-.3.2-.2.3-.5.3-.7s-.1-.5-.3-.7zM5.8 14.7l6.2 6.3 6.2-6.3c.2-.2.3-.5.3-.7s-.1-.5-.3-.7c-.2-.2-.4-.3-.7-.3h-11c-.3 0-.5.1-.7.3-.2.2-.3.5-.3.7s.1.5.3.7z\"\/><\/svg><\/span><\/span><\/label><input type=\"checkbox\"  id=\"ez-toc-cssicon-toggle-item-69f0780d5cb17\" checked aria-label=\"Ge\u00e7i\u015f\" \/><nav><ul class='ez-toc-list ez-toc-list-level-1' ><li class='ez-toc-page-1 ez-toc-heading-level-2'><a class=\"ez-toc-link ez-toc-heading-1\" href=\"https:\/\/comparemyjet.com\/tr\/jet-the-world\/#About_the_Company\" >\u015eirket Hakk\u0131nda<\/a><\/li><li class='ez-toc-page-1 ez-toc-heading-level-2'><a class=\"ez-toc-link ez-toc-heading-2\" href=\"https:\/\/comparemyjet.com\/tr\/jet-the-world\/#Company_Jet_Card_Program\" >\u015eirket Jet Kart Program\u0131<\/a><\/li><li class='ez-toc-page-1 ez-toc-heading-level-2'><a class=\"ez-toc-link ez-toc-heading-3\" href=\"https:\/\/comparemyjet.com\/tr\/jet-the-world\/#Jet_the_World_Services\" >Jet the World Hizmetleri<\/a><ul class='ez-toc-list-level-3' ><li class='ez-toc-heading-level-3'><a class=\"ez-toc-link ez-toc-heading-4\" href=\"https:\/\/comparemyjet.com\/tr\/jet-the-world\/#On-Demand_Jet_Charter\" >\u0130ste\u011fe Ba\u011fl\u0131 Jet Kiralama&nbsp;<\/a><\/li><li class='ez-toc-page-1 ez-toc-heading-level-3'><a class=\"ez-toc-link ez-toc-heading-5\" href=\"https:\/\/comparemyjet.com\/tr\/jet-the-world\/#Concierge_Travel_Services\" >Concierge Seyahat Hizmetleri&nbsp;<\/a><\/li><li class='ez-toc-page-1 ez-toc-heading-level-3'><a class=\"ez-toc-link ez-toc-heading-6\" href=\"https:\/\/comparemyjet.com\/tr\/jet-the-world\/#Speciality_Emergency_Jet_Charter\" >\u00d6zel \/ Acil Durum Jet Kiralama&nbsp;<\/a><\/li><\/ul><\/li><li class='ez-toc-page-1 ez-toc-heading-level-2'><a class=\"ez-toc-link ez-toc-heading-7\" href=\"https:\/\/comparemyjet.com\/tr\/jet-the-world\/#The_Fleet\" >Filo&nbsp;<\/a><ul class='ez-toc-list-level-3' ><li class='ez-toc-heading-level-3'><a class=\"ez-toc-link ez-toc-heading-8\" href=\"https:\/\/comparemyjet.com\/tr\/jet-the-world\/#1_Helicopters\" >1. Helikopterler&nbsp;<\/a><ul class='ez-toc-list-level-4' ><li class='ez-toc-heading-level-4'><a class=\"ez-toc-link ez-toc-heading-9\" href=\"https:\/\/comparemyjet.com\/tr\/jet-the-world\/#Our_Recommendation_Bell_430\" >Bizim Tavsiyemiz: Bell 430<\/a><\/li><\/ul><\/li><li class='ez-toc-page-1 ez-toc-heading-level-3'><a class=\"ez-toc-link ez-toc-heading-10\" href=\"https:\/\/comparemyjet.com\/tr\/jet-the-world\/#2_Turboprop\" >2. Turboprop<\/a><ul class='ez-toc-list-level-4' ><li class='ez-toc-heading-level-4'><a class=\"ez-toc-link ez-toc-heading-11\" href=\"https:\/\/comparemyjet.com\/tr\/jet-the-world\/#Our_Recommendation_The_King_Air_B200\" >Bizim Tavsiyemiz: King Air B200<\/a><\/li><\/ul><\/li><li class='ez-toc-page-1 ez-toc-heading-level-3'><a class=\"ez-toc-link ez-toc-heading-12\" href=\"https:\/\/comparemyjet.com\/tr\/jet-the-world\/#3_Light_Private_Jets\" >3. Hafif \u00d6zel Jetler<\/a><ul class='ez-toc-list-level-4' ><li class='ez-toc-heading-level-4'><a class=\"ez-toc-link ez-toc-heading-13\" href=\"https:\/\/comparemyjet.com\/tr\/jet-the-world\/#Our_Recommendation_Learjet_35\" >Bizim Tavsiyemiz: Learjet 35<\/a><\/li><\/ul><\/li><li class='ez-toc-page-1 ez-toc-heading-level-3'><a class=\"ez-toc-link ez-toc-heading-14\" href=\"https:\/\/comparemyjet.com\/tr\/jet-the-world\/#4_Midsize_and_Super-midsize_Private_Jets\" >4. Orta Boy ve S\u00fcper Orta Boy \u00d6zel Jetler<\/a><ul class='ez-toc-list-level-4' ><li class='ez-toc-heading-level-4'><a class=\"ez-toc-link ez-toc-heading-15\" href=\"https:\/\/comparemyjet.com\/tr\/jet-the-world\/#Our_Recommendation_The_Gulfstream_280\" >Bizim Tavsiyemiz: Gulfstream 280<\/a><\/li><\/ul><\/li><li class='ez-toc-page-1 ez-toc-heading-level-3'><a class=\"ez-toc-link ez-toc-heading-16\" href=\"https:\/\/comparemyjet.com\/tr\/jet-the-world\/#5_Large_Private_Jets\" >5. B\u00fcy\u00fck \u00d6zel Jetler<\/a><ul class='ez-toc-list-level-4' ><li class='ez-toc-heading-level-4'><a class=\"ez-toc-link ez-toc-heading-17\" href=\"https:\/\/comparemyjet.com\/tr\/jet-the-world\/#Our_Recommendation_The_Gulfstream_G450\" >Bizim Tavsiyemiz: Gulfstream G450<\/a><\/li><\/ul><\/li><li class='ez-toc-page-1 ez-toc-heading-level-3'><a class=\"ez-toc-link ez-toc-heading-18\" href=\"https:\/\/comparemyjet.com\/tr\/jet-the-world\/#5_Jumbo_Jets\" >5. Jumbo Jetler<\/a><ul class='ez-toc-list-level-4' ><li class='ez-toc-heading-level-4'><a class=\"ez-toc-link ez-toc-heading-19\" href=\"https:\/\/comparemyjet.com\/tr\/jet-the-world\/#Our_Recommendation_Airbus_320\" >Bizim Tavsiyemiz: Airbus 320<\/a><\/li><\/ul><\/li><\/ul><\/li><li class='ez-toc-page-1 ez-toc-heading-level-2'><a class=\"ez-toc-link ez-toc-heading-20\" href=\"https:\/\/comparemyjet.com\/tr\/jet-the-world\/#Flying_Carbon_Neutral\" >Karbon N\u00f6tr U\u00e7mak<\/a><\/li><li class='ez-toc-page-1 ez-toc-heading-level-2'><a class=\"ez-toc-link ez-toc-heading-21\" href=\"https:\/\/comparemyjet.com\/tr\/jet-the-world\/#Pet_Policy\" >Evcil Hayvan Politikas\u0131<\/a><\/li><li class='ez-toc-page-1 ez-toc-heading-level-2'><a class=\"ez-toc-link ez-toc-heading-22\" href=\"https:\/\/comparemyjet.com\/tr\/jet-the-world\/#Conclusion\" >Sonu\u00e7<\/a><\/li><\/ul><\/nav><\/div>\n<h2 class=\"wp-block-heading\"><span class=\"ez-toc-section\" id=\"About_the_Company\"><\/span>\u015eirket Hakk\u0131nda<span class=\"ez-toc-section-end\"><\/span><\/h2>\r\n\r\n\r\n\r\n<p>Jet the World, 2009 y\u0131l\u0131nda kurulmu\u015f \u00f6zel bir \u015firkettir ve \u015firketin CEO'su R.J. LaSasso'dur. Ana ofisleri NJ'nin Kuzey b\u00f6lgesinde yer almaktad\u0131r. <a href=\"https:\/\/comparemyjet.com\/tr\/private-tours\/bergen-private-tours\/\" data-internallinksmanager029f6b8e52c=\"332\" title=\"$58.12&#039;den Ba\u015flayan En \u0130yi 11 \u00d6zel Bergen Turu\">Bergen<\/a>ve m\u00fc\u015fterilerine 7\/24 hizmet veriyorlar.<\/p>\r\n\r\n\r\n\r\n<p>Kendi filolar\u0131n\u0131 i\u015fletmek yerine, en y\u00fcksek g\u00fcvenlik standartlar\u0131n\u0131 kar\u015f\u0131lamak \u00fczere \u00f6zenle se\u00e7ilmi\u015f \u00fc\u00e7\u00fcnc\u00fc taraf \u015firketlere ait u\u00e7aklar\u0131 kullanmaktad\u0131rlar. Bu filo, helikopterlerden jumbo jetlere kadar her t\u00fcrden 5.000'den fazla u\u00e7aktan olu\u015fmaktad\u0131r.&nbsp;&nbsp;<\/p>\r\n\r\n\r\n\r\n<p>Giri\u015f seviyesi Jet Card \u00fcyelik program\u0131, bir sonraki b\u00f6l\u00fcmde daha fazlas\u0131n\u0131 okuyabilece\u011finiz hafif bir jette 25 saattir.<\/p>\r\n\r\n\r\n\r\n<h2 class=\"wp-block-heading\"><span class=\"ez-toc-section\" id=\"Company_Jet_Card_Program\"><\/span>\u015eirket Jet Kart Program\u0131<span class=\"ez-toc-section-end\"><\/span><\/h2>\r\n\r\n\r\n\r\n<p>\u00dcye olmak basit ve anla\u015f\u0131l\u0131r bir s\u00fcre\u00e7tir - sadece kullanmay\u0131 planlad\u0131\u011f\u0131n\u0131z u\u00e7u\u015f saatleri i\u00e7in \u00f6n \u00f6deme yapars\u0131n\u0131z, minimum 25 saattir ve Jet Kart\u0131n\u0131z\u0131 al\u0131rs\u0131n\u0131z. Gizli \u00fccretler ve uzun vadeli y\u00fck\u00fcml\u00fcl\u00fckler olmadan y\u0131l boyunca garantili m\u00fcsaitlikten yararlanacaks\u0131n\u0131z.&nbsp;<\/p>\r\n\r\n\r\n\r\n<p>\u00d6demeniz gereken minimum miktar yakla\u015f\u0131k $150,000'den ba\u015flar. Bu yat\u0131r\u0131m\u0131 yaparak, asl\u0131nda 25 u\u00e7u\u015f saati i\u00e7in \u00f6deme yapars\u0131n\u0131z. Bu \u00fcyelik, hafif jet kategorisindeki k\u00fc\u00e7\u00fck u\u00e7aklar i\u00e7in ge\u00e7erlidir (filo b\u00f6l\u00fcm\u00fcnde bu u\u00e7ak hakk\u0131nda daha fazla bilgi edinebilirsiniz). CEO'ya g\u00f6re, bu \u00fcyelik \u015fekli alt\u0131 ila sekiz ki\u015fiyle seyahat eden bireyler i\u00e7in ak\u0131ll\u0131ca bir karar.<\/p>\r\n\r\n\r\n\r\n<p>Seyahatleriniz daha fazla menzil i\u00e7eriyorsa, orta b\u00fcy\u00fckl\u00fckte bir jet \u00fcyeli\u011fini tercih edebilirsiniz. Filo b\u00f6l\u00fcm\u00fcnde orta boy kategorisi alt\u0131nda mevcut u\u00e7aklar\u0131 g\u00f6rebilirsiniz. 25 saat i\u00e7in bu \u00fcyelik y\u0131lda $190,000'den biraz daha az bir fiyattan ba\u015flar.<\/p>\r\n\r\n\r\n\r\n<p>A\u011f\u0131r u\u00e7ak \u00fcyeli\u011fi yakla\u015f\u0131k $280,000'dir; kendinizi \u015f\u0131martmak ve daha fazla harcamak istiyorsan\u0131z, Jet the World ayr\u0131ca $380,000'den ba\u015flayan 25 saatlik ultra uzun menzilli bir \u00fcyelik sunmaktad\u0131r.<\/p>\r\n\r\n\r\n\r\n<p>Faturan\u0131z kar\u015f\u0131s\u0131nda asla afallamayacaks\u0131n\u0131z \u00e7\u00fcnk\u00fc program her \u015feyi i\u00e7erecek \u015fekilde yap\u0131land\u0131r\u0131lm\u0131\u015ft\u0131r. <a href=\"https:\/\/www.irs.gov\/businesses\/small-businesses-self-employed\/excise-tax\" target=\"_blank\" rel=\"noopener\">Federal T\u00fcketim Vergisi<\/a>, hava ta\u015f\u0131mac\u0131l\u0131\u011f\u0131 ve segment maliyetleri. Jet The World bu masraflar\u0131 sabit saatlik \u00fccrete dahil etti\u011finden, yeniden konumland\u0131rma, bekleme veya gecelik \u00fccretler de\u011ferlendirilmeyecektir.<\/p>\r\n\r\n\r\n\r\n<p>\u00d6n \u00f6deme yapt\u0131\u011f\u0131n\u0131z u\u00e7u\u015f saatlerinin s\u00fcresi asla dolmaz. Ayr\u0131ca, kart sahibi taraf\u0131ndan onaylanan ki\u015filer, kart sahibi u\u00e7akta olsun ya da olmas\u0131n, bir jet kiralayabilir ve saatlerini kullanabilir.<\/p>\r\n\r\n\r\n\r\n<p>Jet the World jet kart\u0131n\u0131n bir \u00fcyesi olarak, iki saatlik bir bildirimle havada olabilirsiniz, ancak m\u00fcsaitlik durumunu garanti alt\u0131na almak i\u00e7in \u00f6nceden bildirim tercih edilir.&nbsp;<\/p>\r\n\r\n\r\n\r\n<h2 class=\"wp-block-heading\"><span class=\"ez-toc-section\" id=\"Jet_the_World_Services\"><\/span>Jet the World Hizmetleri<span class=\"ez-toc-section-end\"><\/span><\/h2>\r\n\r\n\r\n\r\n<p>Jet the World'\u00fcn teklifine ba\u015fka hangi hizmetlerin dahil oldu\u011funu g\u00f6relim.&nbsp;<\/p>\r\n\r\n\r\n\r\n<h3 class=\"wp-block-heading\"><span class=\"ez-toc-section\" id=\"On-Demand_Jet_Charter\"><\/span>\u0130ste\u011fe Ba\u011fl\u0131 Jet Kiralama&nbsp;<span class=\"ez-toc-section-end\"><\/span><\/h3>\r\n\r\n\r\n\r\n<p>Makul bir fiyata m\u00fckemmel bir \u00f6zel jet deneyimi ya\u015fayabilir ve iste\u011fe ba\u011fl\u0131 bir charter hizmeti ile u\u00e7abilirsiniz. Hatta spor tak\u0131mlar\u0131 veya m\u00fczisyenler ve personel gibi b\u00fcy\u00fck gruplar\u0131 ta\u015f\u0131yabilir ve ayn\u0131 g\u00fcn veya farkl\u0131 bir tarihte gidi\u015f-d\u00f6n\u00fc\u015f u\u00e7u\u015f planlayabilirsiniz.&nbsp;<\/p>\r\n\r\n\r\n\r\n<h3 class=\"wp-block-heading\"><span class=\"ez-toc-section\" id=\"Concierge_Travel_Services\"><\/span>Concierge Seyahat Hizmetleri&nbsp;<span class=\"ez-toc-section-end\"><\/span><\/h3>\r\n\r\n\r\n\r\n<p>Jet the World, konsiyerj hizmetlerinin bir par\u00e7as\u0131 olarak talep \u00fczerine kara ta\u015f\u0131mac\u0131l\u0131\u011f\u0131 ve limuzin hizmeti sunmaktad\u0131r. Ayr\u0131ca u\u00e7ak i\u00e7i catering, yat kiralama, araba kiralama veya \u00f6zel \u015fof\u00f6r ve restoran rezervasyonlar\u0131 da sa\u011flayabilirler. Konaklaman\u0131za yard\u0131mc\u0131 olabilirler ve <a href=\"https:\/\/comparemyjet.com\/tr\/hotels\/\" data-internallinksmanager029f6b8e52c=\"470\" title=\"D\u00fcnyan\u0131n D\u00f6rt Bir Yan\u0131ndan Havaalanlar\u0131na Yak\u0131n En \u0130yi 100 Otel\">Otel<\/a> Var\u0131\u015f noktan\u0131zda rezervasyon yapmak ve se\u00e7ti\u011finiz etkinlikler veya \u00f6zel rehberli bir \u015fehir turu i\u00e7in bilet sa\u011flamak ve rezerve etmek.<\/p>\r\n\r\n\r\n\r\n<p>Ek konsiyerj hizmetleri, size bir safari maceras\u0131 rezervasyonu yapmak, golf veya kayak merkezlerinde konaklama rezervasyonu yapmak ve tatilinizin planlanmas\u0131nda genel yard\u0131m sa\u011flamakt\u0131r.<\/p>\r\n\r\n\r\n\r\n<h3 class=\"wp-block-heading\"><span class=\"ez-toc-section\" id=\"Speciality_Emergency_Jet_Charter\"><\/span>\u00d6zel \/ Acil Durum Jet Kiralama&nbsp;<span class=\"ez-toc-section-end\"><\/span><\/h3>\r\n\r\n\r\n\r\n<p>\u00d6zel bir ekip, her t\u00fcrl\u00fc acil durum i\u00e7in size h\u0131zl\u0131 bir \u00e7\u00f6z\u00fcm sunmak \u00fczere 7\/24 \u00e7al\u0131\u015fmakta ve hatta tahliye u\u00e7u\u015flar\u0131 ve organ nakli gibi t\u0131bbi nakilleri organize edebilmektedir. Herhangi bir ihtimalle en k\u00f6t\u00fc durumla kar\u015f\u0131 kar\u015f\u0131ya kal\u0131rsan\u0131z ve bir tabut nakli ayarlaman\u0131z gerekirse sizin i\u00e7in buradalar.&nbsp;<\/p>\r\n\r\n\r\n\r\n<p>Jet the World, benzersiz ve hassas \u00fcr\u00fcnler de dahil olmak \u00fczere her t\u00fcrl\u00fc kargo ta\u015f\u0131mac\u0131l\u0131\u011f\u0131n\u0131 organize edebilir ve ger\u00e7ekle\u015ftirebilir. \u015eirket, son teslim tarihi olan bir i\u015finiz oldu\u011funda, hasta oldu\u011funuzda veya \u00f6zel bir acil durumunuz oldu\u011funda u\u00e7u\u015f iptallerini tolere eder.&nbsp;<\/p>\r\n\r\n\r\n\r\n<h2 class=\"wp-block-heading\"><span class=\"ez-toc-section\" id=\"The_Fleet\"><\/span>Filo&nbsp;<span class=\"ez-toc-section-end\"><\/span><\/h2>\r\n\r\n\r\n\r\n<figure class=\"wp-block-image size-large is-style-default\"><img loading=\"lazy\" decoding=\"async\" width=\"1024\" height=\"681\" src=\"https:\/\/comparemyjet.com\/wp-content\/uploads\/2022\/02\/rae-galatas-8NqkDS4gNKs-unsplash-1024x681.jpg\" alt=\"\" class=\"wp-image-2583\" srcset=\"https:\/\/comparemyjet.com\/wp-content\/uploads\/2022\/02\/rae-galatas-8NqkDS4gNKs-unsplash-300x200.jpg 300w, https:\/\/comparemyjet.com\/wp-content\/uploads\/2022\/02\/rae-galatas-8NqkDS4gNKs-unsplash-768x511.jpg 768w, https:\/\/comparemyjet.com\/wp-content\/uploads\/2022\/02\/rae-galatas-8NqkDS4gNKs-unsplash-1024x681.jpg 1024w, https:\/\/comparemyjet.com\/wp-content\/uploads\/2022\/02\/rae-galatas-8NqkDS4gNKs-unsplash-1536x1022.jpg 1536w, https:\/\/comparemyjet.com\/wp-content\/uploads\/2022\/02\/rae-galatas-8NqkDS4gNKs-unsplash-2048x1363.jpg 2048w\" sizes=\"auto, (max-width: 1024px) 100vw, 1024px\" \/><\/figure>\r\n\r\n\r\n\r\n<p>\u00d6zel jet kiralarken do\u011fru u\u00e7ak boyutunu se\u00e7mek i\u00e7in, esas olarak yolculu\u011funuzun uzunlu\u011funu, yolcu say\u0131s\u0131n\u0131 ve bagaj \/ kargo boyutunuzu g\u00f6z \u00f6n\u00fcnde bulundurmal\u0131s\u0131n\u0131z. Bu \u00fc\u00e7 bile\u015feni g\u00f6z \u00f6n\u00fcnde bulundurmak sizi do\u011frudan tercih etti\u011finiz jet s\u0131n\u0131f\u0131na g\u00f6t\u00fcrecektir. \u015eirketin ne t\u00fcr jetler sundu\u011funu ve \u00f6zelliklerini g\u00f6relim.<\/p>\r\n\r\n\r\n\r\n<h3 class=\"wp-block-heading\"><span class=\"ez-toc-section\" id=\"1_Helicopters\"><\/span>1. Helikopterler&nbsp;<span class=\"ez-toc-section-end\"><\/span><\/h3>\r\n\r\n\r\n\r\n<p>Bir helikopter kiralad\u0131\u011f\u0131n\u0131zda, tatil k\u00f6yleri ve \u00f6zel evler de dahil olmak \u00fczere herhangi bir noktada kalk\u0131\u015f ve ini\u015f gibi jetlerin sa\u011flayamayaca\u011f\u0131 ek se\u00e7eneklere sahip olursunuz. \u0130nmek i\u00e7in yeterli alan olmas\u0131 ko\u015fuluyla, herhangi bir etkinlikte muhte\u015fem bir g\u00f6rkemli giri\u015f yapabilirsiniz.&nbsp;<\/p>\r\n\r\n\r\n\r\n<p>Performanslar\u0131 m\u00fckemmel ini\u015f kapasitesine sahiptir ve yolcular i\u00e7in daha d\u00fc\u015f\u00fck bir risk sunar. Jetler kadar h\u0131zl\u0131 kalk\u0131\u015f yapamayabilirler, bu nedenle jetlerden daha k\u00fc\u00e7\u00fck olduklar\u0131 i\u00e7in daha a\u00e7\u0131k bir g\u00f6ky\u00fcz\u00fc beklemelisiniz ve hava ve r\u00fczgar engel olabilir.<\/p>\r\n\r\n\r\n\r\n<h4 class=\"wp-block-heading\"><span class=\"ez-toc-section\" id=\"Our_Recommendation_Bell_430\"><\/span>Bizim Tavsiyemiz: Bell 430<span class=\"ez-toc-section-end\"><\/span><\/h4>\r\n\r\n\r\n\r\n<p>\u00c7ift motorlu bir u\u00e7ak olan Bell 420, abart\u0131l\u0131 helikopter seyahatinin zirvesidir. Geni\u015f deri koltuklar\u0131 ve sessiz i\u00e7 mekan\u0131 sayesinde, yerle\u015fik bir e\u011flence sistemi e\u015fli\u011finde m\u00fckemmel bir l\u00fcks ve tarz i\u00e7inde seyahat edebilirsiniz. Dahas\u0131, k\u00f6t\u00fc hava ko\u015fullar\u0131nda u\u00e7mak sorun olmayacakt\u0131r \u00e7\u00fcnk\u00fc bu helikopter <a href=\"https:\/\/skybrary.aero\/articles\/instrument-flight-rules-ifr\" target=\"_blank\" rel=\"noopener\">Aletli U\u00e7u\u015f Kurallar\u0131na g\u00f6re sertifikal\u0131<\/a> (IFR).<\/p>\r\n\r\n\r\n\r\n<p>\u00d6zellikler:<\/p>\r\n\r\n\r\n\r\n<ul class=\"wp-block-list\"><li>Yolcu say\u0131s\u0131: 5;<\/li><li>\u0130\u00e7 y\u00fckseklik: 4 ft 8 in\u00e7;<\/li><li>\u0130\u00e7 geni\u015flik: 4 ft 8 in\u00e7;<\/li><li>\u0130\u00e7 bagaj alan\u0131: 3 cu ft;<\/li><li>D\u0131\u015f bagaj alan\u0131: 37 cu ft;<\/li><li>Seyir h\u0131z\u0131: 140 knot.<\/li><\/ul>\r\n\r\n\r\n\r\n<p>Jet the Worlds'\u00fc ziyaret edebilirsiniz <a href=\"https:\/\/jettheworld.com\/helicopters-turbo-props-jets-private-jet-charter\" target=\"_blank\" rel=\"noopener\">web sitesi<\/a> ve ke\u015ffedin <em>Sirorsky S-76<\/em>Kataloglar\u0131ndaki ikinci helikopter.<\/p>\r\n\r\n\r\n\r\n<h3 class=\"wp-block-heading\"><span class=\"ez-toc-section\" id=\"2_Turboprop\"><\/span>2. Turboprop<span class=\"ez-toc-section-end\"><\/span><\/h3>\r\n\r\n\r\n\r\n<p>Bir turboprop u\u00e7ak havalanmak i\u00e7in, pervaneleri d\u00f6nd\u00fcren bir di\u015fli kutusuna ba\u011fl\u0131 en az bir gaz t\u00fcrbini motoru kullan\u0131r. Turboproplar rakipleri olan pistonlu jetlere k\u0131yasla daha fazla yolcu ve y\u00fck ta\u015f\u0131yabilir ve daha y\u00fcksek ancak daha d\u00fc\u015f\u00fck h\u0131zda u\u00e7abilirler. Ayr\u0131ca, bir turboprop daha az yak\u0131t gerektirdi\u011finden daha d\u00fc\u015f\u00fck i\u015fletme giderlerine sahiptir, bu da onlar\u0131 jetlerden daha uygun fiyatl\u0131 bir se\u00e7enek haline getirir.&nbsp;<\/p>\r\n\r\n\r\n\r\n<p>Boyutlar\u0131 \u00fcreticiden \u00fcreticiye de\u011fi\u015fir, ancak genellikle sekiz yolcuyu bar\u0131nd\u0131racak kadar alana sahiptirler ve i\u00e7 mekanlar\u0131 genellikle i\u015f arkada\u015flar\u0131n\u0131n veya arkada\u015flar\u0131n\u0131n zamanlar\u0131n\u0131 verimli bir \u015fekilde ge\u00e7irebilecekleri k\u00fc\u00e7\u00fck bir ofis gibi kurulur.<\/p>\r\n\r\n\r\n\r\n<h4 class=\"wp-block-heading\"><span class=\"ez-toc-section\" id=\"Our_Recommendation_The_King_Air_B200\"><\/span>Bizim Tavsiyemiz: King Air B200<span class=\"ez-toc-section-end\"><\/span><\/h4>\r\n\r\n\r\n\r\n<p>Beechcraft King Air serisi, 1974 y\u0131l\u0131nda piyasaya s\u00fcr\u00fclmesinden bu yana s\u00fcrekli olarak \u00fcretilmi\u015f ve s\u0131n\u0131f\u0131ndaki di\u011fer turboproplar aras\u0131nda en uzun s\u00fcrekli \u00fcretim ge\u00e7mi\u015fine sahip olma rekorunu kazanm\u0131\u015ft\u0131r.<\/p>\r\n\r\n\r\n\r\n<p>Beechcraft King Air B200, tek bir m\u00fcrettebat \u00fcyesi taraf\u0131ndan kullan\u0131labilen ve yedi ila on \u00fc\u00e7 yolcu i\u00e7in koltuk bar\u0131nd\u0131ran \u00e7ift t\u00fcrbinli bir turboproptur.<\/p>\r\n\r\n\r\n\r\n<p>\u00d6zellikler:<\/p>\r\n\r\n\r\n\r\n<ul class=\"wp-block-list\"><li>Yolcular: 7 ila 13;<\/li><li>Kanat a\u00e7\u0131kl\u0131\u011f\u0131: 54 ft 5 in\u00e7;<\/li><li>D\u0131\u015f y\u00fckseklik: 14 ft 8 in\u00e7;<\/li><li>Kabin hacmi: 303 cu ft;<\/li><li>Tam uzunluk: 43 ft 8 in\u00e7;<\/li><li>Kabin uzunlu\u011fu: 16 ft 8 in\u00e7;<\/li><li>Kabin y\u00fcksekli\u011fi: 4 ft 10 in\u00e7;<\/li><li>Kabin geni\u015fli\u011fi: 4 ft 10 in\u00e7;<\/li><li>\u0130\u00e7 bagaj alan\u0131: 54 cu ft;<\/li><li>Maksimum u\u00e7u\u015f menzili: 1580 nm;<\/li><li>Normal seyir h\u0131z\u0131: 283 kts;<\/li><li>M\u00fcrettebat: 1.<\/li><\/ul>\r\n\r\n\r\n\r\n<p>Jet the Worlds'\u00fc ziyaret edebilirsiniz <a href=\"https:\/\/jettheworld.com\/helicopters-turbo-props-jets-private-jet-charter\" target=\"_blank\" rel=\"noopener\">web sitesi<\/a> ve ke\u015ffedin <em>King Air 350<\/em>Kataloglar\u0131ndaki ikinci turboprop.<\/p>\r\n\r\n\r\n\r\n<h3 class=\"wp-block-heading\"><span class=\"ez-toc-section\" id=\"3_Light_Private_Jets\"><\/span>3. Hafif \u00d6zel Jetler<span class=\"ez-toc-section-end\"><\/span><\/h3>\r\n\r\n\r\n\r\n<p>Az ki\u015fiyle seyahat ediyorsan\u0131z, \u00e7ok fazla bagaj ta\u015f\u0131m\u0131yorsan\u0131z ve bulundu\u011funuz yere h\u0131zl\u0131 bir \u015fekilde ula\u015fman\u0131z gerekiyorsa hafif bir \u00f6zel u\u00e7ak m\u00fckemmel bir se\u00e7imdir. Bu u\u00e7aklar yak\u0131t ikmali yapmadan \u00f6nce yakla\u015f\u0131k 1500 kilometre veya yakla\u015f\u0131k \u00fc\u00e7 saatlik bir u\u00e7u\u015f menziline sahiptir.&nbsp;<\/p>\r\n\r\n\r\n\r\n<h4 class=\"wp-block-heading\"><span class=\"ez-toc-section\" id=\"Our_Recommendation_Learjet_35\"><\/span>Bizim Tavsiyemiz: Learjet 35<span class=\"ez-toc-section-end\"><\/span><\/h4>\r\n\r\n\r\n\r\n<p>1974'te, <a href=\"https:\/\/comparemyjet.com\/tr\/bombardier\/\" data-internallinksmanager029f6b8e52c=\"159\" title=\"Bombardier \u00d6zel Jetleri ve U\u00e7aklar\u0131 \u0130\u00e7in Nihai Rehber\">Bombardier<\/a> <a href=\"https:\/\/comparemyjet.com\/tr\/learjet\/\" data-internallinksmanager029f6b8e52c=\"149\" title=\"Learjet \u00d6zel Jetler ve U\u00e7aklar \u0130\u00e7in Nihai Rehber\">Learjet<\/a> bir Amerikan kurumsal jeti ve asker ta\u015f\u0131ma u\u00e7a\u011f\u0131 olan Learjet 35'i yaratt\u0131. Learjet 35'in menzili, 2,060 millik kesintisiz menzile sahip oldu\u011fu i\u00e7in birincil sat\u0131\u015f noktas\u0131d\u0131r. Learjet 35 menzilden daha fazlas\u0131n\u0131 sunar; ayn\u0131 zamanda sorunsuz kullan\u0131m, d\u00fc\u015f\u00fck yak\u0131t t\u00fcketimi ve daha fazla h\u0131z sunar. Learjet 35'in kabininde sekiz ki\u015fi konaklayabilir ve mevcut bagaj alan\u0131na yakla\u015f\u0131k sekiz standart \u00e7anta s\u0131\u011fabilir.&nbsp;<\/p>\r\n\r\n\r\n\r\n<p>\u00d6zellikler:<\/p>\r\n\r\n\r\n\r\n<ul class=\"wp-block-list\"><li>Yolcu say\u0131s\u0131: 8;<\/li><li>Kabin y\u00fcksekli\u011fi: 4 ft 4 in\u00e7;<\/li><li>Kabin uzunlu\u011fu: 12 ft 11 in\u00e7;<\/li><li>Kabin geni\u015fli\u011fi: 4 ft 11 in\u00e7;<\/li><li>U\u00e7u\u015f h\u0131z\u0131: 470 kts;<\/li><li>U\u00e7u\u015f menzili: 2,120 nm;<\/li><li>Bagaj alan\u0131: 40 cu ft;<\/li><li>M\u00fcrettebat: 2.<\/li><\/ul>\r\n\r\n\r\n\r\n<p>Jet the Worlds'\u00fc ziyaret edebilirsiniz <a href=\"https:\/\/jettheworld.com\/private-jet-charter-light-jets\" target=\"_blank\" rel=\"noopener\">web sitesi<\/a> ve hafif jetler katalo\u011funu ke\u015ffedin, \u015funlar\u0131 i\u00e7erir <em>Citation Bravo, Citation CJ2\/CJ3, Citation Encore, Citation Ultra, Citation V, Hawker 400 XP, <\/em>yan\u0131 s\u0131ra \u00f6nerilen modelimiz olan<em> Learjet 35<\/em>.<\/p>\r\n\r\n\r\n\r\n<h3 class=\"wp-block-heading\"><span class=\"ez-toc-section\" id=\"4_Midsize_and_Super-midsize_Private_Jets\"><\/span>4. Orta Boy ve S\u00fcper Orta Boy \u00d6zel Jetler<span class=\"ez-toc-section-end\"><\/span><\/h3>\r\n\r\n\r\n\r\n<p>\u00d6nceki jet modelleriyle kar\u015f\u0131la\u015ft\u0131r\u0131ld\u0131\u011f\u0131nda, orta b\u00fcy\u00fckl\u00fckteki u\u00e7aklar, daha b\u00fcy\u00fck bir yolcu kapasitesi ve daha fazla dayan\u0131kl\u0131l\u0131k gerektiren yolculuklar i\u00e7in daha uygundur. Orta b\u00fcy\u00fckl\u00fckte bir \u00f6zel u\u00e7ak, kabinleri daha geni\u015f ve daha fazla olanaklara sahip oldu\u011fundan, daha fazla say\u0131da insanla daha konforlu, uzun yolculuklar i\u00e7in m\u00fckemmel bir se\u00e7enektir.<\/p>\r\n\r\n\r\n\r\n<p>Hafif jetlerden daha h\u0131zl\u0131 ve daha b\u00fcy\u00fck, a\u011f\u0131r jetlerden daha uygun fiyatl\u0131 olan bu u\u00e7ak kategorisi, \u00f6zel u\u00e7ucular aras\u0131nda en pop\u00fcler olan\u0131d\u0131r. \u00d6zel bir banyo, ihtiyac\u0131n\u0131z olan her \u015feyi ta\u015f\u0131man\u0131z i\u00e7in yeterli i\u00e7 ve d\u0131\u015f bagaj alan\u0131 ve y\u00fcksek teknolojili e\u011flence sistemleri dahildir.<\/p>\r\n\r\n\r\n\r\n<h4 class=\"wp-block-heading\"><span class=\"ez-toc-section\" id=\"Our_Recommendation_The_Gulfstream_280\"><\/span>Bizim Tavsiyemiz: Gulfstream 280<span class=\"ez-toc-section-end\"><\/span><\/h4>\r\n\r\n\r\n\r\n<p>Bu <a href=\"https:\/\/comparemyjet.com\/tr\/gulfstream\/\" data-internallinksmanager029f6b8e52c=\"175\" title=\"Gulfstream \u00d6zel Jetler ve U\u00e7aklar \u0130\u00e7in Nihai Rehber\">Gulfstream<\/a> 280, Gulfstream Aerospace i\u00e7in \u0130srail'de IAI taraf\u0131ndan \u00fcretilen s\u00fcper-orta boy \u00e7ift motorlu bir i\u015f jetidir. Tasar\u0131m\u0131 nedeniyle G280, kendi s\u0131n\u0131f\u0131nda d\u00fcnyan\u0131n en h\u0131zl\u0131 aktarmas\u0131z u\u00e7u\u015funu ger\u00e7ekle\u015ftirebilen tek u\u00e7akt\u0131r. <a href=\"https:\/\/comparemyjet.com\/tr\/london-to-new-york-private-jet-flight\/\">Londra'dan New York'a<\/a>.<\/p>\r\n\r\n\r\n\r\n<p>\u00d6zellikler:<\/p>\r\n\r\n\r\n\r\n<ul class=\"wp-block-list\"><li>Yolcu say\u0131s\u0131: 10, uyumak i\u00e7in: 5;<\/li><li>Kabin uzunlu\u011fu: 25 ft 10 in\u00e7;&nbsp;<\/li><li>Kabin geni\u015fli\u011fi: 6 ft 11 in\u00e7;<\/li><li>Kabin y\u00fcksekli\u011fi: 6 ft 1 in\u00e7;<\/li><li>U\u00e7ak menzili: 2,685 deniz mili;<\/li><li>Bagaj alan\u0131: 120 cu ft;<\/li><li>Seyir h\u0131z\u0131: 0.84 mach;<\/li><li>Maksimum u\u00e7u\u015f menzili: 3,600 nm;<\/li><li>\u0130ki ya\u015fam alan\u0131.<\/li><\/ul>\r\n\r\n\r\n\r\n<p>Jet the Worlds'\u00fcn web sitesini ziyaret edebilir ve <a href=\"https:\/\/jettheworld.com\/medium-jets-private-jet-charter\" target=\"_blank\" rel=\"noopener\">orta boy<\/a> ve <a href=\"https:\/\/jettheworld.com\/super-medium-jets-private-jet-charter\" target=\"_blank\" rel=\"noopener\">s\u00fcper-orta boy<\/a> Katalog.<\/p>\r\n\r\n\r\n\r\n<h3 class=\"wp-block-heading\"><span class=\"ez-toc-section\" id=\"5_Large_Private_Jets\"><\/span>5. B\u00fcy\u00fck \u00d6zel Jetler<span class=\"ez-toc-section-end\"><\/span><\/h3>\r\n\r\n\r\n\r\n<p>Genellikle a\u011f\u0131r u\u00e7ak olarak adland\u0131r\u0131lan b\u00fcy\u00fck u\u00e7aklar\u0131n amac\u0131, b\u00fcy\u00fck partilere daha fazla konfor ve memnuniyet sa\u011flamakt\u0131r. Tipik olarak 18 yolcu i\u00e7in oturma yeri olan b\u00fcy\u00fck u\u00e7aklar, size ger\u00e7ek bir kral boy seyahat deneyimi ya\u015fatacakt\u0131r. Bu u\u00e7aklar 12 saate varan u\u00e7u\u015f menzilleri sayesinde tek bir durak bile yapmadan k\u0131talar aras\u0131 seyahat edebilirler.<\/p>\r\n\r\n\r\n\r\n<h4 class=\"wp-block-heading\"><span class=\"ez-toc-section\" id=\"Our_Recommendation_The_Gulfstream_G450\"><\/span>Bizim Tavsiyemiz: Gulfstream G450<span class=\"ez-toc-section-end\"><\/span><\/h4>\r\n\r\n\r\n\r\n<p>S\u0131n\u0131f\u0131n\u0131n en l\u00fcks b\u00fcy\u00fck kabinli u\u00e7a\u011f\u0131, k\u0131talar \u00fczerinde u\u00e7mas\u0131yla \u00fcnl\u00fc Gulfstream G450'dir. On d\u00f6rt konuk, tam hizmet mutfa\u011f\u0131 ve bir u\u00e7u\u015f g\u00f6revlisi bulunan geni\u015f ve konforlu bir kabinde u\u00e7abilir.<\/p>\r\n\r\n\r\n\r\n<p>\u00d6zellikler:<\/p>\r\n\r\n\r\n\r\n<ul class=\"wp-block-list\"><li>Yolcu say\u0131s\u0131: 14;&nbsp;<\/li><li>Kabin uzunlu\u011fu: 40 ft 4 in\u00e7;<\/li><li>Kabin y\u00fcksekli\u011fi: 6 ft 2 in\u00e7;<\/li><li>Kabin geni\u015fli\u011fi: 7 ft 4 in\u00e7;<\/li><li>Maksimum seyir h\u0131z\u0131: 586 knot;<\/li><li>Maksimum u\u00e7u\u015f menzili: 4350 nm.<\/li><\/ul>\r\n\r\n\r\n\r\n<p>Jet the Worlds'\u00fcn web sitesini ziyaret edebilir ve <a href=\"https:\/\/jettheworld.com\/heavy-jets-private-jet-charter\" target=\"_blank\" rel=\"noopener\">b\u00fcy\u00fck \u00f6zel jetler<\/a> dahil olmak \u00fczere katalog <em>Legacy 600, Gulfstream 650, Falcon 900, Challenger serisi, <\/em>ve daha fazlas\u0131.<\/p>\r\n\r\n\r\n\r\n<h3 class=\"wp-block-heading\"><span class=\"ez-toc-section\" id=\"5_Jumbo_Jets\"><\/span>5. Jumbo Jetler<span class=\"ez-toc-section-end\"><\/span><\/h3>\r\n\r\n\r\n\r\n<p>En uzun geni\u015f g\u00f6vdeli u\u00e7aklar tipik olarak jumbo jetler olarak adland\u0131r\u0131l\u0131r. Ticari u\u00e7u\u015flar i\u00e7in de kullan\u0131ld\u0131klar\u0131ndan, bu isim ger\u00e7ekten u\u00e7a\u011f\u0131n b\u00fcy\u00fckl\u00fc\u011f\u00fcn\u00fc ifade etmektedir.&nbsp;<\/p>\r\n\r\n\r\n\r\n<h4 class=\"wp-block-heading\"><span class=\"ez-toc-section\" id=\"Our_Recommendation_Airbus_320\"><\/span>Bizim Tavsiyemiz: Airbus 320<span class=\"ez-toc-section-end\"><\/span><\/h4>\r\n\r\n\r\n\r\n<p>Kendi kategorisinde d\u00fcnyan\u0131n en \u00e7ok satan A320, A318-321'den olu\u015fan tek koridorlu yolcu u\u00e7a\u011f\u0131 serisidir. Karma\u015f\u0131k \u015fehir havalimanlar\u0131nda ve y\u00fcksek irtifada \u00e7al\u0131\u015fan, son derece k\u0131sa mesafeli havayolu rotalar\u0131 ve k\u0131talararas\u0131 b\u00f6l\u00fcmler de dahil olmak \u00fczere \u00e7e\u015fitli hizmetler i\u00e7in devreye girer.&nbsp;<\/p>\r\n\r\n\r\n\r\n<p>\u00d6zellikler:<\/p>\r\n\r\n\r\n\r\n<ul class=\"wp-block-list\"><li>Yolcu say\u0131s\u0131: 19;<\/li><li>Kabin y\u00fcksekli\u011fi: 7 ft 4 in\u00e7;<\/li><li>D\u0131\u015f y\u00fckseklik: 38 ft 7 in\u00e7;<\/li><li>Kabin geni\u015fli\u011fi: 12 ft 2 in\u00e7;<\/li><li>\u0130\u00e7 bagaj Kapasitesi: 160 cu ft;<\/li><li>T\u00fcm v\u00fccut uzunlu\u011fu: 123 ft 3 in\u00e7;<\/li><li>Maksimum aral\u0131k: 5250 nm;<\/li><li>Maksimum h\u0131z: 486 kts;<\/li><li>M\u00fcrettebat: 3.<\/li><\/ul>\r\n\r\n\r\n\r\n<p>Jet the Worlds'\u00fcn web sitesini ziyaret edebilir ve <a href=\"https:\/\/jettheworld.com\/jumbo-jets-private-jet-charter\" target=\"_blank\" rel=\"noopener\">jumbo jetler<\/a> dahil olmak \u00fczere katalog <em><a href=\"https:\/\/comparemyjet.com\/tr\/airbus\/\" data-internallinksmanager029f6b8e52c=\"147\" title=\"Airbus \u00d6zel Jetler ve U\u00e7aklar \u0130\u00e7in Nihai Rehber\">Airbus<\/a> A319, <a href=\"https:\/\/comparemyjet.com\/tr\/boeing\/\" data-internallinksmanager029f6b8e52c=\"146\" title=\"Boeing \u00d6zel Jetler ve U\u00e7aklar \u0130\u00e7in Nihai Rehber\">Boeing<\/a> \u0130\u015f jeti, <\/em>ve bizim \u00f6nerdi\u011fimiz model olan<em> Airbus 320.<\/em><\/p>\r\n\r\n\r\n\r\n<h2 class=\"wp-block-heading\"><span class=\"ez-toc-section\" id=\"Flying_Carbon_Neutral\"><\/span>Karbon N\u00f6tr U\u00e7mak<span class=\"ez-toc-section-end\"><\/span><\/h2>\r\n\r\n\r\n\r\n<p>Hava yolculu\u011fu karbon emisyonlar\u0131na k\u00fcresel \u00f6l\u00e7ekte \u00f6nemli bir katk\u0131da bulunmaktad\u0131r ve \u015firket karbon dengeleme giri\u015fimi arac\u0131l\u0131\u011f\u0131yla karbon emisyonlar\u0131n\u0131 azaltmaya kendini adam\u0131\u015ft\u0131r.<\/p>\r\n\r\n\r\n\r\n<p>Bir karbon dengelemesi, geli\u015fmekte olan \u00fclkelerde a\u011fa\u00e7 dikmek ve s\u00fcrd\u00fcr\u00fclebilir enerji altyap\u0131s\u0131 in\u015fa etmek gibi yenilenebilir enerji giri\u015fimleri sayesinde azalt\u0131lan veya \u00f6nlenen bir ton sera gaz\u0131 emisyonunu \u00f6l\u00e7er. Karbon dengelemeleri her bir seyahatten kaynaklanan gaz emisyonlar\u0131n\u0131 tamamen ortadan kald\u0131rmayacak olsa da, nihayetinde az geli\u015fmi\u015f b\u00f6lgelerde kal\u0131c\u0131 bir de\u011fi\u015fim yaratmaya yard\u0131mc\u0131 olacakt\u0131r.<\/p>\r\n\r\n\r\n\r\n<p>Jet the World ayr\u0131ca, her seyahatin kalan karbon etkisini telafi etmek i\u00e7in karbon emisyonlar\u0131n\u0131 azaltan t\u00fcm d\u00fcnyadaki \u00e7evre dostu giri\u015fimleri finanse etmektedir.<\/p>\r\n\r\n\r\n\r\n<h2 class=\"wp-block-heading\"><span class=\"ez-toc-section\" id=\"Pet_Policy\"><\/span>Evcil Hayvan Politikas\u0131<span class=\"ez-toc-section-end\"><\/span><\/h2>\r\n\r\n\r\n\r\n<figure class=\"wp-block-image size-full is-style-default\"><img loading=\"lazy\" decoding=\"async\" width=\"1000\" height=\"657\" src=\"https:\/\/comparemyjet.com\/wp-content\/uploads\/2022\/07\/man.with_.pet_.dog_.infront.of_.a.private.plane_.jpg\" alt=\"D\u00fcnyay\u0131 Jetleyin\" class=\"wp-image-3142\" srcset=\"https:\/\/comparemyjet.com\/wp-content\/uploads\/2022\/07\/man.with_.pet_.dog_.infront.of_.a.private.plane_-18x12.jpg 18w, https:\/\/comparemyjet.com\/wp-content\/uploads\/2022\/07\/man.with_.pet_.dog_.infront.of_.a.private.plane_-300x197.jpg 300w, https:\/\/comparemyjet.com\/wp-content\/uploads\/2022\/07\/man.with_.pet_.dog_.infront.of_.a.private.plane_-768x505.jpg 768w, https:\/\/comparemyjet.com\/wp-content\/uploads\/2022\/07\/man.with_.pet_.dog_.infront.of_.a.private.plane_.jpg 1000w\" sizes=\"auto, (max-width: 1000px) 100vw, 1000px\" \/><\/figure>\r\n\r\n\r\n\r\n<p>Jetlerin \u00e7o\u011fu d\u00fcnya \u00e7ap\u0131ndaki u\u00e7u\u015flarda evcil hayvanlar\u0131 kabul etmektedir. Tek yapman\u0131z gereken \u015firkete \u00f6nceden haber vermektir ve charter u\u00e7a\u011f\u0131n\u0131z evcil hayvan\u0131n\u0131z\u0131 bar\u0131nd\u0131racak \u015fekilde ayarlanacakt\u0131r.<\/p>\r\n\r\n\r\n\r\n<h2 class=\"wp-block-heading\"><span class=\"ez-toc-section\" id=\"Conclusion\"><\/span>Sonu\u00e7<span class=\"ez-toc-section-end\"><\/span><\/h2>\r\n\r\n\r\n\r\n<p>Jet the World, y\u00fczlerce u\u00e7a\u011fa eri\u015fimi olan \u00f6zel bir jet kiralama arac\u0131 kurumudur ve tercih etti\u011finiz u\u00e7ak tipini an\u0131nda bulabilirler. \u015eirket, t\u00fcm yak\u0131t ek \u00fccretlerini ve ini\u015f \u00fccretlerini i\u00e7eren uygun fiyatlar sunarak k\u00fcresel \u00f6zel jet kiralama pazar\u0131nda ortaya \u00e7\u0131km\u0131\u015ft\u0131r.<\/p>","protected":false},"excerpt":{"rendered":"<p>Son on y\u0131lda ve \u00f6zellikle de pandemiden bu yana, giderek daha fazla gezgin, \u00f6zellikle g\u00fcvenlik ve rahatl\u0131k nedenleriyle \u00f6zel u\u00e7aklar\u0131 kullanmaya ba\u015flad\u0131. Neyse ki, d\u00fcnyada \u00f6zel jet \u015firketi s\u0131k\u0131nt\u0131s\u0131 yok, bu se\u00e7eneklerden biri de Jet the World. Jet the World, tam hizmet sunan bir \u00f6zel jet kiralama \u015firketidir ...<\/p>","protected":false},"author":2,"featured_media":3140,"parent":0,"menu_order":0,"comment_status":"closed","ping_status":"closed","template":"","meta":{"_acf_changed":false,"_genesis_hide_title":false,"_genesis_hide_breadcrumbs":false,"_genesis_hide_singular_image":false,"_genesis_hide_footer_widgets":false,"_genesis_custom_body_class":"","_genesis_custom_post_class":"","_genesis_layout":"","footnotes":""},"class_list":{"1":"page","2":"type-page","6":"entry"},"acf":[],"_links":{"self":[{"href":"https:\/\/comparemyjet.com\/tr\/wp-json\/wp\/v2\/pages\/3139","targetHints":{"allow":["GET"]}}],"collection":[{"href":"https:\/\/comparemyjet.com\/tr\/wp-json\/wp\/v2\/pages"}],"about":[{"href":"https:\/\/comparemyjet.com\/tr\/wp-json\/wp\/v2\/types\/page"}],"author":[{"embeddable":true,"href":"https:\/\/comparemyjet.com\/tr\/wp-json\/wp\/v2\/users\/2"}],"replies":[{"embeddable":true,"href":"https:\/\/comparemyjet.com\/tr\/wp-json\/wp\/v2\/comments?post=3139"}],"version-history":[{"count":3,"href":"https:\/\/comparemyjet.com\/tr\/wp-json\/wp\/v2\/pages\/3139\/revisions"}],"predecessor-version":[{"id":3441,"href":"https:\/\/comparemyjet.com\/tr\/wp-json\/wp\/v2\/pages\/3139\/revisions\/3441"}],"wp:featuredmedia":[{"embeddable":true,"href":"https:\/\/comparemyjet.com\/tr\/wp-json\/wp\/v2\/media\/3140"}],"wp:attachment":[{"href":"https:\/\/comparemyjet.com\/tr\/wp-json\/wp\/v2\/media?parent=3139"}],"curies":[{"name":"wp","href":"https:\/\/api.w.org\/{rel}","templated":true}]}}