{"id":6270,"date":"2023-11-17T15:32:23","date_gmt":"2023-11-17T15:32:23","guid":{"rendered":"https:\/\/comparemyjet.com\/private-tours\/porto-private-tours\/"},"modified":"2025-09-04T10:02:31","modified_gmt":"2025-09-04T10:02:31","slug":"porto-private-tours","status":"publish","type":"page","link":"https:\/\/comparemyjet.com\/tr\/private-tours\/porto-private-tours\/","title":{"rendered":"$34.65'ten En \u0130yi 11 Porto \u00d6zel Turu"},"content":{"rendered":"<p>Porto, Portekiz i\u00e7inde bulabildi\u011fimiz en iyi 11 \u00f6zel \u015fehir turu bunlard\u0131 <a href=\"https:\/\/www.viator.com\/?pid=P00132536&amp;mcid=42383&amp;medium=link\" target=\"_blank\" rel=\"nofollow noopener\">Viator<\/a> ve <a href=\"https:\/\/www.getyourguide.com\/?partner_id=17OK18H&amp;utm_medium=online_publisher\" target=\"_blank\" rel=\"nofollow noopener\">Rehberinizi Al\u0131n<\/a>.<\/p>\n<div data-vi-partner-id=\"P00132536\" data-vi-widget-ref=\"W-7f7965eb-927c-401b-93e5-2f9e7dddb657\" ><\/div>\n<p> <script async src=\"https:\/\/www.viator.com\/orion\/partner\/widget.js\"><\/script><\/p>\n<div id=\"ez-toc-container\" class=\"ez-toc-v2_0_76 counter-hierarchy ez-toc-counter ez-toc-grey ez-toc-container-direction\">\n<p class=\"ez-toc-title\" style=\"cursor:inherit\">Konular<\/p>\n<label for=\"ez-toc-cssicon-toggle-item-69f0ab4a19635\" class=\"ez-toc-cssicon-toggle-label\"><span class=\"\"><span class=\"eztoc-hide\" style=\"display:none;\">Ge\u00e7i\u015f<\/span><span class=\"ez-toc-icon-toggle-span\"><svg style=\"fill: #999;color:#999\" xmlns=\"http:\/\/www.w3.org\/2000\/svg\" class=\"list-377408\" width=\"20px\" height=\"20px\" viewbox=\"0 0 24 24\" fill=\"none\"><path d=\"M6 6H4v2h2V6zm14 0H8v2h12V6zM4 11h2v2H4v-2zm16 0H8v2h12v-2zM4 16h2v2H4v-2zm16 0H8v2h12v-2z\" fill=\"currentColor\"><\/path><\/svg><svg style=\"fill: #999;color:#999\" class=\"arrow-unsorted-368013\" xmlns=\"http:\/\/www.w3.org\/2000\/svg\" width=\"10px\" height=\"10px\" viewbox=\"0 0 24 24\" version=\"1.2\" baseprofile=\"tiny\"><path d=\"M18.2 9.3l-6.2-6.3-6.2 6.3c-.2.2-.3.4-.3.7s.1.5.3.7c.2.2.4.3.7.3h11c.3 0 .5-.1.7-.3.2-.2.3-.5.3-.7s-.1-.5-.3-.7zM5.8 14.7l6.2 6.3 6.2-6.3c.2-.2.3-.5.3-.7s-.1-.5-.3-.7c-.2-.2-.4-.3-.7-.3h-11c-.3 0-.5.1-.7.3-.2.2-.3.5-.3.7s.1.5.3.7z\"\/><\/svg><\/span><\/span><\/label><input type=\"checkbox\"  id=\"ez-toc-cssicon-toggle-item-69f0ab4a19635\" checked aria-label=\"Ge\u00e7i\u015f\" \/><nav><ul class='ez-toc-list ez-toc-list-level-1' ><li class='ez-toc-page-1 ez-toc-heading-level-2'><a class=\"ez-toc-link ez-toc-heading-1\" href=\"https:\/\/comparemyjet.com\/tr\/private-tours\/porto-private-tours\/#1_Private_Electric_Tuk_Tuk_Sightseeing_Tour_of_Historic_Porto\" >1. Tarihi Porto'da \u00d6zel Elektrikli Tuk Tuk Gezi Turu<\/a><ul class='ez-toc-list-level-3' ><li class='ez-toc-heading-level-3'><a class=\"ez-toc-link ez-toc-heading-2\" href=\"https:\/\/comparemyjet.com\/tr\/private-tours\/porto-private-tours\/#Key_Details\" >Anahtar Ayr\u0131nt\u0131lar<\/a><\/li><li class='ez-toc-page-1 ez-toc-heading-level-3'><a class=\"ez-toc-link ez-toc-heading-3\" href=\"https:\/\/comparemyjet.com\/tr\/private-tours\/porto-private-tours\/#Languages\" >Diller<\/a><\/li><li class='ez-toc-page-1 ez-toc-heading-level-3'><a class=\"ez-toc-link ez-toc-heading-4\" href=\"https:\/\/comparemyjet.com\/tr\/private-tours\/porto-private-tours\/#Tour_Description\" >Tur A\u00e7\u0131klamas\u0131<\/a><\/li><li class='ez-toc-page-1 ez-toc-heading-level-3'><a class=\"ez-toc-link ez-toc-heading-5\" href=\"https:\/\/comparemyjet.com\/tr\/private-tours\/porto-private-tours\/#Whats_Included\" >Neler Dahil<\/a><\/li><li class='ez-toc-page-1 ez-toc-heading-level-3'><a class=\"ez-toc-link ez-toc-heading-6\" href=\"https:\/\/comparemyjet.com\/tr\/private-tours\/porto-private-tours\/#Whats_Not_Included\" >Neler Dahil De\u011fil<\/a><\/li><li class='ez-toc-page-1 ez-toc-heading-level-3'><a class=\"ez-toc-link ez-toc-heading-7\" href=\"https:\/\/comparemyjet.com\/tr\/private-tours\/porto-private-tours\/#Cancellation_Policy\" >\u0130ptal Politikas\u0131<\/a><\/li><\/ul><\/li><li class='ez-toc-page-1 ez-toc-heading-level-2'><a class=\"ez-toc-link ez-toc-heading-8\" href=\"https:\/\/comparemyjet.com\/tr\/private-tours\/porto-private-tours\/#2_Highlights_and_Hidden_Gems_of_Porto_Private_City_Walking_Tour\" >2. Porto'nun \u00d6nemli Noktalar\u0131 ve Gizli M\u00fccevherleri \u00d6zel \u015eehir Y\u00fcr\u00fcy\u00fc\u015f Turu<\/a><ul class='ez-toc-list-level-3' ><li class='ez-toc-heading-level-3'><a class=\"ez-toc-link ez-toc-heading-9\" href=\"https:\/\/comparemyjet.com\/tr\/private-tours\/porto-private-tours\/#Key_Details-2\" >Anahtar Ayr\u0131nt\u0131lar<\/a><\/li><li class='ez-toc-page-1 ez-toc-heading-level-3'><a class=\"ez-toc-link ez-toc-heading-10\" href=\"https:\/\/comparemyjet.com\/tr\/private-tours\/porto-private-tours\/#Languages-2\" >Diller<\/a><\/li><li class='ez-toc-page-1 ez-toc-heading-level-3'><a class=\"ez-toc-link ez-toc-heading-11\" href=\"https:\/\/comparemyjet.com\/tr\/private-tours\/porto-private-tours\/#Tour_Description-2\" >Tur A\u00e7\u0131klamas\u0131<\/a><\/li><li class='ez-toc-page-1 ez-toc-heading-level-3'><a class=\"ez-toc-link ez-toc-heading-12\" href=\"https:\/\/comparemyjet.com\/tr\/private-tours\/porto-private-tours\/#Whats_Included-2\" >Neler Dahil<\/a><\/li><li class='ez-toc-page-1 ez-toc-heading-level-3'><a class=\"ez-toc-link ez-toc-heading-13\" href=\"https:\/\/comparemyjet.com\/tr\/private-tours\/porto-private-tours\/#Whats_Not_Included-2\" >Neler Dahil De\u011fil<\/a><\/li><li class='ez-toc-page-1 ez-toc-heading-level-3'><a class=\"ez-toc-link ez-toc-heading-14\" href=\"https:\/\/comparemyjet.com\/tr\/private-tours\/porto-private-tours\/#Cancellation_Policy-2\" >\u0130ptal Politikas\u0131<\/a><\/li><\/ul><\/li><li class='ez-toc-page-1 ez-toc-heading-level-2'><a class=\"ez-toc-link ez-toc-heading-15\" href=\"https:\/\/comparemyjet.com\/tr\/private-tours\/porto-private-tours\/#3_Private_tour_in_the_Douro_1_to_4_people_in_a_boat_just_for_you\" >3. Sadece size \u00f6zel bir teknede Douro'da \u00f6zel tur (1 ila 4 ki\u015fi)<\/a><ul class='ez-toc-list-level-3' ><li class='ez-toc-heading-level-3'><a class=\"ez-toc-link ez-toc-heading-16\" href=\"https:\/\/comparemyjet.com\/tr\/private-tours\/porto-private-tours\/#Key_Details-3\" >Anahtar Ayr\u0131nt\u0131lar<\/a><\/li><li class='ez-toc-page-1 ez-toc-heading-level-3'><a class=\"ez-toc-link ez-toc-heading-17\" href=\"https:\/\/comparemyjet.com\/tr\/private-tours\/porto-private-tours\/#Languages-3\" >Diller<\/a><\/li><li class='ez-toc-page-1 ez-toc-heading-level-3'><a class=\"ez-toc-link ez-toc-heading-18\" href=\"https:\/\/comparemyjet.com\/tr\/private-tours\/porto-private-tours\/#Tour_Description-3\" >Tur A\u00e7\u0131klamas\u0131<\/a><\/li><li class='ez-toc-page-1 ez-toc-heading-level-3'><a class=\"ez-toc-link ez-toc-heading-19\" href=\"https:\/\/comparemyjet.com\/tr\/private-tours\/porto-private-tours\/#Whats_Included-3\" >Neler Dahil<\/a><\/li><li class='ez-toc-page-1 ez-toc-heading-level-3'><a class=\"ez-toc-link ez-toc-heading-20\" href=\"https:\/\/comparemyjet.com\/tr\/private-tours\/porto-private-tours\/#Whats_Not_Included-3\" >Neler Dahil De\u011fil<\/a><\/li><li class='ez-toc-page-1 ez-toc-heading-level-3'><a class=\"ez-toc-link ez-toc-heading-21\" href=\"https:\/\/comparemyjet.com\/tr\/private-tours\/porto-private-tours\/#Cancellation_Policy-3\" >\u0130ptal Politikas\u0131<\/a><\/li><\/ul><\/li><li class='ez-toc-page-1 ez-toc-heading-level-2'><a class=\"ez-toc-link ez-toc-heading-22\" href=\"https:\/\/comparemyjet.com\/tr\/private-tours\/porto-private-tours\/#4_The_Award-Winning_Private_Food_Tour_of_Porto_6_or_10_Tastings\" >4. \u00d6d\u00fcll\u00fc \u00d6zel Porto Yemek Turu: 6 veya 10 Tad\u0131m<\/a><ul class='ez-toc-list-level-3' ><li class='ez-toc-heading-level-3'><a class=\"ez-toc-link ez-toc-heading-23\" href=\"https:\/\/comparemyjet.com\/tr\/private-tours\/porto-private-tours\/#Key_Details-4\" >Anahtar Ayr\u0131nt\u0131lar<\/a><\/li><li class='ez-toc-page-1 ez-toc-heading-level-3'><a class=\"ez-toc-link ez-toc-heading-24\" href=\"https:\/\/comparemyjet.com\/tr\/private-tours\/porto-private-tours\/#Languages-4\" >Diller<\/a><\/li><li class='ez-toc-page-1 ez-toc-heading-level-3'><a class=\"ez-toc-link ez-toc-heading-25\" href=\"https:\/\/comparemyjet.com\/tr\/private-tours\/porto-private-tours\/#Tour_Description-4\" >Tur A\u00e7\u0131klamas\u0131<\/a><\/li><li class='ez-toc-page-1 ez-toc-heading-level-3'><a class=\"ez-toc-link ez-toc-heading-26\" href=\"https:\/\/comparemyjet.com\/tr\/private-tours\/porto-private-tours\/#Whats_Included-4\" >Neler Dahil<\/a><\/li><li class='ez-toc-page-1 ez-toc-heading-level-3'><a class=\"ez-toc-link ez-toc-heading-27\" href=\"https:\/\/comparemyjet.com\/tr\/private-tours\/porto-private-tours\/#Whats_Not_Included-4\" >Neler Dahil De\u011fil<\/a><\/li><li class='ez-toc-page-1 ez-toc-heading-level-3'><a class=\"ez-toc-link ez-toc-heading-28\" href=\"https:\/\/comparemyjet.com\/tr\/private-tours\/porto-private-tours\/#Cancellation_Policy-4\" >\u0130ptal Politikas\u0131<\/a><\/li><\/ul><\/li><li class='ez-toc-page-1 ez-toc-heading-level-2'><a class=\"ez-toc-link ez-toc-heading-29\" href=\"https:\/\/comparemyjet.com\/tr\/private-tours\/porto-private-tours\/#5_Porto_Private_Guided_Walking_Tour\" >5. Porto: \u00d6zel Rehberli Y\u00fcr\u00fcy\u00fc\u015f Turu<\/a><ul class='ez-toc-list-level-3' ><li class='ez-toc-heading-level-3'><a class=\"ez-toc-link ez-toc-heading-30\" href=\"https:\/\/comparemyjet.com\/tr\/private-tours\/porto-private-tours\/#Key_Details-5\" >Anahtar Ayr\u0131nt\u0131lar<\/a><\/li><li class='ez-toc-page-1 ez-toc-heading-level-3'><a class=\"ez-toc-link ez-toc-heading-31\" href=\"https:\/\/comparemyjet.com\/tr\/private-tours\/porto-private-tours\/#Languages-5\" >Diller<\/a><\/li><li class='ez-toc-page-1 ez-toc-heading-level-3'><a class=\"ez-toc-link ez-toc-heading-32\" href=\"https:\/\/comparemyjet.com\/tr\/private-tours\/porto-private-tours\/#Tour_Description-5\" >Tur A\u00e7\u0131klamas\u0131<\/a><\/li><li class='ez-toc-page-1 ez-toc-heading-level-3'><a class=\"ez-toc-link ez-toc-heading-33\" href=\"https:\/\/comparemyjet.com\/tr\/private-tours\/porto-private-tours\/#Whats_Included-5\" >Neler Dahil<\/a><\/li><li class='ez-toc-page-1 ez-toc-heading-level-3'><a class=\"ez-toc-link ez-toc-heading-34\" href=\"https:\/\/comparemyjet.com\/tr\/private-tours\/porto-private-tours\/#Whats_Not_Included-5\" >Neler Dahil De\u011fil<\/a><\/li><li class='ez-toc-page-1 ez-toc-heading-level-3'><a class=\"ez-toc-link ez-toc-heading-35\" href=\"https:\/\/comparemyjet.com\/tr\/private-tours\/porto-private-tours\/#Cancellation_Policy-5\" >\u0130ptal Politikas\u0131<\/a><\/li><\/ul><\/li><li class='ez-toc-page-1 ez-toc-heading-level-2'><a class=\"ez-toc-link ez-toc-heading-36\" href=\"https:\/\/comparemyjet.com\/tr\/private-tours\/porto-private-tours\/#6_Private_tasting_in_the_Douro_1_to_6_people_on_a_Yacht_just_for_you\" >6. Douro'da \u00f6zel tad\u0131m (1 ila 6 ki\u015fi) sadece sizin i\u00e7in bir Yatta<\/a><ul class='ez-toc-list-level-3' ><li class='ez-toc-heading-level-3'><a class=\"ez-toc-link ez-toc-heading-37\" href=\"https:\/\/comparemyjet.com\/tr\/private-tours\/porto-private-tours\/#Key_Details-6\" >Anahtar Ayr\u0131nt\u0131lar<\/a><\/li><li class='ez-toc-page-1 ez-toc-heading-level-3'><a class=\"ez-toc-link ez-toc-heading-38\" href=\"https:\/\/comparemyjet.com\/tr\/private-tours\/porto-private-tours\/#Languages-6\" >Diller<\/a><\/li><li class='ez-toc-page-1 ez-toc-heading-level-3'><a class=\"ez-toc-link ez-toc-heading-39\" href=\"https:\/\/comparemyjet.com\/tr\/private-tours\/porto-private-tours\/#Tour_Description-6\" >Tur A\u00e7\u0131klamas\u0131<\/a><\/li><li class='ez-toc-page-1 ez-toc-heading-level-3'><a class=\"ez-toc-link ez-toc-heading-40\" href=\"https:\/\/comparemyjet.com\/tr\/private-tours\/porto-private-tours\/#Whats_Included-6\" >Neler Dahil<\/a><\/li><li class='ez-toc-page-1 ez-toc-heading-level-3'><a class=\"ez-toc-link ez-toc-heading-41\" href=\"https:\/\/comparemyjet.com\/tr\/private-tours\/porto-private-tours\/#Whats_Not_Included-6\" >Neler Dahil De\u011fil<\/a><\/li><li class='ez-toc-page-1 ez-toc-heading-level-3'><a class=\"ez-toc-link ez-toc-heading-42\" href=\"https:\/\/comparemyjet.com\/tr\/private-tours\/porto-private-tours\/#Cancellation_Policy-6\" >\u0130ptal Politikas\u0131<\/a><\/li><\/ul><\/li><li class='ez-toc-page-1 ez-toc-heading-level-2'><a class=\"ez-toc-link ez-toc-heading-43\" href=\"https:\/\/comparemyjet.com\/tr\/private-tours\/porto-private-tours\/#7_From_Porto_Private_Douro_Valley_Tour_with_Cruise_and_Wine\" >7. Porto'dan: Cruise ve \u015earap ile \u00d6zel Douro Vadisi Turu<\/a><ul class='ez-toc-list-level-3' ><li class='ez-toc-heading-level-3'><a class=\"ez-toc-link ez-toc-heading-44\" href=\"https:\/\/comparemyjet.com\/tr\/private-tours\/porto-private-tours\/#Key_Details-7\" >Anahtar Ayr\u0131nt\u0131lar<\/a><\/li><li class='ez-toc-page-1 ez-toc-heading-level-3'><a class=\"ez-toc-link ez-toc-heading-45\" href=\"https:\/\/comparemyjet.com\/tr\/private-tours\/porto-private-tours\/#Languages-7\" >Diller<\/a><\/li><li class='ez-toc-page-1 ez-toc-heading-level-3'><a class=\"ez-toc-link ez-toc-heading-46\" href=\"https:\/\/comparemyjet.com\/tr\/private-tours\/porto-private-tours\/#Tour_Description-7\" >Tur A\u00e7\u0131klamas\u0131<\/a><\/li><li class='ez-toc-page-1 ez-toc-heading-level-3'><a class=\"ez-toc-link ez-toc-heading-47\" href=\"https:\/\/comparemyjet.com\/tr\/private-tours\/porto-private-tours\/#Whats_Included-7\" >Neler Dahil<\/a><\/li><li class='ez-toc-page-1 ez-toc-heading-level-3'><a class=\"ez-toc-link ez-toc-heading-48\" href=\"https:\/\/comparemyjet.com\/tr\/private-tours\/porto-private-tours\/#Whats_Not_Included-7\" >Neler Dahil De\u011fil<\/a><\/li><li class='ez-toc-page-1 ez-toc-heading-level-3'><a class=\"ez-toc-link ez-toc-heading-49\" href=\"https:\/\/comparemyjet.com\/tr\/private-tours\/porto-private-tours\/#Cancellation_Policy-7\" >\u0130ptal Politikas\u0131<\/a><\/li><\/ul><\/li><li class='ez-toc-page-1 ez-toc-heading-level-2'><a class=\"ez-toc-link ez-toc-heading-50\" href=\"https:\/\/comparemyjet.com\/tr\/private-tours\/porto-private-tours\/#8_Porto_Porto_Vila_Nova_de_Gaia_Private_Tour_by_Vintage_Car\" >8. Porto Porto &amp; Vila Nova de Gaia Vintage Araba ile \u00d6zel Tur<\/a><ul class='ez-toc-list-level-3' ><li class='ez-toc-heading-level-3'><a class=\"ez-toc-link ez-toc-heading-51\" href=\"https:\/\/comparemyjet.com\/tr\/private-tours\/porto-private-tours\/#Key_Details-8\" >Anahtar Ayr\u0131nt\u0131lar<\/a><\/li><li class='ez-toc-page-1 ez-toc-heading-level-3'><a class=\"ez-toc-link ez-toc-heading-52\" href=\"https:\/\/comparemyjet.com\/tr\/private-tours\/porto-private-tours\/#Languages-8\" >Diller<\/a><\/li><li class='ez-toc-page-1 ez-toc-heading-level-3'><a class=\"ez-toc-link ez-toc-heading-53\" href=\"https:\/\/comparemyjet.com\/tr\/private-tours\/porto-private-tours\/#Tour_Description-8\" >Tur A\u00e7\u0131klamas\u0131<\/a><\/li><li class='ez-toc-page-1 ez-toc-heading-level-3'><a class=\"ez-toc-link ez-toc-heading-54\" href=\"https:\/\/comparemyjet.com\/tr\/private-tours\/porto-private-tours\/#Whats_Included-8\" >Neler Dahil<\/a><\/li><li class='ez-toc-page-1 ez-toc-heading-level-3'><a class=\"ez-toc-link ez-toc-heading-55\" href=\"https:\/\/comparemyjet.com\/tr\/private-tours\/porto-private-tours\/#Whats_Not_Included-8\" >Neler Dahil De\u011fil<\/a><\/li><li class='ez-toc-page-1 ez-toc-heading-level-3'><a class=\"ez-toc-link ez-toc-heading-56\" href=\"https:\/\/comparemyjet.com\/tr\/private-tours\/porto-private-tours\/#Cancellation_Policy-8\" >\u0130ptal Politikas\u0131<\/a><\/li><\/ul><\/li><li class='ez-toc-page-1 ez-toc-heading-level-2'><a class=\"ez-toc-link ez-toc-heading-57\" href=\"https:\/\/comparemyjet.com\/tr\/private-tours\/porto-private-tours\/#9_Porto_Private_Food_Tour_%E2%80%93_10_Tastings_with_Locals\" >9. Porto: \u00d6zel Yemek Turu - Yerel Halkla 10 Tad\u0131m<\/a><ul class='ez-toc-list-level-3' ><li class='ez-toc-heading-level-3'><a class=\"ez-toc-link ez-toc-heading-58\" href=\"https:\/\/comparemyjet.com\/tr\/private-tours\/porto-private-tours\/#Key_Details-9\" >Anahtar Ayr\u0131nt\u0131lar<\/a><\/li><li class='ez-toc-page-1 ez-toc-heading-level-3'><a class=\"ez-toc-link ez-toc-heading-59\" href=\"https:\/\/comparemyjet.com\/tr\/private-tours\/porto-private-tours\/#Languages-9\" >Diller<\/a><\/li><li class='ez-toc-page-1 ez-toc-heading-level-3'><a class=\"ez-toc-link ez-toc-heading-60\" href=\"https:\/\/comparemyjet.com\/tr\/private-tours\/porto-private-tours\/#Tour_Description-9\" >Tur A\u00e7\u0131klamas\u0131<\/a><\/li><li class='ez-toc-page-1 ez-toc-heading-level-3'><a class=\"ez-toc-link ez-toc-heading-61\" href=\"https:\/\/comparemyjet.com\/tr\/private-tours\/porto-private-tours\/#Whats_Included-9\" >Neler Dahil<\/a><\/li><li class='ez-toc-page-1 ez-toc-heading-level-3'><a class=\"ez-toc-link ez-toc-heading-62\" href=\"https:\/\/comparemyjet.com\/tr\/private-tours\/porto-private-tours\/#Whats_Not_Included-9\" >Neler Dahil De\u011fil<\/a><\/li><li class='ez-toc-page-1 ez-toc-heading-level-3'><a class=\"ez-toc-link ez-toc-heading-63\" href=\"https:\/\/comparemyjet.com\/tr\/private-tours\/porto-private-tours\/#Cancellation_Policy-9\" >\u0130ptal Politikas\u0131<\/a><\/li><\/ul><\/li><li class='ez-toc-page-1 ez-toc-heading-level-2'><a class=\"ez-toc-link ez-toc-heading-64\" href=\"https:\/\/comparemyjet.com\/tr\/private-tours\/porto-private-tours\/#10_From_Porto_Wonders_of_Braga_Guimaraes_Private_Day_Trip\" >10. Porto'dan: Braga ve Guimaraes Harikalar\u0131 \u00d6zel G\u00fcnl\u00fck Gezi<\/a><ul class='ez-toc-list-level-3' ><li class='ez-toc-heading-level-3'><a class=\"ez-toc-link ez-toc-heading-65\" href=\"https:\/\/comparemyjet.com\/tr\/private-tours\/porto-private-tours\/#Key_Details-10\" >Anahtar Ayr\u0131nt\u0131lar<\/a><\/li><li class='ez-toc-page-1 ez-toc-heading-level-3'><a class=\"ez-toc-link ez-toc-heading-66\" href=\"https:\/\/comparemyjet.com\/tr\/private-tours\/porto-private-tours\/#Languages-10\" >Diller<\/a><\/li><li class='ez-toc-page-1 ez-toc-heading-level-3'><a class=\"ez-toc-link ez-toc-heading-67\" href=\"https:\/\/comparemyjet.com\/tr\/private-tours\/porto-private-tours\/#Tour_Description-10\" >Tur A\u00e7\u0131klamas\u0131<\/a><\/li><li class='ez-toc-page-1 ez-toc-heading-level-3'><a class=\"ez-toc-link ez-toc-heading-68\" href=\"https:\/\/comparemyjet.com\/tr\/private-tours\/porto-private-tours\/#Whats_Included-10\" >Neler Dahil<\/a><\/li><li class='ez-toc-page-1 ez-toc-heading-level-3'><a class=\"ez-toc-link ez-toc-heading-69\" href=\"https:\/\/comparemyjet.com\/tr\/private-tours\/porto-private-tours\/#Whats_Not_Included-10\" >Neler Dahil De\u011fil<\/a><\/li><li class='ez-toc-page-1 ez-toc-heading-level-3'><a class=\"ez-toc-link ez-toc-heading-70\" href=\"https:\/\/comparemyjet.com\/tr\/private-tours\/porto-private-tours\/#Cancellation_Policy-10\" >\u0130ptal Politikas\u0131<\/a><\/li><\/ul><\/li><li class='ez-toc-page-1 ez-toc-heading-level-2'><a class=\"ez-toc-link ez-toc-heading-71\" href=\"https:\/\/comparemyjet.com\/tr\/private-tours\/porto-private-tours\/#11_From_Porto_Private_Douro_Valley_Tour_with_Booking_Service\" >11. Porto'dan: Rezervasyon Hizmeti ile \u00d6zel Douro Vadisi Turu<\/a><ul class='ez-toc-list-level-3' ><li class='ez-toc-heading-level-3'><a class=\"ez-toc-link ez-toc-heading-72\" href=\"https:\/\/comparemyjet.com\/tr\/private-tours\/porto-private-tours\/#Key_Details-11\" >Anahtar Ayr\u0131nt\u0131lar<\/a><\/li><li class='ez-toc-page-1 ez-toc-heading-level-3'><a class=\"ez-toc-link ez-toc-heading-73\" href=\"https:\/\/comparemyjet.com\/tr\/private-tours\/porto-private-tours\/#Languages-11\" >Diller<\/a><\/li><li class='ez-toc-page-1 ez-toc-heading-level-3'><a class=\"ez-toc-link ez-toc-heading-74\" href=\"https:\/\/comparemyjet.com\/tr\/private-tours\/porto-private-tours\/#Tour_Description-11\" >Tur A\u00e7\u0131klamas\u0131<\/a><\/li><li class='ez-toc-page-1 ez-toc-heading-level-3'><a class=\"ez-toc-link ez-toc-heading-75\" href=\"https:\/\/comparemyjet.com\/tr\/private-tours\/porto-private-tours\/#Whats_Included-11\" >Neler Dahil<\/a><\/li><li class='ez-toc-page-1 ez-toc-heading-level-3'><a class=\"ez-toc-link ez-toc-heading-76\" href=\"https:\/\/comparemyjet.com\/tr\/private-tours\/porto-private-tours\/#Whats_Not_Included-11\" >Neler Dahil De\u011fil<\/a><\/li><li class='ez-toc-page-1 ez-toc-heading-level-3'><a class=\"ez-toc-link ez-toc-heading-77\" href=\"https:\/\/comparemyjet.com\/tr\/private-tours\/porto-private-tours\/#Cancellation_Policy-11\" >\u0130ptal Politikas\u0131<\/a><\/li><\/ul><\/li><li class='ez-toc-page-1 ez-toc-heading-level-2'><a class=\"ez-toc-link ez-toc-heading-78\" href=\"https:\/\/comparemyjet.com\/tr\/private-tours\/porto-private-tours\/#How_Much_Do_Private_Tours_Cost_In_Porto\" >Porto'da \u00d6zel Turlar\u0131n Maliyeti Ne Kadar?<\/a><\/li><li class='ez-toc-page-1 ez-toc-heading-level-2'><a class=\"ez-toc-link ez-toc-heading-79\" href=\"https:\/\/comparemyjet.com\/tr\/private-tours\/porto-private-tours\/#Other_Popular_Private_City_Tours\" >Di\u011fer Pop\u00fcler \u00d6zel \u015eehir Turlar\u0131<\/a><\/li><\/ul><\/nav><\/div>\n<h2><span class=\"ez-toc-section\" id=\"1_Private_Electric_Tuk_Tuk_Sightseeing_Tour_of_Historic_Porto\"><\/span>1. Tarihi Porto'da \u00d6zel Elektrikli Tuk Tuk Gezi Turu<span class=\"ez-toc-section-end\"><\/span><\/h2>\n<p><a href=\"https:\/\/www.viator.com\/tours\/Porto\/Historic-Porto-1h30-Private-Tour-on-an-Electric-Tuk-Tuk\/d26879-277252P1?pid=P00132536&#038;mcid=42383&#038;medium=link\" target=\"_blank\" rel=\"nofollow noopener\"><img decoding=\"async\" class=\"aligncenter\" src=\"https:\/\/comparemyjet.com\/wp-content\/uploads\/5_31.jpg\" \/><\/a><\/p>\n<h3><span class=\"ez-toc-section\" id=\"Key_Details\"><\/span>Anahtar Ayr\u0131nt\u0131lar<span class=\"ez-toc-section-end\"><\/span><\/h3>\n<p><strong>Maliyet:<\/strong> $39.26'dan itibaren<br \/>\n<strong>\u0130nceleme Puan\u0131:<\/strong> 5.0<br \/>\n<strong>Yorum Say\u0131s\u0131:<\/strong> 951<br \/>\n<strong>Tur Uzunlu\u011fu:<\/strong> 1,5 saat<\/p>\n<h3><span class=\"ez-toc-section\" id=\"Languages\"><\/span>Diller<span class=\"ez-toc-section-end\"><\/span><\/h3>\n<ul>\n<li>Portekizce<\/li>\n<li> \u0130ngilizce<\/li>\n<li> Frans\u0131zca<\/li>\n<li> \u0130spanyolca<\/li>\n<\/ul>\n<h3><span class=\"ez-toc-section\" id=\"Tour_Description\"><\/span>Tur A\u00e7\u0131klamas\u0131<span class=\"ez-toc-section-end\"><\/span><\/h3>\n<p>Porto'nun Tarihi Merkezi \u015fehrin ka\u00e7\u0131r\u0131lmamas\u0131 gereken bir b\u00f6lgesidir, ancak y\u00fcr\u00fcyerek ke\u015ffediyorsan\u0131z, b\u00f6lgede \u00e7ok say\u0131da tepe oldu\u011fu i\u00e7in k\u0131sa bir s\u00fcre sonra \u00e7ok yorulabilirsiniz. Bunun yerine, bu Porto \u00d6zel Elektrikli Tuk Tuk Gezi Turu i\u00e7in \u00f6nceden rezervasyon yapt\u0131r\u0131n ve \u015fehri kolayl\u0131kla gezin. Sao Bento Tren \u0130stasyonu, Porto Katedrali, Livraria Lello ve daha fazlas\u0131n\u0131 ziyaret edeceksiniz.<\/p>\n<ul>\n<li>Porto Tarihi Merkezi'nin bir\u00e7ok cazibe merkezini k\u0131sa s\u00fcrede g\u00f6r\u00fcn <\/li>\n<li>Neredeyse sessiz bir otomatik \u00e7ek\u00e7ek, rehberinizin yorumlar\u0131n\u0131 duyman\u0131z\u0131 sa\u011flar <\/li>\n<li>Ayaklar\u0131n\u0131z\u0131 Porto'nun bir\u00e7ok tepesine t\u0131rmanma stresinden kurtar\u0131n <\/li>\n<li>Kolay rezervasyon i\u00e7in g\u00fcnl\u00fck birden fazla tur saati aras\u0131ndan se\u00e7im yap\u0131n<\/li>\n<\/ul>\n<h3><span class=\"ez-toc-section\" id=\"Whats_Included\"><\/span>Neler Dahil<span class=\"ez-toc-section-end\"><\/span><\/h3>\n<ul>\n<li>\u00d6zel ula\u015f\u0131m<\/li>\n<li>\u00d6zel Rehber<\/li>\n<\/ul>\n<h3><span class=\"ez-toc-section\" id=\"Whats_Not_Included\"><\/span>Neler Dahil De\u011fil<span class=\"ez-toc-section-end\"><\/span><\/h3>\n<p>At\u0131\u015ft\u0131rmal\u0131klar<\/p>\n<h3><span class=\"ez-toc-section\" id=\"Cancellation_Policy\"><\/span>\u0130ptal Politikas\u0131<span class=\"ez-toc-section-end\"><\/span><\/h3>\n<p>Tam bir geri \u00f6deme i\u00e7in deneyimden 24 saat \u00f6ncesine kadar iptal edebilirsiniz.<\/p>\n<p><center><a href=\"https:\/\/www.viator.com\/tours\/Porto\/Historic-Porto-1h30-Private-Tour-on-an-Electric-Tuk-Tuk\/d26879-277252P1?pid=P00132536&#038;mcid=42383&#038;medium=link\" target=\"_blank\" rel=\"nofollow noopener\"><strong>Tarihi Porto'da \u00d6zel Elektrikli Tuk Tuk Gezi Turu Rezervasyonu \u0130\u00e7in T\u0131klay\u0131n\u0131z<\/strong><\/a><\/center><\/p>\n<h2><span class=\"ez-toc-section\" id=\"2_Highlights_and_Hidden_Gems_of_Porto_Private_City_Walking_Tour\"><\/span>2. Porto'nun \u00d6nemli Noktalar\u0131 ve Gizli M\u00fccevherleri \u00d6zel \u015eehir Y\u00fcr\u00fcy\u00fc\u015f Turu<span class=\"ez-toc-section-end\"><\/span><\/h2>\n<p><a href=\"https:\/\/www.viator.com\/tours\/Porto\/Private-The-Best-of-Porto-Highlights-and-Hidden-Gems\/d26879-24380P434?pid=P00132536&#038;mcid=42383&#038;medium=link\" target=\"_blank\" rel=\"nofollow noopener\"><img decoding=\"async\" class=\"aligncenter\" src=\"https:\/\/comparemyjet.com\/wp-content\/uploads\/8_86.jpg\" \/><\/a><\/p>\n<h3><span class=\"ez-toc-section\" id=\"Key_Details-2\"><\/span>Anahtar Ayr\u0131nt\u0131lar<span class=\"ez-toc-section-end\"><\/span><\/h3>\n<p><strong>Maliyet:<\/strong> $63.25'ten itibaren<br \/>\n<strong>\u0130nceleme Puan\u0131:<\/strong> 5.0<br \/>\n<strong>Yorum Say\u0131s\u0131:<\/strong> 669<br \/>\n<strong>Tur Uzunlu\u011fu:<\/strong> 3 saat<\/p>\n<h3><span class=\"ez-toc-section\" id=\"Languages-2\"><\/span>Diller<span class=\"ez-toc-section-end\"><\/span><\/h3>\n<ul>\n<li>Portekizce<\/li>\n<li> \u0130ngilizce<\/li>\n<\/ul>\n<h3><span class=\"ez-toc-section\" id=\"Tour_Description-2\"><\/span>Tur A\u00e7\u0131klamas\u0131<span class=\"ez-toc-section-end\"><\/span><\/h3>\n<p>Bu 3 saatlik \u00f6zel tur s\u0131ras\u0131nda Porto'nun sundu\u011fu en iyi \u015feyleri ke\u015ffedin. Clerigos Kulesi, Sao Bento tren istasyonu, Dom Luis I K\u00f6pr\u00fcs\u00fc, \u00fcnl\u00fc Lello Kitabevi ve daha fazlas\u0131 gibi \u015fehrin \u00f6nemli simge yap\u0131lar\u0131n\u0131 ziyaret edin. Porto ve Portekiz'in tarihi hakk\u0131nda bilgi edinin, tur rehberinizden i\u00e7eriden ipu\u00e7lar\u0131 al\u0131n ve ke\u015ffederken yerel bir f\u0131r\u0131ndan lezzetli bir at\u0131\u015ft\u0131rmal\u0131\u011f\u0131n tad\u0131n\u0131 \u00e7\u0131kar\u0131n.<\/p>\n<ul>\n<li>Porto'nun sundu\u011fu en iyi \u015feyleri 3 saatlik bir gezi turunda g\u00f6r\u00fcn <\/li>\n<li>Clerigos Kulesi, Sao Bento istasyonu ve Dom Luis I K\u00f6pr\u00fcs\u00fc'n\u00fc ziyaret edin <\/li>\n<li>Ke\u015ffederken Porto'nun tarihi ve k\u00fclt\u00fcr\u00fc hakk\u0131nda bilgi edinin <\/li>\n<li>\u00d6zel bir tur rehberi ile ki\u015fiselle\u015ftirilmi\u015f bir deneyimin tad\u0131n\u0131 \u00e7\u0131kar\u0131n<\/li>\n<\/ul>\n<h3><span class=\"ez-toc-section\" id=\"Whats_Included-2\"><\/span>Neler Dahil<span class=\"ez-toc-section-end\"><\/span><\/h3>\n<ul>\n<li>\u00d6zel tur<\/li>\n<li>1 yerel i\u00e7ecek\/tad\u0131ml\u0131k<\/li>\n<li>Yerel rehber<\/li>\n<\/ul>\n<h3><span class=\"ez-toc-section\" id=\"Whats_Not_Included-2\"><\/span>Neler Dahil De\u011fil<span class=\"ez-toc-section-end\"><\/span><\/h3>\n<p><a href=\"https:\/\/comparemyjet.com\/tr\/hotels\/\" data-internallinksmanager029f6b8e52c=\"470\" title=\"D\u00fcnyan\u0131n D\u00f6rt Bir Yan\u0131ndan Havaalanlar\u0131na Yak\u0131n En \u0130yi 100 Otel\">Otel<\/a> alma ve b\u0131rakma<\/p>\n<h3><span class=\"ez-toc-section\" id=\"Cancellation_Policy-2\"><\/span>\u0130ptal Politikas\u0131<span class=\"ez-toc-section-end\"><\/span><\/h3>\n<p>Tam bir geri \u00f6deme i\u00e7in deneyimden 24 saat \u00f6ncesine kadar iptal edebilirsiniz.<\/p>\n<p><center><a href=\"https:\/\/www.viator.com\/tours\/Porto\/Private-The-Best-of-Porto-Highlights-and-Hidden-Gems\/d26879-24380P434?pid=P00132536&#038;mcid=42383&#038;medium=link\" target=\"_blank\" rel=\"nofollow noopener\"><strong>Porto'nun \u00d6ne \u00c7\u0131kan ve Gizli M\u00fccevherleri \u00d6zel \u015eehir Y\u00fcr\u00fcy\u00fc\u015f Turu Rezervasyonu \u0130\u00e7in T\u0131klay\u0131n\u0131z<\/strong><\/a><\/center><\/p>\n<h2><span class=\"ez-toc-section\" id=\"3_Private_tour_in_the_Douro_1_to_4_people_in_a_boat_just_for_you\"><\/span>3. Sadece size \u00f6zel bir teknede Douro'da \u00f6zel tur (1 ila 4 ki\u015fi)<span class=\"ez-toc-section-end\"><\/span><\/h2>\n<p><a href=\"https:\/\/www.viator.com\/tours\/Porto\/Private-tour-in-the-Douro-1-to-4-people-in-a-boat-just-for-you\/d26879-159853P4?pid=P00132536&#038;mcid=42383&#038;medium=link\" target=\"_blank\" rel=\"nofollow noopener\"><img decoding=\"async\" class=\"aligncenter\" src=\"https:\/\/comparemyjet.com\/wp-content\/uploads\/4_54.jpg\" \/><\/a><\/p>\n<h3><span class=\"ez-toc-section\" id=\"Key_Details-3\"><\/span>Anahtar Ayr\u0131nt\u0131lar<span class=\"ez-toc-section-end\"><\/span><\/h3>\n<p><strong>Maliyet:<\/strong> $163.59'dan itibaren<br \/>\n<strong>\u0130nceleme Puan\u0131:<\/strong> 5.0<br \/>\n<strong>Yorum Say\u0131s\u0131:<\/strong> 458<br \/>\n<strong>Tur Uzunlu\u011fu:<\/strong> 2 saat<\/p>\n<h3><span class=\"ez-toc-section\" id=\"Languages-3\"><\/span>Diller<span class=\"ez-toc-section-end\"><\/span><\/h3>\n<ul>\n<li>Portekizce<\/li>\n<li> \u0130ngilizce<\/li>\n<li> \u0130spanyolca<\/li>\n<\/ul>\n<h3><span class=\"ez-toc-section\" id=\"Tour_Description-3\"><\/span>Tur A\u00e7\u0131klamas\u0131<span class=\"ez-toc-section-end\"><\/span><\/h3>\n<p>En fazla d\u00f6rt ki\u015fiden olu\u015fan k\u00fc\u00e7\u00fck grubunuza \u00f6zel bir teknede Douro Nehri'ni yak\u0131ndan g\u00f6r\u00fcn. Sakin bir cazibe havas\u0131 sunan tekne, profesyonel bir kaptan ve Porto'nun tarihi k\u00f6pr\u00fcleri ve Gaia'n\u0131n ma\u011faralar\u0131 etraf\u0131nda dikkatlice planlanm\u0131\u015f bir rota ile standart bir nehir gezisine \u00f6zel bir alternatif sunuyor. Ho\u015f geldiniz i\u00e7ece\u011fi ve ho\u015f kokulu badem at\u0131\u015ft\u0131rmal\u0131klar\u0131 da ikramlar aras\u0131ndad\u0131r.<\/p>\n<ul>\n<li>Romantik bir ziyafet veya aile gezisi olarak \u00f6zel bir tekne turu rezervasyonu yap\u0131n <\/li>\n<li>Gemiye binerken geleneksel bir Portekiz i\u00e7kisi ile kar\u015f\u0131lan\u0131n <\/li>\n<li>\u015eehrin nehir kenar\u0131ndaki simge yap\u0131lar\u0131n\u0131n ve k\u00f6pr\u00fclerinin engelsiz manzaras\u0131n\u0131n keyfini \u00e7\u0131kar\u0131n <\/li>\n<li>Yerel komutan\u0131n\u0131zdan \u015fehir hakk\u0131nda e\u011flenceli bilgiler ve hikayeler dinleyin<\/li>\n<\/ul>\n<h3><span class=\"ez-toc-section\" id=\"Whats_Included-3\"><\/span>Neler Dahil<span class=\"ez-toc-section-end\"><\/span><\/h3>\n<ul>\n<li>Alkoll\u00fc \u0130\u00e7ecekler<\/li>\n<li>\u015ei\u015felenmi\u015f su<\/li>\n<li>Aromatik otlu badem<\/li>\n<\/ul>\n<h3><span class=\"ez-toc-section\" id=\"Whats_Not_Included-3\"><\/span>Neler Dahil De\u011fil<span class=\"ez-toc-section-end\"><\/span><\/h3>\n<p>N\/A<\/p>\n<h3><span class=\"ez-toc-section\" id=\"Cancellation_Policy-3\"><\/span>\u0130ptal Politikas\u0131<span class=\"ez-toc-section-end\"><\/span><\/h3>\n<p>Tam bir geri \u00f6deme i\u00e7in deneyimden 24 saat \u00f6ncesine kadar iptal edebilirsiniz.<\/p>\n<p><center><a href=\"https:\/\/www.viator.com\/tours\/Porto\/Private-tour-in-the-Douro-1-to-4-people-in-a-boat-just-for-you\/d26879-159853P4?pid=P00132536&#038;mcid=42383&#038;medium=link\" target=\"_blank\" rel=\"nofollow noopener\"><strong>Sadece size \u00f6zel bir teknede Douro'da \u00f6zel tur (1 ila 4 ki\u015fi) rezervasyonu i\u00e7in Buraya T\u0131klay\u0131n<\/strong><\/a><\/center><\/p>\n<h2><span class=\"ez-toc-section\" id=\"4_The_Award-Winning_Private_Food_Tour_of_Porto_6_or_10_Tastings\"><\/span>4. \u00d6d\u00fcll\u00fc \u00d6zel Porto Yemek Turu: 6 veya 10 Tad\u0131m<span class=\"ez-toc-section-end\"><\/span><\/h2>\n<p><a href=\"https:\/\/www.viator.com\/tours\/Porto\/Private-Food-Tour-of-Porto-The-10-Tastings\/d26879-24380P423?pid=P00132536&#038;mcid=42383&#038;medium=link\" target=\"_blank\" rel=\"nofollow noopener\"><img decoding=\"async\" class=\"aligncenter\" src=\"https:\/\/comparemyjet.com\/wp-content\/uploads\/3_af.jpg\" \/><\/a><\/p>\n<h3><span class=\"ez-toc-section\" id=\"Key_Details-4\"><\/span>Anahtar Ayr\u0131nt\u0131lar<span class=\"ez-toc-section-end\"><\/span><\/h3>\n<p><strong>Maliyet:<\/strong> $97.06'dan<br \/>\n<strong>\u0130nceleme Puan\u0131:<\/strong> 5.0<br \/>\n<strong>Yorum Say\u0131s\u0131:<\/strong> 436<br \/>\n<strong>Tur Uzunlu\u011fu:<\/strong> 3 saat<\/p>\n<h3><span class=\"ez-toc-section\" id=\"Languages-4\"><\/span>Diller<span class=\"ez-toc-section-end\"><\/span><\/h3>\n<ul>\n<li>Portekizce<\/li>\n<li> \u0130ngilizce<\/li>\n<\/ul>\n<h3><span class=\"ez-toc-section\" id=\"Tour_Description-4\"><\/span>Tur A\u00e7\u0131klamas\u0131<span class=\"ez-toc-section-end\"><\/span><\/h3>\n<p>Yerel bir rehber e\u015fli\u011finde bu \u00f6zel yemek turunda Porto'nun ger\u00e7ek tad\u0131na var\u0131n. A\u00e7 gelin ve Porto'nun otantik taraf\u0131na bir g\u00f6z atmak i\u00e7in yerel s\u0131cak noktalardan gizli m\u00fccevherlere kadar her \u015feyi ziyaret edin. Yerel mutfa\u011fa \u00f6zg\u00fc ve yemek konusunda tutkulu yerel bir rehber taraf\u0131ndan \u00f6zenle se\u00e7ilmi\u015f tad\u0131mlar i\u00e7in durun. Porto \u015farab\u0131, pasteis de nata ve daha fazlas\u0131n\u0131n tad\u0131na bak\u0131n. T\u00fcm tad\u0131mlar bilet fiyat\u0131n\u0131za dahildir.<\/p>\n<ul>\n<li>Yerel bir rehber e\u015fli\u011finde \u00f6zel bir turda yerel Portekiz yemeklerinin tad\u0131na bak\u0131n <\/li>\n<li>Dahil olan 10 tad\u0131m i\u00e7in yerel s\u0131cak noktalar\u0131 ve gizli m\u00fccevherleri ziyaret edin<\/li>\n<li>Geleneksel lezzetlerin nas\u0131l yap\u0131ld\u0131\u011f\u0131n\u0131 g\u00f6r\u00fcn <\/li>\n<li>\u0130lk kez gelen ziyaret\u00e7iler i\u00e7in ideal stressiz paket<\/li>\n<\/ul>\n<h3><span class=\"ez-toc-section\" id=\"Whats_Included-4\"><\/span>Neler Dahil<span class=\"ez-toc-section-end\"><\/span><\/h3>\n<ul>\n<li>Ki\u015fiye \u00d6zel Tur <\/li>\n<li>Yerel Yemek Rehberi <\/li>\n<li>10 y\u00fcksek kaliteli yerel \u00fcr\u00fcnden olu\u015fan yiyecek ve i\u00e7ecek tad\u0131m\u0131 <\/li>\n<li>Vejetaryen alternatifler mevcut <\/li>\n<li>Sadece siz ve rehberiniz - tur s\u0131ras\u0131nda ba\u015fka taraflar yok <\/li>\n<li>B-Corp sertifikal\u0131 bir \u015firket taraf\u0131ndan d\u00fczenlenen karbon n\u00f6tr tur<\/li>\n<\/ul>\n<h3><span class=\"ez-toc-section\" id=\"Whats_Not_Included-4\"><\/span>Neler Dahil De\u011fil<span class=\"ez-toc-section-end\"><\/span><\/h3>\n<p>Otelden alma ve otele b\u0131rakma<\/p>\n<h3><span class=\"ez-toc-section\" id=\"Cancellation_Policy-4\"><\/span>\u0130ptal Politikas\u0131<span class=\"ez-toc-section-end\"><\/span><\/h3>\n<p>Tam bir geri \u00f6deme i\u00e7in deneyimden 24 saat \u00f6ncesine kadar iptal edebilirsiniz.<\/p>\n<p><center><a href=\"https:\/\/www.viator.com\/tours\/Porto\/Private-Food-Tour-of-Porto-The-10-Tastings\/d26879-24380P423?pid=P00132536&#038;mcid=42383&#038;medium=link\" target=\"_blank\" rel=\"nofollow noopener\"><strong>\u00d6d\u00fcll\u00fc \u00d6zel Porto Yemek Turu Rezervasyonu \u0130\u00e7in Buraya T\u0131klay\u0131n: 6 veya 10 Tad\u0131m<\/strong><\/a><\/center><\/p>\n<h2><span class=\"ez-toc-section\" id=\"5_Porto_Private_Guided_Walking_Tour\"><\/span>5. Porto: \u00d6zel Rehberli Y\u00fcr\u00fcy\u00fc\u015f Turu<span class=\"ez-toc-section-end\"><\/span><\/h2>\n<p><a href=\"https:\/\/www.viator.com\/tours\/Porto\/Porto-Private-Guided-Walking-Tour\/d26879-30924P9?pid=P00132536&#038;mcid=42383&#038;medium=link\" target=\"_blank\" rel=\"nofollow noopener\"><img decoding=\"async\" class=\"aligncenter\" src=\"https:\/\/comparemyjet.com\/wp-content\/uploads\/3_36.jpg\" \/><\/a><\/p>\n<h3><span class=\"ez-toc-section\" id=\"Key_Details-5\"><\/span>Anahtar Ayr\u0131nt\u0131lar<span class=\"ez-toc-section-end\"><\/span><\/h3>\n<p><strong>Maliyet:<\/strong> $163.59'dan itibaren<br \/>\n<strong>\u0130nceleme Puan\u0131:<\/strong> 5.0<br \/>\n<strong>Yorum Say\u0131s\u0131:<\/strong> 367<br \/>\n<strong>Tur Uzunlu\u011fu:<\/strong> 3 ila 4 saat<\/p>\n<h3><span class=\"ez-toc-section\" id=\"Languages-5\"><\/span>Diller<span class=\"ez-toc-section-end\"><\/span><\/h3>\n<ul>\n<li>\u0130ngilizce<\/li>\n<li> \u0130spanyolca<\/li>\n<\/ul>\n<h3><span class=\"ez-toc-section\" id=\"Tour_Description-5\"><\/span>Tur A\u00e7\u0131klamas\u0131<span class=\"ez-toc-section-end\"><\/span><\/h3>\n<p>Bir \u015fehri ger\u00e7ekten tan\u0131man\u0131n en iyi yollar\u0131ndan biri y\u00fcr\u00fcy\u00fc\u015f turudur. Porto'nun bu \u00f6zel y\u00fcr\u00fcy\u00fc\u015f turunda, \u015fehrin \u00f6nemli noktalar\u0131n\u0131 ke\u015ffedecek ve bilgili bir rehberden yerel tarih hakk\u0131nda bilgi alacaks\u0131n\u0131z. S\u00e3o Bento Tren \u0130stasyonu ve Clerigos Kulesi gibi en \u00f6nemli turistik yerleri g\u00f6rmenin yan\u0131 s\u0131ra, \u00fcnl\u00fc Lello Kitabevi'ne de \u00f6ncelikli giri\u015f hakk\u0131na sahip olacaks\u0131n\u0131z.<\/p>\n<ul>\n<li>Bir UNESCO D\u00fcnya Miras\u0131 Alan\u0131n\u0131 Ke\u015ffedin-Porto<\/li>\n<li>\u00c7o\u011fu merkezi Porto otelinden ara\u00e7la alman\u0131n keyfini \u00e7\u0131kar\u0131n<\/li>\n<li>Yiyecek, i\u00e7ecek ve ke\u015ffedilecek yerler hakk\u0131nda i\u00e7eriden ipu\u00e7lar\u0131 al\u0131n<\/li>\n<li>\u00d6zel bir tur, ki\u015fiselle\u015ftirilmi\u015f bir deneyim anlam\u0131na gelir<\/li>\n<\/ul>\n<h3><span class=\"ez-toc-section\" id=\"Whats_Included-5\"><\/span>Neler Dahil<span class=\"ez-toc-section-end\"><\/span><\/h3>\n<ul>\n<li>Yerel rehber<\/li>\n<li>Otelden alma (de\u011ferlendirme a\u015famas\u0131nda)<\/li>\n<\/ul>\n<h3><span class=\"ez-toc-section\" id=\"Whats_Not_Included-5\"><\/span>Neler Dahil De\u011fil<span class=\"ez-toc-section-end\"><\/span><\/h3>\n<ul>\n<li>Otel b\u0131rakma<\/li>\n<li>\u00d6zel Harcamalar<\/li>\n<\/ul>\n<h3><span class=\"ez-toc-section\" id=\"Cancellation_Policy-5\"><\/span>\u0130ptal Politikas\u0131<span class=\"ez-toc-section-end\"><\/span><\/h3>\n<p>Tam bir geri \u00f6deme i\u00e7in deneyimden 24 saat \u00f6ncesine kadar iptal edebilirsiniz.<\/p>\n<p><center><a href=\"https:\/\/www.viator.com\/tours\/Porto\/Porto-Private-Guided-Walking-Tour\/d26879-30924P9?pid=P00132536&#038;mcid=42383&#038;medium=link\" target=\"_blank\" rel=\"nofollow noopener\"><strong>Porto Rezervasyonu \u0130\u00e7in T\u0131klay\u0131n\u0131z: \u00d6zel Rehberli Y\u00fcr\u00fcy\u00fc\u015f Turu<\/strong><\/a><\/center><\/p>\n<h2><span class=\"ez-toc-section\" id=\"6_Private_tasting_in_the_Douro_1_to_6_people_on_a_Yacht_just_for_you\"><\/span>6. Douro'da \u00f6zel tad\u0131m (1 ila 6 ki\u015fi) sadece sizin i\u00e7in bir Yatta<span class=\"ez-toc-section-end\"><\/span><\/h2>\n<p><a href=\"https:\/\/www.viator.com\/tours\/Porto\/Exclusive-tasting-in-the-Douro-1-to-6-people-on-board-a-Yacht\/d26879-159853P6?pid=P00132536&#038;mcid=42383&#038;medium=link\" target=\"_blank\" rel=\"nofollow noopener\"><img decoding=\"async\" class=\"aligncenter\" src=\"https:\/\/comparemyjet.com\/wp-content\/uploads\/9_d5.jpg\" \/><\/a><\/p>\n<h3><span class=\"ez-toc-section\" id=\"Key_Details-6\"><\/span>Anahtar Ayr\u0131nt\u0131lar<span class=\"ez-toc-section-end\"><\/span><\/h3>\n<p><strong>Maliyet:<\/strong> $272.64'ten itibaren<br \/>\n<strong>\u0130nceleme Puan\u0131:<\/strong> 5.0<br \/>\n<strong>Yorum Say\u0131s\u0131:<\/strong> 267<br \/>\n<strong>Tur Uzunlu\u011fu:<\/strong> 2 saat<\/p>\n<h3><span class=\"ez-toc-section\" id=\"Languages-6\"><\/span>Diller<span class=\"ez-toc-section-end\"><\/span><\/h3>\n<ul>\n<li>Portekizce<\/li>\n<li> \u0130ngilizce<\/li>\n<li> \u0130spanyolca<\/li>\n<\/ul>\n<h3><span class=\"ez-toc-section\" id=\"Tour_Description-6\"><\/span>Tur A\u00e7\u0131klamas\u0131<span class=\"ez-toc-section-end\"><\/span><\/h3>\n<p>E\u015fsiz ve \u00f6zel bir deneyim ya\u015fay\u0131n, Douro Nehri'nin tad\u0131n\u0131 \u00e7\u0131kar\u0131n... sakince... 27 metrelik bir yatta, Portekiz'in y\u00f6resel lezzetlerini tan\u0131tmak ve \"SMILE\" Yat\u0131nda size unutulmaz anlar ya\u015fatmak amac\u0131yla.<\/p>\n<p>G\u00fcnd\u00fcz veya gece, \u00e7iftler, aileler veya alt\u0131 ki\u015fiye kadar olan gruplar i\u00e7in tasarlanm\u0131\u015f, her t\u00fcrl\u00fc kar\u0131\u015f\u0131kl\u0131k ve y\u0131\u011f\u0131lmadan uzak, yak\u0131n, rahat ve esasl\u0131 bir \u015fekilde yap\u0131lan \u00f6zel deneyim.<\/p>\n<p>\u0130ki deneyimli kayak\u00e7\u0131, tutkulu ve bu nehrin b\u00fcy\u00fck uzmanlar\u0131 taraf\u0131ndan yap\u0131lan navigasyon, her zaman sakin bir \u015fekilde, k\u0131sa molalarla yap\u0131l\u0131r, b\u00f6ylece misafirlerimiz \u015fehirlerin bu g\u00fczel perspektifinin tad\u0131n\u0131 \u00e7\u0131karabilir ve do\u011fal olarak gerekli foto\u011fraflar\u0131 \u00e7ekebilir.<\/p>\n<p>Marina do Freixo ile Atlantik Okyanusu aras\u0131nda 20 km'den fazla navigasyona sahip rota.<\/p>\n<h3><span class=\"ez-toc-section\" id=\"Whats_Included-6\"><\/span>Neler Dahil<span class=\"ez-toc-section-end\"><\/span><\/h3>\n<ul>\n<li>T\u00fcm \u00dccret ve Vergiler<\/li>\n<li>Gemide tuvalet<\/li>\n<li>\u00d6zel ula\u015f\u0131m<\/li>\n<li>Gemide WiFi<\/li>\n<li>Gerekli t\u00fcm g\u00fcvenlik ekipmanlar\u0131.<\/li>\n<li>\u015ei\u015felenmi\u015f su<\/li>\n<li>Alkoll\u00fc \u0130\u00e7ecekler<\/li>\n<li>Portekiz y\u00f6resel \u00fcr\u00fcnleri tad\u0131m panosu<\/li>\n<\/ul>\n<h3><span class=\"ez-toc-section\" id=\"Whats_Not_Included-6\"><\/span>Neler Dahil De\u011fil<span class=\"ez-toc-section-end\"><\/span><\/h3>\n<p>N\/A<\/p>\n<h3><span class=\"ez-toc-section\" id=\"Cancellation_Policy-6\"><\/span>\u0130ptal Politikas\u0131<span class=\"ez-toc-section-end\"><\/span><\/h3>\n<p>Tam bir geri \u00f6deme i\u00e7in deneyimden 24 saat \u00f6ncesine kadar iptal edebilirsiniz.<\/p>\n<p><center><a href=\"https:\/\/www.viator.com\/tours\/Porto\/Exclusive-tasting-in-the-Douro-1-to-6-people-on-board-a-Yacht\/d26879-159853P6?pid=P00132536&#038;mcid=42383&#038;medium=link\" target=\"_blank\" rel=\"nofollow noopener\"><strong>Sadece Size \u00d6zel Bir Yatta Douro'da \u00d6zel Tad\u0131m (1 ila 6 ki\u015fi) Rezervasyonu Yapmak \u0130\u00e7in Buraya T\u0131klay\u0131n<\/strong><\/a><\/center><\/p>\n<h2><span class=\"ez-toc-section\" id=\"7_From_Porto_Private_Douro_Valley_Tour_with_Cruise_and_Wine\"><\/span>7. Porto'dan: Cruise ve \u015earap ile \u00d6zel Douro Vadisi Turu<span class=\"ez-toc-section-end\"><\/span><\/h2>\n<p><a href=\"https:\/\/www.getyourguide.com\/porto-l151\/from-porto-private-douro-valley-tour-with-cruise-and-wine-t96807\/?partner_id=17OK18H&#038;utm_medium=online_publisher\" target=\"_blank\" rel=\"nofollow noopener\"><img decoding=\"async\" class=\"aligncenter\" src=\"https:\/\/comparemyjet.com\/wp-content\/uploads\/363_98.jpg\" \/><\/a><\/p>\n<h3><span class=\"ez-toc-section\" id=\"Key_Details-7\"><\/span>Anahtar Ayr\u0131nt\u0131lar<span class=\"ez-toc-section-end\"><\/span><\/h3>\n<p><strong>Maliyet:<\/strong> $246.74'ten itibaren<br \/>\n<strong>\u0130nceleme Puan\u0131:<\/strong> 5.0<br \/>\n<strong>Yorum Say\u0131s\u0131:<\/strong> 51<br \/>\n<strong>Tur Uzunlu\u011fu:<\/strong> 10 saat<\/p>\n<h3><span class=\"ez-toc-section\" id=\"Languages-7\"><\/span>Diller<span class=\"ez-toc-section-end\"><\/span><\/h3>\n<ul>\n<li>\u0130spanyolca<\/li>\n<li> \u0130ngilizce<\/li>\n<li> Frans\u0131zca<\/li>\n<li> Portekizce<\/li>\n<\/ul>\n<h3><span class=\"ez-toc-section\" id=\"Tour_Description-7\"><\/span>Tur A\u00e7\u0131klamas\u0131<span class=\"ez-toc-section-end\"><\/span><\/h3>\n<p>UNESCO D\u00fcnya Miras\u0131 ve d\u00fcnyan\u0131n en eski s\u0131n\u0131rland\u0131r\u0131lm\u0131\u015f b\u00f6lgesinde unutulmaz bir g\u00fcn\u00fcn g\u00fczelli\u011fini, huzurunu, manzaralar\u0131n\u0131, \u015faraplar\u0131n\u0131 ve aromalar\u0131n\u0131 \u00f6zel bir turla deneyimleyin.<\/p>\n<ul>\n<li>\u015earap tad\u0131m\u0131 e\u015fli\u011finde bir gemi yolculu\u011funa \u00e7\u0131k\u0131n<\/li>\n<li>B\u00f6lgedeki en g\u00fczel 2 \u015farap tesisini ziyaret edin<\/li>\n<li>Yerel bir restoranda \u00f6\u011fle yeme\u011finin tad\u0131n\u0131 \u00e7\u0131kar\u0131n<\/li>\n<\/ul>\n<h3><span class=\"ez-toc-section\" id=\"Whats_Included-7\"><\/span>Neler Dahil<span class=\"ez-toc-section-end\"><\/span><\/h3>\n<ul>\n<li>Otelden alma ve otele b\u0131rakma<\/li>\n<li>Profesyonel yerel rehber<\/li>\n<li>L\u00fcks bir Mercedes E300 Hybrid ile ula\u015f\u0131m<\/li>\n<li>\u015earap tad\u0131m\u0131 ile nehir gezisi<\/li>\n<li>Wi-Fi<\/li>\n<li>2 \u015farap imalathanesine ziyaret ve \u015farap tad\u0131m\u0131<\/li>\n<li>Bir \u015fi\u015fe su<\/li>\n<li>Sigorta<\/li>\n<li>Maskeler<\/li>\n<li>Alkoll\u00fc jel<\/li>\n<\/ul>\n<h3><span class=\"ez-toc-section\" id=\"Whats_Not_Included-7\"><\/span>Neler Dahil De\u011fil<span class=\"ez-toc-section-end\"><\/span><\/h3>\n<ul>\n<li>\u0130pu\u00e7lar\u0131 (iste\u011fe ba\u011fl\u0131)<\/li>\n<li>\u00d6\u011fle Yeme\u011fi<\/li>\n<\/ul>\n<h3><span class=\"ez-toc-section\" id=\"Cancellation_Policy-7\"><\/span>\u0130ptal Politikas\u0131<span class=\"ez-toc-section-end\"><\/span><\/h3>\n<p>Tam geri \u00f6deme i\u00e7in 24 saat \u00f6ncesine kadar iptal edin<\/p>\n<p><center><a href=\"https:\/\/www.getyourguide.com\/porto-l151\/from-porto-private-douro-valley-tour-with-cruise-and-wine-t96807\/?partner_id=17OK18H&#038;utm_medium=online_publisher\" target=\"_blank\" rel=\"nofollow noopener\"><strong>Porto'dan Rezervasyon Yapmak \u0130\u00e7in T\u0131klay\u0131n\u0131z: Cruise ve \u015earap ile \u00d6zel Douro Vadisi Turu<\/strong><\/a><\/center><\/p>\n<h2><span class=\"ez-toc-section\" id=\"8_Porto_Porto_Vila_Nova_de_Gaia_Private_Tour_by_Vintage_Car\"><\/span>8. Porto Porto &amp; Vila Nova de Gaia Vintage Araba ile \u00d6zel Tur<span class=\"ez-toc-section-end\"><\/span><\/h2>\n<p><a href=\"https:\/\/www.getyourguide.com\/porto-l151\/porto-and-gaia-city-tour-by-replica-vintage-ford-model-t-t371106\/?partner_id=17OK18H&#038;utm_medium=online_publisher\" target=\"_blank\" rel=\"nofollow noopener\"><img decoding=\"async\" class=\"aligncenter\" src=\"https:\/\/comparemyjet.com\/wp-content\/uploads\/82_145.jpg\" \/><\/a><\/p>\n<h3><span class=\"ez-toc-section\" id=\"Key_Details-8\"><\/span>Anahtar Ayr\u0131nt\u0131lar<span class=\"ez-toc-section-end\"><\/span><\/h3>\n<p><strong>Maliyet:<\/strong> $34.65'ten itibaren<br \/>\n<strong>\u0130nceleme Puan\u0131:<\/strong> 4.9<br \/>\n<strong>Yorum Say\u0131s\u0131:<\/strong> 344<br \/>\n<strong>Tur Uzunlu\u011fu:<\/strong> 1,5 saat<\/p>\n<h3><span class=\"ez-toc-section\" id=\"Languages-8\"><\/span>Diller<span class=\"ez-toc-section-end\"><\/span><\/h3>\n<ul>\n<li>Portekizce<\/li>\n<li> Frans\u0131zca<\/li>\n<li> \u0130ngilizce<\/li>\n<li> \u0130spanyolca<\/li>\n<\/ul>\n<h3><span class=\"ez-toc-section\" id=\"Tour_Description-8\"><\/span>Tur A\u00e7\u0131klamas\u0131<span class=\"ez-toc-section-end\"><\/span><\/h3>\n<p>Porto ve Vila Nova de Gaia \u015fehirlerini bir Ford Model T kopyas\u0131yla rehberli bir turla ke\u015ffedin. Cl\u00e9rigos Kilisesi ve S\u00e3o Bento \u0130stasyonu gibi \u00f6nemli noktalar\u0131 g\u00f6r\u00fcrken yerel efsaneler hakk\u0131nda bilgi edinin.<\/p>\n<ul>\n<li>Vintage Fort Model T arabas\u0131n\u0131n bir kopyas\u0131yla \u015fehir turunun keyfini \u00e7\u0131kar\u0131n<\/li>\n<li>Porto'nun tarihi ve yerel efsaneleri hakk\u0131nda bilgi edinin<\/li>\n<li>Douro Nehri'nin di\u011fer taraf\u0131nda bulunan Gaia \u015fehrini ke\u015ffedin<\/li>\n<\/ul>\n<h3><span class=\"ez-toc-section\" id=\"Whats_Included-8\"><\/span>Neler Dahil<span class=\"ez-toc-section-end\"><\/span><\/h3>\n<ul>\n<li>Otelden alma ve otele b\u0131rakma<\/li>\n<li>\u00d6zel tur<\/li>\n<li>S\u00fcr\u00fcc\u00fc ve rehber<\/li>\n<li>100% elektrikli Ford T replikas\u0131 ile ula\u015f\u0131m<\/li>\n<\/ul>\n<h3><span class=\"ez-toc-section\" id=\"Whats_Not_Included-8\"><\/span>Neler Dahil De\u011fil<span class=\"ez-toc-section-end\"><\/span><\/h3>\n<p>N\/A<\/p>\n<h3><span class=\"ez-toc-section\" id=\"Cancellation_Policy-8\"><\/span>\u0130ptal Politikas\u0131<span class=\"ez-toc-section-end\"><\/span><\/h3>\n<p>Tam geri \u00f6deme i\u00e7in 24 saat \u00f6ncesine kadar iptal edin<\/p>\n<p><center><a href=\"https:\/\/www.getyourguide.com\/porto-l151\/porto-and-gaia-city-tour-by-replica-vintage-ford-model-t-t371106\/?partner_id=17OK18H&#038;utm_medium=online_publisher\" target=\"_blank\" rel=\"nofollow noopener\"><strong>Porto Rezervasyonu \u0130\u00e7in T\u0131klay\u0131n\u0131z: Porto &amp; Vila Nova de Gaia Vintage Araba ile \u00d6zel Tur<\/strong><\/a><\/center><\/p>\n<h2><span class=\"ez-toc-section\" id=\"9_Porto_Private_Food_Tour_%E2%80%93_10_Tastings_with_Locals\"><\/span>9. Porto: \u00d6zel Yemek Turu - Yerel Halkla 10 Tad\u0131m<span class=\"ez-toc-section-end\"><\/span><\/h2>\n<p><a href=\"https:\/\/www.getyourguide.com\/porto-l151\/porto-private-food-tour-10-tastings-with-locals-t168320\/?partner_id=17OK18H&#038;utm_medium=online_publisher\" target=\"_blank\" rel=\"nofollow noopener\"><img decoding=\"async\" class=\"aligncenter\" src=\"https:\/\/comparemyjet.com\/wp-content\/uploads\/83_145.jpg\" \/><\/a><\/p>\n<h3><span class=\"ez-toc-section\" id=\"Key_Details-9\"><\/span>Anahtar Ayr\u0131nt\u0131lar<span class=\"ez-toc-section-end\"><\/span><\/h3>\n<p><strong>Maliyet:<\/strong> $93.33'ten<br \/>\n<strong>\u0130nceleme Puan\u0131:<\/strong> 4.8<br \/>\n<strong>Yorum Say\u0131s\u0131:<\/strong> 118<br \/>\n<strong>Tur Uzunlu\u011fu:<\/strong> 3 saat<\/p>\n<h3><span class=\"ez-toc-section\" id=\"Languages-9\"><\/span>Diller<span class=\"ez-toc-section-end\"><\/span><\/h3>\n<p>\u0130ngilizce<\/p>\n<h3><span class=\"ez-toc-section\" id=\"Tour_Description-9\"><\/span>Tur A\u00e7\u0131klamas\u0131<span class=\"ez-toc-section-end\"><\/span><\/h3>\n<p>Porto'nun tad\u0131na bak\u0131n ve \u015fehrin sundu\u011fu en iyi 10 tad\u0131m\u0131n tad\u0131n\u0131 \u00e7\u0131kar\u0131n. Bu tur, yemek duraklar\u0131 aras\u0131nda tuzlu, tatl\u0131 ve i\u00e7eceklerin yan\u0131 s\u0131ra \u015fehrin \u00f6nemli noktalar\u0131n\u0131n bir kombinasyonuyla t\u00fcm alanlar\u0131 kapsamaktad\u0131r.<\/p>\n<ul>\n<li>Portekiz mutfa\u011f\u0131n\u0131n en iyilerini tad\u0131n<\/li>\n<li>Otantik yerel mekanlarda klasik Pastel de Nata, Porto \u015farab\u0131 ve daha fazlas\u0131n\u0131 deneyin<\/li>\n<li>Yol boyunca \u015fehrin \u00f6nemli noktalar\u0131n\u0131 g\u00f6rmek i\u00e7in durun<\/li>\n<li>Sadece yemek de\u011fil; yerel k\u00fclt\u00fcr<\/li>\n<\/ul>\n<h3><span class=\"ez-toc-section\" id=\"Whats_Included-9\"><\/span>Neler Dahil<span class=\"ez-toc-section-end\"><\/span><\/h3>\n<ul>\n<li>Yerel rehber<\/li>\n<li>10 yiyecek ve i\u00e7ecek tad\u0131m\u0131 (vejetaryen alternatif mevcuttur)<\/li>\n<\/ul>\n<h3><span class=\"ez-toc-section\" id=\"Whats_Not_Included-9\"><\/span>Neler Dahil De\u011fil<span class=\"ez-toc-section-end\"><\/span><\/h3>\n<ul>\n<li>Otelden alma ve otele b\u0131rakma<\/li>\n<\/ul>\n<h3><span class=\"ez-toc-section\" id=\"Cancellation_Policy-9\"><\/span>\u0130ptal Politikas\u0131<span class=\"ez-toc-section-end\"><\/span><\/h3>\n<p>Tam geri \u00f6deme i\u00e7in 24 saat \u00f6ncesine kadar iptal edin<\/p>\n<p><center><a href=\"https:\/\/www.getyourguide.com\/porto-l151\/porto-private-food-tour-10-tastings-with-locals-t168320\/?partner_id=17OK18H&#038;utm_medium=online_publisher\" target=\"_blank\" rel=\"nofollow noopener\"><strong>Porto Rezervasyonu \u0130\u00e7in T\u0131klay\u0131n\u0131z: \u00d6zel Yemek Turu - Yerel Halkla 10 Tad\u0131m<\/strong><\/a><\/center><\/p>\n<h2><span class=\"ez-toc-section\" id=\"10_From_Porto_Wonders_of_Braga_Guimaraes_Private_Day_Trip\"><\/span>10. Porto'dan: Braga ve Guimaraes Harikalar\u0131 \u00d6zel G\u00fcnl\u00fck Gezi<span class=\"ez-toc-section-end\"><\/span><\/h2>\n<p><a href=\"https:\/\/www.getyourguide.com\/braga-l32536\/from-porto-wonders-of-braga-guimaraes-private-day-trip-t421075\/?partner_id=17OK18H&#038;utm_medium=online_publisher\" target=\"_blank\" rel=\"nofollow noopener\"><img decoding=\"async\" class=\"aligncenter\" src=\"https:\/\/comparemyjet.com\/wp-content\/uploads\/364_98.jpg\" \/><\/a><\/p>\n<h3><span class=\"ez-toc-section\" id=\"Key_Details-10\"><\/span>Anahtar Ayr\u0131nt\u0131lar<span class=\"ez-toc-section-end\"><\/span><\/h3>\n<p><strong>Maliyet:<\/strong> $317.55'ten itibaren<br \/>\n<strong>\u0130nceleme Puan\u0131:<\/strong> 4.9<br \/>\n<strong>Yorum Say\u0131s\u0131:<\/strong> 19<br \/>\n<strong>Tur Uzunlu\u011fu:<\/strong> 8 saat<\/p>\n<h3><span class=\"ez-toc-section\" id=\"Languages-10\"><\/span>Diller<span class=\"ez-toc-section-end\"><\/span><\/h3>\n<ul>\n<li>Portekizce<\/li>\n<li> \u0130ngilizce<\/li>\n<li> \u0130spanyolca<\/li>\n<li> Frans\u0131zca<\/li>\n<\/ul>\n<h3><span class=\"ez-toc-section\" id=\"Tour_Description-10\"><\/span>Tur A\u00e7\u0131klamas\u0131<span class=\"ez-toc-section-end\"><\/span><\/h3>\n<p>Porto'dan \u00f6zel bir g\u00fcnl\u00fck gezi ile Braga ve Guimaraes'in harikalar\u0131n\u0131 ke\u015ffedin. Braga Katedrali'ne girin ve Guimaraes Kalesi ile Braganza D\u00fckleri Saray\u0131'n\u0131n nefes kesici manzaralar\u0131na hayran kal\u0131n.<\/p>\n<ul>\n<li>S\u00e9 Catedral de Braga<\/li>\n<li>Santu\u00e1rio do <a href=\"https:\/\/comparemyjet.com\/tr\/hotels\/bom-hotels\/\" data-internallinksmanager029f6b8e52c=\"479\" title=\"11 Chhatrapati Shivaji Uluslararas\u0131 Havaalan\u0131 yak\u0131n\u0131ndaki En \u0130yi Oteller\">Bom<\/a> \u0130sa<\/li>\n<li>Sameiro Meryem Ana Tap\u0131na\u011f\u0131<\/li>\n<li>Guimar\u00e3es Kalesi<\/li>\n<li>Nossa Senhora da Oliveira Meydan\u0131<\/li>\n<\/ul>\n<h3><span class=\"ez-toc-section\" id=\"Whats_Included-10\"><\/span>Neler Dahil<span class=\"ez-toc-section-end\"><\/span><\/h3>\n<ul>\n<li>\u00d6zel S\u00fcr\u00fcc\u00fc\/rehber<\/li>\n<li>Oporto b\u00f6lgesinde otel\/yerel kar\u015f\u0131lama ve b\u0131rakma<\/li>\n<li>Klimal\u0131 ara\u00e7<\/li>\n<li>Gizlilik ve M\u00fcnhas\u0131rl\u0131k turu<\/li>\n<li>\u00d6zel ula\u015f\u0131m<\/li>\n<\/ul>\n<h3><span class=\"ez-toc-section\" id=\"Whats_Not_Included-10\"><\/span>Neler Dahil De\u011fil<span class=\"ez-toc-section-end\"><\/span><\/h3>\n<ul>\n<li>Yiyecek ve i\u00e7ecekler<\/li>\n<li>Giri\u015fler<\/li>\n<\/ul>\n<h3><span class=\"ez-toc-section\" id=\"Cancellation_Policy-10\"><\/span>\u0130ptal Politikas\u0131<span class=\"ez-toc-section-end\"><\/span><\/h3>\n<p>Tam geri \u00f6deme i\u00e7in 24 saat \u00f6ncesine kadar iptal edin<\/p>\n<p><center><a href=\"https:\/\/www.getyourguide.com\/braga-l32536\/from-porto-wonders-of-braga-guimaraes-private-day-trip-t421075\/?partner_id=17OK18H&#038;utm_medium=online_publisher\" target=\"_blank\" rel=\"nofollow noopener\"><strong>Porto'dan Rezervasyon Yapmak \u0130\u00e7in T\u0131klay\u0131n\u0131z: Braga ve Guimaraes'in Harikalar\u0131 \u00d6zel G\u00fcnl\u00fck Gezi<\/strong><\/a><\/center><\/p>\n<h2><span class=\"ez-toc-section\" id=\"11_From_Porto_Private_Douro_Valley_Tour_with_Booking_Service\"><\/span>11. Porto'dan: Rezervasyon Hizmeti ile \u00d6zel Douro Vadisi Turu<span class=\"ez-toc-section-end\"><\/span><\/h2>\n<p><a href=\"https:\/\/www.getyourguide.com\/peso-da-regua-l89643\/from-porto-duoro-valley-cuisine-wine-estate-tasting-t416935\/?partner_id=17OK18H&#038;utm_medium=online_publisher\" target=\"_blank\" rel=\"nofollow noopener\"><img decoding=\"async\" class=\"aligncenter\" src=\"https:\/\/comparemyjet.com\/wp-content\/uploads\/84_145.jpg\" \/><\/a><\/p>\n<h3><span class=\"ez-toc-section\" id=\"Key_Details-11\"><\/span>Anahtar Ayr\u0131nt\u0131lar<span class=\"ez-toc-section-end\"><\/span><\/h3>\n<p><strong>Maliyet:<\/strong> $319.69'dan itibaren<br \/>\n<strong>\u0130nceleme Puan\u0131:<\/strong> 4.9<br \/>\n<strong>Yorum Say\u0131s\u0131:<\/strong> 21<br \/>\n<strong>Tur Uzunlu\u011fu:<\/strong> 8 saat<\/p>\n<h3><span class=\"ez-toc-section\" id=\"Languages-11\"><\/span>Diller<span class=\"ez-toc-section-end\"><\/span><\/h3>\n<ul>\n<li>Portekizce<\/li>\n<li> \u0130ngilizce<\/li>\n<li> \u0130spanyolca<\/li>\n<\/ul>\n<h3><span class=\"ez-toc-section\" id=\"Tour_Description-11\"><\/span>Tur A\u00e7\u0131klamas\u0131<span class=\"ez-toc-section-end\"><\/span><\/h3>\n<p>Porto'dan \u00f6zel bir gezi ile muhte\u015fem Douro Vadisi'ni deneyimleyin. B\u00f6lgenin en iyi yemeklerini tatmak i\u00e7in bir rezervasyon hizmetinden yararlan\u0131n, bir veya daha fazla kadeh tatmak i\u00e7in bir \u015farap m\u00fclk\u00fcn\u00fc gezin ve bir tekne turunun tad\u0131n\u0131 \u00e7\u0131kar\u0131n.<\/p>\n<ul>\n<li>Ba\u011fc\u0131l\u0131k tarihini koruyan terasl\u0131 \u00fcz\u00fcm ba\u011flar\u0131n\u0131n b\u00fcy\u00fcs\u00fcne kap\u0131l\u0131n<\/li>\n<li>Rehberinizin ve rezervasyon hizmetinizin yard\u0131m\u0131yla yerel halk\u0131n yapt\u0131\u011f\u0131 yerde yemek yiyin<\/li>\n<li>Bir \u015farap tesisinde mola vermeyi ve b\u00f6lgenin \u00fcnl\u00fc \u015faraplar\u0131n\u0131n tad\u0131n\u0131 \u00e7\u0131karmay\u0131 se\u00e7in<\/li>\n<li>\u00d6zel arac\u0131n\u0131z\u0131n konforunda Douro Vadisi'nin do\u011fal manzaras\u0131n\u0131n keyfini \u00e7\u0131kar\u0131n<\/li>\n<li>Rehberinize b\u00f6lgenin \u015farab\u0131, mutfa\u011f\u0131 ve tarihi hakk\u0131nda sorular sorun<\/li>\n<\/ul>\n<h3><span class=\"ez-toc-section\" id=\"Whats_Included-11\"><\/span>Neler Dahil<span class=\"ez-toc-section-end\"><\/span><\/h3>\n<ul>\n<li>Otelden alma ve otele b\u0131rakma<\/li>\n<li>\u00d6zel ara\u00e7<\/li>\n<li>\u00d6zel \u015fof\u00f6r\/rehber<\/li>\n<li>Rezervasyon hizmetleri<\/li>\n<\/ul>\n<h3><span class=\"ez-toc-section\" id=\"Whats_Not_Included-11\"><\/span>Neler Dahil De\u011fil<span class=\"ez-toc-section-end\"><\/span><\/h3>\n<ul>\n<li>Yemekler<\/li>\n<li>\u015earap tad\u0131m\u0131<\/li>\n<li>Tekne ve \u015faraphane ziyareti biletleri<\/li>\n<\/ul>\n<h3><span class=\"ez-toc-section\" id=\"Cancellation_Policy-11\"><\/span>\u0130ptal Politikas\u0131<span class=\"ez-toc-section-end\"><\/span><\/h3>\n<p>Tam geri \u00f6deme i\u00e7in 24 saat \u00f6ncesine kadar iptal edin<\/p>\n<p><center><a href=\"https:\/\/www.getyourguide.com\/peso-da-regua-l89643\/from-porto-duoro-valley-cuisine-wine-estate-tasting-t416935\/?partner_id=17OK18H&#038;utm_medium=online_publisher\" target=\"_blank\" rel=\"nofollow noopener\"><strong>Porto'dan Rezervasyon Yapmak \u0130\u00e7in T\u0131klay\u0131n\u0131z: Rezervasyon Hizmeti ile \u00d6zel Douro Vadisi Turu<\/strong><\/a><\/center><\/p>\n<h2><span class=\"ez-toc-section\" id=\"How_Much_Do_Private_Tours_Cost_In_Porto\"><\/span>Porto'da \u00d6zel Turlar\u0131n Maliyeti Ne Kadar?<span class=\"ez-toc-section-end\"><\/span><\/h2>\n<p>Porto i\u00e7indeki en iyi \u00f6zel turlar\u0131n fiyat\u0131 $34.65 ile $319.69 aras\u0131ndad\u0131r. Ancak, daha ucuz veya daha \u00f6zel bir \u015fey i\u00e7in her zaman a\u015fa\u011f\u0131daki listeleri kontrol edebilirsiniz.<\/p>\n<div data-gyg-widget=\"auto\" data-gyg-partner-id=\"17OK18H\"><\/div>\n<h2><span class=\"ez-toc-section\" id=\"Other_Popular_Private_City_Tours\"><\/span>Di\u011fer Pop\u00fcler \u00d6zel \u015eehir Turlar\u0131<span class=\"ez-toc-section-end\"><\/span><\/h2>\n<p><a href=\"https:\/\/comparemyjet.com\/tr\/private-tours\/doha-private-tours\/\">Doha \u00d6zel Turlar<\/a><br \/><a href=\"https:\/\/comparemyjet.com\/tr\/private-tours\/bucharest-private-tours\/\">B\u00fckre\u015f \u00d6zel Turlar\u0131<\/a><br \/><a href=\"https:\/\/comparemyjet.com\/tr\/private-tours\/singapore-private-tours\/\">Singapur \u00d6zel Turlar\u0131<\/a><br \/><a href=\"https:\/\/comparemyjet.com\/tr\/private-tours\/cape-town-private-tours\/\">Cape Town \u00d6zel Turlar\u0131<\/a><br \/><a href=\"https:\/\/comparemyjet.com\/tr\/private-tours\/durban-private-tours\/\">Durban \u00d6zel Turlar<\/a><\/p>","protected":false},"excerpt":{"rendered":"<p>Bunlar, Viator ve Get Your Guide'da bulabildi\u011fimiz Porto, Portekiz'deki en iyi 11 \u00f6zel \u015fehir turu. 1. Tarihi Porto'da \u00d6zel Elektrikli Tuk Tuk Gezi Turu Anahtar Ayr\u0131nt\u0131lar Maliyet: $39.26'dan itibaren De\u011ferlendirme Puan\u0131: 5.0 Yorum Say\u0131s\u0131: 951 Tur Uzunlu\u011fu: 1,5 saat Diller Portekizce \u0130ngilizce Frans\u0131zca \u0130spanyolca Tur A\u00e7\u0131klamas\u0131 Tarihi ...<\/p>","protected":false},"author":1,"featured_media":6271,"parent":4500,"menu_order":0,"comment_status":"open","ping_status":"open","template":"","meta":{"_acf_changed":false,"_genesis_hide_title":false,"_genesis_hide_breadcrumbs":false,"_genesis_hide_singular_image":false,"_genesis_hide_footer_widgets":false,"_genesis_custom_body_class":"","_genesis_custom_post_class":"","_genesis_layout":"","footnotes":""},"class_list":{"1":"page","2":"type-page","6":"entry"},"acf":[],"_links":{"self":[{"href":"https:\/\/comparemyjet.com\/tr\/wp-json\/wp\/v2\/pages\/6270","targetHints":{"allow":["GET"]}}],"collection":[{"href":"https:\/\/comparemyjet.com\/tr\/wp-json\/wp\/v2\/pages"}],"about":[{"href":"https:\/\/comparemyjet.com\/tr\/wp-json\/wp\/v2\/types\/page"}],"author":[{"embeddable":true,"href":"https:\/\/comparemyjet.com\/tr\/wp-json\/wp\/v2\/users\/1"}],"replies":[{"embeddable":true,"href":"https:\/\/comparemyjet.com\/tr\/wp-json\/wp\/v2\/comments?post=6270"}],"version-history":[{"count":1,"href":"https:\/\/comparemyjet.com\/tr\/wp-json\/wp\/v2\/pages\/6270\/revisions"}],"predecessor-version":[{"id":9345,"href":"https:\/\/comparemyjet.com\/tr\/wp-json\/wp\/v2\/pages\/6270\/revisions\/9345"}],"up":[{"embeddable":true,"href":"https:\/\/comparemyjet.com\/tr\/wp-json\/wp\/v2\/pages\/4500"}],"wp:featuredmedia":[{"embeddable":true,"href":"https:\/\/comparemyjet.com\/tr\/wp-json\/wp\/v2\/media\/6271"}],"wp:attachment":[{"href":"https:\/\/comparemyjet.com\/tr\/wp-json\/wp\/v2\/media?parent=6270"}],"curies":[{"name":"wp","href":"https:\/\/api.w.org\/{rel}","templated":true}]}}