{"id":6620,"date":"2023-11-17T15:39:46","date_gmt":"2023-11-17T15:39:46","guid":{"rendered":"https:\/\/comparemyjet.com\/private-tours\/geneva-private-tours\/"},"modified":"2025-09-04T10:01:17","modified_gmt":"2025-09-04T10:01:17","slug":"geneva-private-tours","status":"publish","type":"page","link":"https:\/\/comparemyjet.com\/tr\/private-tours\/geneva-private-tours\/","title":{"rendered":"$6.96'dan Ba\u015flayan En \u0130yi 11 \u00d6zel Cenevre Turu"},"content":{"rendered":"<p>\u0130\u015fte T\u00fcrkiye'deki en iyi 11 \u00f6zel \u015fehir turu <a href=\"https:\/\/comparemyjet.com\/tr\/private-jet-charters-to-geneva\/\" data-internallinksmanager029f6b8e52c=\"156\" title=\"Cenevre&#039;ye \u00d6zel Jet Kiralama\">Cenevre<\/a>\u0130svi\u00e7re'de bulabildi\u011fimiz <a href=\"https:\/\/www.viator.com\/?pid=P00132536&amp;mcid=42383&amp;medium=link\" target=\"_blank\" rel=\"nofollow noopener\">Viator<\/a> ve <a href=\"https:\/\/www.getyourguide.com\/?partner_id=17OK18H&amp;utm_medium=online_publisher\" target=\"_blank\" rel=\"nofollow noopener\">Rehberinizi Al\u0131n<\/a>.<\/p>\n<div data-vi-partner-id=\"P00132536\" data-vi-widget-ref=\"W-b43b0365-a0e1-417e-987c-910cd93d468f\" ><\/div>\n<p> <script async src=\"https:\/\/www.viator.com\/orion\/partner\/widget.js\"><\/script><\/p>\n<div id=\"ez-toc-container\" class=\"ez-toc-v2_0_76 counter-hierarchy ez-toc-counter ez-toc-grey ez-toc-container-direction\">\n<p class=\"ez-toc-title\" style=\"cursor:inherit\">Konular<\/p>\n<label for=\"ez-toc-cssicon-toggle-item-69f0010621623\" class=\"ez-toc-cssicon-toggle-label\"><span class=\"\"><span class=\"eztoc-hide\" style=\"display:none;\">Ge\u00e7i\u015f<\/span><span class=\"ez-toc-icon-toggle-span\"><svg style=\"fill: #999;color:#999\" xmlns=\"http:\/\/www.w3.org\/2000\/svg\" class=\"list-377408\" width=\"20px\" height=\"20px\" viewbox=\"0 0 24 24\" fill=\"none\"><path d=\"M6 6H4v2h2V6zm14 0H8v2h12V6zM4 11h2v2H4v-2zm16 0H8v2h12v-2zM4 16h2v2H4v-2zm16 0H8v2h12v-2z\" fill=\"currentColor\"><\/path><\/svg><svg style=\"fill: #999;color:#999\" class=\"arrow-unsorted-368013\" xmlns=\"http:\/\/www.w3.org\/2000\/svg\" width=\"10px\" height=\"10px\" viewbox=\"0 0 24 24\" version=\"1.2\" baseprofile=\"tiny\"><path d=\"M18.2 9.3l-6.2-6.3-6.2 6.3c-.2.2-.3.4-.3.7s.1.5.3.7c.2.2.4.3.7.3h11c.3 0 .5-.1.7-.3.2-.2.3-.5.3-.7s-.1-.5-.3-.7zM5.8 14.7l6.2 6.3 6.2-6.3c.2-.2.3-.5.3-.7s-.1-.5-.3-.7c-.2-.2-.4-.3-.7-.3h-11c-.3 0-.5.1-.7.3-.2.2-.3.5-.3.7s.1.5.3.7z\"\/><\/svg><\/span><\/span><\/label><input type=\"checkbox\"  id=\"ez-toc-cssicon-toggle-item-69f0010621623\" checked aria-label=\"Ge\u00e7i\u015f\" \/><nav><ul class='ez-toc-list ez-toc-list-level-1' ><li class='ez-toc-page-1 ez-toc-heading-level-2'><a class=\"ez-toc-link ez-toc-heading-1\" href=\"https:\/\/comparemyjet.com\/tr\/private-tours\/geneva-private-tours\/#1_Geneva_%E2%80%93_Chocolate_and_Cheese_tasting_Private_Day_Trip_to_Gruyere\" >1. Cenevre - \u00c7ikolata ve Peynir tad\u0131m\u0131 Gruyere'e \u00d6zel G\u00fcnl\u00fck Gezi<\/a><ul class='ez-toc-list-level-3' ><li class='ez-toc-heading-level-3'><a class=\"ez-toc-link ez-toc-heading-2\" href=\"https:\/\/comparemyjet.com\/tr\/private-tours\/geneva-private-tours\/#Key_Details\" >Anahtar Ayr\u0131nt\u0131lar<\/a><\/li><li class='ez-toc-page-1 ez-toc-heading-level-3'><a class=\"ez-toc-link ez-toc-heading-3\" href=\"https:\/\/comparemyjet.com\/tr\/private-tours\/geneva-private-tours\/#Languages\" >Diller<\/a><\/li><li class='ez-toc-page-1 ez-toc-heading-level-3'><a class=\"ez-toc-link ez-toc-heading-4\" href=\"https:\/\/comparemyjet.com\/tr\/private-tours\/geneva-private-tours\/#Tour_Description\" >Tur A\u00e7\u0131klamas\u0131<\/a><\/li><li class='ez-toc-page-1 ez-toc-heading-level-3'><a class=\"ez-toc-link ez-toc-heading-5\" href=\"https:\/\/comparemyjet.com\/tr\/private-tours\/geneva-private-tours\/#Whats_Included\" >Neler Dahil<\/a><\/li><li class='ez-toc-page-1 ez-toc-heading-level-3'><a class=\"ez-toc-link ez-toc-heading-6\" href=\"https:\/\/comparemyjet.com\/tr\/private-tours\/geneva-private-tours\/#Whats_Not_Included\" >Neler Dahil De\u011fil<\/a><\/li><li class='ez-toc-page-1 ez-toc-heading-level-3'><a class=\"ez-toc-link ez-toc-heading-7\" href=\"https:\/\/comparemyjet.com\/tr\/private-tours\/geneva-private-tours\/#Cancellation_Policy\" >\u0130ptal Politikas\u0131<\/a><\/li><\/ul><\/li><li class='ez-toc-page-1 ez-toc-heading-level-2'><a class=\"ez-toc-link ez-toc-heading-8\" href=\"https:\/\/comparemyjet.com\/tr\/private-tours\/geneva-private-tours\/#2_Private_Fondue_and_Wine_Tuk_Tuk_Tour_in_Geneva\" >2. Cenevre'de \u00d6zel Fond\u00fc ve \u015earap Tuk Tuk Turu<\/a><ul class='ez-toc-list-level-3' ><li class='ez-toc-heading-level-3'><a class=\"ez-toc-link ez-toc-heading-9\" href=\"https:\/\/comparemyjet.com\/tr\/private-tours\/geneva-private-tours\/#Key_Details-2\" >Anahtar Ayr\u0131nt\u0131lar<\/a><\/li><li class='ez-toc-page-1 ez-toc-heading-level-3'><a class=\"ez-toc-link ez-toc-heading-10\" href=\"https:\/\/comparemyjet.com\/tr\/private-tours\/geneva-private-tours\/#Languages-2\" >Diller<\/a><\/li><li class='ez-toc-page-1 ez-toc-heading-level-3'><a class=\"ez-toc-link ez-toc-heading-11\" href=\"https:\/\/comparemyjet.com\/tr\/private-tours\/geneva-private-tours\/#Tour_Description-2\" >Tur A\u00e7\u0131klamas\u0131<\/a><\/li><li class='ez-toc-page-1 ez-toc-heading-level-3'><a class=\"ez-toc-link ez-toc-heading-12\" href=\"https:\/\/comparemyjet.com\/tr\/private-tours\/geneva-private-tours\/#Whats_Included-2\" >Neler Dahil<\/a><\/li><li class='ez-toc-page-1 ez-toc-heading-level-3'><a class=\"ez-toc-link ez-toc-heading-13\" href=\"https:\/\/comparemyjet.com\/tr\/private-tours\/geneva-private-tours\/#Whats_Not_Included-2\" >Neler Dahil De\u011fil<\/a><\/li><li class='ez-toc-page-1 ez-toc-heading-level-3'><a class=\"ez-toc-link ez-toc-heading-14\" href=\"https:\/\/comparemyjet.com\/tr\/private-tours\/geneva-private-tours\/#Cancellation_Policy-2\" >\u0130ptal Politikas\u0131<\/a><\/li><\/ul><\/li><li class='ez-toc-page-1 ez-toc-heading-level-2'><a class=\"ez-toc-link ez-toc-heading-15\" href=\"https:\/\/comparemyjet.com\/tr\/private-tours\/geneva-private-tours\/#3_Highlights_of_Geneva_%E2%80%9CThe_Dark_History%E2%80%9D_Exploration_Game\" >3. Cenevre'de \u00d6ne \u00c7\u0131kanlar: \"Karanl\u0131k Tarih\" Ke\u015fif Oyunu<\/a><ul class='ez-toc-list-level-3' ><li class='ez-toc-heading-level-3'><a class=\"ez-toc-link ez-toc-heading-16\" href=\"https:\/\/comparemyjet.com\/tr\/private-tours\/geneva-private-tours\/#Key_Details-3\" >Anahtar Ayr\u0131nt\u0131lar<\/a><\/li><li class='ez-toc-page-1 ez-toc-heading-level-3'><a class=\"ez-toc-link ez-toc-heading-17\" href=\"https:\/\/comparemyjet.com\/tr\/private-tours\/geneva-private-tours\/#Languages-3\" >Diller<\/a><\/li><li class='ez-toc-page-1 ez-toc-heading-level-3'><a class=\"ez-toc-link ez-toc-heading-18\" href=\"https:\/\/comparemyjet.com\/tr\/private-tours\/geneva-private-tours\/#Tour_Description-3\" >Tur A\u00e7\u0131klamas\u0131<\/a><\/li><li class='ez-toc-page-1 ez-toc-heading-level-3'><a class=\"ez-toc-link ez-toc-heading-19\" href=\"https:\/\/comparemyjet.com\/tr\/private-tours\/geneva-private-tours\/#Whats_Included-3\" >Neler Dahil<\/a><\/li><li class='ez-toc-page-1 ez-toc-heading-level-3'><a class=\"ez-toc-link ez-toc-heading-20\" href=\"https:\/\/comparemyjet.com\/tr\/private-tours\/geneva-private-tours\/#Whats_Not_Included-3\" >Neler Dahil De\u011fil<\/a><\/li><li class='ez-toc-page-1 ez-toc-heading-level-3'><a class=\"ez-toc-link ez-toc-heading-21\" href=\"https:\/\/comparemyjet.com\/tr\/private-tours\/geneva-private-tours\/#Cancellation_Policy-3\" >\u0130ptal Politikas\u0131<\/a><\/li><\/ul><\/li><li class='ez-toc-page-1 ez-toc-heading-level-2'><a class=\"ez-toc-link ez-toc-heading-22\" href=\"https:\/\/comparemyjet.com\/tr\/private-tours\/geneva-private-tours\/#4_Geneva_Private_Walking_Tour_with_a_Professional_Guide\" >4. Profesyonel Rehber e\u015fli\u011finde Cenevre \u00d6zel Y\u00fcr\u00fcy\u00fc\u015f Turu<\/a><ul class='ez-toc-list-level-3' ><li class='ez-toc-heading-level-3'><a class=\"ez-toc-link ez-toc-heading-23\" href=\"https:\/\/comparemyjet.com\/tr\/private-tours\/geneva-private-tours\/#Key_Details-4\" >Anahtar Ayr\u0131nt\u0131lar<\/a><\/li><li class='ez-toc-page-1 ez-toc-heading-level-3'><a class=\"ez-toc-link ez-toc-heading-24\" href=\"https:\/\/comparemyjet.com\/tr\/private-tours\/geneva-private-tours\/#Languages-4\" >Diller<\/a><\/li><li class='ez-toc-page-1 ez-toc-heading-level-3'><a class=\"ez-toc-link ez-toc-heading-25\" href=\"https:\/\/comparemyjet.com\/tr\/private-tours\/geneva-private-tours\/#Tour_Description-4\" >Tur A\u00e7\u0131klamas\u0131<\/a><\/li><li class='ez-toc-page-1 ez-toc-heading-level-3'><a class=\"ez-toc-link ez-toc-heading-26\" href=\"https:\/\/comparemyjet.com\/tr\/private-tours\/geneva-private-tours\/#Whats_Included-4\" >Neler Dahil<\/a><\/li><li class='ez-toc-page-1 ez-toc-heading-level-3'><a class=\"ez-toc-link ez-toc-heading-27\" href=\"https:\/\/comparemyjet.com\/tr\/private-tours\/geneva-private-tours\/#Whats_Not_Included-4\" >Neler Dahil De\u011fil<\/a><\/li><li class='ez-toc-page-1 ez-toc-heading-level-3'><a class=\"ez-toc-link ez-toc-heading-28\" href=\"https:\/\/comparemyjet.com\/tr\/private-tours\/geneva-private-tours\/#Cancellation_Policy-4\" >\u0130ptal Politikas\u0131<\/a><\/li><\/ul><\/li><li class='ez-toc-page-1 ez-toc-heading-level-2'><a class=\"ez-toc-link ez-toc-heading-29\" href=\"https:\/\/comparemyjet.com\/tr\/private-tours\/geneva-private-tours\/#5_Private_Tour_in_Geneva_City\" >5. Cenevre \u015eehrinde \u00d6zel Tur<\/a><ul class='ez-toc-list-level-3' ><li class='ez-toc-heading-level-3'><a class=\"ez-toc-link ez-toc-heading-30\" href=\"https:\/\/comparemyjet.com\/tr\/private-tours\/geneva-private-tours\/#Key_Details-5\" >Anahtar Ayr\u0131nt\u0131lar<\/a><\/li><li class='ez-toc-page-1 ez-toc-heading-level-3'><a class=\"ez-toc-link ez-toc-heading-31\" href=\"https:\/\/comparemyjet.com\/tr\/private-tours\/geneva-private-tours\/#Languages-5\" >Diller<\/a><\/li><li class='ez-toc-page-1 ez-toc-heading-level-3'><a class=\"ez-toc-link ez-toc-heading-32\" href=\"https:\/\/comparemyjet.com\/tr\/private-tours\/geneva-private-tours\/#Tour_Description-5\" >Tur A\u00e7\u0131klamas\u0131<\/a><\/li><li class='ez-toc-page-1 ez-toc-heading-level-3'><a class=\"ez-toc-link ez-toc-heading-33\" href=\"https:\/\/comparemyjet.com\/tr\/private-tours\/geneva-private-tours\/#Whats_Included-5\" >Neler Dahil<\/a><\/li><li class='ez-toc-page-1 ez-toc-heading-level-3'><a class=\"ez-toc-link ez-toc-heading-34\" href=\"https:\/\/comparemyjet.com\/tr\/private-tours\/geneva-private-tours\/#Whats_Not_Included-5\" >Neler Dahil De\u011fil<\/a><\/li><li class='ez-toc-page-1 ez-toc-heading-level-3'><a class=\"ez-toc-link ez-toc-heading-35\" href=\"https:\/\/comparemyjet.com\/tr\/private-tours\/geneva-private-tours\/#Cancellation_Policy-5\" >\u0130ptal Politikas\u0131<\/a><\/li><\/ul><\/li><li class='ez-toc-page-1 ez-toc-heading-level-2'><a class=\"ez-toc-link ez-toc-heading-36\" href=\"https:\/\/comparemyjet.com\/tr\/private-tours\/geneva-private-tours\/#6_Private_Trip_from_Geneva_to_Annecy_in_France\" >6. Fransa'da Cenevre'den Annecy'ye \u00d6zel Gezi<\/a><ul class='ez-toc-list-level-3' ><li class='ez-toc-heading-level-3'><a class=\"ez-toc-link ez-toc-heading-37\" href=\"https:\/\/comparemyjet.com\/tr\/private-tours\/geneva-private-tours\/#Key_Details-6\" >Anahtar Ayr\u0131nt\u0131lar<\/a><\/li><li class='ez-toc-page-1 ez-toc-heading-level-3'><a class=\"ez-toc-link ez-toc-heading-38\" href=\"https:\/\/comparemyjet.com\/tr\/private-tours\/geneva-private-tours\/#Languages-6\" >Diller<\/a><\/li><li class='ez-toc-page-1 ez-toc-heading-level-3'><a class=\"ez-toc-link ez-toc-heading-39\" href=\"https:\/\/comparemyjet.com\/tr\/private-tours\/geneva-private-tours\/#Tour_Description-6\" >Tur A\u00e7\u0131klamas\u0131<\/a><\/li><li class='ez-toc-page-1 ez-toc-heading-level-3'><a class=\"ez-toc-link ez-toc-heading-40\" href=\"https:\/\/comparemyjet.com\/tr\/private-tours\/geneva-private-tours\/#Whats_Included-6\" >Neler Dahil<\/a><\/li><li class='ez-toc-page-1 ez-toc-heading-level-3'><a class=\"ez-toc-link ez-toc-heading-41\" href=\"https:\/\/comparemyjet.com\/tr\/private-tours\/geneva-private-tours\/#Whats_Not_Included-6\" >Neler Dahil De\u011fil<\/a><\/li><li class='ez-toc-page-1 ez-toc-heading-level-3'><a class=\"ez-toc-link ez-toc-heading-42\" href=\"https:\/\/comparemyjet.com\/tr\/private-tours\/geneva-private-tours\/#Cancellation_Policy-6\" >\u0130ptal Politikas\u0131<\/a><\/li><\/ul><\/li><li class='ez-toc-page-1 ez-toc-heading-level-2'><a class=\"ez-toc-link ez-toc-heading-43\" href=\"https:\/\/comparemyjet.com\/tr\/private-tours\/geneva-private-tours\/#7_From_Geneva_Gruyeres_Tour_with_Cheese_and_Chocolate_Factory\" >7. Cenevre'den: Peynir ve \u00c7ikolata Fabrikas\u0131 ile Gruy\u00e8res Turu<\/a><ul class='ez-toc-list-level-3' ><li class='ez-toc-heading-level-3'><a class=\"ez-toc-link ez-toc-heading-44\" href=\"https:\/\/comparemyjet.com\/tr\/private-tours\/geneva-private-tours\/#Key_Details-7\" >Anahtar Ayr\u0131nt\u0131lar<\/a><\/li><li class='ez-toc-page-1 ez-toc-heading-level-3'><a class=\"ez-toc-link ez-toc-heading-45\" href=\"https:\/\/comparemyjet.com\/tr\/private-tours\/geneva-private-tours\/#Languages-7\" >Diller<\/a><\/li><li class='ez-toc-page-1 ez-toc-heading-level-3'><a class=\"ez-toc-link ez-toc-heading-46\" href=\"https:\/\/comparemyjet.com\/tr\/private-tours\/geneva-private-tours\/#Tour_Description-7\" >Tur A\u00e7\u0131klamas\u0131<\/a><\/li><li class='ez-toc-page-1 ez-toc-heading-level-3'><a class=\"ez-toc-link ez-toc-heading-47\" href=\"https:\/\/comparemyjet.com\/tr\/private-tours\/geneva-private-tours\/#Whats_Included-7\" >Neler Dahil<\/a><\/li><li class='ez-toc-page-1 ez-toc-heading-level-3'><a class=\"ez-toc-link ez-toc-heading-48\" href=\"https:\/\/comparemyjet.com\/tr\/private-tours\/geneva-private-tours\/#Whats_Not_Included-7\" >Neler Dahil De\u011fil<\/a><\/li><li class='ez-toc-page-1 ez-toc-heading-level-3'><a class=\"ez-toc-link ez-toc-heading-49\" href=\"https:\/\/comparemyjet.com\/tr\/private-tours\/geneva-private-tours\/#Cancellation_Policy-7\" >\u0130ptal Politikas\u0131<\/a><\/li><\/ul><\/li><li class='ez-toc-page-1 ez-toc-heading-level-2'><a class=\"ez-toc-link ez-toc-heading-50\" href=\"https:\/\/comparemyjet.com\/tr\/private-tours\/geneva-private-tours\/#8_From_Geneva_Swiss_Riviera_Private_Tour\" >8. Cenevre'den: \u0130svi\u00e7re Rivieras\u0131 \u00d6zel Turu<\/a><ul class='ez-toc-list-level-3' ><li class='ez-toc-heading-level-3'><a class=\"ez-toc-link ez-toc-heading-51\" href=\"https:\/\/comparemyjet.com\/tr\/private-tours\/geneva-private-tours\/#Key_Details-8\" >Anahtar Ayr\u0131nt\u0131lar<\/a><\/li><li class='ez-toc-page-1 ez-toc-heading-level-3'><a class=\"ez-toc-link ez-toc-heading-52\" href=\"https:\/\/comparemyjet.com\/tr\/private-tours\/geneva-private-tours\/#Languages-8\" >Diller<\/a><\/li><li class='ez-toc-page-1 ez-toc-heading-level-3'><a class=\"ez-toc-link ez-toc-heading-53\" href=\"https:\/\/comparemyjet.com\/tr\/private-tours\/geneva-private-tours\/#Tour_Description-8\" >Tur A\u00e7\u0131klamas\u0131<\/a><\/li><li class='ez-toc-page-1 ez-toc-heading-level-3'><a class=\"ez-toc-link ez-toc-heading-54\" href=\"https:\/\/comparemyjet.com\/tr\/private-tours\/geneva-private-tours\/#Whats_Included-8\" >Neler Dahil<\/a><\/li><li class='ez-toc-page-1 ez-toc-heading-level-3'><a class=\"ez-toc-link ez-toc-heading-55\" href=\"https:\/\/comparemyjet.com\/tr\/private-tours\/geneva-private-tours\/#Whats_Not_Included-8\" >Neler Dahil De\u011fil<\/a><\/li><li class='ez-toc-page-1 ez-toc-heading-level-3'><a class=\"ez-toc-link ez-toc-heading-56\" href=\"https:\/\/comparemyjet.com\/tr\/private-tours\/geneva-private-tours\/#Cancellation_Policy-8\" >\u0130ptal Politikas\u0131<\/a><\/li><\/ul><\/li><li class='ez-toc-page-1 ez-toc-heading-level-2'><a class=\"ez-toc-link ez-toc-heading-57\" href=\"https:\/\/comparemyjet.com\/tr\/private-tours\/geneva-private-tours\/#9_Private_Swiss_Cheese_Chocolate_Tasting_Trip_in_Gruyeres\" >9. Gruyeres'de \u00d6zel \u0130svi\u00e7re Peyniri ve \u00c7ikolata Tad\u0131m Gezisi<\/a><ul class='ez-toc-list-level-3' ><li class='ez-toc-heading-level-3'><a class=\"ez-toc-link ez-toc-heading-58\" href=\"https:\/\/comparemyjet.com\/tr\/private-tours\/geneva-private-tours\/#Key_Details-9\" >Anahtar Ayr\u0131nt\u0131lar<\/a><\/li><li class='ez-toc-page-1 ez-toc-heading-level-3'><a class=\"ez-toc-link ez-toc-heading-59\" href=\"https:\/\/comparemyjet.com\/tr\/private-tours\/geneva-private-tours\/#Languages-9\" >Diller<\/a><\/li><li class='ez-toc-page-1 ez-toc-heading-level-3'><a class=\"ez-toc-link ez-toc-heading-60\" href=\"https:\/\/comparemyjet.com\/tr\/private-tours\/geneva-private-tours\/#Tour_Description-9\" >Tur A\u00e7\u0131klamas\u0131<\/a><\/li><li class='ez-toc-page-1 ez-toc-heading-level-3'><a class=\"ez-toc-link ez-toc-heading-61\" href=\"https:\/\/comparemyjet.com\/tr\/private-tours\/geneva-private-tours\/#Whats_Included-9\" >Neler Dahil<\/a><\/li><li class='ez-toc-page-1 ez-toc-heading-level-3'><a class=\"ez-toc-link ez-toc-heading-62\" href=\"https:\/\/comparemyjet.com\/tr\/private-tours\/geneva-private-tours\/#Whats_Not_Included-9\" >Neler Dahil De\u011fil<\/a><\/li><li class='ez-toc-page-1 ez-toc-heading-level-3'><a class=\"ez-toc-link ez-toc-heading-63\" href=\"https:\/\/comparemyjet.com\/tr\/private-tours\/geneva-private-tours\/#Cancellation_Policy-9\" >\u0130ptal Politikas\u0131<\/a><\/li><\/ul><\/li><li class='ez-toc-page-1 ez-toc-heading-level-2'><a class=\"ez-toc-link ez-toc-heading-64\" href=\"https:\/\/comparemyjet.com\/tr\/private-tours\/geneva-private-tours\/#10_From_Geneva_Chamonix_Mont-Blanc_Private_Guided_Tour\" >10. Cenevre'den: Chamonix Mont-Blanc \u00d6zel Rehberli Tur<\/a><ul class='ez-toc-list-level-3' ><li class='ez-toc-heading-level-3'><a class=\"ez-toc-link ez-toc-heading-65\" href=\"https:\/\/comparemyjet.com\/tr\/private-tours\/geneva-private-tours\/#Key_Details-10\" >Anahtar Ayr\u0131nt\u0131lar<\/a><\/li><li class='ez-toc-page-1 ez-toc-heading-level-3'><a class=\"ez-toc-link ez-toc-heading-66\" href=\"https:\/\/comparemyjet.com\/tr\/private-tours\/geneva-private-tours\/#Languages-10\" >Diller<\/a><\/li><li class='ez-toc-page-1 ez-toc-heading-level-3'><a class=\"ez-toc-link ez-toc-heading-67\" href=\"https:\/\/comparemyjet.com\/tr\/private-tours\/geneva-private-tours\/#Tour_Description-10\" >Tur A\u00e7\u0131klamas\u0131<\/a><\/li><li class='ez-toc-page-1 ez-toc-heading-level-3'><a class=\"ez-toc-link ez-toc-heading-68\" href=\"https:\/\/comparemyjet.com\/tr\/private-tours\/geneva-private-tours\/#Whats_Included-10\" >Neler Dahil<\/a><\/li><li class='ez-toc-page-1 ez-toc-heading-level-3'><a class=\"ez-toc-link ez-toc-heading-69\" href=\"https:\/\/comparemyjet.com\/tr\/private-tours\/geneva-private-tours\/#Whats_Not_Included-10\" >Neler Dahil De\u011fil<\/a><\/li><li class='ez-toc-page-1 ez-toc-heading-level-3'><a class=\"ez-toc-link ez-toc-heading-70\" href=\"https:\/\/comparemyjet.com\/tr\/private-tours\/geneva-private-tours\/#Cancellation_Policy-10\" >\u0130ptal Politikas\u0131<\/a><\/li><\/ul><\/li><li class='ez-toc-page-1 ez-toc-heading-level-2'><a class=\"ez-toc-link ez-toc-heading-71\" href=\"https:\/\/comparemyjet.com\/tr\/private-tours\/geneva-private-tours\/#11_Private_Trip_From_Geneva_to_Annecy_in_France\" >11. Fransa'da Cenevre'den Annecy'ye \u00d6zel Gezi<\/a><ul class='ez-toc-list-level-3' ><li class='ez-toc-heading-level-3'><a class=\"ez-toc-link ez-toc-heading-72\" href=\"https:\/\/comparemyjet.com\/tr\/private-tours\/geneva-private-tours\/#Key_Details-11\" >Anahtar Ayr\u0131nt\u0131lar<\/a><\/li><li class='ez-toc-page-1 ez-toc-heading-level-3'><a class=\"ez-toc-link ez-toc-heading-73\" href=\"https:\/\/comparemyjet.com\/tr\/private-tours\/geneva-private-tours\/#Languages-11\" >Diller<\/a><\/li><li class='ez-toc-page-1 ez-toc-heading-level-3'><a class=\"ez-toc-link ez-toc-heading-74\" href=\"https:\/\/comparemyjet.com\/tr\/private-tours\/geneva-private-tours\/#Tour_Description-11\" >Tur A\u00e7\u0131klamas\u0131<\/a><\/li><li class='ez-toc-page-1 ez-toc-heading-level-3'><a class=\"ez-toc-link ez-toc-heading-75\" href=\"https:\/\/comparemyjet.com\/tr\/private-tours\/geneva-private-tours\/#Whats_Included-11\" >Neler Dahil<\/a><\/li><li class='ez-toc-page-1 ez-toc-heading-level-3'><a class=\"ez-toc-link ez-toc-heading-76\" href=\"https:\/\/comparemyjet.com\/tr\/private-tours\/geneva-private-tours\/#Whats_Not_Included-11\" >Neler Dahil De\u011fil<\/a><\/li><li class='ez-toc-page-1 ez-toc-heading-level-3'><a class=\"ez-toc-link ez-toc-heading-77\" href=\"https:\/\/comparemyjet.com\/tr\/private-tours\/geneva-private-tours\/#Cancellation_Policy-11\" >\u0130ptal Politikas\u0131<\/a><\/li><\/ul><\/li><li class='ez-toc-page-1 ez-toc-heading-level-2'><a class=\"ez-toc-link ez-toc-heading-78\" href=\"https:\/\/comparemyjet.com\/tr\/private-tours\/geneva-private-tours\/#How_Much_Do_Private_Tours_Cost_In_Geneva\" >Cenevre'de \u00d6zel Turlar\u0131n Maliyeti Ne Kadar?<\/a><\/li><li class='ez-toc-page-1 ez-toc-heading-level-2'><a class=\"ez-toc-link ez-toc-heading-79\" href=\"https:\/\/comparemyjet.com\/tr\/private-tours\/geneva-private-tours\/#Other_Popular_Private_City_Tours\" >Di\u011fer Pop\u00fcler \u00d6zel \u015eehir Turlar\u0131<\/a><\/li><\/ul><\/nav><\/div>\n<h2><span class=\"ez-toc-section\" id=\"1_Geneva_%E2%80%93_Chocolate_and_Cheese_tasting_Private_Day_Trip_to_Gruyere\"><\/span>1. Cenevre - \u00c7ikolata ve Peynir tad\u0131m\u0131 Gruyere'e \u00d6zel G\u00fcnl\u00fck Gezi<span class=\"ez-toc-section-end\"><\/span><\/h2>\n<p><a href=\"https:\/\/www.viator.com\/tours\/Geneva\/La-Gruyere-Geneva-Gruyere-Cheese-Factory-and-Chocolaterie-Private-Tour\/d578-378737P1?pid=P00132536&#038;mcid=42383&#038;medium=link\" target=\"_blank\" rel=\"nofollow noopener\"><img decoding=\"async\" class=\"aligncenter\" src=\"https:\/\/comparemyjet.com\/wp-content\/uploads\/2_5e.jpg\" \/><\/a><\/p>\n<h3><span class=\"ez-toc-section\" id=\"Key_Details\"><\/span>Anahtar Ayr\u0131nt\u0131lar<span class=\"ez-toc-section-end\"><\/span><\/h3>\n<p><strong>Maliyet:<\/strong> $243.83'ten itibaren<br \/>\n<strong>\u0130nceleme Puan\u0131:<\/strong> 5.0<br \/>\n<strong>Yorum Say\u0131s\u0131:<\/strong> 16<br \/>\n<strong>Tur Uzunlu\u011fu:<\/strong> 8 ila 9 saat<\/p>\n<h3><span class=\"ez-toc-section\" id=\"Languages\"><\/span>Diller<span class=\"ez-toc-section-end\"><\/span><\/h3>\n<ul>\n<li>Alman<\/li>\n<li> \u0130ngilizce<\/li>\n<li> \u0130talyan<\/li>\n<li> Frans\u0131zca<\/li>\n<li> \u0130spanyolca<\/li>\n<\/ul>\n<h3><span class=\"ez-toc-section\" id=\"Tour_Description\"><\/span>Tur A\u00e7\u0131klamas\u0131<span class=\"ez-toc-section-end\"><\/span><\/h3>\n<p>La Gruy\u00e9re b\u00f6lgesi, \u0130svi\u00e7re'de turistler taraf\u0131ndan en \u00e7ok ziyaret edilen yerdir.<br \/>\n D\u00fcnya standartlar\u0131nda peynir ve \u00e7ikolata tadacak, tarihi La Gruy\u00e9re kalesini g\u00f6receksiniz. T\u00fcm bunlar sizin <a href=\"https:\/\/comparemyjet.com\/tr\/hotels\/\" data-internallinksmanager029f6b8e52c=\"470\" title=\"D\u00fcnyan\u0131n D\u00f6rt Bir Yan\u0131ndan Havaalanlar\u0131na Yak\u0131n En \u0130yi 100 Otel\">Oteller<\/a> Otelinizin kap\u0131s\u0131na kadar, 4\u00d74 SUV konforunda. S\u00fcr\u00fcc\u00fc sertifikal\u0131d\u0131r ve <a href=\"https:\/\/comparemyjet.com\/tr\/private-tours\/nice-private-tours\/\" data-internallinksmanager029f6b8e52c=\"249\" title=\"$37.66&#039;dan Ba\u015flayan En \u0130yi 11 Nice \u00d6zel Turu\">g\u00fczel<\/a>Harika vakit ge\u00e7irmenizi sa\u011fl\u0131yoruz!<\/p>\n<h3><span class=\"ez-toc-section\" id=\"Whats_Included\"><\/span>Neler Dahil<span class=\"ez-toc-section-end\"><\/span><\/h3>\n<ul>\n<li>\u00d6zel ula\u015f\u0131m<\/li>\n<li>Otopark \u00dccretleri<\/li>\n<li>Turlar i\u00e7in kulakl\u0131klar<\/li>\n<li>Talep \u00fczerine \u00e7ocuk koltuklar\u0131 veya y\u00fckseltici koltuklar<\/li>\n<\/ul>\n<h3><span class=\"ez-toc-section\" id=\"Whats_Not_Included\"><\/span>Neler Dahil De\u011fil<span class=\"ez-toc-section-end\"><\/span><\/h3>\n<ul>\n<li>\u00d6\u011fle Yeme\u011fi<\/li>\n<li>Kahve ve\/veya \u00c7ay<\/li>\n<li>Peynir fabrikas\u0131na giri\u015f \u00fccreti 3-16 \u20ac \/ ki\u015fi <\/li>\n<li>Cailler \u00e7ikolata fabrikas\u0131 ve m\u00fczesine giri\u015f \u00fccreti 12- 17 \u20ac \/ ki\u015fi <\/li>\n<li>Gruy\u00e9re kalesine giri\u015f \u00fccreti 4 \u20ac \/ ki\u015fi<\/li>\n<\/ul>\n<h3><span class=\"ez-toc-section\" id=\"Cancellation_Policy\"><\/span>\u0130ptal Politikas\u0131<span class=\"ez-toc-section-end\"><\/span><\/h3>\n<p>Tam bir geri \u00f6deme i\u00e7in deneyimden 24 saat \u00f6ncesine kadar iptal edebilirsiniz.<\/p>\n<p><center><a href=\"https:\/\/www.viator.com\/tours\/Geneva\/La-Gruyere-Geneva-Gruyere-Cheese-Factory-and-Chocolaterie-Private-Tour\/d578-378737P1?pid=P00132536&#038;mcid=42383&#038;medium=link\" target=\"_blank\" rel=\"nofollow noopener\"><strong>Cenevre - \u00c7ikolata ve Peynir tad\u0131m\u0131 Gruyere \u00d6zel G\u00fcn\u00fcbirlik Gezisi Rezervasyonu \u0130\u00e7in T\u0131klay\u0131n\u0131z<\/strong><\/a><\/center><\/p>\n<h2><span class=\"ez-toc-section\" id=\"2_Private_Fondue_and_Wine_Tuk_Tuk_Tour_in_Geneva\"><\/span>2. Cenevre'de \u00d6zel Fond\u00fc ve \u015earap Tuk Tuk Turu<span class=\"ez-toc-section-end\"><\/span><\/h2>\n<p><a href=\"https:\/\/www.viator.com\/tours\/Geneva\/Private-Fondue-and-Wine-Tuk-Tuk-Tour-in-Geneva\/d578-415986P2?pid=P00132536&#038;mcid=42383&#038;medium=link\" target=\"_blank\" rel=\"nofollow noopener\"><img decoding=\"async\" class=\"aligncenter\" src=\"https:\/\/comparemyjet.com\/wp-content\/uploads\/3_5e.jpg\" \/><\/a><\/p>\n<h3><span class=\"ez-toc-section\" id=\"Key_Details-2\"><\/span>Anahtar Ayr\u0131nt\u0131lar<span class=\"ez-toc-section-end\"><\/span><\/h3>\n<p><strong>Maliyet:<\/strong> $170.35'ten itibaren<br \/>\n<strong>\u0130nceleme Puan\u0131:<\/strong> 5.0<br \/>\n<strong>Yorum Say\u0131s\u0131:<\/strong> 5<br \/>\n<strong>Tur Uzunlu\u011fu:<\/strong> 1 saat 30 dakika<\/p>\n<h3><span class=\"ez-toc-section\" id=\"Languages-2\"><\/span>Diller<span class=\"ez-toc-section-end\"><\/span><\/h3>\n<ul>\n<li>Arap\u00e7a<\/li>\n<li> \u0130ngilizce<\/li>\n<li> Frans\u0131zca<\/li>\n<li> \u0130spanyolca<\/li>\n<\/ul>\n<h3><span class=\"ez-toc-section\" id=\"Tour_Description-2\"><\/span>Tur A\u00e7\u0131klamas\u0131<span class=\"ez-toc-section-end\"><\/span><\/h3>\n<p>Gelin ve konforlu bir 100% elektrikli tuktukta Cenevre'deki en iyi \u0130svi\u00e7re fond\u00fcs\u00fcn\u00fc (tan\u0131nm\u0131\u015f ortak restoran\u0131m\u0131z taraf\u0131ndan sunulmaktad\u0131r) tadaca\u011f\u0131n\u0131z gurme bir yolculu\u011fun tad\u0131n\u0131 \u00e7\u0131kar\u0131n.<\/p>\n<p>Fond\u00fc, Cenevre'nin en g\u00fczel manzaras\u0131n\u0131n tad\u0131n\u0131 \u00e7\u0131karmak i\u00e7in Cologny tepelerinde bir y\u00fcr\u00fcy\u00fc\u015f ve ard\u0131ndan b\u00fcy\u00fcleyici \u0130talyan b\u00f6lgesindeki Carouge'da Cenevre'yi ziyaret ederken tuktuk \u00fczerinde bir fond\u00fc tatman\u0131za olanak tan\u0131yan \u00f6zel yap\u0131m bir masa ile yenir.<br \/>\n Bu nedenle fond\u00fc ve bir \u015fi\u015fe \u015farap dahildir ve yolculuk boyunca ger\u00e7ekle\u015fir, bu da bu turu \u00e7ok benzersiz k\u0131lar!<\/p>\n<p>En g\u00fczel an\u0131tlara hayran kal\u0131n ve unutulmaz bir deneyim i\u00e7in Cenevre'nin en g\u00fczel teras\u0131nda fond\u00fcn\u00fcn s\u0131cak atmosferinin tad\u0131n\u0131 \u00e7\u0131kar\u0131n!<\/p>\n<h3><span class=\"ez-toc-section\" id=\"Whats_Included-2\"><\/span>Neler Dahil<span class=\"ez-toc-section-end\"><\/span><\/h3>\n<ul>\n<li>\u00d6\u011fle Yeme\u011fi<\/li>\n<li>Alkoll\u00fc \u0130\u00e7ecekler<\/li>\n<li>\u015ei\u015felenmi\u015f su<\/li>\n<\/ul>\n<h3><span class=\"ez-toc-section\" id=\"Whats_Not_Included-2\"><\/span>Neler Dahil De\u011fil<span class=\"ez-toc-section-end\"><\/span><\/h3>\n<p>At\u0131\u015ft\u0131rmal\u0131klar<\/p>\n<h3><span class=\"ez-toc-section\" id=\"Cancellation_Policy-2\"><\/span>\u0130ptal Politikas\u0131<span class=\"ez-toc-section-end\"><\/span><\/h3>\n<p>Tam bir geri \u00f6deme i\u00e7in deneyimden 24 saat \u00f6ncesine kadar iptal edebilirsiniz.<\/p>\n<p><center><a href=\"https:\/\/www.viator.com\/tours\/Geneva\/Private-Fondue-and-Wine-Tuk-Tuk-Tour-in-Geneva\/d578-415986P2?pid=P00132536&#038;mcid=42383&#038;medium=link\" target=\"_blank\" rel=\"nofollow noopener\"><strong>Cenevre'de \u00d6zel Fond\u00fc ve \u015earap Tuk Tuk Turu Rezervasyonu \u0130\u00e7in T\u0131klay\u0131n\u0131z<\/strong><\/a><\/center><\/p>\n<h2><span class=\"ez-toc-section\" id=\"3_Highlights_of_Geneva_%E2%80%9CThe_Dark_History%E2%80%9D_Exploration_Game\"><\/span>3. Cenevre'de \u00d6ne \u00c7\u0131kanlar: \"Karanl\u0131k Tarih\" Ke\u015fif Oyunu<span class=\"ez-toc-section-end\"><\/span><\/h2>\n<p><a href=\"https:\/\/www.viator.com\/tours\/Geneva\/Highlights-of-Geneva-The-Dark-History-Exploration-Game\/d578-107194P191?pid=P00132536&#038;mcid=42383&#038;medium=link\" target=\"_blank\" rel=\"nofollow noopener\"><img decoding=\"async\" class=\"aligncenter\" src=\"https:\/\/comparemyjet.com\/wp-content\/uploads\/1_29.jpg\" \/><\/a><\/p>\n<h3><span class=\"ez-toc-section\" id=\"Key_Details-3\"><\/span>Anahtar Ayr\u0131nt\u0131lar<span class=\"ez-toc-section-end\"><\/span><\/h3>\n<p><strong>Maliyet:<\/strong> $6.96'dan itibaren<br \/>\n<strong>\u0130nceleme Puan\u0131:<\/strong> 5.0<br \/>\n<strong>Yorum Say\u0131s\u0131:<\/strong> 5<br \/>\n<strong>Tur Uzunlu\u011fu:<\/strong> 2 saat 15 dakika ila 2 saat 45 dakika<\/p>\n<h3><span class=\"ez-toc-section\" id=\"Languages-3\"><\/span>Diller<span class=\"ez-toc-section-end\"><\/span><\/h3>\n<p>\u0130ngilizce<\/p>\n<h3><span class=\"ez-toc-section\" id=\"Tour_Description-3\"><\/span>Tur A\u00e7\u0131klamas\u0131<span class=\"ez-toc-section-end\"><\/span><\/h3>\n<p>\u0130lgi \u00e7ekici telefon tabanl\u0131 bir oyun arac\u0131l\u0131\u011f\u0131yla Cenevre'nin tarihi olaylar\u0131n\u0131 ke\u015ffedin. Telefondaki zorluklar\u0131 \u00e7\u00f6zerek babas\u0131ndan ka\u00e7an prensesi bulun. Her do\u011fru cevap sizi bir sonraki hedefe g\u00f6t\u00fcrecektir. Oyunu oynarken Cath\u00e9drale Saint-Pierre, Place du Bourg-de-Four ve \u0130mparatori\u00e7e Sisi An\u0131t\u0131 gibi \u015fehirdeki benzersiz yerler hakk\u0131nda bilgi edinin. Kullan\u0131c\u0131lar oyunu tek bir telefonda payla\u015fabilir, ancak daha ilgi \u00e7ekici ve optimum bir deneyim i\u00e7in her kullan\u0131c\u0131n\u0131n kendi biletini sat\u0131n almas\u0131 gerekir.<\/p>\n<ul>\n<li>Cath\u00e9drale Saint-Pierre ve Place du Bourg-de-Four gibi \u015fehrin \u00f6nemli noktalar\u0131n\u0131 ke\u015ffedin <\/li>\n<li>Telefonunuzda interaktif bir oyun oynarken Cenevre'yi ke\u015ffedin <\/li>\n<li>Yetenekli bir yazar ekibi taraf\u0131ndan haz\u0131rlanm\u0131\u015f e\u015fsiz bir hikayenin tad\u0131n\u0131 \u00e7\u0131kar\u0131n <\/li>\n<li>Kendi program\u0131n\u0131za g\u00f6re oynanabilir<\/li>\n<\/ul>\n<h3><span class=\"ez-toc-section\" id=\"Whats_Included-3\"><\/span>Neler Dahil<span class=\"ez-toc-section-end\"><\/span><\/h3>\n<ul>\n<li>Telefonunuzda bulunan bir \u015fehir ke\u015fif oyunu (Questo uygulamas\u0131).<\/li>\n<li>Tam kullan\u0131labilirlik: 7\/24, y\u0131l\u0131n her g\u00fcn\u00fc.<\/li>\n<li>Esneklik: ba\u015flay\u0131n, ara verin ve kendi h\u0131z\u0131n\u0131zda devam edin.<\/li>\n<li>G\u00fcvenlik: Kendi kendine rehberli, a\u00e7\u0131k hava ve kalabal\u0131ktan ka\u00e7\u0131nacaks\u0131n\u0131z.<\/li>\n<li>7\/24 m\u00fc\u015fteri deste\u011fi.<\/li>\n<\/ul>\n<h3><span class=\"ez-toc-section\" id=\"Whats_Not_Included-3\"><\/span>Neler Dahil De\u011fil<span class=\"ez-toc-section-end\"><\/span><\/h3>\n<ul>\n<li>Bir tur rehberi.<\/li>\n<li>Turistik yerlere giri\u015f biletleri (turu tamamlamak i\u00e7in gerekli de\u011fildir).<\/li>\n<\/ul>\n<h3><span class=\"ez-toc-section\" id=\"Cancellation_Policy-3\"><\/span>\u0130ptal Politikas\u0131<span class=\"ez-toc-section-end\"><\/span><\/h3>\n<p>Tam bir geri \u00f6deme i\u00e7in deneyimden 24 saat \u00f6ncesine kadar iptal edebilirsiniz.<\/p>\n<p><center><a href=\"https:\/\/www.viator.com\/tours\/Geneva\/Highlights-of-Geneva-The-Dark-History-Exploration-Game\/d578-107194P191?pid=P00132536&#038;mcid=42383&#038;medium=link\" target=\"_blank\" rel=\"nofollow noopener\"><strong>Cenevre'nin \u00d6nemli Noktalar\u0131n\u0131 Rezerve Etmek \u0130\u00e7in Buraya T\u0131klay\u0131n: \"Karanl\u0131k Tarih\" Ke\u015fif Oyunu<\/strong><\/a><\/center><\/p>\n<h2><span class=\"ez-toc-section\" id=\"4_Geneva_Private_Walking_Tour_with_a_Professional_Guide\"><\/span>4. Profesyonel Rehber e\u015fli\u011finde Cenevre \u00d6zel Y\u00fcr\u00fcy\u00fc\u015f Turu<span class=\"ez-toc-section-end\"><\/span><\/h2>\n<p><a href=\"https:\/\/www.viator.com\/tours\/Geneva\/Geneva-Private-Walking-Tour\/d578-88037P65?pid=P00132536&#038;mcid=42383&#038;medium=link\" target=\"_blank\" rel=\"nofollow noopener\"><img decoding=\"async\" class=\"aligncenter\" src=\"https:\/\/comparemyjet.com\/wp-content\/uploads\/2_00.jpg\" \/><\/a><\/p>\n<h3><span class=\"ez-toc-section\" id=\"Key_Details-4\"><\/span>Anahtar Ayr\u0131nt\u0131lar<span class=\"ez-toc-section-end\"><\/span><\/h3>\n<p><strong>Maliyet:<\/strong> $356.76'dan itibaren<br \/>\n<strong>\u0130nceleme Puan\u0131:<\/strong> 5.0<br \/>\n<strong>Yorum Say\u0131s\u0131:<\/strong> 4<br \/>\n<strong>Tur Uzunlu\u011fu:<\/strong> 2 saat<\/p>\n<h3><span class=\"ez-toc-section\" id=\"Languages-4\"><\/span>Diller<span class=\"ez-toc-section-end\"><\/span><\/h3>\n<p>\u0130ngilizce<\/p>\n<h3><span class=\"ez-toc-section\" id=\"Tour_Description-4\"><\/span>Tur A\u00e7\u0131klamas\u0131<span class=\"ez-toc-section-end\"><\/span><\/h3>\n<p>Cenevre'deki gezi zaman\u0131n\u0131zdan daha fazlas\u0131n\u0131 elde edin ve \u015fehri \u00f6zel bir rehberle ke\u015ffedin. Ki\u015fisel grubunuz i\u00e7in rezerve edilebilen bu kapsaml\u0131 y\u00fcr\u00fcy\u00fc\u015f turu, Cenevre'nin itibar\u0131na ve k\u00fclt\u00fcr\u00fcne de derinlemesine bir bak\u0131\u015f sa\u011flamak i\u00e7in standart tarih ve turistik gezi program\u0131n\u0131n \u00f6tesine ge\u00e7er. Tur grubunuza g\u00f6re \u00f6zelle\u015ftirilebilir, ancak tipik rotalar Aziz Peter Katedrali gibi eski \u015fehir simgelerini yerel kafeler ve m\u00fczelerle birle\u015ftirir.<\/p>\n<ul>\n<li>\u00d6nceden, online rezervasyon yaparak Cenevre \u015fehrindeki gezi zaman\u0131n\u0131z\u0131 maksimize edin<\/li>\n<li>Size \u00f6zel bir deneyim i\u00e7in \u015fehri \u00f6zel bir yerel rehberle ke\u015ffedin<\/li>\n<li>\u015eehrin tarihi an\u0131tlar\u0131n\u0131 daha fazla g\u00f6rmek i\u00e7in Cenevre eski kentine odaklan\u0131n<\/li>\n<li>B\u00fcy\u00fck grup turlar\u0131nda m\u00fcmk\u00fcn olmayan bir \u015fekilde soru sormaktan \u00e7ekinmeyin<\/li>\n<\/ul>\n<h3><span class=\"ez-toc-section\" id=\"Whats_Included-4\"><\/span>Neler Dahil<span class=\"ez-toc-section-end\"><\/span><\/h3>\n<ul>\n<li>Sadece grubunuzla birlikte olacak Yerel Rehber<\/li>\n<li>\u00d6zel Rehberli Tur<\/li>\n<li>Yerel rehberiniz ile turunuzu yerinde ki\u015fiselle\u015ftirme imkan\u0131<\/li>\n<\/ul>\n<h3><span class=\"ez-toc-section\" id=\"Whats_Not_Included-4\"><\/span>Neler Dahil De\u011fil<span class=\"ez-toc-section-end\"><\/span><\/h3>\n<ul>\n<li>Bah\u015fi\u015fler<\/li>\n<li>Giri\u015f \u00fccretleri<\/li>\n<\/ul>\n<h3><span class=\"ez-toc-section\" id=\"Cancellation_Policy-4\"><\/span>\u0130ptal Politikas\u0131<span class=\"ez-toc-section-end\"><\/span><\/h3>\n<p>Tam bir geri \u00f6deme i\u00e7in deneyimden 24 saat \u00f6ncesine kadar iptal edebilirsiniz.<\/p>\n<p><center><a href=\"https:\/\/www.viator.com\/tours\/Geneva\/Geneva-Private-Walking-Tour\/d578-88037P65?pid=P00132536&#038;mcid=42383&#038;medium=link\" target=\"_blank\" rel=\"nofollow noopener\"><strong>Profesyonel Rehber E\u015fli\u011finde Cenevre \u00d6zel Y\u00fcr\u00fcy\u00fc\u015f Turu Rezervasyonu \u0130\u00e7in T\u0131klay\u0131n\u0131z<\/strong><\/a><\/center><\/p>\n<h2><span class=\"ez-toc-section\" id=\"5_Private_Tour_in_Geneva_City\"><\/span>5. Cenevre \u015eehrinde \u00d6zel Tur<span class=\"ez-toc-section-end\"><\/span><\/h2>\n<p><a href=\"https:\/\/www.viator.com\/tours\/Geneva\/Geneva-City-Private-tour\/d578-2510P78?pid=P00132536&#038;mcid=42383&#038;medium=link\" target=\"_blank\" rel=\"nofollow noopener\"><img decoding=\"async\" class=\"aligncenter\" src=\"https:\/\/comparemyjet.com\/wp-content\/uploads\/4_1b.jpg\" \/><\/a><\/p>\n<h3><span class=\"ez-toc-section\" id=\"Key_Details-5\"><\/span>Anahtar Ayr\u0131nt\u0131lar<span class=\"ez-toc-section-end\"><\/span><\/h3>\n<p><strong>Maliyet:<\/strong> $414.23'ten<br \/>\n<strong>\u0130nceleme Puan\u0131:<\/strong> 5.0<br \/>\n<strong>Yorum Say\u0131s\u0131:<\/strong> 3<br \/>\n<strong>Tur Uzunlu\u011fu:<\/strong> 2 saat<\/p>\n<h3><span class=\"ez-toc-section\" id=\"Languages-5\"><\/span>Diller<span class=\"ez-toc-section-end\"><\/span><\/h3>\n<ul>\n<li>\u0130ngilizce<\/li>\n<li> Frans\u0131zca<\/li>\n<li> \u0130spanyolca<\/li>\n<\/ul>\n<h3><span class=\"ez-toc-section\" id=\"Tour_Description-5\"><\/span>Tur A\u00e7\u0131klamas\u0131<span class=\"ez-toc-section-end\"><\/span><\/h3>\n<p>\u00d6zel bir rehber e\u015fli\u011finde yapaca\u011f\u0131n\u0131z bu k\u0131sa \u015fehir turuyla Cenevre'deki zaman\u0131n\u0131z\u0131 en iyi \u015fekilde de\u011ferlendirin. Sadece birka\u00e7 saat i\u00e7inde mini bir trene binecek, Birle\u015fmi\u015f Milletler binas\u0131 \u00e7evresindeki mahalleyi ziyaret edecek, Cathedrale de St Pierre'in arkas\u0131ndaki tarihi duyacak ve yolunuzu kaybetmeden \u00c7i\u00e7ek Saati gibi simge yap\u0131lar\u0131 bulacaks\u0131n\u0131z. Ve kendi ki\u015fisel rehberinizle, tarih ve k\u00fclt\u00fcr\u00fcn sizi en \u00e7ok ilgilendiren alanlar\u0131na odaklanma \u00f6zg\u00fcrl\u00fc\u011f\u00fcne sahip olacaks\u0131n\u0131z.<\/p>\n<ul>\n<li>Cenevre turunuza do\u011frudan otelinizden uygun bir kar\u015f\u0131lama ile ba\u015flay\u0131n<\/li>\n<li>B\u00fcy\u00fck boyutlu standart tur gruplar\u0131ndan ka\u00e7\u0131nmak i\u00e7in \u00f6zel bir rehberle ke\u015ffedin<\/li>\n<li>Jet d'Eau gibi Cenevre'nin en g\u00f6zde turistik yerlerinin yan\u0131nda duran en iyi foto\u011fraf duraklar\u0131n\u0131 bulun<\/li>\n<li>BM binas\u0131n\u0131n \u00f6n\u00fcnden ge\u00e7erken Birle\u015fmi\u015f Milletler'in i\u015fleyi\u015fi hakk\u0131nda bilgi edinin<\/li>\n<\/ul>\n<p>q<\/p>\n<h3><span class=\"ez-toc-section\" id=\"Whats_Included-5\"><\/span>Neler Dahil<span class=\"ez-toc-section-end\"><\/span><\/h3>\n<ul>\n<li>\u00d6zel ara\u00e7 ile ula\u015f\u0131m<\/li>\n<li>Uluslararas\u0131 B\u00f6lge ziyareti<\/li>\n<li>Eski \u015eehir'de y\u00fcr\u00fcy\u00fc\u015f turu<\/li>\n<li>Cenevre g\u00f6l kenar\u0131nda mola<\/li>\n<li>K\u0131lavuz<\/li>\n<li>Leman G\u00f6l\u00fc'nde g\u00f6l gezisi (se\u00e7enek se\u00e7ilirse)<\/li>\n<\/ul>\n<h3><span class=\"ez-toc-section\" id=\"Whats_Not_Included-5\"><\/span>Neler Dahil De\u011fil<span class=\"ez-toc-section-end\"><\/span><\/h3>\n<p>\u00d6\u011fle Yeme\u011fi<\/p>\n<h3><span class=\"ez-toc-section\" id=\"Cancellation_Policy-5\"><\/span>\u0130ptal Politikas\u0131<span class=\"ez-toc-section-end\"><\/span><\/h3>\n<p>Tam bir geri \u00f6deme i\u00e7in deneyimden 24 saat \u00f6ncesine kadar iptal edebilirsiniz.<\/p>\n<p><center><a href=\"https:\/\/www.viator.com\/tours\/Geneva\/Geneva-City-Private-tour\/d578-2510P78?pid=P00132536&#038;mcid=42383&#038;medium=link\" target=\"_blank\" rel=\"nofollow noopener\"><strong>Cenevre \u015eehrinde \u00d6zel Tur Rezervasyonu Yapmak \u0130\u00e7in Buraya T\u0131klay\u0131n<\/strong><\/a><\/center><\/p>\n<h2><span class=\"ez-toc-section\" id=\"6_Private_Trip_from_Geneva_to_Annecy_in_France\"><\/span>6. Fransa'da Cenevre'den Annecy'ye \u00d6zel Gezi<span class=\"ez-toc-section-end\"><\/span><\/h2>\n<p><a href=\"https:\/\/www.viator.com\/tours\/Geneva\/Private-trip-from-Geneva-to-Annecy-in-France\/d578-7227P203?pid=P00132536&#038;mcid=42383&#038;medium=link\" target=\"_blank\" rel=\"nofollow noopener\"><img decoding=\"async\" class=\"aligncenter\" src=\"https:\/\/comparemyjet.com\/wp-content\/uploads\/4_e9.jpg\" \/><\/a><\/p>\n<h3><span class=\"ez-toc-section\" id=\"Key_Details-6\"><\/span>Anahtar Ayr\u0131nt\u0131lar<span class=\"ez-toc-section-end\"><\/span><\/h3>\n<p><strong>Maliyet:<\/strong> $1,166.34'ten<br \/>\n<strong>\u0130nceleme Puan\u0131:<\/strong> 5.0<br \/>\n<strong>Yorum Say\u0131s\u0131:<\/strong> 3<br \/>\n<strong>Tur Uzunlu\u011fu:<\/strong> 6 saat<\/p>\n<h3><span class=\"ez-toc-section\" id=\"Languages-6\"><\/span>Diller<span class=\"ez-toc-section-end\"><\/span><\/h3>\n<ul>\n<li>Alman<\/li>\n<li> \u0130ngilizce<\/li>\n<li> Frans\u0131zca<\/li>\n<li> \u0130spanyolca<\/li>\n<\/ul>\n<h3><span class=\"ez-toc-section\" id=\"Tour_Description-6\"><\/span>Tur A\u00e7\u0131klamas\u0131<span class=\"ez-toc-section-end\"><\/span><\/h3>\n<p>Muhte\u015fem Frans\u0131z Alpleri'nin eteklerindeki Annecy G\u00f6l\u00fc k\u0131y\u0131s\u0131nda yer alan Annecy, Fransa'n\u0131n en g\u00fczel da\u011f \u015fehirleri aras\u0131nda yer almaktad\u0131r. Bu turda, Cenevre'deki otelinizden \u00f6zel arac\u0131n\u0131zla Annecy'ye ula\u015f\u0131n ve toplu ta\u015f\u0131ma ile ilgili zorluklardan ka\u00e7\u0131n\u0131n. Rehberinizi takip ederek 12. y\u00fczy\u0131ldan kalma Annecy \u015eatosu, Orta \u00c7a\u011f'dan kalma Eski \u015eehir ve Palais de I'lsle gibi en g\u00f6zde turistik yerleri gezin ve Annecy'nin en g\u00fczel yerlerini kolayl\u0131kla g\u00f6r\u00fcn.<\/p>\n<ul>\n<li>Size yol g\u00f6sterecek \u00f6zel rehberinizle Annecy'yi ke\u015ffedin <\/li>\n<li>Ch\u00e2teau d'Annecy ve Palais de I'lsle gibi en pop\u00fcler cazibe merkezlerini ke\u015ffedin <\/li>\n<li>Annecy G\u00f6l\u00fc'n\u00fcn \u00f6tesindeki Alp zirvelerine kadar kesintisiz manzara <\/li>\n<li>Cenevre'deki otelinizden sorunsuz gidi\u015f-d\u00f6n\u00fc\u015f seyahati<\/li>\n<\/ul>\n<h3><span class=\"ez-toc-section\" id=\"Whats_Included-6\"><\/span>Neler Dahil<span class=\"ez-toc-section-end\"><\/span><\/h3>\n<ul>\n<li>Otel lobisinde kar\u015f\u0131lama ve selamlama<\/li>\n<li>Otelden alma ve otele b\u0131rakma<\/li>\n<li>S\u00fcr\u00fcc\u00fc-Rehber Hizmetleri<\/li>\n<li>\u00d6zel Modern Ara\u00e7<\/li>\n<li>Gemide Wi-Fi<\/li>\n<li>Palais de l'\u00cele M\u00fczesi Giri\u015f \u00dccreti<\/li>\n<li>Chateau d'Annecy Kalesi Giri\u015f \u00dccreti<\/li>\n<\/ul>\n<h3><span class=\"ez-toc-section\" id=\"Whats_Not_Included-6\"><\/span>Neler Dahil De\u011fil<span class=\"ez-toc-section-end\"><\/span><\/h3>\n<p>Annecy G\u00f6l\u00fc Tekne Turu<\/p>\n<h3><span class=\"ez-toc-section\" id=\"Cancellation_Policy-6\"><\/span>\u0130ptal Politikas\u0131<span class=\"ez-toc-section-end\"><\/span><\/h3>\n<p>Tam bir geri \u00f6deme i\u00e7in deneyimden 24 saat \u00f6ncesine kadar iptal edebilirsiniz.<\/p>\n<p><center><a href=\"https:\/\/www.viator.com\/tours\/Geneva\/Private-trip-from-Geneva-to-Annecy-in-France\/d578-7227P203?pid=P00132536&#038;mcid=42383&#038;medium=link\" target=\"_blank\" rel=\"nofollow noopener\"><strong>Fransa'da Cenevre'den Annecy'ye \u00d6zel Seyahat Rezervasyonu Yapmak \u0130\u00e7in Buraya T\u0131klay\u0131n<\/strong><\/a><\/center><\/p>\n<h2><span class=\"ez-toc-section\" id=\"7_From_Geneva_Gruyeres_Tour_with_Cheese_and_Chocolate_Factory\"><\/span>7. Cenevre'den: Peynir ve \u00c7ikolata Fabrikas\u0131 ile Gruy\u00e8res Turu<span class=\"ez-toc-section-end\"><\/span><\/h2>\n<p><a href=\"https:\/\/www.getyourguide.com\/geneva-l54\/gruyere-day-trip-cheese-chocolate-factory-tour-t164460\/?partner_id=17OK18H&#038;utm_medium=online_publisher\" target=\"_blank\" rel=\"nofollow noopener\"><img decoding=\"async\" class=\"aligncenter\" src=\"https:\/\/comparemyjet.com\/wp-content\/uploads\/171_145.jpg\" \/><\/a><\/p>\n<h3><span class=\"ez-toc-section\" id=\"Key_Details-7\"><\/span>Anahtar Ayr\u0131nt\u0131lar<span class=\"ez-toc-section-end\"><\/span><\/h3>\n<p><strong>Maliyet:<\/strong> $970.71'den<br \/>\n<strong>\u0130nceleme Puan\u0131:<\/strong> 4.7<br \/>\n<strong>Yorum Say\u0131s\u0131:<\/strong> 21<br \/>\n<strong>Tur Uzunlu\u011fu:<\/strong> 1 g\u00fcn<\/p>\n<h3><span class=\"ez-toc-section\" id=\"Languages-7\"><\/span>Diller<span class=\"ez-toc-section-end\"><\/span><\/h3>\n<ul>\n<li>\u0130ngilizce<\/li>\n<li> Frans\u0131zca<\/li>\n<\/ul>\n<h3><span class=\"ez-toc-section\" id=\"Tour_Description-7\"><\/span>Tur A\u00e7\u0131klamas\u0131<span class=\"ez-toc-section-end\"><\/span><\/h3>\n<p>Cenevre'den Gruy\u00e8res'e yapaca\u011f\u0131n\u0131z bu g\u00fcnl\u00fck gezide \u00e7ikolata ve peynir sevginizi birle\u015ftirin. Eski Gruy\u00e8r kasabas\u0131n\u0131n g\u00fczelli\u011fine hayran kal\u0131n ve bir \u00e7ikolata ve peynir fabrikas\u0131n\u0131 ziyaret edin.<\/p>\n<ul>\n<li>Sesli anlat\u0131m e\u015fli\u011finde \u00fcnl\u00fc Caillier \u00c7ikolata Fabrikas\u0131n\u0131 ziyaret edin<\/li>\n<li>\u00d6\u011fle yeme\u011fi i\u00e7in La Maison Du Gruy\u00e8re'e yolculuk ve k\u0131sa bir s\u00fcre sonra \u00fcnl\u00fc Peynir Fabrikas\u0131n\u0131 ziyaret<\/li>\n<li>Orta\u00e7a\u011f kasabas\u0131 Gruy\u00e8re'i gezin<\/li>\n<li>Lac Leman'\u0131n panoramik manzaras\u0131n\u0131 g\u00f6rmek i\u00e7in \u00fcnl\u00fc Lavaux \u015farap teraslar\u0131nda mola verin<\/li>\n<li>\u00d6\u011fle yeme\u011fi ve \u00c7ikolata ve Peynir Fabrikas\u0131na giri\u015f biletleri i\u00e7in her \u015fey dahil eklentileri se\u00e7in<\/li>\n<\/ul>\n<h3><span class=\"ez-toc-section\" id=\"Whats_Included-7\"><\/span>Neler Dahil<span class=\"ez-toc-section-end\"><\/span><\/h3>\n<ul>\n<li>\u00d6zel ara\u00e7 ve \u015fof\u00f6r ile 9 saat<\/li>\n<li>Cenevre'den Gruy\u00e8re'e kap\u0131dan kap\u0131ya ula\u015f\u0131m ve klima, Wi-fi ve \u015fi\u015felenmi\u015f su ile y\u00f6netici tarz\u0131 minib\u00fcs kullanarak d\u00f6n\u00fc\u015f<\/li>\n<\/ul>\n<h3><span class=\"ez-toc-section\" id=\"Whats_Not_Included-7\"><\/span>Neler Dahil De\u011fil<span class=\"ez-toc-section-end\"><\/span><\/h3>\n<ul>\n<li>Giri\u015f \u00fccretleri (eklenti se\u00e7ilmedi\u011fi s\u00fcrece)<\/li>\n<li>\u00d6\u011fle yeme\u011fi (eklenti se\u00e7ilmedi\u011fi s\u00fcrece)<\/li>\n<li>\u0130\u00e7ecekler<\/li>\n<li>Canl\u0131 tur rehberi<\/li>\n<\/ul>\n<h3><span class=\"ez-toc-section\" id=\"Cancellation_Policy-7\"><\/span>\u0130ptal Politikas\u0131<span class=\"ez-toc-section-end\"><\/span><\/h3>\n<p>Tam geri \u00f6deme i\u00e7in 24 saat \u00f6ncesine kadar iptal edin<\/p>\n<p><center><a href=\"https:\/\/www.getyourguide.com\/geneva-l54\/gruyere-day-trip-cheese-chocolate-factory-tour-t164460\/?partner_id=17OK18H&#038;utm_medium=online_publisher\" target=\"_blank\" rel=\"nofollow noopener\"><strong>Cenevre'den Rezervasyon Yapmak \u0130\u00e7in T\u0131klay\u0131n\u0131z: Peynir ve \u00c7ikolata Fabrikas\u0131 ile Gruy\u00e8res Turu<\/strong><\/a><\/center><\/p>\n<h2><span class=\"ez-toc-section\" id=\"8_From_Geneva_Swiss_Riviera_Private_Tour\"><\/span>8. Cenevre'den: \u0130svi\u00e7re Rivieras\u0131 \u00d6zel Turu<span class=\"ez-toc-section-end\"><\/span><\/h2>\n<p><a href=\"https:\/\/www.getyourguide.com\/vevey-l103260\/from-geneva-swiss-riviera-private-tour-t371545\/?partner_id=17OK18H&#038;utm_medium=online_publisher\" target=\"_blank\" rel=\"nofollow noopener\"><img decoding=\"async\" class=\"aligncenter\" src=\"https:\/\/comparemyjet.com\/wp-content\/uploads\/172_145.jpg\" \/><\/a><\/p>\n<h3><span class=\"ez-toc-section\" id=\"Key_Details-8\"><\/span>Anahtar Ayr\u0131nt\u0131lar<span class=\"ez-toc-section-end\"><\/span><\/h3>\n<p><strong>Maliyet:<\/strong> $422.53'ten<br \/>\n<strong>\u0130nceleme Puan\u0131:<\/strong> 5.0<br \/>\n<strong>Yorum Say\u0131s\u0131:<\/strong> 7<br \/>\n<strong>Tur Uzunlu\u011fu:<\/strong> 9 saat<\/p>\n<h3><span class=\"ez-toc-section\" id=\"Languages-8\"><\/span>Diller<span class=\"ez-toc-section-end\"><\/span><\/h3>\n<ul>\n<li>\u0130spanyolca<\/li>\n<li> \u0130ngilizce<\/li>\n<li> Yunan<\/li>\n<li> Macarca<\/li>\n<\/ul>\n<h3><span class=\"ez-toc-section\" id=\"Tour_Description-8\"><\/span>Tur A\u00e7\u0131klamas\u0131<span class=\"ez-toc-section-end\"><\/span><\/h3>\n<p>Rehberli \u00f6zel bir turla \u0130svi\u00e7re Rivieras\u0131'n\u0131n g\u00fczelli\u011fini ke\u015ffedin. Lozan, Corsier sur-Vevey, Lauvaux ve Montreaux gibi \u015fehirleri ke\u015ffedin.<\/p>\n<ul>\n<li>\u0130svi\u00e7re Rivieras\u0131'n\u0131n g\u00fczelli\u011fini ke\u015ffedin<\/li>\n<li>Lozan Olimpiyat M\u00fczesi'nde bir foto\u011fraf molas\u0131n\u0131n keyfini \u00e7\u0131kar\u0131n<\/li>\n<li>Corsier sur-Vevey kasabas\u0131n\u0131 ke\u015ffedin<\/li>\n<li>Pop\u00fcler tatil beldesi Montreaux'yu ziyaret edin<\/li>\n<\/ul>\n<h3><span class=\"ez-toc-section\" id=\"Whats_Included-8\"><\/span>Neler Dahil<span class=\"ez-toc-section-end\"><\/span><\/h3>\n<ul>\n<li>\u00d6zel ula\u015f\u0131m<\/li>\n<li>S\u00fcr\u00fcc\u00fc rehberi veya profesyonel rehber (se\u00e7ilen se\u00e7ene\u011fe ba\u011fl\u0131 olarak)<\/li>\n<li>Lozan'da foto\u011fraf molas\u0131<\/li>\n<li>Corsier sur-Vevey'de serbest zaman<\/li>\n<li>Montreaux'da serbest zaman<\/li>\n<li>Chaplin's World M\u00fczesi giri\u015fi (se\u00e7enek se\u00e7ilirse)<\/li>\n<li>Chillon Kalesi giri\u015fi (se\u00e7enek se\u00e7ilirse)<\/li>\n<li>\u015ei\u015felenmi\u015f su<\/li>\n<\/ul>\n<h3><span class=\"ez-toc-section\" id=\"Whats_Not_Included-8\"><\/span>Neler Dahil De\u011fil<span class=\"ez-toc-section-end\"><\/span><\/h3>\n<p>\u00d6\u011fle Yeme\u011fi<\/p>\n<h3><span class=\"ez-toc-section\" id=\"Cancellation_Policy-8\"><\/span>\u0130ptal Politikas\u0131<span class=\"ez-toc-section-end\"><\/span><\/h3>\n<p>Tam geri \u00f6deme i\u00e7in 24 saat \u00f6ncesine kadar iptal edin<\/p>\n<p><center><a href=\"https:\/\/www.getyourguide.com\/vevey-l103260\/from-geneva-swiss-riviera-private-tour-t371545\/?partner_id=17OK18H&#038;utm_medium=online_publisher\" target=\"_blank\" rel=\"nofollow noopener\"><strong>Cenevre'den Rezervasyon Yapmak \u0130\u00e7in T\u0131klay\u0131n\u0131z: \u0130svi\u00e7re Rivieras\u0131 \u00d6zel Turu<\/strong><\/a><\/center><\/p>\n<h2><span class=\"ez-toc-section\" id=\"9_Private_Swiss_Cheese_Chocolate_Tasting_Trip_in_Gruyeres\"><\/span>9. Gruyeres'de \u00d6zel \u0130svi\u00e7re Peyniri ve \u00c7ikolata Tad\u0131m Gezisi<span class=\"ez-toc-section-end\"><\/span><\/h2>\n<p><a href=\"https:\/\/www.getyourguide.com\/geneva-l54\/gruyeres-cheese-chocolate-tour-t85206\/?partner_id=17OK18H&#038;utm_medium=online_publisher\" target=\"_blank\" rel=\"nofollow noopener\"><img decoding=\"async\" class=\"aligncenter\" src=\"https:\/\/comparemyjet.com\/wp-content\/uploads\/173_145.jpg\" \/><\/a><\/p>\n<h3><span class=\"ez-toc-section\" id=\"Key_Details-9\"><\/span>Anahtar Ayr\u0131nt\u0131lar<span class=\"ez-toc-section-end\"><\/span><\/h3>\n<p><strong>Maliyet:<\/strong> $1,140.84'den<br \/>\n<strong>\u0130nceleme Puan\u0131:<\/strong> 5.0<br \/>\n<strong>Yorum Say\u0131s\u0131:<\/strong> 6<br \/>\n<strong>Tur Uzunlu\u011fu:<\/strong> 7 saat<\/p>\n<h3><span class=\"ez-toc-section\" id=\"Languages-9\"><\/span>Diller<span class=\"ez-toc-section-end\"><\/span><\/h3>\n<ul>\n<li>\u0130ngilizce<\/li>\n<li> Frans\u0131zca<\/li>\n<\/ul>\n<h3><span class=\"ez-toc-section\" id=\"Tour_Description-9\"><\/span>Tur A\u00e7\u0131klamas\u0131<span class=\"ez-toc-section-end\"><\/span><\/h3>\n<p>Gruyeres k\u00f6y\u00fcne var\u0131\u015f, k\u00f6yde y\u00fcr\u00fcy\u00fc\u015f ve Maison Cailler \u00e7ikolata fabrikas\u0131n\u0131 ziyaret. La Maison du Gruyeres peynir fabrikas\u0131n\u0131 g\u00f6r\u00fcn, \u00f6\u011fle yeme\u011fi yiyin ve ard\u0131ndan Cenevre \u015eehir Merkezine d\u00f6n\u00fcn.<\/p>\n<ul>\n<li>Sadece kendi grubunuz ve bir \u015fof\u00f6r-rehber ile ger\u00e7ekle\u015ftirilen \u00f6zel bir tura kat\u0131l\u0131n<\/li>\n<li>\u0130lk kez gelen ziyaret\u00e7iler i\u00e7in m\u00fckemmel tan\u0131t\u0131m\u0131n keyfini \u00e7\u0131kar\u0131n<\/li>\n<li>Gruyeres k\u00f6y\u00fcn\u00fc, Maison Cailler ve La Maison du Gruy\u00e8re'i ke\u015ffedin<\/li>\n<\/ul>\n<h3><span class=\"ez-toc-section\" id=\"Whats_Included-9\"><\/span>Neler Dahil<span class=\"ez-toc-section-end\"><\/span><\/h3>\n<ul>\n<li>Otel lobisinde kar\u015f\u0131lama ve selamlama<\/li>\n<li>Otelden alma ve otele b\u0131rakma<\/li>\n<li>S\u00fcr\u00fcc\u00fc-Rehber Hizmetleri<\/li>\n<li>\u00d6zel modern ara\u00e7<\/li>\n<li>Gemide Wi-Fi<\/li>\n<li>La Maison du Gruy\u00e8re giri\u015f \u00fccreti<\/li>\n<li>Maison Cailler giri\u015f \u00fccreti<\/li>\n<\/ul>\n<h3><span class=\"ez-toc-section\" id=\"Whats_Not_Included-9\"><\/span>Neler Dahil De\u011fil<span class=\"ez-toc-section-end\"><\/span><\/h3>\n<p>Gruyere Kalesi<\/p>\n<h3><span class=\"ez-toc-section\" id=\"Cancellation_Policy-9\"><\/span>\u0130ptal Politikas\u0131<span class=\"ez-toc-section-end\"><\/span><\/h3>\n<p>Tam geri \u00f6deme i\u00e7in 24 saat \u00f6ncesine kadar iptal edin<\/p>\n<p><center><a href=\"https:\/\/www.getyourguide.com\/geneva-l54\/gruyeres-cheese-chocolate-tour-t85206\/?partner_id=17OK18H&#038;utm_medium=online_publisher\" target=\"_blank\" rel=\"nofollow noopener\"><strong>Gruyeres'de \u00d6zel \u0130svi\u00e7re Peyniri ve \u00c7ikolata Tad\u0131m Gezisi Rezervasyonu \u0130\u00e7in T\u0131klay\u0131n\u0131z<\/strong><\/a><\/center><\/p>\n<h2><span class=\"ez-toc-section\" id=\"10_From_Geneva_Chamonix_Mont-Blanc_Private_Guided_Tour\"><\/span>10. Cenevre'den: Chamonix Mont-Blanc \u00d6zel Rehberli Tur<span class=\"ez-toc-section-end\"><\/span><\/h2>\n<p><a href=\"https:\/\/www.getyourguide.com\/mont-blanc-l9567\/chamonix-mont-blanc-private-guided-tour-t156333\/?partner_id=17OK18H&#038;utm_medium=online_publisher\" target=\"_blank\" rel=\"nofollow noopener\"><img decoding=\"async\" class=\"aligncenter\" src=\"https:\/\/comparemyjet.com\/wp-content\/uploads\/174_145.jpg\" \/><\/a><\/p>\n<h3><span class=\"ez-toc-section\" id=\"Key_Details-10\"><\/span>Anahtar Ayr\u0131nt\u0131lar<span class=\"ez-toc-section-end\"><\/span><\/h3>\n<p><strong>Maliyet:<\/strong> $422.53'ten<br \/>\n<strong>\u0130nceleme Puan\u0131:<\/strong> 5.0<br \/>\n<strong>Yorum Say\u0131s\u0131:<\/strong> 5<br \/>\n<strong>Tur Uzunlu\u011fu:<\/strong> 10 saat<\/p>\n<h3><span class=\"ez-toc-section\" id=\"Languages-10\"><\/span>Diller<span class=\"ez-toc-section-end\"><\/span><\/h3>\n<ul>\n<li>\u0130spanyolca<\/li>\n<li> \u0130ngilizce<\/li>\n<li> Frans\u0131zca<\/li>\n<\/ul>\n<h3><span class=\"ez-toc-section\" id=\"Tour_Description-10\"><\/span>Tur A\u00e7\u0131klamas\u0131<span class=\"ez-toc-section-end\"><\/span><\/h3>\n<p>Cenevre'den Chamonix Mont Blanc'a yapaca\u011f\u0131n\u0131z bu \u00f6zel g\u00fcnl\u00fck gezide Frans\u0131z Alplerinde nefes kesici bir yolculu\u011fa \u00e7\u0131k\u0131n. Avrupa'n\u0131n en y\u00fcksek da\u011f\u0131na ve Alplerin muhte\u015fem manzaras\u0131na hayran kal\u0131n.<\/p>\n<ul>\n<li>D\u00fcnyan\u0131n en y\u00fcksek dikey \u00e7\u0131k\u0131\u015fl\u0131 teleferi\u011fine binin<\/li>\n<li>Alplerin muhte\u015fem manzaras\u0131na hayran kal\u0131n<\/li>\n<li>Avrupa'n\u0131n en y\u00fcksek da\u011f\u0131 Mont Blanc ile yak\u0131nla\u015f\u0131n<\/li>\n<\/ul>\n<h3><span class=\"ez-toc-section\" id=\"Whats_Included-10\"><\/span>Neler Dahil<span class=\"ez-toc-section-end\"><\/span><\/h3>\n<ul>\n<li>\u00d6zel ula\u015f\u0131m<\/li>\n<li>K\u0131lavuz<\/li>\n<li>Teleferik<\/li>\n<li>\u00d6\u011fle yeme\u011fi (iste\u011fe ba\u011fl\u0131)<\/li>\n<li>Da\u011f treni (iste\u011fe ba\u011fl\u0131)<\/li>\n<\/ul>\n<h3><span class=\"ez-toc-section\" id=\"Whats_Not_Included-10\"><\/span>Neler Dahil De\u011fil<span class=\"ez-toc-section-end\"><\/span><\/h3>\n<p>N\/A<\/p>\n<h3><span class=\"ez-toc-section\" id=\"Cancellation_Policy-10\"><\/span>\u0130ptal Politikas\u0131<span class=\"ez-toc-section-end\"><\/span><\/h3>\n<p>Tam geri \u00f6deme i\u00e7in 24 saat \u00f6ncesine kadar iptal edin<\/p>\n<p><center><a href=\"https:\/\/www.getyourguide.com\/mont-blanc-l9567\/chamonix-mont-blanc-private-guided-tour-t156333\/?partner_id=17OK18H&#038;utm_medium=online_publisher\" target=\"_blank\" rel=\"nofollow noopener\"><strong>Cenevre'den Rezervasyon Yapmak \u0130\u00e7in T\u0131klay\u0131n\u0131z: Chamonix Mont-Blanc \u00d6zel Rehberli Tur<\/strong><\/a><\/center><\/p>\n<h2><span class=\"ez-toc-section\" id=\"11_Private_Trip_From_Geneva_to_Annecy_in_France\"><\/span>11. Fransa'da Cenevre'den Annecy'ye \u00d6zel Gezi<span class=\"ez-toc-section-end\"><\/span><\/h2>\n<p><a href=\"https:\/\/www.getyourguide.com\/geneva-l54\/private-trip-from-geneva-to-annecy-in-france-t132387\/?partner_id=17OK18H&#038;utm_medium=online_publisher\" target=\"_blank\" rel=\"nofollow noopener\"><img decoding=\"async\" class=\"aligncenter\" src=\"https:\/\/comparemyjet.com\/wp-content\/uploads\/175_145.jpg\" \/><\/a><\/p>\n<h3><span class=\"ez-toc-section\" id=\"Key_Details-11\"><\/span>Anahtar Ayr\u0131nt\u0131lar<span class=\"ez-toc-section-end\"><\/span><\/h3>\n<p><strong>Maliyet:<\/strong> $1,187.54'den<br \/>\n<strong>\u0130nceleme Puan\u0131:<\/strong> 5.0<br \/>\n<strong>Yorum Say\u0131s\u0131:<\/strong> 2<br \/>\n<strong>Tur Uzunlu\u011fu:<\/strong> 6 saat<\/p>\n<h3><span class=\"ez-toc-section\" id=\"Languages-11\"><\/span>Diller<span class=\"ez-toc-section-end\"><\/span><\/h3>\n<ul>\n<li>\u0130spanyolca<\/li>\n<li> \u0130ngilizce<\/li>\n<li> Frans\u0131zca<\/li>\n<\/ul>\n<h3><span class=\"ez-toc-section\" id=\"Tour_Description-11\"><\/span>Tur A\u00e7\u0131klamas\u0131<span class=\"ez-toc-section-end\"><\/span><\/h3>\n<p>Cenevre'den otel transferleri ile Annecy'ye \u00f6zel bir g\u00fcnl\u00fck gezinin tad\u0131n\u0131 \u00e7\u0131kar\u0131n. Orta \u00c7a\u011f'dan kalma keyifli Eski Kent'i ke\u015ffetmek i\u00e7in etrafta dola\u015f\u0131n ve Annecy'nin merkezi simgesi olan Palais de I'lsle'yi ziyaret edin.<\/p>\n<h3><span class=\"ez-toc-section\" id=\"Whats_Included-11\"><\/span>Neler Dahil<span class=\"ez-toc-section-end\"><\/span><\/h3>\n<ul>\n<li>Otel lobisinde tan\u0131\u015fma ve kar\u015f\u0131lama<\/li>\n<li>Otelden alma ve otele b\u0131rakma<\/li>\n<li>\u00d6zel modern ara\u00e7<\/li>\n<li>Gemide Wi-Fi<\/li>\n<li>Profesyonel rehber<\/li>\n<li>Palais de l'\u00cele M\u00fczesi giri\u015f \u00fccreti<\/li>\n<li>Chateau d'Annecy Kalesi giri\u015f \u00fccreti<\/li>\n<\/ul>\n<h3><span class=\"ez-toc-section\" id=\"Whats_Not_Included-11\"><\/span>Neler Dahil De\u011fil<span class=\"ez-toc-section-end\"><\/span><\/h3>\n<p>Annecy G\u00f6l\u00fc tekne turu<\/p>\n<h3><span class=\"ez-toc-section\" id=\"Cancellation_Policy-11\"><\/span>\u0130ptal Politikas\u0131<span class=\"ez-toc-section-end\"><\/span><\/h3>\n<p>Tam geri \u00f6deme i\u00e7in 24 saat \u00f6ncesine kadar iptal edin<\/p>\n<p><center><a href=\"https:\/\/www.getyourguide.com\/geneva-l54\/private-trip-from-geneva-to-annecy-in-france-t132387\/?partner_id=17OK18H&#038;utm_medium=online_publisher\" target=\"_blank\" rel=\"nofollow noopener\"><strong>Fransa'da Cenevre'den Annecy'ye \u00d6zel Gezi Rezervasyonu Yapmak \u0130\u00e7in Buraya T\u0131klay\u0131n<\/strong><\/a><\/center><\/p>\n<h2><span class=\"ez-toc-section\" id=\"How_Much_Do_Private_Tours_Cost_In_Geneva\"><\/span>Cenevre'de \u00d6zel Turlar\u0131n Maliyeti Ne Kadar?<span class=\"ez-toc-section-end\"><\/span><\/h2>\n<p>Cenevre i\u00e7inde en iyi \u00f6zel turlar\u0131n fiyat\u0131 $6,96 ile $1.187,54 aras\u0131ndad\u0131r. Ancak, daha ucuz veya daha \u00f6zel bir \u015fey i\u00e7in her zaman a\u015fa\u011f\u0131daki listeleri kontrol edebilirsiniz.<\/p>\n<div data-gyg-widget=\"auto\" data-gyg-partner-id=\"17OK18H\"><\/div>\n<h2><span class=\"ez-toc-section\" id=\"Other_Popular_Private_City_Tours\"><\/span>Di\u011fer Pop\u00fcler \u00d6zel \u015eehir Turlar\u0131<span class=\"ez-toc-section-end\"><\/span><\/h2>\n<p><a href=\"https:\/\/comparemyjet.com\/tr\/private-tours\/zrich-private-tours\/\">Z\u00fcrih \u00d6zel Turlar\u0131<\/a><br \/><a href=\"https:\/\/comparemyjet.com\/tr\/private-tours\/taipei-private-tours\/\">Taipei \u00d6zel Turlar<\/a><br \/><a href=\"https:\/\/comparemyjet.com\/tr\/private-tours\/bangkok-private-tours\/\">Bangkok \u00d6zel Turlar\u0131<\/a><br \/><a href=\"https:\/\/comparemyjet.com\/tr\/private-tours\/chiang-mai-private-tours\/\">Chiang Mai \u00d6zel Turlar<\/a><br \/><a href=\"https:\/\/comparemyjet.com\/tr\/private-tours\/krabi-private-tours\/\">Krabi \u00d6zel Turlar<\/a><\/p>","protected":false},"excerpt":{"rendered":"<p>Bunlar, Viator ve Get Your Guide'da bulabildi\u011fimiz Cenevre, \u0130svi\u00e7re'deki en iyi 11 \u00f6zel \u015fehir turu. 1. Cenevre - \u00c7ikolata ve Peynir tad\u0131m\u0131 Gruyere'e \u00d6zel G\u00fcnl\u00fck Gezi \u00d6nemli Detaylar Maliyet: $243.83'ten itibaren De\u011ferlendirme Puan\u0131: 5.0 Yorum Say\u0131s\u0131: 16 Tur Uzunlu\u011fu: 8 ila 9 saat Diller Almanca \u0130ngilizce \u0130talyanca Frans\u0131zca ...<\/p>","protected":false},"author":1,"featured_media":6621,"parent":4500,"menu_order":0,"comment_status":"open","ping_status":"open","template":"","meta":{"_acf_changed":false,"_genesis_hide_title":false,"_genesis_hide_breadcrumbs":false,"_genesis_hide_singular_image":false,"_genesis_hide_footer_widgets":false,"_genesis_custom_body_class":"","_genesis_custom_post_class":"","_genesis_layout":"","footnotes":""},"class_list":{"1":"page","2":"type-page","6":"entry"},"acf":[],"_links":{"self":[{"href":"https:\/\/comparemyjet.com\/tr\/wp-json\/wp\/v2\/pages\/6620","targetHints":{"allow":["GET"]}}],"collection":[{"href":"https:\/\/comparemyjet.com\/tr\/wp-json\/wp\/v2\/pages"}],"about":[{"href":"https:\/\/comparemyjet.com\/tr\/wp-json\/wp\/v2\/types\/page"}],"author":[{"embeddable":true,"href":"https:\/\/comparemyjet.com\/tr\/wp-json\/wp\/v2\/users\/1"}],"replies":[{"embeddable":true,"href":"https:\/\/comparemyjet.com\/tr\/wp-json\/wp\/v2\/comments?post=6620"}],"version-history":[{"count":1,"href":"https:\/\/comparemyjet.com\/tr\/wp-json\/wp\/v2\/pages\/6620\/revisions"}],"predecessor-version":[{"id":9244,"href":"https:\/\/comparemyjet.com\/tr\/wp-json\/wp\/v2\/pages\/6620\/revisions\/9244"}],"up":[{"embeddable":true,"href":"https:\/\/comparemyjet.com\/tr\/wp-json\/wp\/v2\/pages\/4500"}],"wp:featuredmedia":[{"embeddable":true,"href":"https:\/\/comparemyjet.com\/tr\/wp-json\/wp\/v2\/media\/6621"}],"wp:attachment":[{"href":"https:\/\/comparemyjet.com\/tr\/wp-json\/wp\/v2\/media?parent=6620"}],"curies":[{"name":"wp","href":"https:\/\/api.w.org\/{rel}","templated":true}]}}